{"id":553,"date":"2014-01-08T08:44:20","date_gmt":"2014-01-08T08:44:20","guid":{"rendered":"http:\/\/feuerwehr-aigen.d2solution.net\/index.php\/einsatztagebuch-2013\/"},"modified":"2016-11-08T23:50:37","modified_gmt":"2016-11-08T23:50:37","slug":"einsatztagebuch-2013","status":"publish","type":"page","link":"https:\/\/www.feuerwehr-aigen.at\/?page_id=553","title":{"rendered":"Einsatztagebuch 2013"},"content":{"rendered":"<p><strong>Einsatztagebuch 2013 der Freiwilligen\u00a0Feuerwehr Aigen im Ennstal<\/strong><\/p>\n<table border=\"1\" width=\"100%\">\n<tbody>\n<tr style=\"height: 24px;\">\n<td style=\"width: 80px; height: 24px;\" valign=\"top\">\u00a0<strong><span style=\"font-size: 10px; color: #dc143c;\">Alarmierung<\/span><\/strong><\/td>\n<td style=\"width: 265px; height: 24px;\" valign=\"top\">\u00a0<strong><span style=\"font-size: 10px; color: #dc143c;\">Einsatzbeschreibung<\/span><\/strong><\/td>\n<td style=\"width: 35px; height: 24px;\" align=\"center\" valign=\"top\"><strong><span style=\"font-size: 10px; color: #dc143c;\">Mann<\/span><\/strong><\/td>\n<td style=\"font-size: 10px; width: 80px; height: 24px;\" valign=\"top\"><em><span style=\"color: #dc143c;\">\u00a0<\/span><\/em><strong><span style=\"color: #dc143c;\">Fahrzeuge<\/span><\/strong><\/td>\n<td style=\"width: 70px; height: 24px;\" valign=\"top\">\u00a0<strong><span style=\"font-size: 10px; color: #dc143c;\">Bericht<\/span><\/strong><\/td>\n<\/tr>\n<tr style=\"height: 24px;\">\n<td style=\"height: 24px;\"><\/td>\n<td style=\"height: 24px;\"><\/td>\n<td style=\"height: 24px;\"><\/td>\n<td style=\"height: 24px;\"><\/td>\n<td style=\"height: 24px;\"><\/td>\n<\/tr>\n<tr style=\"background-color: #ffefd5; height: 30px;\" valign=\"top\">\n<td style=\"font-size: 10px; height: 30px;\">\u00a028.12.2013<br \/>\n13:30-22:00<\/td>\n<td style=\"font-size: 10px; height: 30px;\">\u00a0Geburtstagsfeier 2. Abteilung<\/td>\n<td style=\"font-size: 10px; height: 30px;\" align=\"center\">\u00a013<\/td>\n<td style=\"height: 30px;\"><\/td>\n<td style=\"height: 30px;\"><\/td>\n<\/tr>\n<tr style=\"background-color: #ffefd5; height: 30px;\" valign=\"top\">\n<td style=\"font-size: 10px; height: 30px;\">\u00a021.-22.12.2013<br \/>\n19:00-01:30<\/td>\n<td style=\"font-size: 10px; height: 30px;\">\u00a0Weihnachtsfeier FF Aigen<br \/>\nKirchenwirt Fritz<\/td>\n<td style=\"font-size: 10px; height: 30px;\" align=\"center\">\u00a036<\/td>\n<td style=\"height: 30px;\"><\/td>\n<td style=\"height: 30px;\"><\/td>\n<\/tr>\n<tr style=\"background-color: #ffefd5; height: 30px;\" valign=\"top\">\n<td style=\"font-size: 10px; height: 30px;\">\u00a017.12.2013<br \/>\n10:00-16:00<\/td>\n<td style=\"font-size: 10px; height: 30px;\">\u00a0Verwaltungst\u00e4tigkeiten<\/td>\n<td style=\"font-size: 10px; height: 30px;\" align=\"center\">\u00a01<\/td>\n<td style=\"height: 30px;\"><\/td>\n<td style=\"height: 30px;\"><\/td>\n<\/tr>\n<tr style=\"background-color: #ffefd5; height: 30px;\" valign=\"top\">\n<td style=\"font-size: 10px; height: 30px;\">\u00a013.12.2013<br \/>\n18:00-21:00<\/td>\n<td style=\"font-size: 10px; height: 30px;\">\u00a0Verwaltungst\u00e4tigkeiten<\/td>\n<td style=\"font-size: 10px; height: 30px;\" align=\"center\">\u00a02<\/td>\n<td style=\"height: 30px;\"><\/td>\n<td style=\"height: 30px;\"><\/td>\n<\/tr>\n<tr style=\"background-color: #ffefd5; height: 30px;\" valign=\"top\">\n<td style=\"font-size: 10px; height: 30px;\">\u00a011.12.2013<br \/>\n13:00-18:30<\/td>\n<td style=\"font-size: 10px; height: 30px;\">\u00a0Begr\u00e4bnis HBM Schweiger Medardus<br \/>\nFF Irdning<\/td>\n<td style=\"font-size: 10px; height: 30px;\" align=\"center\">\u00a08<\/td>\n<td style=\"font-size: 10px; height: 30px;\">\u00a0MTF-A<\/td>\n<td style=\"height: 30px;\"><\/td>\n<\/tr>\n<tr style=\"background-color: #ffcccc; height: 30px;\" valign=\"top\">\n<td style=\"font-size: 10px; height: 30px;\">\u00a008.12.2013<br \/>\n10:00-19:00<\/td>\n<td style=\"font-size: 10px; height: 30px;\">\u00a0Brandsicherheitswache Puttererseehalle<br \/>\nAdvent Erleben<\/td>\n<td style=\"font-size: 10px; height: 30px;\" align=\"center\">\u00a02<\/td>\n<td style=\"font-size: 10px; height: 30px;\">\u00a0MTF-A<\/td>\n<td style=\"height: 30px;\"><\/td>\n<\/tr>\n<tr style=\"background-color: #ffefd5; height: 30px;\" valign=\"top\">\n<td style=\"font-size: 10px; height: 30px;\">\u00a007.12.2013<br \/>\n17:00-19:00<\/td>\n<td style=\"font-size: 10px; height: 30px;\">\u00a0Aufbau Advent Erleben<\/td>\n<td style=\"font-size: 10px; height: 30px;\" align=\"center\">\u00a01<\/td>\n<td style=\"font-size: 10px; height: 30px;\">\u00a0MTF-A<br \/>\nGrillanh\u00e4nger<\/td>\n<td style=\"height: 30px;\"><\/td>\n<\/tr>\n<tr style=\"background-color: #ffcccc; height: 30px;\" valign=\"top\">\n<td style=\"font-size: 10px; height: 30px;\">\u00a006.12.2013<br \/>\n14:35-16:30<\/td>\n<td style=\"font-size: 10px; height: 30px;\">\u00a0Verkehrsunfall Aigen<\/td>\n<td style=\"font-size: 10px; height: 30px;\" align=\"center\">\u00a017<\/td>\n<td style=\"font-size: 10px; height: 30px;\">\u00a0TLF-A, KLF-A<\/td>\n<td style=\"height: 30px;\"><\/td>\n<\/tr>\n<tr style=\"background-color: #ffefd5; height: 30px;\" valign=\"top\">\n<td style=\"font-size: 10px; height: 30px;\">\u00a004.12.2013<br \/>\n11:00-12:00<\/td>\n<td style=\"font-size: 10px; height: 30px;\">\u00a0Technischer Dienst KFZ<\/td>\n<td style=\"font-size: 10px; height: 30px;\" align=\"center\">\u00a02<\/td>\n<td style=\"height: 30px;\"><\/td>\n<td style=\"height: 30px;\"><\/td>\n<\/tr>\n<tr style=\"background-color: #ffcccc; height: 35px;\" valign=\"top\">\n<td style=\"font-size: 10px; height: 35px;\">\u00a025.11.2013<br \/>\n12:31-13:00<\/td>\n<td style=\"height: 35px;\">\n<p style=\"font-size: 10px;\">\u00a0M\u00fcllcontainerbrand Lantschern<\/p>\n<\/td>\n<td style=\"font-size: 10px; height: 35px;\" align=\"center\">\u00a013<\/td>\n<td style=\"font-size: 10px; height: 35px;\">\u00a0TLF-A, KLF-A<\/td>\n<td style=\"height: 35px;\"><\/td>\n<\/tr>\n<tr style=\"background-color: #ffefd5; height: 30px;\" valign=\"top\">\n<td style=\"font-size: 10px; height: 30px;\">\u00a021.11.2013<br \/>\n19:00-22:00<\/td>\n<td style=\"font-size: 10px; height: 30px;\">\u00a0Besprechnung Gemeinde<\/td>\n<td style=\"font-size: 10px; height: 30px;\" align=\"center\">\u00a04<\/td>\n<td style=\"height: 30px;\"><\/td>\n<td style=\"height: 30px;\"><\/td>\n<\/tr>\n<tr style=\"background-color: #ffefd5; height: 30px;\" valign=\"top\">\n<td style=\"font-size: 10px; height: 30px;\">\u00a015.11.2013<br \/>\n18:30-23:30<\/td>\n<td style=\"font-size: 10px; height: 30px;\">\u00a0Kommandantenbesprechung Abschnitt Irdning<br \/>\nDonnersbach<\/td>\n<td style=\"font-size: 10px; height: 30px;\" align=\"center\">\u00a02<\/td>\n<td style=\"font-size: 10px; height: 30px;\">\u00a0MTF-A<\/td>\n<td style=\"height: 30px;\"><\/td>\n<\/tr>\n<tr style=\"background-color: #ffefd5; height: 30px;\" valign=\"top\">\n<td style=\"font-size: 10px; height: 30px;\">\u00a012.11.2013<br \/>\n16:00-18:00<\/td>\n<td style=\"font-size: 10px; height: 30px;\">\u00a0Technischer Dienst Funk<\/td>\n<td style=\"font-size: 10px; height: 30px;\" align=\"center\">\u00a01<\/td>\n<td style=\"height: 30px;\"><\/td>\n<td style=\"height: 30px;\"><\/td>\n<\/tr>\n<tr style=\"background-color: #ffefd5; height: 30px;\" valign=\"top\">\n<td style=\"font-size: 10px; height: 30px;\">\u00a008.11.2013<br \/>\n19:00-24:00<\/td>\n<td style=\"font-size: 10px; height: 30px;\">\u00a0Kommandantentag BFV Liezen<br \/>\nGasthaus Kirchenwirt Aigen<\/td>\n<td style=\"font-size: 10px; height: 30px;\" align=\"center\">\u00a03<\/td>\n<td style=\"height: 30px;\"><\/td>\n<td style=\"height: 30px;\">\u00a0<span style=\"font-family: helvetica;\"><span style=\"color: #333333;\"><span style=\"font-family: helvetica;\"><span style=\"color: #333333;\"><span style=\"font-family: helvetica;\"><span style=\"color: #333333;\"><em><a title=\"Kdt Tag 2013\" href=\"http:\/\/www.feuerwehr-aigen.at\/?page_id=552\"><span style=\"font-size: 9px; color: #0000cd;\">Read more<strong>\u00bb<\/strong><\/span><\/a><\/em><\/span><\/span><\/span><\/span><\/span><\/span><\/td>\n<\/tr>\n<tr style=\"background-color: #ffefd5; height: 30px;\" valign=\"top\">\n<td style=\"font-size: 10px; height: 30px;\">\u00a008.11.2013<br \/>\n17:00-19:00<\/td>\n<td style=\"font-size: 10px; height: 30px;\">\u00a0\u00dcbergabe Hauben<br \/>\nBaumanagement Zelzer \/ Erdbau Hager<\/td>\n<td style=\"font-size: 10px; height: 30px;\" align=\"center\">\u00a03<\/td>\n<td style=\"height: 30px;\"><\/td>\n<td style=\"height: 30px;\">\u00a0<span style=\"font-family: helvetica;\"><span style=\"color: #333333;\"><span style=\"font-family: helvetica;\"><span style=\"color: #333333;\"><span style=\"font-family: helvetica;\"><span style=\"color: #333333;\"><em><a title=\"\u00dcbergabe Hauben 2013\" href=\"http:\/\/www.feuerwehr-aigen.at\/?page_id=550\"><span style=\"font-size: 9px; color: #0000cd;\">Read more<strong>\u00bb<\/strong><\/span><\/a><\/em><\/span><\/span><\/span><\/span><\/span><\/span><\/td>\n<\/tr>\n<tr style=\"background-color: #ffefd5; height: 30px;\" valign=\"top\">\n<td style=\"font-size: 10px; height: 30px;\">\u00a002.11.2013<br \/>\n07:15-22:00<\/td>\n<td style=\"font-size: 10px; height: 30px;\">\u00a0Grundausbildung II<br \/>\nBad Mitterndorf<\/td>\n<td style=\"font-size: 10px; height: 30px;\" align=\"center\">\u00a02<\/td>\n<td style=\"height: 30px;\"><\/td>\n<td style=\"height: 30px;\"><\/td>\n<\/tr>\n<tr style=\"background-color: #ffefd5; height: 30px;\" valign=\"top\">\n<td style=\"font-size: 10px; height: 30px;\">\u00a031.10.2013<br \/>\n15:00-19:30<\/td>\n<td style=\"font-size: 10px; height: 30px;\">\u00a0Reinigung L\u00f6schwasserbeh\u00e4lter Hohenberg<\/td>\n<td style=\"font-size: 10px; height: 30px;\" align=\"center\">\u00a02<\/td>\n<td style=\"font-size: 10px; height: 30px;\">\u00a0TLF-A<\/td>\n<td style=\"height: 30px;\"><\/td>\n<\/tr>\n<tr style=\"background-color: #ffcccc; height: 30px;\" valign=\"top\">\n<td style=\"font-size: 10px; height: 30px;\">\u00a031.10.2013<br \/>\n15:00-23:50<\/td>\n<td style=\"font-size: 10px; height: 30px;\">\u00a0Brandsicherheitswache Puttererseehalle<br \/>\nKabarett<\/td>\n<td style=\"font-size: 10px; height: 30px;\" align=\"center\">\u00a02<\/td>\n<td style=\"font-size: 10px; height: 30px;\">\u00a0MTF-A<\/td>\n<td style=\"height: 30px;\"><\/td>\n<\/tr>\n<tr style=\"background-color: #ffefd5; height: 30px;\" valign=\"top\">\n<td style=\"font-size: 10px; height: 30px;\">\u00a031.10.2013<br \/>\n13:30-17:00<\/td>\n<td style=\"font-size: 10px; height: 30px;\">\u00a0Begr\u00e4bnis Jansenberger Karl<br \/>\nFF Unterburg<\/td>\n<td style=\"font-size: 10px; height: 30px;\" align=\"center\">\u00a02<\/td>\n<td style=\"height: 30px;\"><\/td>\n<td style=\"height: 30px;\"><\/td>\n<\/tr>\n<tr style=\"background-color: #ffefd5; height: 30px;\" valign=\"top\">\n<td style=\"font-size: 10px; height: 30px;\">\u00a028.10.2013<br \/>\n18:00-22:00<\/td>\n<td style=\"font-size: 10px; height: 30px;\">\u00a0Heldenehrung Aigen<\/td>\n<td style=\"font-size: 10px; height: 30px;\" align=\"center\">\u00a016<\/td>\n<td style=\"height: 30px;\"><\/td>\n<td style=\"height: 30px;\"><\/td>\n<\/tr>\n<tr style=\"background-color: #b0e0e6; height: 30px;\" valign=\"top\">\n<td style=\"font-size: 10px; height: 30px;\">\u00a026.10.2013<br \/>\n08:00-18:00<\/td>\n<td style=\"font-size: 10px; height: 30px;\">\u00a05. Herbst\u00fcbung<\/td>\n<td style=\"font-size: 10px; height: 30px;\" align=\"center\">\u00a026<\/td>\n<td style=\"font-size: 10px; height: 30px;\">\u00a0TLF-A, KLF-A<br \/>\nMTF-A<\/td>\n<td style=\"height: 30px;\"><\/td>\n<\/tr>\n<tr style=\"background-color: #ffcccc; height: 30px;\" valign=\"top\">\n<td style=\"font-size: 10px; height: 30px;\">\u00a019.10.2013<br \/>\n14:00-23:00<\/td>\n<td style=\"font-size: 10px; height: 30px;\">\u00a0Brandsicherheitswache Puttererseehalle<br \/>\nVeranstaltung<\/td>\n<td style=\"font-size: 10px; height: 30px;\" align=\"center\">\u00a03<\/td>\n<td style=\"font-size: 10px; height: 30px;\">\u00a0MTF-A<\/td>\n<td style=\"height: 30px;\"><\/td>\n<\/tr>\n<tr style=\"background-color: #b0e0e6; height: 30px;\" valign=\"top\">\n<td style=\"font-size: 10px; height: 30px;\">\u00a019.10.2013<br \/>\n18:00-22:00<\/td>\n<td style=\"font-size: 10px; height: 30px;\">\u00a04. Herbst\u00fcbung<\/td>\n<td style=\"font-size: 10px; height: 30px;\" align=\"center\">\u00a019<\/td>\n<td style=\"font-size: 10px; height: 30px;\">\u00a0TLF-A, KLF-A<\/td>\n<td style=\"height: 30px;\"><\/td>\n<\/tr>\n<tr style=\"background-color: #b0e0e6; height: 30px;\" valign=\"top\">\n<td style=\"font-size: 10px; height: 30px;\">\u00a019.10.2013<br \/>\n14:00-18:00<\/td>\n<td style=\"font-size: 10px; height: 30px;\">\u00a0R\u00e4umungs\u00fcbung Schlo\u00dfhotel Pichlarn<\/td>\n<td style=\"font-size: 10px; height: 30px;\" align=\"center\">\u00a09<\/td>\n<td style=\"font-size: 10px; height: 30px;\">\u00a0TLF-A<\/td>\n<td style=\"height: 30px;\"><\/td>\n<\/tr>\n<tr style=\"background-color: #ffefd5; height: 30px;\" valign=\"top\">\n<td style=\"font-size: 10px; height: 30px;\">\u00a017.10.2013<br \/>\n20:00-24:00<\/td>\n<td style=\"font-size: 10px; height: 30px;\">\u00a0Ausschusssitzung FF Aigen<\/td>\n<td style=\"font-size: 10px; height: 30px;\" align=\"center\">\u00a011<\/td>\n<td style=\"height: 30px;\"><\/td>\n<td style=\"height: 30px;\"><\/td>\n<\/tr>\n<tr style=\"background-color: #ffcccc; height: 30px;\" valign=\"top\">\n<td style=\"font-size: 10px; height: 30px;\">\u00a016.10.2013<br \/>\n13:20-13:45<\/td>\n<td style=\"font-size: 10px; height: 30px;\">\u00a0Hydraulik\u00f6laustritt Plotscheralm<\/td>\n<td style=\"font-size: 10px; height: 30px;\" align=\"center\">\u00a08<\/td>\n<td style=\"font-size: 10px; height: 30px;\">\u00a0TLF-A<\/td>\n<td style=\"height: 30px;\"><\/td>\n<\/tr>\n<tr style=\"background-color: #ffefd5; height: 30px;\" valign=\"top\">\n<td style=\"font-size: 10px; height: 30px;\">\u00a015.10.2013<br \/>\n16:00-18:00<\/td>\n<td style=\"font-size: 10px; height: 30px;\">\u00a0Technischer Dienst &#8211; Funk<\/td>\n<td style=\"font-size: 10px; height: 30px;\" align=\"center\">\u00a01<\/td>\n<td style=\"height: 30px;\"><\/td>\n<td style=\"height: 30px;\"><\/td>\n<\/tr>\n<tr style=\"background-color: #ffefd5; height: 30px;\" valign=\"top\">\n<td style=\"font-size: 10px; height: 30px;\">\u00a012.10.2013<br \/>\n09:00-22:00<\/td>\n<td style=\"font-size: 10px; height: 30px;\">\u00a0Aigner Kirtag &#8211; Infostand<\/td>\n<td style=\"font-size: 10px; height: 30px;\" align=\"center\">\u00a04<\/td>\n<td style=\"font-size: 10px; height: 30px;\">\u00a0MTF-A<br \/>\nGrillanh\u00e4nger<\/td>\n<td style=\"height: 30px;\"><\/td>\n<\/tr>\n<tr style=\"background-color: #ffefd5; height: 30px;\" valign=\"top\">\n<td style=\"font-size: 10px; height: 30px;\">\u00a011.10.2013<br \/>\n18:00-20:00<\/td>\n<td style=\"font-size: 10px; height: 30px;\">\u00a0Aufbau Aigner Kirtag<\/td>\n<td style=\"font-size: 10px; height: 30px;\" align=\"center\">\u00a02<\/td>\n<td style=\"font-size: 10px; height: 30px;\">\u00a0MTF-A<br \/>\nGrillanh\u00e4nger<\/td>\n<td style=\"height: 30px;\"><\/td>\n<\/tr>\n<tr style=\"background-color: #ffcccc; height: 30px;\" valign=\"top\">\n<td style=\"font-size: 10px; height: 30px;\">\u00a011.10.2013<br \/>\n06:31-11:35<\/td>\n<td style=\"font-size: 10px; height: 30px;\">\u00a0Verkehrsunfall mit Wild &#8211; Aiglern<\/td>\n<td style=\"font-size: 10px; height: 30px;\" align=\"center\">\u00a03<\/td>\n<td style=\"font-size: 10px; height: 30px;\">\u00a0TLF-A<\/td>\n<td style=\"height: 30px;\"><\/td>\n<\/tr>\n<tr style=\"background-color: #b0e0e6; height: 30px;\" valign=\"top\">\n<td style=\"font-size: 10px; height: 30px;\">\u00a009.10.2013<br \/>\n18:00-22:00<\/td>\n<td style=\"font-size: 10px; height: 30px;\">\u00a03. Herbst\u00fcbung<\/td>\n<td style=\"font-size: 10px; height: 30px;\" align=\"center\">\u00a019<\/td>\n<td style=\"font-size: 10px; height: 30px;\">\u00a0TLF-A, KLF-A<br \/>\nMTF-A<\/td>\n<td style=\"height: 30px;\"><\/td>\n<\/tr>\n<tr style=\"background-color: #ffcccc; height: 30px;\" valign=\"top\">\n<td style=\"font-size: 10px; height: 30px;\">\u00a005.10.2013<br \/>\n15:30-22:00<\/td>\n<td style=\"font-size: 10px; height: 30px;\">\u00a0Brandsicherheitswache Puttererseehalle<br \/>\nLaufcup Abschluss<\/td>\n<td style=\"font-size: 10px; height: 30px;\" align=\"center\">\u00a02<\/td>\n<td style=\"font-size: 10px; height: 30px;\">\u00a0MTF-A<\/td>\n<td style=\"height: 30px;\"><\/td>\n<\/tr>\n<tr style=\"background-color: #ffefd5; height: 30px;\" valign=\"top\">\n<td style=\"font-size: 10px; height: 30px;\">\u00a005.10.2013<br \/>\n11:45-13:00<\/td>\n<td style=\"font-size: 10px; height: 30px;\">\u00a0Zivilschutzprobealarm<\/td>\n<td style=\"font-size: 10px; height: 30px;\" align=\"center\">\u00a02<\/td>\n<td style=\"height: 30px;\"><\/td>\n<td style=\"height: 30px;\"><\/td>\n<\/tr>\n<tr style=\"background-color: #b0e0e6; height: 30px;\" valign=\"top\">\n<td style=\"font-size: 10px; height: 30px;\">\u00a004.10.2013<br \/>\n17:30-24:00<\/td>\n<td style=\"font-size: 10px; height: 30px;\">\u00a0Abschnitts\u00fcbung<br \/>\nAltirdning &#8211; Bleiberg<\/td>\n<td style=\"font-size: 10px; height: 30px;\" align=\"center\">\u00a011<\/td>\n<td style=\"font-size: 10px; height: 30px;\">\u00a0TLF-A, MTF-A<\/td>\n<td style=\"height: 30px;\"><\/td>\n<\/tr>\n<tr style=\"background-color: #b0e0e6; height: 30px;\" valign=\"top\">\n<td style=\"font-size: 10px; height: 30px;\">\u00a002.10.2013<br \/>\n18:00-22:00<\/td>\n<td style=\"font-size: 10px; height: 30px;\">\u00a02. Herbst\u00fcbung<\/td>\n<td style=\"font-size: 10px; height: 30px;\" align=\"center\">\u00a013<\/td>\n<td style=\"font-size: 10px; height: 30px;\">\u00a0KLF-A<\/td>\n<td style=\"height: 30px;\"><\/td>\n<\/tr>\n<tr style=\"background-color: #ffcccc; height: 30px;\" valign=\"top\">\n<td style=\"font-size: 10px; height: 30px;\">\u00a030.09.2013<br \/>\n13:00-14:00<\/td>\n<td style=\"font-size: 10px; height: 30px;\">\u00a0Wespeneinsatz Tachenberg<\/td>\n<td style=\"font-size: 10px; height: 30px;\" align=\"center\">\u00a01<\/td>\n<td style=\"height: 30px;\"><\/td>\n<td style=\"height: 30px;\"><\/td>\n<\/tr>\n<tr style=\"background-color: #ffcccc; height: 30px;\" valign=\"top\">\n<td style=\"font-size: 10px; height: 30px;\">\u00a027.09.2013<br \/>\n18:00-20:30<\/td>\n<td style=\"font-size: 10px; height: 30px;\">\u00a0Stra\u00dfenreinigung Ritzmannsdorf<\/td>\n<td style=\"font-size: 10px; height: 30px;\" align=\"center\">\u00a02<\/td>\n<td style=\"font-size: 10px; height: 30px;\">\u00a0TLF-A<\/td>\n<td style=\"height: 30px;\"><\/td>\n<\/tr>\n<tr style=\"background-color: #b0e0e6; height: 30px;\" valign=\"top\">\n<td style=\"font-size: 10px; height: 30px;\">\u00a025.09.2013<br \/>\n18:00-21:00<\/td>\n<td style=\"font-size: 10px; height: 30px;\">\u00a01. Herbst\u00fcbung<\/td>\n<td style=\"font-size: 10px; height: 30px;\" align=\"center\">\u00a014<\/td>\n<td style=\"font-size: 10px; height: 30px;\">\u00a0KLF-A<\/td>\n<td style=\"height: 30px;\"><\/td>\n<\/tr>\n<tr style=\"background-color: #ffcccc; height: 30px;\" valign=\"top\">\n<td style=\"font-size: 10px; height: 30px;\">\u00a021.09.2013<br \/>\n23:33-23:55<\/td>\n<td style=\"font-size: 10px; height: 30px;\">\u00a0Brandmeldealarm Puttererschl\u00f6ssel Aigen<br \/>\nFehlalarm<\/td>\n<td style=\"font-size: 10px; height: 30px;\" align=\"center\">\u00a014<\/td>\n<td style=\"font-size: 10px; height: 30px;\">\u00a0TLF-A, KLF-A<\/td>\n<td style=\"height: 30px;\"><\/td>\n<\/tr>\n<tr style=\"background-color: #ffcccc; height: 30px;\" valign=\"top\">\n<td style=\"font-size: 10px; height: 30px;\">\u00a021.09.2013<br \/>\n14:00-23:30<\/td>\n<td style=\"font-size: 10px; height: 30px;\">\u00a0Brandsicherheitswache Puttererseehalle<br \/>\nVeranstaltung<\/td>\n<td style=\"font-size: 10px; height: 30px;\" align=\"center\">\u00a02<\/td>\n<td style=\"font-size: 10px; height: 30px;\">\u00a0MTF-A<\/td>\n<td style=\"height: 30px;\"><\/td>\n<\/tr>\n<tr style=\"background-color: #ffcccc; height: 30px;\" valign=\"top\">\n<td style=\"font-size: 10px; height: 30px;\">\u00a015.09.2013<br \/>\n13:00-14:00<\/td>\n<td style=\"font-size: 10px; height: 30px;\">\u00a0Wespeneinsatz Gatschen<\/td>\n<td style=\"font-size: 10px; height: 30px;\" align=\"center\">\u00a01<\/td>\n<td style=\"height: 30px;\"><\/td>\n<td style=\"height: 30px;\"><\/td>\n<\/tr>\n<tr style=\"background-color: #ffefd5; height: 30px;\" valign=\"top\">\n<td style=\"font-size: 10px; height: 30px;\">\u00a010.09.2013<br \/>\n15:00-17:00<\/td>\n<td style=\"font-size: 10px; height: 30px;\">\u00a0Technischer Dienst KFZ<\/td>\n<td style=\"font-size: 10px; height: 30px;\" align=\"center\">\u00a01<\/td>\n<td style=\"font-size: 10px; height: 30px;\">\u00a0TLF-A<\/td>\n<td style=\"height: 30px;\"><\/td>\n<\/tr>\n<tr style=\"background-color: #ffcccc; height: 30px;\" valign=\"top\">\n<td style=\"font-size: 10px; height: 30px;\">\u00a010.09.2013<br \/>\n13:00-15:00<\/td>\n<td style=\"font-size: 10px; height: 30px;\">\u00a0Wespeneinsatz Schlattham<\/td>\n<td style=\"font-size: 10px; height: 30px;\" align=\"center\">\u00a01<\/td>\n<td style=\"height: 30px;\"><\/td>\n<td style=\"height: 30px;\"><\/td>\n<\/tr>\n<tr style=\"background-color: #ffcccc; height: 30px;\" valign=\"top\">\n<td style=\"font-size: 10px; height: 30px;\">\u00a010.09.2013<br \/>\n13:46-13:55<\/td>\n<td style=\"font-size: 10px; height: 30px;\">\u00a0Brandmeldealarm Puttererseehalle Aigen<br \/>\nFehlalarm<\/td>\n<td style=\"font-size: 10px; height: 30px;\" align=\"center\">\u00a04<\/td>\n<td style=\"font-size: 10px; height: 30px;\">\u00a0TLF-A<\/td>\n<td style=\"height: 30px;\"><\/td>\n<\/tr>\n<tr style=\"background-color: #ffcccc; height: 30px;\" valign=\"top\">\n<td style=\"font-size: 10px; height: 30px;\">\u00a009.09.2013<br \/>\n13:29-13:45<\/td>\n<td style=\"font-size: 10px; height: 30px;\">\u00a0Brandmeldealarm Landesberufschule Aigen<br \/>\nFehlalarm<\/td>\n<td style=\"font-size: 10px; height: 30px;\" align=\"center\">\u00a07<\/td>\n<td style=\"font-size: 10px; height: 30px;\">\u00a0TLF-A<\/td>\n<td style=\"height: 30px;\"><\/td>\n<\/tr>\n<tr style=\"background-color: #ffefd5; height: 30px;\" valign=\"top\">\n<td style=\"font-size: 10px; height: 30px;\">\u00a030.08.2013<br \/>\n18:00-22:00<\/td>\n<td style=\"font-size: 10px; height: 30px;\">\u00a0Zeltabbau &#8211; Feuerwehrfest<\/td>\n<td style=\"font-size: 10px; height: 30px;\" align=\"center\">\u00a07<\/td>\n<td style=\"height: 30px;\"><\/td>\n<td style=\"height: 30px;\"><\/td>\n<\/tr>\n<tr style=\"background-color: #ffcccc; height: 30px;\" valign=\"top\">\n<td style=\"font-size: 10px; height: 30px;\">\u00a030.08.2013<br \/>\n13:00-15:00<\/td>\n<td style=\"font-size: 10px; height: 30px;\">\u00a0Wespeneinsatz Neulantschern<\/td>\n<td style=\"font-size: 10px; height: 30px;\" align=\"center\">\u00a01<\/td>\n<td style=\"height: 30px;\"><\/td>\n<td style=\"height: 30px;\"><\/td>\n<\/tr>\n<tr style=\"background-color: #ffcccc; height: 30px;\" valign=\"top\">\n<td style=\"font-size: 10px; height: 30px;\">\u00a028.08.2013<br \/>\n13:00-15:00<\/td>\n<td style=\"font-size: 10px; height: 30px;\">\u00a0Wespeneinsatz Aigen<\/td>\n<td style=\"font-size: 10px; height: 30px;\" align=\"center\">\u00a01<\/td>\n<td style=\"height: 30px;\"><\/td>\n<td style=\"height: 30px;\"><\/td>\n<\/tr>\n<tr style=\"background-color: #ffefd5; height: 30px;\" valign=\"top\">\n<td style=\"font-size: 10px; height: 30px;\">\u00a026.08.2013<br \/>\n16:00-19:00<\/td>\n<td style=\"font-size: 10px; height: 30px;\">\u00a0Zusammenr\u00e4umen &#8211; Feuerwehrfest<\/td>\n<td style=\"font-size: 10px; height: 30px;\" align=\"center\">\u00a020<\/td>\n<td style=\"height: 30px;\"><\/td>\n<td style=\"height: 30px;\"><\/td>\n<\/tr>\n<tr style=\"background-color: #ffcccc; height: 30px;\" valign=\"top\">\n<td style=\"font-size: 10px; height: 30px;\">\u00a025.08.2013<br \/>\n13:00-14:00<\/td>\n<td style=\"font-size: 10px; height: 30px;\">\u00a0Wespeneinsatz Aigen<\/td>\n<td style=\"font-size: 10px; height: 30px;\" align=\"center\">\u00a01<\/td>\n<td style=\"height: 30px;\"><\/td>\n<td style=\"height: 30px;\"><\/td>\n<\/tr>\n<tr style=\"background-color: #ffefd5; height: 30px;\" valign=\"top\">\n<td style=\"font-size: 10px; height: 30px;\">\u00a025.08.2013<br \/>\n08:00-20:00<\/td>\n<td style=\"font-size: 10px; height: 30px;\">\u00a0KLF-A Segnung FF Aigen<\/td>\n<td style=\"font-size: 10px; height: 30px;\" align=\"center\">\u00a045<\/td>\n<td style=\"height: 30px;\"><\/td>\n<td style=\"height: 30px;\">\u00a0<span style=\"font-family: helvetica;\"><span style=\"color: #333333;\"><span style=\"font-family: helvetica;\"><span style=\"color: #333333;\"><span style=\"font-family: helvetica;\"><span style=\"color: #333333;\"><em><a title=\"KLFA-Segnung FF Aigen\" href=\"http:\/\/www.feuerwehr-aigen.at\/?page_id=548\"><span style=\"font-size: 9px; color: #0000cd;\">Read more<strong>\u00bb<\/strong><\/span><\/a><\/em><\/span><\/span><\/span><\/span><\/span><\/span><\/td>\n<\/tr>\n<tr style=\"background-color: #ffefd5; height: 30px;\" valign=\"top\">\n<td style=\"font-size: 10px; height: 30px;\">\u00a024.-25.08.2013<br \/>\n10:00-02:00<\/td>\n<td style=\"font-size: 10px; height: 30px;\">\u00a0Maibaumumschneiden mit Boggia Turnier<\/td>\n<td style=\"font-size: 10px; height: 30px;\" align=\"center\">\u00a041<\/td>\n<td style=\"height: 30px;\"><\/td>\n<td style=\"height: 30px;\">\u00a0<span style=\"font-family: helvetica;\"><span style=\"color: #333333;\"><span style=\"font-family: helvetica;\"><span style=\"color: #333333;\"><span style=\"font-family: helvetica;\"><span style=\"color: #333333;\"><em><a title=\"KLFA-Segnung FF Aigen\" href=\"http:\/\/www.feuerwehr-aigen.at\/?page_id=548\"><span style=\"font-size: 9px; color: #0000cd;\">Read more<strong>\u00bb<\/strong><\/span><\/a><\/em><\/span><\/span><\/span><\/span><\/span><\/span><\/td>\n<\/tr>\n<tr style=\"background-color: #ffefd5; height: 30px;\" valign=\"top\">\n<td style=\"font-size: 10px; height: 30px;\">\u00a023.08.2013<br \/>\n18:00-23:00<\/td>\n<td style=\"font-size: 10px; height: 30px;\">\u00a0Herrichten f\u00fcr Feuerwehrfest<\/td>\n<td style=\"font-size: 10px; height: 30px;\" align=\"center\">\u00a016<\/td>\n<td style=\"height: 30px;\"><\/td>\n<td style=\"height: 30px;\"><\/td>\n<\/tr>\n<tr style=\"background-color: #ffefd5; height: 30px;\" valign=\"top\">\n<td style=\"font-size: 10px; height: 30px;\">\u00a022.08.2013<br \/>\n19:30-22:00<\/td>\n<td style=\"font-size: 10px; height: 30px;\">\u00a0Diensteinteilung, Herrichten f\u00fcr Feuerwehrfest<\/td>\n<td style=\"font-size: 10px; height: 30px;\" align=\"center\">\u00a024<\/td>\n<td style=\"height: 30px;\"><\/td>\n<td style=\"height: 30px;\"><\/td>\n<\/tr>\n<tr style=\"background-color: #ffefd5; height: 30px;\" valign=\"top\">\n<td style=\"font-size: 10px; height: 30px;\">\u00a021.08.213<br \/>\n16:00-21:00<\/td>\n<td style=\"font-size: 10px; height: 30px;\">\u00a0Herrichten f\u00fcr Feuerwehrfest<\/td>\n<td style=\"font-size: 10px; height: 30px;\" align=\"center\">\u00a010<\/td>\n<td style=\"height: 30px;\"><\/td>\n<td style=\"height: 30px;\"><\/td>\n<\/tr>\n<tr style=\"background-color: #ffefd5; height: 30px;\" valign=\"top\">\n<td style=\"font-size: 10px; height: 30px;\">\u00a020.08.2013<br \/>\n16:00.22:00<\/td>\n<td style=\"font-size: 10px; height: 30px;\">\u00a0Herrichten f\u00fcr Feuerwehrfest<\/td>\n<td style=\"font-size: 10px; height: 30px;\" align=\"center\">\u00a09<\/td>\n<td style=\"height: 30px;\"><\/td>\n<td style=\"height: 30px;\"><\/td>\n<\/tr>\n<tr style=\"background-color: #ffcccc; height: 30px;\" valign=\"top\">\n<td style=\"font-size: 10px; height: 30px;\">\u00a020.08.2013<br \/>\n13:00-14:00<\/td>\n<td style=\"font-size: 10px; height: 30px;\">\u00a0Wespeneinsatz Ketten<\/td>\n<td style=\"font-size: 10px; height: 30px;\" align=\"center\">\u00a01<\/td>\n<td style=\"height: 30px;\"><\/td>\n<td style=\"height: 30px;\"><\/td>\n<\/tr>\n<tr style=\"background-color: #ffefd5; height: 30px;\" valign=\"top\">\n<td style=\"font-size: 10px; height: 30px;\">\u00a019.08.2013<br \/>\n17:00-22:00<\/td>\n<td style=\"font-size: 10px; height: 30px;\">\u00a0Zeltaufbau f\u00fcr Feuerwehrfest<\/td>\n<td style=\"font-size: 10px; height: 30px;\" align=\"center\">\u00a024<\/td>\n<td style=\"height: 30px;\"><\/td>\n<td style=\"height: 30px;\"><\/td>\n<\/tr>\n<tr style=\"background-color: #ffcccc; height: 30px;\" valign=\"top\">\n<td style=\"font-size: 10px; height: 30px;\">\u00a017.08.2013<br \/>\n17:59-20:00<\/td>\n<td style=\"font-size: 10px; height: 30px;\">\u00a0Heckenbrand Tachenberg<\/td>\n<td style=\"font-size: 10px; height: 30px;\" align=\"center\">\u00a013<\/td>\n<td style=\"font-size: 10px; height: 30px;\">\u00a0TLF-A, KLF-A<\/td>\n<td style=\"height: 30px;\"><\/td>\n<\/tr>\n<tr style=\"background-color: #ffefd5; height: 30px;\" valign=\"top\">\n<td style=\"font-size: 10px; height: 30px;\">\u00a017.08.2013<br \/>\n10:00-18:00<\/td>\n<td style=\"font-size: 10px; height: 30px;\">\u00a0Streckenposten Puttererseelauf<\/td>\n<td style=\"font-size: 10px; height: 30px;\" align=\"center\">\u00a011<\/td>\n<td style=\"font-size: 10px; height: 30px;\">\u00a0KLF-A, LKW-A<\/td>\n<td style=\"height: 30px;\"><\/td>\n<\/tr>\n<tr style=\"background-color: #ffefd5; height: 30px;\" valign=\"top\">\n<td style=\"font-size: 10px; height: 30px;\">\u00a013.08.2013<br \/>\n19:00-22:00<\/td>\n<td style=\"font-size: 10px; height: 30px;\">\u00a0Besprechung KLF-A Segnung<\/td>\n<td style=\"font-size: 10px; height: 30px;\" align=\"center\">\u00a09<\/td>\n<td style=\"height: 30px;\"><\/td>\n<td style=\"height: 30px;\"><\/td>\n<\/tr>\n<tr style=\"background-color: #ffefd5; height: 30px;\" valign=\"top\">\n<td style=\"font-size: 10px; height: 30px;\">\u00a011.08.2013<br \/>\n09:00-16:00<\/td>\n<td style=\"font-size: 10px; height: 30px;\">\u00a080 Jahrfeier FF Erlsberg<\/td>\n<td style=\"font-size: 10px; height: 30px;\" align=\"center\">\u00a04<\/td>\n<td style=\"font-size: 10px; height: 30px;\">\u00a0MTF-A<\/td>\n<td style=\"height: 30px;\"><\/td>\n<\/tr>\n<tr style=\"background-color: #ffefd5; height: 30px;\" valign=\"top\">\n<td style=\"font-size: 10px; height: 30px;\">\u00a010.08.2013<br \/>\n09:30-13:00<\/td>\n<td style=\"font-size: 10px; height: 30px;\">\u00a0Technischer Dienst &#8211; R\u00fcsthaus<\/td>\n<td style=\"font-size: 10px; height: 30px;\" align=\"center\">\u00a07<\/td>\n<td style=\"font-size: 10px; height: 30px;\">\u00a0MTF-A<\/td>\n<td style=\"height: 30px;\"><\/td>\n<\/tr>\n<tr style=\"background-color: #ffcccc; height: 30px;\" valign=\"top\">\n<td style=\"font-size: 10px; height: 30px;\">\u00a008.08.2013<br \/>\n17:09-19:45<\/td>\n<td style=\"font-size: 10px; height: 30px;\">\u00a0Waldbrand Donnersbach<\/td>\n<td style=\"font-size: 10px; height: 30px;\" align=\"center\">\u00a08<\/td>\n<td style=\"font-size: 10px; height: 30px;\">\u00a0TLF-A<\/td>\n<td style=\"height: 30px;\"><\/td>\n<\/tr>\n<tr style=\"background-color: #ffcccc; height: 30px;\" valign=\"top\">\n<td style=\"font-size: 10px; height: 30px;\">\u00a008.08.2013<br \/>\n08:00-13:00<\/td>\n<td style=\"font-size: 10px; height: 30px;\">\u00a0Waldbrand Ges\u00e4useeingang<br \/>\nWeng<\/td>\n<td style=\"font-size: 10px; height: 30px;\" align=\"center\">\u00a05<\/td>\n<td style=\"font-size: 10px; height: 30px;\">\u00a0LKW-A<\/td>\n<td style=\"height: 30px;\"><\/td>\n<\/tr>\n<tr style=\"background-color: #ffefd5; height: 30px;\" valign=\"top\">\n<td style=\"font-size: 10px; height: 30px;\">\u00a007.08.2013<br \/>\n19:00-22:30<\/td>\n<td style=\"font-size: 10px; height: 30px;\">\u00a0Vorf\u00fchrung KLF-A<br \/>\nFF St. Peter\/Kamersberg<\/td>\n<td style=\"font-size: 10px; height: 30px;\" align=\"center\">\u00a03<\/td>\n<td style=\"font-size: 10px; height: 30px;\">\u00a0KLF-A<\/td>\n<td style=\"height: 30px;\"><\/td>\n<\/tr>\n<tr style=\"background-color: #ffcccc; height: 30px;\" valign=\"top\">\n<td style=\"font-size: 10px; height: 30px;\">\u00a007.08.2013<br \/>\n10:07-10:30<\/td>\n<td style=\"font-size: 10px; height: 30px;\">\u00a0Brandmeldealarm Landesberufschule Aigen<br \/>\nFehlalarm<\/td>\n<td style=\"font-size: 10px; height: 30px;\" align=\"center\">\u00a04<\/td>\n<td style=\"font-size: 10px; height: 30px;\">\u00a0TLF-A<\/td>\n<td style=\"height: 30px;\"><\/td>\n<\/tr>\n<tr style=\"background-color: #ffcccc; height: 30px;\" valign=\"top\">\n<td style=\"font-size: 10px; height: 30px;\">\u00a007.08.2013<br \/>\n05:00-09:00<\/td>\n<td style=\"font-size: 10px; height: 30px;\">\u00a0Waldbrand Ges\u00e4useeingang<br \/>\nWeng<\/td>\n<td style=\"font-size: 10px; height: 30px;\" align=\"center\">\u00a02<\/td>\n<td style=\"font-size: 10px; height: 30px;\">\u00a0MTF-A<\/td>\n<td style=\"height: 30px;\">\u00a0<span style=\"font-family: helvetica;\"><span style=\"color: #333333;\"><span style=\"font-family: helvetica;\"><span style=\"color: #333333;\"><span style=\"font-family: helvetica;\"><span style=\"color: #333333;\"><em><a title=\"Waldbrand Ges\u00e4useeingang\" href=\"http:\/\/www.bfvli.steiermark.at\/desktopdefault.aspx\/tabid-252\/2212_read-24782\" target=\"_blank\"><span style=\"font-size: 9px; color: #0000cd;\">Read more<strong>\u00bb<\/strong><\/span><\/a><\/em><\/span><\/span><\/span><\/span><\/span><\/span><\/td>\n<\/tr>\n<tr style=\"background-color: #ffcccc; height: 30px;\" valign=\"top\">\n<td style=\"font-size: 10px; height: 30px;\">\u00a006.08.2013<br \/>\n17:00-22:00<\/td>\n<td style=\"font-size: 10px; height: 30px;\">\u00a0Waldbrand Ges\u00e4useeingang<br \/>\nWeng<\/td>\n<td style=\"font-size: 10px; height: 30px;\" align=\"center\">\u00a01<\/td>\n<td style=\"height: 30px;\"><\/td>\n<td style=\"height: 30px;\">\u00a0<span style=\"font-family: helvetica;\"><span style=\"color: #333333;\"><span style=\"font-family: helvetica;\"><span style=\"color: #333333;\"><span style=\"font-family: helvetica;\"><span style=\"color: #333333;\"><em><a title=\"Waldbrand Ges\u00e4useeingang\" href=\"http:\/\/www.bfvli.steiermark.at\/desktopdefault.aspx\/tabid-252\/2212_read-24782\" target=\"_blank\"><span style=\"font-size: 9px; color: #0000cd;\">Read more<strong>\u00bb<\/strong><\/span><\/a><\/em><\/span><\/span><\/span><\/span><\/span><\/span><\/td>\n<\/tr>\n<tr style=\"background-color: #ffcccc; height: 30px;\" valign=\"top\">\n<td style=\"font-size: 10px; height: 30px;\">\u00a004.08.2013<br \/>\n15:26-22:30<\/td>\n<td style=\"font-size: 10px; height: 30px;\">\u00a0Waldbrand Kleins\u00f6lk<\/td>\n<td style=\"font-size: 10px; height: 30px;\" align=\"center\">\u00a09<\/td>\n<td style=\"font-size: 10px; height: 30px;\">\u00a0LKW-A, MTF-A<\/td>\n<td style=\"height: 30px;\"><\/td>\n<\/tr>\n<tr style=\"background-color: #ffefd5; height: 30px;\" valign=\"top\">\n<td style=\"font-size: 10px; height: 30px;\">\u00a004.08.2013<br \/>\n08:00-10:00<\/td>\n<td style=\"font-size: 10px; height: 30px;\">\u00a0Besprechung Flugdienst<br \/>\nLiezen<\/td>\n<td style=\"font-size: 10px; height: 30px;\" align=\"center\">\u00a03<\/td>\n<td style=\"font-size: 10px; height: 30px;\">\u00a0MTF-A<\/td>\n<td style=\"height: 30px;\"><\/td>\n<\/tr>\n<tr style=\"background-color: #ffcccc; height: 30px;\" valign=\"top\">\n<td style=\"font-size: 10px; height: 30px;\">\u00a004.08.2013<br \/>\n13:00-17:00<\/td>\n<td style=\"font-size: 10px; height: 30px;\">\u00a0Wespeneinsatz Tachenberg<\/td>\n<td style=\"font-size: 10px; height: 30px;\" align=\"center\">\u00a01<\/td>\n<td style=\"height: 30px;\"><\/td>\n<td style=\"height: 30px;\"><\/td>\n<\/tr>\n<tr style=\"background-color: #ffcccc; height: 30px;\" valign=\"top\">\n<td style=\"font-size: 10px; height: 30px;\">\u00a003.08.2013<br \/>\n13:00-15:00<\/td>\n<td style=\"font-size: 10px; height: 30px;\">\u00a0Wespeneinsatz Schlattham<\/td>\n<td style=\"font-size: 10px; height: 30px;\" align=\"center\">\u00a01<\/td>\n<td style=\"height: 30px;\"><\/td>\n<td style=\"height: 30px;\"><\/td>\n<\/tr>\n<tr style=\"background-color: #ffcccc; height: 50px;\" valign=\"top\">\n<td style=\"height: 50px;\">\n<p style=\"font-size: 10px;\">\u00a003.08.2013<br \/>\n07:30-23:00<\/p>\n<\/td>\n<td style=\"font-size: 10px; height: 50px;\">\u00a0Waldbrand Ges\u00e4useeingang<br \/>\nWeng<\/td>\n<td style=\"font-size: 10px; height: 50px;\" align=\"center\">\u00a08<\/td>\n<td style=\"font-size: 10px; height: 50px;\">\u00a0LKW-A, MTF-A<\/td>\n<td style=\"height: 50px;\">\u00a0<span style=\"font-family: helvetica;\"><span style=\"color: #333333;\"><span style=\"font-family: helvetica;\"><span style=\"color: #333333;\"><span style=\"font-family: helvetica;\"><span style=\"color: #333333;\"><em><a title=\"Waldbrand Ges\u00e4useeingang\" href=\"http:\/\/www.bfvli.steiermark.at\/desktopdefault.aspx\/tabid-252\/2212_read-24782\" target=\"_blank\"><span style=\"font-size: 9px; color: #0000cd;\">Read more<strong>\u00bb<\/strong><\/span><\/a><\/em><\/span><\/span><\/span><\/span><\/span><\/span><\/td>\n<\/tr>\n<tr style=\"background-color: #ffcccc; height: 30px;\" valign=\"top\">\n<td style=\"font-size: 10px; height: 30px;\">\u00a002.08.2013<br \/>\n13:30-22:30<\/td>\n<td style=\"font-size: 10px; height: 30px;\">\u00a0Waldbrand Ges\u00e4useeingang<br \/>\nWeng<\/td>\n<td style=\"font-size: 10px; height: 30px;\" align=\"center\">\u00a03<\/td>\n<td style=\"font-size: 10px; height: 30px;\">\u00a0LKW-A<\/td>\n<td style=\"height: 30px;\">\u00a0<span style=\"font-family: helvetica;\"><span style=\"color: #333333;\"><span style=\"font-family: helvetica;\"><span style=\"color: #333333;\"><span style=\"font-family: helvetica;\"><span style=\"color: #333333;\"><em><a title=\"Waldbrand Ges\u00e4useeingang\" href=\"http:\/\/www.bfvli.steiermark.at\/desktopdefault.aspx\/tabid-252\/2212_read-24778\" target=\"_blank\"><span style=\"font-size: 9px; color: #0000cd;\">Read more<strong>\u00bb<\/strong><\/span><\/a><\/em><\/span><\/span><\/span><\/span><\/span><\/span><\/td>\n<\/tr>\n<tr style=\"background-color: #ffcccc; height: 30px;\" valign=\"top\">\n<td style=\"font-size: 10px; height: 30px;\">\u00a001.08.2013<br \/>\n13:00-14:00<\/td>\n<td style=\"font-size: 10px; height: 30px;\">\u00a0WespeneinsatzSchlattham<\/td>\n<td style=\"font-size: 10px; height: 30px;\" align=\"center\">\u00a01<\/td>\n<td style=\"height: 30px;\"><\/td>\n<td style=\"height: 30px;\"><\/td>\n<\/tr>\n<tr style=\"background-color: #ffcccc; height: 30px;\" valign=\"top\">\n<td style=\"font-size: 10px; height: 30px;\">\u00a001.08.2013<br \/>\n10:40-11:15<\/td>\n<td style=\"font-size: 10px; height: 30px;\">\u00a0Brandmeldealarm Landesberufschule Aigen<br \/>\nFehlalarm<\/td>\n<td style=\"font-size: 10px; height: 30px;\" align=\"center\">\u00a07<\/td>\n<td style=\"font-size: 10px; height: 30px;\">\u00a0TLF-A, MTF-A<\/td>\n<td style=\"height: 30px;\"><\/td>\n<\/tr>\n<tr style=\"background-color: #ffcccc; height: 30px;\" valign=\"top\">\n<td style=\"font-size: 10px; height: 30px;\">\u00a031.07.2013<br \/>\n15:00-22:00<\/td>\n<td style=\"font-size: 10px; height: 30px;\">\u00a0Waldbrand Ges\u00e4useeingang<br \/>\nWeng<\/td>\n<td style=\"font-size: 10px; height: 30px;\" align=\"center\">\u00a06<\/td>\n<td style=\"font-size: 10px; height: 30px;\">\u00a0LKW-A<\/td>\n<td style=\"height: 30px;\">\u00a0<span style=\"font-family: helvetica;\"><span style=\"color: #333333;\"><span style=\"font-family: helvetica;\"><span style=\"color: #333333;\"><span style=\"font-family: helvetica;\"><span style=\"color: #333333;\"><em><a title=\"Waldbrand Ges\u00e4useeingang\" href=\"http:\/\/www.bfvli.steiermark.at\/desktopdefault.aspx\/tabid-252\/2212_read-24760\" target=\"_blank\"><span style=\"font-size: 9px; color: #0000cd;\">Read more<strong>\u00bb<\/strong><\/span><\/a><\/em><\/span><\/span><\/span><\/span><\/span><\/span><\/td>\n<\/tr>\n<tr style=\"background-color: #ffcccc; height: 30px;\" valign=\"top\">\n<td style=\"font-size: 10px; height: 30px;\">\u00a029.07.2013<br \/>\n07:30-20:00<\/td>\n<td style=\"font-size: 10px; height: 30px;\">\u00a0Waldbrand Ges\u00e4useeingang<br \/>\nWeng<\/td>\n<td style=\"font-size: 10px; height: 30px;\" align=\"center\">\u00a07<\/td>\n<td style=\"font-size: 10px; height: 30px;\">\u00a0LKW-A, MTF-A<\/td>\n<td style=\"height: 30px;\">\u00a0<span style=\"font-family: helvetica;\"><span style=\"color: #333333;\"><span style=\"font-family: helvetica;\"><span style=\"color: #333333;\"><span style=\"font-family: helvetica;\"><span style=\"color: #333333;\"><em><a title=\"Waldbrand Ges\u00e4useeingang\" href=\"http:\/\/www.bfvli.steiermark.at\/desktopdefault.aspx\/tabid-252\/2212_read-24745\" target=\"_blank\"><span style=\"font-size: 9px; color: #0000cd;\">Read more<strong>\u00bb<\/strong><\/span><\/a><\/em><\/span><\/span><\/span><\/span><\/span><\/span><\/td>\n<\/tr>\n<tr style=\"background-color: #ffcccc; height: 30px;\" valign=\"top\">\n<td style=\"font-size: 10px; height: 30px;\">\u00a028.07.2013<br \/>\n14:15-23:30<\/td>\n<td style=\"font-size: 10px; height: 30px;\">\u00a0Waldbrand Ges\u00e4useeingang<br \/>\nWeng<\/td>\n<td style=\"font-size: 10px; height: 30px;\" align=\"center\">\u00a07<\/td>\n<td style=\"font-size: 10px; height: 30px;\">\u00a0LKW-A, MTF-A<\/td>\n<td style=\"height: 30px;\">\u00a0<span style=\"font-family: helvetica;\"><span style=\"color: #333333;\"><span style=\"font-family: helvetica;\"><span style=\"color: #333333;\"><span style=\"font-family: helvetica;\"><span style=\"color: #333333;\"><em><a title=\"Waldbrand Ges\u00e4useeingang\" href=\"http:\/\/www.bfvli.steiermark.at\/desktopdefault.aspx\/tabid-252\/2212_read-24745\" target=\"_blank\"><span style=\"font-size: 9px; color: #0000cd;\">Read more<strong>\u00bb<\/strong><\/span><\/a><\/em><\/span><\/span><\/span><\/span><\/span><\/span><\/td>\n<\/tr>\n<tr style=\"background-color: #b0e0e6; height: 30px;\" valign=\"top\">\n<td style=\"font-size: 10px; height: 30px;\">\u00a026.07.2013<br \/>\n09:30-22:30<\/td>\n<td style=\"font-size: 10px; height: 30px;\">\u00a0Flugdienst\u00fcbung Vorberg<\/td>\n<td style=\"font-size: 10px; height: 30px;\" align=\"center\">\u00a012<\/td>\n<td style=\"font-size: 10px; height: 30px;\">\u00a0LKW-A, KLF-A<br \/>\nMTF-A<\/td>\n<td style=\"height: 30px;\"><\/td>\n<\/tr>\n<tr style=\"background-color: #ffefd5; height: 30px;\" valign=\"top\">\n<td style=\"font-size: 10px; height: 30px;\">\u00a025.07.2013<br \/>\n20:30-22:30<\/td>\n<td style=\"font-size: 10px; height: 30px;\">\u00a0Ausschu\u00dfsitzung<\/td>\n<td style=\"font-size: 10px; height: 30px;\" align=\"center\">\u00a07<\/td>\n<td style=\"height: 30px;\"><\/td>\n<td style=\"height: 30px;\"><\/td>\n<\/tr>\n<tr style=\"background-color: #ffcccc; height: 30px;\" valign=\"top\">\n<td style=\"font-size: 10px; height: 30px;\">\u00a024.07.2013<br \/>\n21:10-21:45<\/td>\n<td style=\"font-size: 10px; height: 30px;\">\u00a0Brandmeldealarm Schlo\u00dfhotel Pichlarn<br \/>\nFehlalarm<\/td>\n<td style=\"font-size: 10px; height: 30px;\" align=\"center\">\u00a019<\/td>\n<td style=\"font-size: 10px; height: 30px;\">\u00a0TLF-A, KLF-A<br \/>\nMTF-A<\/td>\n<td style=\"height: 30px;\"><\/td>\n<\/tr>\n<tr style=\"background-color: #ffefd5; height: 30px;\" valign=\"top\">\n<td style=\"font-size: 10px; height: 30px;\">\u00a020.07.2013<br \/>\n17:00-22:30<\/td>\n<td style=\"font-size: 10px; height: 30px;\">\u00a0Fahrzeugsegnung FF P\u00fcrg<\/td>\n<td style=\"font-size: 10px; height: 30px;\" align=\"center\">\u00a04<\/td>\n<td style=\"font-size: 10px; height: 30px;\">\u00a0MTF-A<\/td>\n<td style=\"height: 30px;\"><\/td>\n<\/tr>\n<tr style=\"background-color: #ffefd5; height: 30px;\" valign=\"top\">\n<td style=\"font-size: 10px; height: 30px;\">\u00a020.07.2013<br \/>\n12:30-21:00<\/td>\n<td style=\"font-size: 10px; height: 30px;\">\u00a0Kinderausflug der FF Kinder<br \/>\nins Ranzenkar<\/td>\n<td style=\"font-size: 10px; height: 30px;\" align=\"center\">\u00a05<\/td>\n<td style=\"font-size: 10px; height: 30px;\">\u00a0LFB-A, MTF<\/td>\n<td style=\"height: 30px;\"><\/td>\n<\/tr>\n<tr style=\"background-color: #ffcccc; height: 30px;\" valign=\"top\">\n<td style=\"font-size: 10px; height: 30px;\">\u00a019.07.2013<br \/>\n09:50-11:10<\/td>\n<td style=\"font-size: 10px; height: 30px;\">\u00a0Technischer Einsatz Ketten<\/td>\n<td style=\"font-size: 10px; height: 30px;\" align=\"center\">\u00a01<\/td>\n<td style=\"font-size: 10px; height: 30px;\">\u00a0TLF-A<\/td>\n<td style=\"height: 30px;\"><\/td>\n<\/tr>\n<tr style=\"background-color: #ffefd5; height: 30px;\" valign=\"top\">\n<td style=\"font-size: 10px; height: 30px;\">\u00a013.07.2013<br \/>\n04:00-21:30<\/td>\n<td style=\"font-size: 10px; height: 30px;\">\u00a0Feuerwehr Jugend Leistungsbewerb<br \/>\nWettmannst\u00e4tten<\/td>\n<td style=\"font-size: 10px; height: 30px;\" align=\"center\">\u00a04<\/td>\n<td style=\"font-size: 10px; height: 30px;\">\u00a0MTF-A<\/td>\n<td style=\"height: 30px;\"><\/td>\n<\/tr>\n<tr style=\"background-color: #b0e0e6; height: 30px;\" valign=\"top\">\n<td style=\"font-size: 10px; height: 30px;\">\u00a011.07.2013<br \/>\n17:00-20:00<\/td>\n<td style=\"font-size: 10px; height: 30px;\">\u00a0\u00dcben f\u00fcr FJLA<\/td>\n<td style=\"font-size: 10px; height: 30px;\" align=\"center\">\u00a03<\/td>\n<td style=\"font-size: 10px; height: 30px;\">\u00a0MTF-A<\/td>\n<td style=\"height: 30px;\"><\/td>\n<\/tr>\n<tr style=\"background-color: #ffefd5; height: 30px;\" valign=\"top\">\n<td style=\"font-size: 10px; height: 30px;\">\u00a008.07.2013<br \/>\n13:30-15:30<\/td>\n<td style=\"font-size: 10px; height: 30px;\">\u00a0Begr\u00e4bnis St\u00f6ger Franz<br \/>\nFF Lantschern<\/td>\n<td style=\"font-size: 10px; height: 30px;\" align=\"center\">\u00a06<\/td>\n<td style=\"height: 30px;\"><\/td>\n<td style=\"height: 30px;\"><\/td>\n<\/tr>\n<tr style=\"background-color: #ffefd5; height: 30px;\" valign=\"top\">\n<td style=\"font-size: 10px; height: 30px;\">\u00a006.07.2013<br \/>\n08:00-15:00<\/td>\n<td style=\"font-size: 10px; height: 30px;\">\u00a0Technischer Dienst R\u00fcsthaus<\/td>\n<td style=\"font-size: 10px; height: 30px;\" align=\"center\">\u00a03<\/td>\n<td style=\"height: 30px;\"><\/td>\n<td style=\"height: 30px;\"><\/td>\n<\/tr>\n<tr style=\"background-color: #b0e0e6; height: 30px;\" valign=\"top\">\n<td style=\"font-size: 10px; height: 30px;\">\u00a006.07.2013<br \/>\n16:00-19:00<\/td>\n<td style=\"font-size: 10px; height: 30px;\">\u00a0\u00dcben f\u00fcr FJLA<\/td>\n<td style=\"font-size: 10px; height: 30px;\" align=\"center\">\u00a03<\/td>\n<td style=\"height: 30px;\"><\/td>\n<td style=\"height: 30px;\"><\/td>\n<\/tr>\n<tr style=\"background-color: #ffefd5; height: 30px;\" valign=\"top\">\n<td style=\"font-size: 10px; height: 30px;\">\u00a006.07.2013<br \/>\n12:00-13:00<\/td>\n<td style=\"font-size: 10px; height: 30px;\">\u00a0Zivilschutzprobealarm<\/td>\n<td style=\"font-size: 10px; height: 30px;\" align=\"center\">\u00a01<\/td>\n<td style=\"height: 30px;\"><\/td>\n<td style=\"height: 30px;\"><\/td>\n<\/tr>\n<tr style=\"background-color: #b0e0e6; height: 30px;\" valign=\"top\">\n<td style=\"font-size: 10px; height: 30px;\">\u00a005.07.2013<br \/>\n16:00-17:30<\/td>\n<td style=\"font-size: 10px; height: 30px;\">\u00a0\u00dcben f\u00fcr FJLA<\/td>\n<td style=\"font-size: 10px; height: 30px;\" align=\"center\">\u00a03<\/td>\n<td style=\"height: 30px;\"><\/td>\n<td style=\"height: 30px;\"><\/td>\n<\/tr>\n<tr style=\"background-color: #ffefd5; height: 30px;\" valign=\"top\">\n<td style=\"font-size: 10px; height: 30px;\">\u00a029.06.2013<br \/>\n15:00-23:00<\/td>\n<td style=\"font-size: 10px; height: 30px;\">\u00a0R\u00fcsthaussegnung Donnersbachwald<\/td>\n<td style=\"font-size: 10px; height: 30px;\" align=\"center\">\u00a04<\/td>\n<td style=\"font-size: 10px; height: 30px;\">\u00a0MTF-A<\/td>\n<td style=\"height: 30px;\"><\/td>\n<\/tr>\n<tr style=\"background-color: #ffefd5; height: 30px;\" valign=\"top\">\n<td style=\"font-size: 10px; height: 30px;\">\u00a029.06.2013<br \/>\n08:00-14:30<\/td>\n<td style=\"font-size: 10px; height: 30px;\">\u00a0FJLA Bewerb St. Martin<\/td>\n<td style=\"font-size: 10px; height: 30px;\" align=\"center\">\u00a03<\/td>\n<td style=\"font-size: 10px; height: 30px;\">\u00a0KLF-A<\/td>\n<td style=\"height: 30px;\"><\/td>\n<\/tr>\n<tr style=\"background-color: #ffcccc; height: 30px;\" valign=\"top\">\n<td style=\"font-size: 10px; height: 30px;\">\u00a028.06.2013<br \/>\n04:30-20:00<\/td>\n<td style=\"font-size: 10px; height: 30px;\">\u00a0Crashcrew Airpower Zeltweg<\/td>\n<td style=\"font-size: 10px; height: 30px;\" align=\"center\">\u00a02<\/td>\n<td style=\"font-size: 10px; height: 30px;\">\u00a0MTF-A<\/td>\n<td style=\"height: 30px;\"><\/td>\n<\/tr>\n<tr style=\"background-color: #ffefd5; height: 30px;\" valign=\"top\">\n<td style=\"font-size: 10px; height: 30px;\">\u00a025.06.2013<br \/>\n08:30-14:30<\/td>\n<td style=\"font-size: 10px; height: 30px;\">\u00a0Inspektion Flugdienstger\u00e4te<br \/>\nZeltweg<\/td>\n<td style=\"font-size: 10px; height: 30px;\" align=\"center\">\u00a02<\/td>\n<td style=\"font-size: 10px; height: 30px;\">\u00a0LKW-A<\/td>\n<td style=\"height: 30px;\"><\/td>\n<\/tr>\n<tr style=\"background-color: #ffcccc; height: 30px;\" valign=\"top\">\n<td style=\"font-size: 10px; height: 30px;\">\u00a024.06.2013<br \/>\n15:00-16:00<\/td>\n<td style=\"font-size: 10px; height: 30px;\">\u00a0Keller auspumpen<br \/>\nLandmarkt &#8211; Spar<\/td>\n<td style=\"font-size: 10px; height: 30px;\" align=\"center\">\u00a02<\/td>\n<td style=\"font-size: 10px; height: 30px;\">\u00a0KLF-A<\/td>\n<td style=\"height: 30px;\"><\/td>\n<\/tr>\n<tr style=\"background-color: #ffefd5; height: 30px;\" valign=\"top\">\n<td style=\"font-size: 10px; height: 30px;\">\u00a024.06.2013<br \/>\n08:30-12:00<\/td>\n<td style=\"font-size: 10px; height: 30px;\">\u00a0Kindergarten besucht die FF Aigen<\/td>\n<td style=\"font-size: 10px; height: 30px;\" align=\"center\">\u00a04<\/td>\n<td style=\"font-size: 10px; height: 30px;\">\u00a0TLF-A, KLF-A<br \/>\nLFB-A, MTF-A<\/td>\n<td style=\"height: 30px;\"><\/td>\n<\/tr>\n<tr style=\"background-color: #ffcccc; height: 30px;\" valign=\"top\">\n<td style=\"font-size: 10px; height: 30px;\">\u00a022.06.2013<br \/>\n20:41-22:30<\/td>\n<td style=\"font-size: 10px; height: 30px;\">\u00a0Unwettereinsatz<br \/>\nGemeindegebiet Aigen &#8211; Ketten<\/td>\n<td style=\"font-size: 10px; height: 30px;\" align=\"center\">\u00a027<\/td>\n<td style=\"font-size: 10px; height: 30px;\">\u00a0TLF-A,KLF-A<br \/>\nLKW-A, MTF-A<\/td>\n<td style=\"height: 30px;\"><\/td>\n<\/tr>\n<tr style=\"background-color: #b0e0e6; height: 30px;\" valign=\"top\">\n<td style=\"font-size: 10px; height: 30px;\">\u00a022.06.2013<br \/>\n09:30-12:15<\/td>\n<td style=\"font-size: 10px; height: 30px;\">\u00a0\u00dcben f\u00fcr FJLA<\/td>\n<td style=\"font-size: 10px; height: 30px;\" align=\"center\">\u00a02<\/td>\n<td style=\"height: 30px;\"><\/td>\n<td style=\"height: 30px;\"><\/td>\n<\/tr>\n<tr style=\"background-color: #b0e0e6; height: 30px;\" valign=\"top\">\n<td style=\"font-size: 10px; height: 30px;\">\u00a021.06.2013<br \/>\n19:00-21:45<\/td>\n<td style=\"font-size: 10px; height: 30px;\">\u00a0\u00dcben f\u00fcr FJLA<\/td>\n<td style=\"font-size: 10px; height: 30px;\" align=\"center\">\u00a03<\/td>\n<td style=\"height: 30px;\"><\/td>\n<td style=\"height: 30px;\"><\/td>\n<\/tr>\n<tr style=\"background-color: #ffefd5; height: 45px;\" valign=\"top\">\n<td style=\"font-size: 10px; height: 45px;\">\u00a021.06.2013<br \/>\n07:00-14:00<\/td>\n<td style=\"font-size: 10px; height: 45px;\">\u00a0Jugendtag der FF Aigen<br \/>\nmit der Hauptschule Irdning<\/td>\n<td style=\"font-size: 10px; height: 45px;\" align=\"center\">\u00a09<\/td>\n<td style=\"font-size: 10px; height: 45px;\">\u00a0TLF-A, KLF-A<br \/>\nLFB-A, LKW-A<br \/>\nMTF-A, DLK 32<\/td>\n<td style=\"height: 45px;\">\u00a0<span style=\"font-family: helvetica;\"><span style=\"color: #333333;\"><span style=\"font-family: helvetica;\"><span style=\"color: #333333;\"><span style=\"font-family: helvetica;\"><span style=\"color: #333333;\"><em><a title=\"Jugendtag FF Aigen\" href=\"http:\/\/www.feuerwehr-aigen.at\/?page_id=546\"><span style=\"font-size: 9px; color: #0000cd;\">Read more<strong>\u00bb<\/strong><\/span><\/a><\/em><\/span><\/span><\/span><\/span><\/span><\/span><\/td>\n<\/tr>\n<tr style=\"background-color: #ffcccc; height: 30px;\" valign=\"top\">\n<td style=\"font-size: 10px; height: 30px;\">\u00a021.06.2013<br \/>\n09:33-10:00<\/td>\n<td style=\"font-size: 10px; height: 30px;\">\u00a0Brandmeldealarm Landesberufschule Aigen<br \/>\nFehlalarm<\/td>\n<td style=\"font-size: 10px; height: 30px;\" align=\"center\">\u00a04<\/td>\n<td style=\"font-size: 10px; height: 30px;\">\u00a0KLF-A<\/td>\n<td style=\"height: 30px;\"><\/td>\n<\/tr>\n<tr style=\"background-color: #ffefd5; height: 45px;\" valign=\"top\">\n<td style=\"font-size: 10px; height: 45px;\">\u00a020.06.2013<br \/>\n07:00-14:00<\/td>\n<td style=\"font-size: 10px; height: 45px;\">\u00a0Jugendtag der FF Aigen<br \/>\nmit der Volksschule Aigen<\/td>\n<td style=\"font-size: 10px; height: 45px;\" align=\"center\">\u00a09<\/td>\n<td style=\"font-size: 10px; height: 45px;\">\u00a0TLF-A, KLF-A<br \/>\nLFB-A, LKW-A<br \/>\nMTF-A<\/td>\n<td style=\"height: 45px;\">\u00a0<span style=\"font-family: helvetica;\"><span style=\"color: #333333;\"><span style=\"font-family: helvetica;\"><span style=\"color: #333333;\"><span style=\"font-family: helvetica;\"><span style=\"color: #333333;\"><em><a title=\"Jugendtag FF Aigen\" href=\"http:\/\/www.feuerwehr-aigen.at\/?page_id=546\"><span style=\"font-size: 9px; color: #0000cd;\">Read more<strong>\u00bb<\/strong><\/span><\/a><\/em><\/span><\/span><\/span><\/span><\/span><\/span><\/td>\n<\/tr>\n<tr style=\"background-color: #ffefd5; height: 30px;\" valign=\"top\">\n<td style=\"font-size: 10px; height: 30px;\">\u00a016.06.2013<br \/>\n09:30-18:00<\/td>\n<td style=\"font-size: 10px; height: 30px;\">\u00a0FJLA Bewerb<br \/>\nD\u00f6llach<\/td>\n<td style=\"font-size: 10px; height: 30px;\" align=\"center\">\u00a03<\/td>\n<td style=\"font-size: 10px; height: 30px;\">\u00a0MTF-A<\/td>\n<td style=\"height: 30px;\"><\/td>\n<\/tr>\n<tr style=\"background-color: #ffefd5; height: 45px;\" valign=\"top\">\n<td style=\"font-size: 10px; height: 45px;\">\u00a015.06.2013<br \/>\n12:30-21:30<\/td>\n<td style=\"font-size: 10px; height: 45px;\">\u00a0Streckenposten Aigner Triathlon<\/td>\n<td style=\"font-size: 10px; height: 45px;\" align=\"center\">\u00a024<\/td>\n<td style=\"font-size: 10px; height: 45px;\">\u00a0TLF-A, KLF-A<br \/>\nLFB-A, LKW-A<br \/>\nMTF-A<\/td>\n<td style=\"height: 45px;\"><\/td>\n<\/tr>\n<tr style=\"background-color: #ffefd5; height: 30px;\" valign=\"top\">\n<td style=\"font-size: 10px; height: 30px;\">\u00a014.06.2013<br \/>\n17:00-21:00<\/td>\n<td style=\"font-size: 10px; height: 30px;\">\u00a0Streckenposten Aigner Jedermann Triathlon<\/td>\n<td style=\"font-size: 10px; height: 30px;\" align=\"center\">\u00a06<\/td>\n<td style=\"font-size: 10px; height: 30px;\">\u00a0MTF-A<\/td>\n<td style=\"height: 30px;\"><\/td>\n<\/tr>\n<tr style=\"background-color: #b0e0e6; height: 30px;\" valign=\"top\">\n<td style=\"font-size: 10px; height: 30px;\">\u00a014.06.2013<br \/>\n16:00-18:30<\/td>\n<td style=\"font-size: 10px; height: 30px;\">\u00a0\u00dcben f\u00fcr FJLA<\/td>\n<td style=\"font-size: 10px; height: 30px;\" align=\"center\">\u00a04<\/td>\n<td style=\"font-size: 10px; height: 30px;\">\u00a0KLF-A<\/td>\n<td style=\"height: 30px;\"><\/td>\n<\/tr>\n<tr style=\"background-color: #b0e0e6; height: 30px;\" valign=\"top\">\n<td style=\"font-size: 10px; height: 30px;\">\u00a013.06.2013<br \/>\n18:00-19:30<\/td>\n<td style=\"font-size: 10px; height: 30px;\">\u00a0\u00dcben f\u00fcr FJLA<\/td>\n<td style=\"font-size: 10px; height: 30px;\" align=\"center\">\u00a03<\/td>\n<td style=\"height: 30px;\"><\/td>\n<td style=\"height: 30px;\"><\/td>\n<\/tr>\n<tr style=\"background-color: #b0e0e6; height: 30px;\" valign=\"top\">\n<td style=\"font-size: 10px; height: 30px;\">\u00a011.06.2013<br \/>\n18:00-20:15<\/td>\n<td style=\"font-size: 10px; height: 30px;\">\u00a0\u00dcben f\u00fcr FJLA<\/td>\n<td style=\"font-size: 10px; height: 30px;\" align=\"center\">\u00a04<\/td>\n<td style=\"font-size: 10px; height: 30px;\">\u00a0MTF-A<\/td>\n<td style=\"height: 30px;\"><\/td>\n<\/tr>\n<tr style=\"background-color: #ffefd5; height: 30px;\" valign=\"top\">\n<td style=\"font-size: 10px; height: 30px;\">\u00a011.06.2013<br \/>\n20:00-22:30<\/td>\n<td style=\"font-size: 10px; height: 30px;\">\u00a0Ausschu\u00dfsitzung<\/td>\n<td style=\"font-size: 10px; height: 30px;\" align=\"center\">\u00a010<\/td>\n<td style=\"height: 30px;\"><\/td>\n<td style=\"height: 30px;\"><\/td>\n<\/tr>\n<tr style=\"background-color: #ffefd5; height: 50px;\" valign=\"top\">\n<td style=\"font-size: 10px; height: 50px;\">\u00a011.06.2013<br \/>\n07:30-19:00<\/td>\n<td style=\"height: 50px;\">\n<p style=\"font-size: 10px;\">\u00a0Abnahme KLF-A<br \/>\nLebring<\/p>\n<\/td>\n<td style=\"font-size: 10px; height: 50px;\" align=\"center\">\u00a02<\/td>\n<td style=\"font-size: 10px; height: 50px;\">\u00a0KLF-A<\/td>\n<td style=\"height: 50px;\"><\/td>\n<\/tr>\n<tr style=\"background-color: #ffefd5; height: 30px;\" valign=\"top\">\n<td style=\"font-size: 10px; height: 30px;\">\u00a008.06.2013<br \/>\n16:00-19:00<\/td>\n<td style=\"font-size: 10px; height: 30px;\">\u00a0Technischer Dienst KFZ<br \/>\nKLF-A (Chevi) Einbauten ausbauen<\/td>\n<td style=\"font-size: 10px; height: 30px;\" align=\"center\">\u00a03<\/td>\n<td style=\"font-size: 10px; height: 30px;\">\u00a0KLF-A<\/td>\n<td style=\"height: 30px;\"><\/td>\n<\/tr>\n<tr style=\"background-color: #ffcccc; height: 30px;\" valign=\"top\">\n<td style=\"font-size: 10px; height: 30px;\">\u00a007.06.2013<br \/>\n06:00-09:00<\/td>\n<td style=\"font-size: 10px; height: 30px;\">\u00a0Materialbeistellung f\u00fcr Pumparbeiten<\/td>\n<td style=\"font-size: 10px; height: 30px;\" align=\"center\">\u00a02<\/td>\n<td style=\"font-size: 10px; height: 30px;\">\u00a0KLF-A<\/td>\n<td style=\"height: 30px;\"><\/td>\n<\/tr>\n<tr style=\"background-color: #b0e0e6; height: 30px;\" valign=\"top\">\n<td style=\"font-size: 10px; height: 30px;\">\u00a006.06.2013<br \/>\n16:00-18:30<\/td>\n<td style=\"font-size: 10px; height: 30px;\">\u00a0\u00dcben f\u00fcr FJLA<\/td>\n<td style=\"font-size: 10px; height: 30px;\" align=\"center\">\u00a03<\/td>\n<td style=\"font-size: 10px; height: 30px;\">\u00a0MTF-A<\/td>\n<td style=\"height: 30px;\"><\/td>\n<\/tr>\n<tr style=\"background-color: #ffcccc; height: 30px;\" valign=\"top\">\n<td style=\"font-size: 10px; height: 30px;\">\u00a006.06.2013<br \/>\n07:45-09:30<\/td>\n<td style=\"font-size: 10px; height: 30px;\">\u00a0Ortsplatz reinigen<\/td>\n<td style=\"font-size: 10px; height: 30px;\" align=\"center\">\u00a02<\/td>\n<td style=\"font-size: 10px; height: 30px;\">\u00a0TLF-A<\/td>\n<td style=\"height: 30px;\"><\/td>\n<\/tr>\n<tr style=\"background-color: #b0e0e6; height: 30px;\" valign=\"top\">\n<td style=\"font-size: 10px; height: 30px;\">\u00a005.06.2013<br \/>\n18:00-20:30<\/td>\n<td style=\"font-size: 10px; height: 30px;\">\u00a0\u00dcben f\u00fcr FJLA<\/td>\n<td style=\"font-size: 10px; height: 30px;\" align=\"center\">\u00a04<\/td>\n<td style=\"height: 30px;\"><\/td>\n<td style=\"height: 30px;\"><\/td>\n<\/tr>\n<tr style=\"background-color: #ffcccc; height: 30px;\" valign=\"top\">\n<td style=\"font-size: 10px; height: 30px;\">\u00a002.06.2013<br \/>\n22:27-24:00<\/td>\n<td style=\"font-size: 10px; height: 30px;\">\u00a0Autobergung Landesstra\u00dfe Aigen &#8211; W\u00f6rschach<\/td>\n<td style=\"font-size: 10px; height: 30px;\" align=\"center\">\u00a02<\/td>\n<td style=\"font-size: 10px; height: 30px;\">\u00a0TLF-A<\/td>\n<td style=\"height: 30px;\"><\/td>\n<\/tr>\n<tr style=\"background-color: #ffcccc; height: 30px;\" valign=\"top\">\n<td style=\"font-size: 10px; height: 30px;\">\u00a002.06.2013<br \/>\n18:13-19:15<\/td>\n<td style=\"font-size: 10px; height: 30px;\">\u00a0Br\u00fcckenverglausung<\/td>\n<td style=\"font-size: 10px; height: 30px;\" align=\"center\">\u00a018<\/td>\n<td style=\"font-size: 10px; height: 30px;\">\u00a0TLF-A, KLF-A<br \/>\nLKW-A, MTF-A<\/td>\n<td style=\"height: 30px;\"><\/td>\n<\/tr>\n<tr style=\"background-color: #ffcccc; height: 30px;\" valign=\"top\">\n<td style=\"font-size: 10px; height: 30px;\">\u00a002.06.2013<br \/>\n08:18-13:00<\/td>\n<td style=\"font-size: 10px; height: 30px;\">\u00a0Hochwassereinsatz Gemeindegebiet Aigen<\/td>\n<td style=\"font-size: 10px; height: 30px;\" align=\"center\">\u00a016<\/td>\n<td style=\"font-size: 10px; height: 30px;\">\u00a0TLF-A, KLF-A<br \/>\nLKW-A, MTF-A<\/td>\n<td style=\"height: 30px;\"><\/td>\n<\/tr>\n<tr style=\"background-color: #ffefd5; height: 30px;\" valign=\"top\">\n<td style=\"font-size: 10px; height: 30px;\">\u00a031.05.2013<br \/>\n17:30-21:30<\/td>\n<td style=\"font-size: 10px; height: 30px;\">\u00a0Technischer Dienst R\u00fcsthaus<\/td>\n<td style=\"font-size: 10px; height: 30px;\" align=\"center\">\u00a06<\/td>\n<td style=\"height: 30px;\"><\/td>\n<td style=\"height: 30px;\"><\/td>\n<\/tr>\n<tr style=\"background-color: #b0e0e6; height: 30px;\" valign=\"top\">\n<td style=\"font-size: 10px; height: 30px;\">\u00a028.05.2013<br \/>\n18:00-21:00<\/td>\n<td style=\"font-size: 10px; height: 30px;\">\u00a0\u00dcben f\u00fcr FJLA<\/td>\n<td style=\"font-size: 10px; height: 30px;\" align=\"center\">\u00a03<\/td>\n<td style=\"font-size: 10px; height: 30px;\">\u00a0TLF-A<\/td>\n<td style=\"height: 30px;\"><\/td>\n<\/tr>\n<tr style=\"background-color: #ffefd5; height: 30px;\" valign=\"top\">\n<td style=\"font-size: 10px; height: 30px;\">\u00a028.05.2013<br \/>\n18:00-20:00<\/td>\n<td style=\"font-size: 10px; height: 30px;\">\u00a0Vorstellung Maturaprojekt Radlingmaier Jasmin<\/td>\n<td style=\"font-size: 10px; height: 30px;\" align=\"center\">\u00a07<\/td>\n<td style=\"height: 30px;\"><\/td>\n<td style=\"height: 30px;\"><\/td>\n<\/tr>\n<tr style=\"background-color: #ffefd5; height: 30px;\" valign=\"top\">\n<td style=\"font-size: 10px; height: 30px;\">\u00a025.05.2013<br \/>\n07:30-18:00<\/td>\n<td style=\"font-size: 10px; height: 30px;\">\u00a0Flugeinweiserlehrgang Trofaiach<\/td>\n<td style=\"font-size: 10px; height: 30px;\" align=\"center\">\u00a02<\/td>\n<td style=\"font-size: 10px; height: 30px;\">\u00a0MTF-A<\/td>\n<td style=\"height: 30px;\"><\/td>\n<\/tr>\n<tr style=\"background-color: #b0e0e6; height: 30px;\" valign=\"top\">\n<td style=\"font-size: 10px; height: 30px;\">\u00a024.05.2013<br \/>\n17:00-22:00<\/td>\n<td style=\"font-size: 10px; height: 30px;\">\u00a0Abschnittsfunk\u00fcbung FF Aigen<\/td>\n<td style=\"font-size: 10px; height: 30px;\" align=\"center\">\u00a011<\/td>\n<td style=\"font-size: 10px; height: 30px;\">\u00a0KLF-A, MTF-A<\/td>\n<td style=\"height: 30px;\"><\/td>\n<\/tr>\n<tr style=\"background-color: #ffefd5; height: 30px;\" valign=\"top\">\n<td style=\"font-size: 10px; height: 30px;\">\u00a023.05.2013<br \/>\n07:00-19:00<\/td>\n<td style=\"font-size: 10px; height: 30px;\">\u00a0\u00dcbergabe neues KLF-A<br \/>\nFa. Rosenbauer, Neidling<\/td>\n<td style=\"font-size: 10px; height: 30px;\" align=\"center\">\u00a05<\/td>\n<td style=\"font-size: 10px; height: 30px;\">\u00a0KLF-A, MTF-A<\/td>\n<td style=\"height: 30px;\">\u00a0<span style=\"font-family: helvetica;\"><span style=\"color: #333333;\"><span style=\"font-family: helvetica;\"><span style=\"color: #333333;\"><span style=\"font-family: helvetica;\"><span style=\"color: #333333;\"><em><a title=\"\u00dcbergabe KLF-A\" href=\"http:\/\/www.feuerwehr-aigen.at\/?page_id=541\"><span style=\"font-size: 9px; color: #0000cd;\">Read more<strong>\u00bb<\/strong><\/span><\/a><\/em><\/span><\/span><\/span><\/span><\/span><\/span><\/td>\n<\/tr>\n<tr style=\"background-color: #ffefd5; height: 30px;\" valign=\"top\">\n<td style=\"font-size: 10px; height: 30px;\">\u00a021.05.2013<br \/>\n18:30-21:30<\/td>\n<td style=\"font-size: 10px; height: 30px;\">\u00a0Ausarbeitung Abschnittsfunk\u00fcbung<\/td>\n<td style=\"font-size: 10px; height: 30px;\" align=\"center\">\u00a07<\/td>\n<td style=\"height: 30px;\"><\/td>\n<td style=\"height: 30px;\"><\/td>\n<\/tr>\n<tr style=\"background-color: #ffefd5; height: 30px;\" valign=\"top\">\n<td style=\"font-size: 10px; height: 30px;\">\u00a021.05.2013<br \/>\n13:30-17:00<\/td>\n<td style=\"font-size: 10px; height: 30px;\">\u00a0Begr\u00e4bnis BM Herbert Br\u00e4uer<br \/>\nFF Irdning<\/td>\n<td style=\"font-size: 10px; height: 30px;\" align=\"center\">\u00a04<\/td>\n<td style=\"font-size: 10px; height: 30px;\">\u00a0MTF-A<\/td>\n<td style=\"height: 30px;\"><\/td>\n<\/tr>\n<tr style=\"background-color: #ffcccc; height: 30px;\" valign=\"top\">\n<td style=\"font-size: 10px; height: 30px;\">\u00a021.05.2013<br \/>\n08:15-10:30<\/td>\n<td style=\"font-size: 10px; height: 30px;\">\u00a0Waldbrand Grundlsee<\/td>\n<td style=\"font-size: 10px; height: 30px;\" align=\"center\">\u00a02<\/td>\n<td style=\"font-size: 10px; height: 30px;\">\u00a0MTF-A<\/td>\n<td style=\"height: 30px;\"><\/td>\n<\/tr>\n<tr style=\"background-color: #ffefd5; height: 30px;\" valign=\"top\">\n<td style=\"font-size: 10px; height: 30px;\">\u00a019.08.2013<br \/>\n13:30-23:00<\/td>\n<td style=\"font-size: 10px; height: 30px;\">\u00a0110 Jahrfeier FF Lantschern<\/td>\n<td style=\"font-size: 10px; height: 30px;\" align=\"center\">\u00a032<\/td>\n<td style=\"font-size: 10px; height: 30px;\">\u00a0MTF-A<\/td>\n<td style=\"height: 30px;\"><\/td>\n<\/tr>\n<tr style=\"background-color: #ffefd5; height: 30px;\" valign=\"top\">\n<td style=\"font-size: 10px; height: 30px;\">\u00a016.05.2013<br \/>\n16:00-18:00<\/td>\n<td style=\"font-size: 10px; height: 30px;\">\u00a0Technischer Dienst KFZ<\/td>\n<td style=\"font-size: 10px; height: 30px;\" align=\"center\">\u00a02<\/td>\n<td style=\"font-size: 10px; height: 30px;\">\u00a0MTF-A, MTF<br \/>\nAnh\u00e4nger<\/td>\n<td style=\"height: 30px;\"><\/td>\n<\/tr>\n<tr style=\"background-color: #b0e0e6; height: 30px;\" valign=\"top\">\n<td style=\"font-size: 10px; height: 30px;\">\u00a016.05.2013<br \/>\n06:30-16:00<\/td>\n<td style=\"font-size: 10px; height: 30px;\">\u00a0Flugdienstnachschulung Hohentauern<\/td>\n<td style=\"font-size: 10px; height: 30px;\" align=\"center\">\u00a09<\/td>\n<td style=\"font-size: 10px; height: 30px;\">\u00a0LKW-A, MTF-A<\/td>\n<td style=\"height: 30px;\"><\/td>\n<\/tr>\n<tr style=\"background-color: #ffefd5; height: 30px;\" valign=\"top\">\n<td style=\"font-size: 10px; height: 30px;\">\u00a011.05.2013<br \/>\n03:30-24:00<\/td>\n<td style=\"font-size: 10px; height: 30px;\">\u00a0Hochzeit Muckenhofer Bernd und Margit<\/td>\n<td style=\"font-size: 10px; height: 30px;\" align=\"center\">\u00a032<\/td>\n<td style=\"font-size: 10px; height: 30px;\">\u00a0LFB-A, LKW-A<br \/>\nMTF-A, MTF<\/td>\n<td style=\"height: 30px;\">\u00a0<span style=\"font-family: helvetica;\"><span style=\"color: #333333;\"><span style=\"font-family: helvetica;\"><span style=\"color: #333333;\"><span style=\"font-family: helvetica;\"><span style=\"color: #333333;\"><em><a title=\"Hochzeit Muckenhofer\" href=\"http:\/\/www.feuerwehr-aigen.at\/?page_id=539\"><span style=\"font-size: 9px; color: #0000cd;\">Read more<strong>\u00bb<\/strong><\/span><\/a><\/em><\/span><\/span><\/span><\/span><\/span><\/span><\/td>\n<\/tr>\n<tr style=\"background-color: #b0e0e6; height: 30px;\" valign=\"top\">\n<td style=\"font-size: 10px; height: 30px;\">\u00a008.05.2013<br \/>\n18:00-22:00<\/td>\n<td style=\"font-size: 10px; height: 30px;\">\u00a04. Fr\u00fchjahrs\u00fcbung<\/td>\n<td style=\"font-size: 10px; height: 30px;\" align=\"center\">\u00a015<\/td>\n<td style=\"font-size: 10px; height: 30px;\">\u00a0TLF-A, KLF-A<br \/>\nLKW-A<\/td>\n<td style=\"height: 30px;\"><\/td>\n<\/tr>\n<tr style=\"background-color: #ffefd5; height: 30px;\" valign=\"top\">\n<td style=\"font-size: 10px; height: 30px;\">\u00a002.05.2013<br \/>\n18:00-20:30<\/td>\n<td style=\"font-size: 10px; height: 30px;\">\u00a0Aufbau Bewerbsbahn Jugend<\/td>\n<td style=\"font-size: 10px; height: 30px;\" align=\"center\">\u00a02<\/td>\n<td style=\"font-size: 10px; height: 30px;\">\u00a0MTF-A<\/td>\n<td style=\"height: 30px;\"><\/td>\n<\/tr>\n<tr style=\"background-color: #ffefd5; height: 30px;\" valign=\"top\">\n<td style=\"font-size: 10px; height: 30px;\">\u00a004.05.2013<br \/>\n16:15-21:00<\/td>\n<td style=\"font-size: 10px; height: 30px;\">\u00a0Florianikirchgang Irdning<\/td>\n<td style=\"font-size: 10px; height: 30px;\" align=\"center\">\u00a013<\/td>\n<td style=\"font-size: 10px; height: 30px;\">\u00a0MTF-A<\/td>\n<td style=\"height: 30px;\"><\/td>\n<\/tr>\n<tr style=\"background-color: #ffcccc; height: 30px;\" valign=\"top\">\n<td style=\"font-size: 10px; height: 30px;\">\u00a002.05.2013<br \/>\n07:45-11:30<\/td>\n<td style=\"font-size: 10px; height: 30px;\">\u00a0Brandsicherheitswache &#8211; Schwei\u00dfarbeiten<br \/>\nSchwaiger, Ritzmannsdorf<\/td>\n<td style=\"font-size: 10px; height: 30px;\" align=\"center\">\u00a02<\/td>\n<td style=\"font-size: 10px; height: 30px;\">\u00a0TLF-A<\/td>\n<td style=\"height: 30px;\"><\/td>\n<\/tr>\n<tr style=\"background-color: #ffefd5; height: 30px;\" valign=\"top\">\n<td style=\"font-size: 10px; height: 30px;\">\u00a030.04.2013<br \/>\n11:00-22:00<\/td>\n<td style=\"font-size: 10px; height: 30px;\">\u00a0Maibaumaufstellen<\/td>\n<td style=\"font-size: 10px; height: 30px;\" align=\"center\">\u00a021<\/td>\n<td style=\"font-size: 10px; height: 30px;\">\u00a0MTF-A<\/td>\n<td style=\"height: 30px;\"><\/td>\n<\/tr>\n<tr style=\"background-color: #ffcccc; height: 30px;\" valign=\"top\">\n<td style=\"font-size: 10px; height: 30px;\">\u00a029.04.2013<br \/>\n07:00-09:00<\/td>\n<td style=\"font-size: 10px; height: 30px;\">\u00a0Rauchentwicklung Fa. Mehrl<\/td>\n<td style=\"font-size: 10px; height: 30px;\" align=\"center\">\u00a04<\/td>\n<td style=\"font-size: 10px; height: 30px;\">\u00a0TLF-A<\/td>\n<td style=\"height: 30px;\"><\/td>\n<\/tr>\n<tr style=\"background-color: #ffefd5; height: 30px;\" valign=\"top\">\n<td style=\"font-size: 10px; height: 30px;\">\u00a026.04.2013<br \/>\n18:15-23:30<\/td>\n<td style=\"font-size: 10px; height: 30px;\">\u00a0Bezirksfeuerwehrtag Liezen<br \/>\nmit Neuwahl Bezirksfeuerwehrkommando<\/td>\n<td style=\"font-size: 10px; height: 30px;\" align=\"center\">\u00a02<\/td>\n<td style=\"font-size: 10px; height: 30px;\">\u00a0MTF-A<\/td>\n<td style=\"height: 30px;\"><\/td>\n<\/tr>\n<tr style=\"background-color: #ffefd5; height: 30px;\" valign=\"top\">\n<td style=\"font-size: 10px; height: 30px;\">\u00a025.04.2013<br \/>\n19:00-21:30<\/td>\n<td style=\"font-size: 10px; height: 30px;\">\u00a0Ortsjugendbeauftragtensitzung Abschnitt Irdning<\/td>\n<td style=\"font-size: 10px; height: 30px;\" align=\"center\">\u00a01<\/td>\n<td style=\"height: 30px;\"><\/td>\n<td style=\"height: 30px;\"><\/td>\n<\/tr>\n<tr style=\"background-color: #b0e0e6; height: 30px;\" valign=\"top\">\n<td style=\"font-size: 10px; height: 30px;\">\u00a024.04.2013<br \/>\n18:00-21:30<\/td>\n<td style=\"font-size: 10px; height: 30px;\">\u00a03. Fr\u00fchjahrs\u00fcbung<\/td>\n<td style=\"font-size: 10px; height: 30px;\" align=\"center\">\u00a018<\/td>\n<td style=\"font-size: 10px; height: 30px;\">\u00a0TLF-A, KLF-A<br \/>\nLFB-A, MTF-A<\/td>\n<td style=\"height: 30px;\"><\/td>\n<\/tr>\n<tr style=\"background-color: #ffcccc; height: 30px;\" valign=\"top\">\n<td style=\"font-size: 10px; height: 30px;\">\u00a024.04.2013<br \/>\n09:0-09:45<\/td>\n<td style=\"font-size: 10px; height: 30px;\">\u00a0Brandmeldealarm Landesberufschule Aigen<br \/>\nFehlalarm<\/td>\n<td style=\"font-size: 10px; height: 30px;\" align=\"center\">\u00a09<\/td>\n<td style=\"font-size: 10px; height: 30px;\">\u00a0TLF-A, KLF-A<br \/>\nMTF-A<\/td>\n<td style=\"height: 30px;\"><\/td>\n<\/tr>\n<tr style=\"background-color: #ffcccc; height: 30px;\" valign=\"top\">\n<td style=\"font-size: 10px; height: 30px;\">\u00a020.04.2013<br \/>\n13:00-15:30<\/td>\n<td style=\"font-size: 10px; height: 30px;\">\u00a0Stra\u00dfenreinigung Ritzmannsdorf<\/td>\n<td style=\"font-size: 10px; height: 30px;\" align=\"center\">\u00a02<\/td>\n<td style=\"font-size: 10px; height: 30px;\">\u00a0TLF-A<\/td>\n<td style=\"height: 30px;\"><\/td>\n<\/tr>\n<tr style=\"background-color: #b0e0e6; height: 30px;\" valign=\"top\">\n<td style=\"font-size: 10px; height: 30px;\">\u00a017.04.2013<br \/>\n18:00-21:00<\/td>\n<td style=\"font-size: 10px; height: 30px;\">\u00a02. Fr\u00fchjahrs\u00fcbung<\/td>\n<td style=\"font-size: 10px; height: 30px;\" align=\"center\">\u00a017<\/td>\n<td style=\"font-size: 10px; height: 30px;\">\u00a0TLF-A, KLF-A<br \/>\nMTF-A<\/td>\n<td style=\"height: 30px;\"><\/td>\n<\/tr>\n<tr style=\"background-color: #ffcccc; height: 30px;\" valign=\"top\">\n<td style=\"font-size: 10px; height: 30px;\">\u00a016.04.2013<br \/>\n20:11-20:30<\/td>\n<td style=\"font-size: 10px; height: 30px;\">\u00a0Brandmeldealarm Landesberufschule Aigen<br \/>\nFehlalarm<\/td>\n<td style=\"font-size: 10px; height: 30px;\" align=\"center\">\u00a017<\/td>\n<td style=\"font-size: 10px; height: 30px;\">\u00a0TLF-A, KLF-A<br \/>\nMTF-A<\/td>\n<td style=\"height: 30px;\"><\/td>\n<\/tr>\n<tr style=\"background-color: #b0e0e6; height: 30px;\" valign=\"top\">\n<td style=\"font-size: 10px; height: 30px;\">\u00a013.04.2013<br \/>\n07:00-20:30<\/td>\n<td style=\"font-size: 10px; height: 30px;\">\u00a0Leistungs\u00fcberpr\u00fcfung Flughelfer<br \/>\nKapfenberg<\/td>\n<td style=\"font-size: 10px; height: 30px;\" align=\"center\">\u00a04<\/td>\n<td style=\"font-size: 10px; height: 30px;\">\u00a0MTF-A<\/td>\n<td style=\"height: 30px;\"><\/td>\n<\/tr>\n<tr style=\"background-color: #ffefd5; height: 30px;\" valign=\"top\">\n<td style=\"font-size: 10px; height: 30px;\">\u00a013.04.2013<br \/>\n08:30-16:00<\/td>\n<td style=\"font-size: 10px; height: 30px;\">\u00a0Wissenstest Feuerwehrjugend<br \/>\nDonnersbach<\/td>\n<td style=\"font-size: 10px; height: 30px;\" align=\"center\">\u00a05<\/td>\n<td style=\"font-size: 10px; height: 30px;\">\u00a0LKW-A<\/td>\n<td style=\"height: 30px;\">\u00a0<span style=\"font-family: helvetica;\"><span style=\"color: #333333;\"><span style=\"font-family: helvetica;\"><span style=\"color: #333333;\"><span style=\"font-family: helvetica;\"><span style=\"color: #333333;\"><em><a title=\"Wissenstest 2013\" href=\"http:\/\/www.feuerwehr-aigen.at\/?page_id=537\"><span style=\"font-size: 9px; color: #0000cd;\">Read more<strong>\u00bb<\/strong><\/span><\/a><\/em><\/span><\/span><\/span><\/span><\/span><\/span><\/td>\n<\/tr>\n<tr style=\"background-color: #ffefd5; height: 30px;\" valign=\"top\">\n<td style=\"font-size: 10px; height: 30px;\">\u00a012.04.2013<br \/>\n17:00-20:00<\/td>\n<td style=\"font-size: 10px; height: 30px;\">\u00a0Vorbereitung FJ Wissenstest<\/td>\n<td style=\"font-size: 10px; height: 30px;\" align=\"center\">\u00a06<\/td>\n<td style=\"height: 30px;\"><\/td>\n<td style=\"height: 30px;\"><\/td>\n<\/tr>\n<tr style=\"background-color: #b0e0e6; height: 30px;\" valign=\"top\">\n<td style=\"font-size: 10px; height: 30px;\">\u00a010.04.2013<br \/>\n18:15-21:00<\/td>\n<td style=\"font-size: 10px; height: 30px;\">\u00a01. Fr\u00fchjahrs\u00fcbung<\/td>\n<td style=\"font-size: 10px; height: 30px;\" align=\"center\">\u00a023<\/td>\n<td style=\"font-size: 10px; height: 30px;\">\u00a0TLF-A, KLF-A<br \/>\nLKW-A, MTF-A<\/td>\n<td style=\"height: 30px;\"><\/td>\n<\/tr>\n<tr style=\"background-color: #ffefd5; height: 30px;\" valign=\"top\">\n<td style=\"font-size: 10px; height: 30px;\">\u00a009.04.2013<br \/>\n17:30-20:00<\/td>\n<td style=\"font-size: 10px; height: 30px;\">\u00a0Vorbereitung FJ Wissenstest<\/td>\n<td style=\"font-size: 10px; height: 30px;\" align=\"center\">\u00a05<\/td>\n<td style=\"height: 30px;\"><\/td>\n<td style=\"height: 30px;\"><\/td>\n<\/tr>\n<tr style=\"background-color: #ffcccc; height: 30px;\" valign=\"top\">\n<td style=\"font-size: 10px; height: 30px;\">\u00a009.04.2013<br \/>\n12:00-14:30<\/td>\n<td style=\"font-size: 10px; height: 30px;\">\u00a0Stra\u00dfenreinigung Schiestl Br\u00fccke<\/td>\n<td style=\"font-size: 10px; height: 30px;\" align=\"center\">\u00a03<\/td>\n<td style=\"font-size: 10px; height: 30px;\">\u00a0TLF-A<\/td>\n<td style=\"height: 30px;\"><\/td>\n<\/tr>\n<tr style=\"background-color: #ffefd5; height: 30px;\" valign=\"top\">\n<td style=\"font-size: 10px; height: 30px;\">\u00a006.04.2013<br \/>\n11:45-12:45<\/td>\n<td style=\"font-size: 10px; height: 30px;\">\u00a0Zivilschutz Probealarm<\/td>\n<td style=\"font-size: 10px; height: 30px;\" align=\"center\">\u00a01<\/td>\n<td style=\"height: 30px;\"><\/td>\n<td style=\"height: 30px;\"><\/td>\n<\/tr>\n<tr style=\"background-color: #ffefd5; height: 30px;\" valign=\"top\">\n<td style=\"font-size: 10px; height: 30px;\">\u00a004.04.2013<br \/>\n17:00-19:45<\/td>\n<td style=\"font-size: 10px; height: 30px;\">\u00a0Vorbereitung FJ Wissenstest<\/td>\n<td style=\"font-size: 10px; height: 30px;\" align=\"center\">\u00a05<\/td>\n<td style=\"height: 30px;\"><\/td>\n<td style=\"height: 30px;\"><\/td>\n<\/tr>\n<tr style=\"background-color: #ffefd5; height: 30px;\" valign=\"top\">\n<td style=\"font-size: 10px; height: 30px;\">\u00a003.04.2013<br \/>\n06:30-21:00<\/td>\n<td style=\"font-size: 10px; height: 30px;\">\u00a0Rohbaubesprechnung KLF-A<br \/>\nFa. Rosenbauer &#8211; Neidling<\/td>\n<td style=\"font-size: 10px; height: 30px;\" align=\"center\">\u00a08<\/td>\n<td style=\"font-size: 10px; height: 30px;\">\u00a0MTF-A<\/td>\n<td style=\"height: 30px;\"><\/td>\n<\/tr>\n<tr style=\"background-color: #ffefd5; height: 30px;\" valign=\"top\">\n<td style=\"font-size: 10px; height: 30px;\">\u00a002.04.2013<br \/>\n17:00-19:00<\/td>\n<td style=\"font-size: 10px; height: 30px;\">\u00a0Vorbereitung FJ Wissenstest<\/td>\n<td style=\"font-size: 10px; height: 30px;\" align=\"center\">\u00a02<\/td>\n<td style=\"font-size: 10px; height: 30px;\">\u00a0TLF-A<\/td>\n<td style=\"height: 30px;\"><\/td>\n<\/tr>\n<tr style=\"background-color: #b0e0e6; height: 30px;\" valign=\"top\">\n<td style=\"font-size: 10px; height: 30px;\">\u00a029.03.2013<br \/>\n18:00-21:30<\/td>\n<td style=\"font-size: 10px; height: 30px;\">\u00a0Knotenkunde<\/td>\n<td style=\"font-size: 10px; height: 30px;\" align=\"center\">\u00a04<\/td>\n<td style=\"height: 30px;\"><\/td>\n<td style=\"height: 30px;\"><\/td>\n<\/tr>\n<tr style=\"background-color: #ffcccc; height: 30px;\" valign=\"top\">\n<td style=\"font-size: 10px; height: 30px;\">\u00a028.03.2013<br \/>\n12:00-16:30<\/td>\n<td style=\"font-size: 10px; height: 30px;\">\u00a0Stra\u00dfenreinigung Gemeinde Aigen<\/td>\n<td style=\"font-size: 10px; height: 30px;\" align=\"center\">\u00a06<\/td>\n<td style=\"font-size: 10px; height: 30px;\">\u00a0TLF-A, KLF-A<\/td>\n<td style=\"height: 30px;\"><\/td>\n<\/tr>\n<tr style=\"background-color: #ffefd5; height: 30px;\" valign=\"top\">\n<td style=\"font-size: 10px; height: 30px;\">\u00a027.03.2013<br \/>\n08:00-11:30<\/td>\n<td style=\"font-size: 10px; height: 30px;\">\u00a0Feuerbeschau<\/td>\n<td style=\"font-size: 10px; height: 30px;\" align=\"center\">\u00a01<\/td>\n<td style=\"height: 30px;\"><\/td>\n<td style=\"height: 30px;\"><\/td>\n<\/tr>\n<tr style=\"background-color: #ffefd5; height: 30px;\" valign=\"top\">\n<td style=\"font-size: 10px; height: 30px;\">\u00a026.03.2013<br \/>\n13:00-17:00<\/td>\n<td style=\"font-size: 10px; height: 30px;\">\u00a0Technischer Dienst R\u00fcsthaus<\/td>\n<td style=\"font-size: 10px; height: 30px;\" align=\"center\">\u00a02<\/td>\n<td style=\"height: 30px;\"><\/td>\n<td style=\"height: 30px;\"><\/td>\n<\/tr>\n<tr style=\"background-color: #ffcccc; height: 30px;\" valign=\"top\">\n<td style=\"font-size: 10px; height: 30px;\">\u00a026.03.2013<br \/>\n11:15-12:30<\/td>\n<td style=\"font-size: 10px; height: 30px;\">\u00a0Stra\u00dfenreinigung Gemeinde Aigen<\/td>\n<td style=\"font-size: 10px; height: 30px;\" align=\"center\">\u00a02<\/td>\n<td style=\"font-size: 10px; height: 30px;\">\u00a0TLF-A<\/td>\n<td style=\"height: 30px;\"><\/td>\n<\/tr>\n<tr style=\"background-color: #ffefd5; height: 30px;\" valign=\"top\">\n<td style=\"font-size: 10px; height: 30px;\">\u00a025.03.2013<br \/>\n16:00-17:30<\/td>\n<td style=\"font-size: 10px; height: 30px;\">\u00a0Technischer Dienst R\u00fcsthaus<\/td>\n<td style=\"font-size: 10px; height: 30px;\" align=\"center\">\u00a03<\/td>\n<td style=\"height: 30px;\"><\/td>\n<td style=\"height: 30px;\"><\/td>\n<\/tr>\n<tr style=\"background-color: #ffcccc; height: 30px;\" valign=\"top\">\n<td style=\"font-size: 10px; height: 30px;\">\u00a023.-24.03.2013<br \/>\n19:00-01:30<\/td>\n<td style=\"font-size: 10px; height: 30px;\">\u00a0Brandsicherheitswache Puttererseehalle<br \/>\nFr\u00fchlingskonzert Musikkapelle Aigen<\/td>\n<td style=\"font-size: 10px; height: 30px;\" align=\"center\">\u00a02<\/td>\n<td style=\"font-size: 10px; height: 30px;\">\u00a0MTF-A<\/td>\n<td style=\"height: 30px;\"><\/td>\n<\/tr>\n<tr style=\"background-color: #ffefd5; height: 30px;\" valign=\"top\">\n<td style=\"font-size: 10px; height: 30px;\">\u00a023.03.2013<br \/>\n13:30-16:30<\/td>\n<td style=\"font-size: 10px; height: 30px;\">\u00a0Fototermin Mannschaft<\/td>\n<td style=\"font-size: 10px; height: 30px;\" align=\"center\">\u00a063<\/td>\n<td style=\"height: 30px;\"><\/td>\n<td style=\"height: 30px;\"><\/td>\n<\/tr>\n<tr style=\"background-color: #ffefd5; height: 30px;\" valign=\"top\">\n<td style=\"font-size: 10px; height: 30px;\">\u00a019.03.2013<br \/>\n17:30-20:00<\/td>\n<td style=\"font-size: 10px; height: 30px;\">\u00a0Vorbereitung FJ Wissenstest<\/td>\n<td style=\"font-size: 10px; height: 30px;\" align=\"center\">\u00a04<\/td>\n<td style=\"height: 30px;\"><\/td>\n<td style=\"height: 30px;\"><\/td>\n<\/tr>\n<tr style=\"background-color: #ffefd5; height: 30px;\" valign=\"top\">\n<td style=\"font-size: 10px; height: 30px;\">\u00a018.03.2013<br \/>\n16:30-18:15<\/td>\n<td style=\"font-size: 10px; height: 30px;\">\u00a0Administration Jugend<\/td>\n<td style=\"font-size: 10px; height: 30px;\" align=\"center\">\u00a01<\/td>\n<td style=\"height: 30px;\"><\/td>\n<td style=\"height: 30px;\"><\/td>\n<\/tr>\n<tr style=\"background-color: #ffefd5; height: 30px;\" valign=\"top\">\n<td style=\"font-size: 10px; height: 30px;\">\u00a018.03.2013<br \/>\n15:00-16:30<\/td>\n<td style=\"font-size: 10px; height: 30px;\">\u00a0Technischer Dienst Funk<\/td>\n<td style=\"font-size: 10px; height: 30px;\" align=\"center\">\u00a01<\/td>\n<td style=\"height: 30px;\"><\/td>\n<td style=\"height: 30px;\"><\/td>\n<\/tr>\n<tr style=\"background-color: #ffcccc; height: 30px;\" valign=\"top\">\n<td style=\"font-size: 10px; height: 30px;\">\u00a018.03.2013<br \/>\n08:00-11:30<\/td>\n<td style=\"font-size: 10px; height: 30px;\">\u00a0Kanalschacht sp\u00fclen Schlattham<\/td>\n<td style=\"font-size: 10px; height: 30px;\" align=\"center\">\u00a01<\/td>\n<td style=\"font-size: 10px; height: 30px;\">\u00a0TLF-A<\/td>\n<td style=\"height: 30px;\"><\/td>\n<\/tr>\n<tr style=\"background-color: #ffefd5; height: 30px;\" valign=\"top\">\n<td style=\"font-size: 10px; height: 30px;\">\u00a016.03.2013<br \/>\n18:00-20:30<\/td>\n<td style=\"font-size: 10px; height: 30px;\">\u00a0Ortsjugendbeauftragtensitzung BFV Liezen<\/td>\n<td style=\"font-size: 10px; height: 30px;\" align=\"center\">\u00a01<\/td>\n<td style=\"height: 30px;\"><\/td>\n<td style=\"height: 30px;\"><\/td>\n<\/tr>\n<tr style=\"background-color: #ffefd5; height: 30px;\" valign=\"top\">\n<td style=\"font-size: 10px; height: 30px;\">\u00a014.03.2013<br \/>\n17:00-19:00<\/td>\n<td style=\"font-size: 10px; height: 30px;\">\u00a0Einkleidung Feuerwehrjugend<\/td>\n<td style=\"font-size: 10px; height: 30px;\" align=\"center\">\u00a07<\/td>\n<td style=\"height: 30px;\"><\/td>\n<td style=\"height: 30px;\"><\/td>\n<\/tr>\n<tr style=\"background-color: #b0e0e6; height: 30px;\" valign=\"top\">\n<td style=\"font-size: 10px; height: 30px;\">\u00a008.03.2013<br \/>\n16:00-20:00<\/td>\n<td style=\"font-size: 10px; height: 30px;\">\u00a0Erste Hilfe Kurs<\/td>\n<td style=\"font-size: 10px; height: 30px;\" align=\"center\">\u00a01<\/td>\n<td style=\"height: 30px;\"><\/td>\n<td style=\"height: 30px;\"><\/td>\n<\/tr>\n<tr style=\"background-color: #ffcccc; height: 30px;\" valign=\"top\">\n<td style=\"font-size: 10px; height: 30px;\">\u00a007.03.2013<br \/>\n10:00-14:00<\/td>\n<td style=\"font-size: 10px; height: 30px;\">\u00a0Stra\u00dfenreinigung Gemeinde Aigen<\/td>\n<td style=\"font-size: 10px; height: 30px;\" align=\"center\">\u00a02<\/td>\n<td style=\"font-size: 10px; height: 30px;\">\u00a0TLF-A<\/td>\n<td style=\"height: 30px;\"><\/td>\n<\/tr>\n<tr style=\"background-color: #ffefd5; height: 30px;\" valign=\"top\">\n<td style=\"font-size: 10px; height: 30px;\">\u00a006.03.2013<br \/>\n12:00-20:00<\/td>\n<td style=\"font-size: 10px; height: 30px;\">\u00a0Florianisammlung<\/td>\n<td style=\"font-size: 10px; height: 30px;\" align=\"center\">\u00a037<\/td>\n<td style=\"height: 30px;\"><\/td>\n<td style=\"height: 30px;\"><\/td>\n<\/tr>\n<tr style=\"background-color: #ffefd5; height: 30px;\" valign=\"top\">\n<td style=\"font-size: 10px; height: 30px;\">\u00a005.03.2013<br \/>\n16:30-18:00<\/td>\n<td style=\"font-size: 10px; height: 30px;\">\u00a0Besprechung<\/td>\n<td style=\"font-size: 10px; height: 30px;\" align=\"center\">\u00a03<\/td>\n<td style=\"height: 30px;\"><\/td>\n<td style=\"height: 30px;\"><\/td>\n<\/tr>\n<tr style=\"background-color: #ffefd5; height: 30px;\" valign=\"top\">\n<td style=\"font-size: 10px; height: 30px;\">\u00a005.03.2013<br \/>\n08:00-12:00<\/td>\n<td style=\"font-size: 10px; height: 30px;\">\u00a0Feuerbeschau<\/td>\n<td style=\"font-size: 10px; height: 30px;\" align=\"center\">\u00a01<\/td>\n<td style=\"height: 30px;\"><\/td>\n<td style=\"height: 30px;\"><\/td>\n<\/tr>\n<tr style=\"background-color: #ffefd5; height: 30px;\" valign=\"top\">\n<td style=\"font-size: 10px; height: 30px;\">\u00a004.03.2013<br \/>\n08:00-11:00<\/td>\n<td style=\"font-size: 10px; height: 30px;\">\u00a0Verwaltungst\u00e4tigkeiten<\/td>\n<td style=\"font-size: 10px; height: 30px;\" align=\"center\">\u00a01<\/td>\n<td style=\"height: 30px;\"><\/td>\n<td style=\"height: 30px;\"><\/td>\n<\/tr>\n<tr style=\"background-color: #ffefd5; height: 30px;\" valign=\"top\">\n<td style=\"font-size: 10px; height: 30px;\">\u00a027.02.2013<br \/>\n14:00-16:00<\/td>\n<td style=\"font-size: 10px; height: 30px;\">\u00a0Besprechung KLF-A Ankauf mit Rosenbauer<\/td>\n<td style=\"font-size: 10px; height: 30px;\" align=\"center\">\u00a04<\/td>\n<td style=\"height: 30px;\"><\/td>\n<td style=\"height: 30px;\"><\/td>\n<\/tr>\n<tr style=\"background-color: #ffcccc; height: 30px;\" valign=\"top\">\n<td style=\"font-size: 10px; height: 30px;\">\u00a026.02.2013<br \/>\n07:30-13:00<\/td>\n<td style=\"font-size: 10px; height: 30px;\">\u00a0Brandsicherheitswache, Parkplatzeinweisen<br \/>\nJ\u00e4gertagung<\/td>\n<td style=\"font-size: 10px; height: 30px;\" align=\"center\">\u00a07<\/td>\n<td style=\"font-size: 10px; height: 30px;\">\u00a0KLF-A, MTF-A<\/td>\n<td style=\"height: 30px;\"><\/td>\n<\/tr>\n<tr style=\"background-color: #ffefd5; height: 30px;\" valign=\"top\">\n<td style=\"font-size: 10px; height: 30px;\">\u00a025.02.2013<br \/>\n18:30-21:00<\/td>\n<td style=\"font-size: 10px; height: 30px;\">\u00a0Besprechung KLF-A Ankauf<\/td>\n<td style=\"font-size: 10px; height: 30px;\" align=\"center\">\u00a04<\/td>\n<td style=\"height: 30px;\"><\/td>\n<td style=\"height: 30px;\"><\/td>\n<\/tr>\n<tr style=\"background-color: #ffcccc; height: 30px;\" valign=\"top\">\n<td style=\"font-size: 10px; height: 30px;\">\u00a025.-26.02.2013<br \/>\n07:30-01:00<\/td>\n<td style=\"font-size: 10px; height: 30px;\">\u00a0Brandsicherheitswache, Parkplatzeinweisen<br \/>\nJ\u00e4gertagung<\/td>\n<td style=\"font-size: 10px; height: 30px;\" align=\"center\">\u00a09<\/td>\n<td style=\"font-size: 10px; height: 30px;\">\u00a0KLF-A, MTF-A<\/td>\n<td style=\"height: 30px;\"><\/td>\n<\/tr>\n<tr style=\"background-color: #b0e0e6; height: 30px;\" valign=\"top\">\n<td style=\"font-size: 10px; height: 30px;\">\u00a024.02.2013<br \/>\n08:00-11:00<\/td>\n<td style=\"font-size: 10px; height: 30px;\">\u00a0Bewegungsfahrt<\/td>\n<td style=\"font-size: 10px; height: 30px;\" align=\"center\">\u00a02<\/td>\n<td style=\"font-size: 10px; height: 30px;\">\u00a0MTF-A<\/td>\n<td style=\"height: 30px;\"><\/td>\n<\/tr>\n<tr style=\"background-color: #ffcccc; height: 30px;\" valign=\"top\">\n<td style=\"font-size: 10px; height: 30px;\">\u00a023.02.2013<br \/>\n07:30-18:00<\/td>\n<td style=\"font-size: 10px; height: 30px;\">\u00a0Brandsicherheitswache, Parkplatzeinweisen<br \/>\nPferdetagung<\/td>\n<td style=\"font-size: 10px; height: 30px;\" align=\"center\">\u00a08<\/td>\n<td style=\"font-size: 10px; height: 30px;\">\u00a0KLF-A, MTF-A<\/td>\n<td style=\"height: 30px;\"><\/td>\n<\/tr>\n<tr style=\"background-color: #ffefd5; height: 30px;\" valign=\"top\">\n<td style=\"font-size: 10px; height: 30px;\">\u00a021.02.2013<br \/>\n11:30-12:30<\/td>\n<td style=\"font-size: 10px; height: 30px;\">\u00a0Geb\u00e4udeaufnahme<br \/>\nFelsabbau<\/td>\n<td style=\"font-size: 10px; height: 30px;\" align=\"center\">\u00a01<\/td>\n<td style=\"height: 30px;\"><\/td>\n<td style=\"height: 30px;\"><\/td>\n<\/tr>\n<tr style=\"background-color: #ffefd5; height: 30px;\" valign=\"top\">\n<td style=\"font-size: 10px; height: 30px;\">\u00a018.02.2013<br \/>\n10:00-12:00<\/td>\n<td style=\"font-size: 10px; height: 30px;\">\u00a0Lokalaugenschein Felsabbau<\/td>\n<td style=\"font-size: 10px; height: 30px;\" align=\"center\">\u00a01<\/td>\n<td style=\"height: 30px;\"><\/td>\n<td style=\"height: 30px;\"><\/td>\n<\/tr>\n<tr style=\"background-color: #ffcccc; height: 30px;\" valign=\"top\">\n<td style=\"font-size: 10px; height: 30px;\">\u00a016.02.2013<br \/>\n12:54-14:45<\/td>\n<td style=\"font-size: 10px; height: 30px;\">\u00a0Verkehrsunfall L741 Fischern<\/td>\n<td style=\"font-size: 10px; height: 30px;\" align=\"center\">\u00a016<\/td>\n<td style=\"font-size: 10px; height: 30px;\">\u00a0TLF-A, KLF-A<br \/>\nMTF-A<\/td>\n<td style=\"height: 30px;\">\u00a0<span style=\"font-family: helvetica;\"><span style=\"color: #333333;\"><span style=\"font-family: helvetica;\"><span style=\"color: #333333;\"><span style=\"font-family: helvetica;\"><span style=\"color: #333333;\"><em><a title=\"Verkehrsunfall Fischern 2013\" href=\"http:\/\/www.feuerwehr-aigen.at\/?page_id=535\"><span style=\"font-size: 9px; color: #0000cd;\">Read more<strong>\u00bb<\/strong><\/span><\/a><\/em><\/span><\/span><\/span><\/span><\/span><\/span><\/td>\n<\/tr>\n<tr style=\"background-color: #ffefd5; height: 30px;\" valign=\"top\">\n<td style=\"font-size: 10px; height: 30px;\">\u00a014.02.2013<br \/>\n18:00-21:00<\/td>\n<td style=\"font-size: 10px; height: 30px;\">\u00a0Faschingbar zusammenr\u00e4umen<\/td>\n<td style=\"font-size: 10px; height: 30px;\" align=\"center\">\u00a06<\/td>\n<td style=\"height: 30px;\"><\/td>\n<td style=\"height: 30px;\"><\/td>\n<\/tr>\n<tr style=\"background-color: #ffcccc; height: 30px;\" valign=\"top\">\n<td style=\"font-size: 10px; height: 30px;\">\u00a012.02.2013<br \/>\n13:00-18:00<\/td>\n<td style=\"font-size: 10px; height: 30px;\">\u00a0Brandsicherheitswache Puttererseehalle<br \/>\nKinderfasching<\/td>\n<td style=\"font-size: 10px; height: 30px;\" align=\"center\">\u00a02<\/td>\n<td style=\"font-size: 10px; height: 30px;\">\u00a0MTF-A<\/td>\n<td style=\"height: 30px;\"><\/td>\n<\/tr>\n<tr style=\"background-color: #ffcccc; height: 30px;\" valign=\"top\">\n<td style=\"font-size: 10px; height: 30px;\">\u00a009.-10.02.2013<br \/>\n19:00-03:00<\/td>\n<td style=\"font-size: 10px; height: 30px;\">\u00a0Brandsicherheitswache Puttererseehalle<br \/>\nKabarett \/ Maskenball Musikverein Aigen<\/td>\n<td style=\"font-size: 10px; height: 30px;\" align=\"center\">\u00a02<\/td>\n<td style=\"font-size: 10px; height: 30px;\">\u00a0MTF-A<\/td>\n<td style=\"height: 30px;\"><\/td>\n<\/tr>\n<tr style=\"background-color: #ffefd5; height: 30px;\" valign=\"top\">\n<td style=\"font-size: 10px; height: 30px;\">\u00a008.-12.02.2013<br \/>\n00:00-24:00<\/td>\n<td style=\"font-size: 10px; height: 30px;\">\u00a0Faschingbardienst<\/td>\n<td style=\"font-size: 10px; height: 30px;\" align=\"center\">\u00a026<\/td>\n<td style=\"height: 30px;\"><\/td>\n<td style=\"height: 30px;\"><\/td>\n<\/tr>\n<tr style=\"background-color: #ffefd5; height: 30px;\" valign=\"top\">\n<td style=\"font-size: 10px; height: 30px;\">\u00a006.02.2013<br \/>\n18:00-20:30<\/td>\n<td style=\"font-size: 10px; height: 30px;\">\u00a0Faschingbar herrichten<\/td>\n<td style=\"font-size: 10px; height: 30px;\" align=\"center\">\u00a07<\/td>\n<td style=\"height: 30px;\"><\/td>\n<td style=\"height: 30px;\"><\/td>\n<\/tr>\n<tr style=\"background-color: #ffefd5; height: 30px;\" valign=\"top\">\n<td style=\"font-size: 10px; height: 30px;\">\u00a004.02.2013<br \/>\n19:00-22:00<\/td>\n<td style=\"font-size: 10px; height: 30px;\">\u00a0Abschnittsfunkbesprechung<\/td>\n<td style=\"font-size: 10px; height: 30px;\" align=\"center\">\u00a01<\/td>\n<td style=\"height: 30px;\"><\/td>\n<td style=\"height: 30px;\"><\/td>\n<\/tr>\n<tr style=\"background-color: #ffefd5; height: 30px;\" valign=\"top\">\n<td style=\"font-size: 10px; height: 30px;\">\u00a003.02.2013<br \/>\n09:00-14:00<\/td>\n<td style=\"font-size: 10px; height: 30px;\">\u00a0112. Jahreshauptversammlung<\/td>\n<td style=\"font-size: 10px; height: 30px;\" align=\"center\">\u00a029<\/td>\n<td style=\"height: 30px;\"><\/td>\n<td style=\"height: 30px;\"><\/td>\n<\/tr>\n<tr style=\"background-color: #ffcccc; height: 30px;\" valign=\"top\">\n<td style=\"font-size: 10px; height: 30px;\">\u00a003.02.2013<br \/>\n05:54-09:00<\/td>\n<td style=\"font-size: 10px; height: 30px;\">\u00a0Dachstuhlbrand Anwesen Gindl<br \/>\nLantschern<\/td>\n<td style=\"font-size: 10px; height: 30px;\" align=\"center\">\u00a015<\/td>\n<td style=\"font-size: 10px; height: 30px;\">\u00a0TLF-A, KLF-A<br \/>\nMTF-A<\/td>\n<td style=\"height: 30px;\"><\/td>\n<\/tr>\n<tr style=\"background-color: #ffefd5; height: 30px;\" valign=\"top\">\n<td style=\"font-size: 10px; height: 30px;\">\u00a026.-27.01.2013<br \/>\n10:00-01:30<\/td>\n<td style=\"font-size: 10px; height: 30px;\">\u00a0Preiswatten FF Aigen<\/td>\n<td style=\"font-size: 10px; height: 30px;\" align=\"center\">\u00a014<\/td>\n<td style=\"height: 30px;\"><\/td>\n<td style=\"height: 30px;\">\u00a0<span style=\"font-family: helvetica;\"><span style=\"color: #333333;\"><span style=\"font-family: helvetica;\"><span style=\"color: #333333;\"><span style=\"font-family: helvetica;\"><span style=\"color: #333333;\"><em><a title=\"Preiswatten 2013\" href=\"http:\/\/www.feuerwehr-aigen.at\/?page_id=533\"><span style=\"font-size: 9px; color: #0000cd;\">Read more<strong>\u00bb<\/strong><\/span><\/a><\/em><\/span><\/span><\/span><\/span><\/span><\/span><\/td>\n<\/tr>\n<tr style=\"background-color: #ffefd5; height: 30px;\" valign=\"top\">\n<td style=\"font-size: 10px; height: 30px;\">\u00a025.01.2013<br \/>\n18:00-20:00<\/td>\n<td style=\"font-size: 10px; height: 30px;\">\u00a0Herrichten Preiswatten<\/td>\n<td style=\"font-size: 10px; height: 30px;\" align=\"center\">\u00a06<\/td>\n<td style=\"height: 30px;\"><\/td>\n<td style=\"height: 30px;\"><\/td>\n<\/tr>\n<tr style=\"background-color: #ffcccc; height: 30px;\" valign=\"top\">\n<td style=\"font-size: 10px; height: 30px;\">\u00a025.01.2013<br \/>\n07:15-13:00<\/td>\n<td style=\"font-size: 10px; height: 30px;\">\u00a0Brandsicherheitswache, Parkplatzeinweisen<br \/>\nWintertagung<\/td>\n<td style=\"font-size: 10px; height: 30px;\" align=\"center\">\u00a05<\/td>\n<td style=\"font-size: 10px; height: 30px;\">\u00a0MTF-A<\/td>\n<td style=\"height: 30px;\"><\/td>\n<\/tr>\n<tr style=\"background-color: #ffcccc; height: 30px;\" valign=\"top\">\n<td style=\"font-size: 10px; height: 30px;\">\u00a024.01.2013<br \/>\n08:00-23:30<\/td>\n<td style=\"font-size: 10px; height: 30px;\">\u00a0Brandsicherheitswache, Parkplatz einweisen<br \/>\nWintertagung<\/td>\n<td style=\"font-size: 10px; height: 30px;\" align=\"center\">\u00a010<\/td>\n<td style=\"font-size: 10px; height: 30px;\">\u00a0KLF-A, MTF-A<\/td>\n<td style=\"height: 30px;\"><\/td>\n<\/tr>\n<tr style=\"background-color: #ffcccc; height: 30px;\" valign=\"top\">\n<td style=\"font-size: 10px; height: 30px;\">\u00a023.01.2013<br \/>\n11:30-17:30<\/td>\n<td style=\"font-size: 10px; height: 30px;\">\u00a0Brandsicherheitswache, Parkplatz einweisen<br \/>\nForsttagung<\/td>\n<td style=\"font-size: 10px; height: 30px;\" align=\"center\">\u00a09<\/td>\n<td style=\"font-size: 10px; height: 30px;\">\u00a0KLF-A, MTF-A<\/td>\n<td style=\"height: 30px;\"><\/td>\n<\/tr>\n<tr style=\"background-color: #ffcccc; height: 30px;\" valign=\"top\">\n<td style=\"font-size: 10px; height: 30px;\">\u00a017.01.2013<br \/>\n11:50-13:00<\/td>\n<td style=\"font-size: 10px; height: 30px;\">\u00a0Gasgeruch in Garage<\/td>\n<td style=\"font-size: 10px; height: 30px;\" align=\"center\">\u00a01<\/td>\n<td style=\"font-size: 10px; height: 30px;\">\u00a0TLF-A<\/td>\n<td style=\"height: 30px;\"><\/td>\n<\/tr>\n<tr style=\"background-color: #ffcccc; height: 30px;\" valign=\"top\">\n<td style=\"font-size: 10px; height: 30px;\">\u00a015.01.2013<br \/>\n14:35-16:30<\/td>\n<td style=\"font-size: 10px; height: 30px;\">\u00a0Verkehrsunfall Aigen im Ennstal<\/td>\n<td style=\"font-size: 10px; height: 30px;\" align=\"center\">\u00a015<\/td>\n<td style=\"font-size: 10px; height: 30px;\">\u00a0TLF-A, KLF-A<\/td>\n<td style=\"height: 30px;\">\u00a0<span style=\"font-family: helvetica;\"><span style=\"color: #333333;\"><span style=\"font-family: helvetica;\"><span style=\"color: #333333;\"><span style=\"font-family: helvetica;\"><span style=\"color: #333333;\"><em><a title=\"Verkehrsunfall Aigen 2013\" href=\"http:\/\/www.feuerwehr-aigen.at\/?page_id=530\"><span style=\"font-size: 9px; color: #0000cd;\">Read more<strong>\u00bb<\/strong><\/span><\/a><\/em><\/span><\/span><\/span><\/span><\/span><\/span><\/td>\n<\/tr>\n<tr style=\"background-color: #ffefd5; height: 30px;\" valign=\"top\">\n<td style=\"font-size: 10px; height: 30px;\">\u00a013.01.2013<br \/>\n08:30-11:30<\/td>\n<td style=\"font-size: 10px; height: 30px;\">\u00a0Verwaltungst\u00e4tigkeiten<\/td>\n<td style=\"font-size: 10px; height: 30px;\" align=\"center\">\u00a01<\/td>\n<td style=\"height: 30px;\"><\/td>\n<td style=\"height: 30px;\"><\/td>\n<\/tr>\n<tr style=\"background-color: #ffefd5; height: 30px;\" valign=\"top\">\n<td style=\"font-size: 10px; height: 30px;\">\u00a012.07.2013<br \/>\n09:00-12:00<\/td>\n<td style=\"font-size: 10px; height: 30px;\">\u00a0Technischer Dienst R\u00fcsthaus<br \/>\nBeleuchtung montiert<\/td>\n<td style=\"font-size: 10px; height: 30px;\" align=\"center\">\u00a01<\/td>\n<td style=\"height: 30px;\"><\/td>\n<td style=\"height: 30px;\"><\/td>\n<\/tr>\n<tr style=\"background-color: #ffefd5; height: 30px;\" valign=\"top\">\n<td style=\"font-size: 10px; height: 30px;\">\u00a010.01.2013<br \/>\n08:00-23:00<\/td>\n<td style=\"font-size: 10px; height: 30px;\">\u00a0Ausschu\u00dfsitzung<\/td>\n<td style=\"font-size: 10px; height: 30px;\" align=\"center\">\u00a09<\/td>\n<td style=\"height: 30px;\"><\/td>\n<td style=\"height: 30px;\"><\/td>\n<\/tr>\n<tr style=\"background-color: #ffefd5; height: 30px;\" valign=\"top\">\n<td style=\"font-size: 10px; height: 30px;\">\u00a007.01.2013<br \/>\n12:00-19:00<\/td>\n<td style=\"font-size: 10px; height: 30px;\">\u00a0Technischer Dienst R\u00fcsthaus<br \/>\nSchallschutzplatten montiert &#8211; Schulungsraum<\/td>\n<td style=\"font-size: 10px; height: 30px;\" align=\"center\">\u00a07<\/td>\n<td style=\"height: 30px;\"><\/td>\n<td style=\"height: 30px;\"><\/td>\n<\/tr>\n<tr style=\"background-color: #ffcccc; height: 30px;\" valign=\"top\">\n<td style=\"font-size: 10px; height: 30px;\">\u00a005.01.2013<br \/>\n04:30-10:30<\/td>\n<td style=\"font-size: 10px; height: 30px;\">\u00a0Unwettereinsatz Gemeindegebiet Aigen<\/td>\n<td style=\"font-size: 10px; height: 30px;\" align=\"center\">\u00a021<\/td>\n<td style=\"font-size: 10px; height: 30px;\">\u00a0TLF-A, KLF-A<br \/>\nMTF-A<\/td>\n<td style=\"height: 30px;\"><\/td>\n<\/tr>\n<\/tbody>\n<\/table>\n<div align=\"center\"><\/div>\n","protected":false},"excerpt":{"rendered":"<p>Einsatztagebuch 2013 der Freiwilligen\u00a0Feuerwehr Aigen im Ennstal \u00a0Alarmierung \u00a0Einsatzbeschreibung Mann \u00a0Fahrzeuge \u00a0Bericht \u00a028.12.2013 13:30-22:00 \u00a0Geburtstagsfeier 2. Abteilung \u00a013 \u00a021.-22.12.2013 19:00-01:30 \u00a0Weihnachtsfeier FF Aigen Kirchenwirt Fritz \u00a036 \u00a017.12.2013 10:00-16:00 \u00a0Verwaltungst\u00e4tigkeiten \u00a01 \u00a013.12.2013 18:00-21:00 \u00a0Verwaltungst\u00e4tigkeiten \u00a02 \u00a011.12.2013 13:00-18:30 \u00a0Begr\u00e4bnis HBM Schweiger Medardus FF Irdning \u00a08 \u00a0MTF-A \u00a008.12.2013 10:00-19:00 \u00a0Brandsicherheitswache Puttererseehalle Advent Erleben \u00a02 \u00a0MTF-A \u00a007.12.2013 17:00-19:00 \u00a0Aufbau [&hellip;]<\/p>\n","protected":false},"author":1,"featured_media":0,"parent":1133,"menu_order":9,"comment_status":"closed","ping_status":"closed","template":"","meta":{"footnotes":""},"class_list":["post-553","page","type-page","status-publish","hentry"],"jetpack_sharing_enabled":true,"_links":{"self":[{"href":"https:\/\/www.feuerwehr-aigen.at\/index.php?rest_route=\/wp\/v2\/pages\/553","targetHints":{"allow":["GET"]}}],"collection":[{"href":"https:\/\/www.feuerwehr-aigen.at\/index.php?rest_route=\/wp\/v2\/pages"}],"about":[{"href":"https:\/\/www.feuerwehr-aigen.at\/index.php?rest_route=\/wp\/v2\/types\/page"}],"author":[{"embeddable":true,"href":"https:\/\/www.feuerwehr-aigen.at\/index.php?rest_route=\/wp\/v2\/users\/1"}],"replies":[{"embeddable":true,"href":"https:\/\/www.feuerwehr-aigen.at\/index.php?rest_route=%2Fwp%2Fv2%2Fcomments&post=553"}],"version-history":[{"count":4,"href":"https:\/\/www.feuerwehr-aigen.at\/index.php?rest_route=\/wp\/v2\/pages\/553\/revisions"}],"predecessor-version":[{"id":1668,"href":"https:\/\/www.feuerwehr-aigen.at\/index.php?rest_route=\/wp\/v2\/pages\/553\/revisions\/1668"}],"up":[{"embeddable":true,"href":"https:\/\/www.feuerwehr-aigen.at\/index.php?rest_route=\/wp\/v2\/pages\/1133"}],"wp:attachment":[{"href":"https:\/\/www.feuerwehr-aigen.at\/index.php?rest_route=%2Fwp%2Fv2%2Fmedia&parent=553"}],"curies":[{"name":"wp","href":"https:\/\/api.w.org\/{rel}","templated":true}]}}