{"id":530,"date":"2013-01-15T19:22:35","date_gmt":"2013-01-15T19:22:35","guid":{"rendered":"http:\/\/feuerwehr-aigen.d2solution.net\/index.php\/15012013-verkehrsunfall-aigen\/"},"modified":"2017-09-11T21:28:49","modified_gmt":"2017-09-11T20:28:49","slug":"15012013-verkehrsunfall-aigen","status":"publish","type":"page","link":"https:\/\/www.feuerwehr-aigen.at\/?page_id=530","title":{"rendered":"15.01.2013 &#8211; Verkehrsunfall Aigen"},"content":{"rendered":"<p><a title=\"Verkehrsunfall Aigen 2013\" href=\"galerie\/einsaetze\/verkehr_15012013\/\" target=\"_blank\"><img decoding=\"async\" class=\" alignleft size-full wp-image-529\" title=\"Verkehrsunfall Aigen 2013\" src=\"http:\/\/feuerwehr-aigen.at\/wp-content\/uploads\/2013\/01\/Einsaetze_verker_15012013_01.jpg\" alt=\"Verkehrsunfall Aigen 2013\" width=\"150\" align=\"left\" border=\"0\" hspace=\"5\" srcset=\"https:\/\/www.feuerwehr-aigen.at\/wp-content\/uploads\/2013\/01\/Einsaetze_verker_15012013_01.jpg 640w, https:\/\/www.feuerwehr-aigen.at\/wp-content\/uploads\/2013\/01\/Einsaetze_verker_15012013_01-300x225.jpg 300w\" sizes=\"(max-width: 640px) 100vw, 640px\" \/><\/a><strong>Riskantes \u00dcberholman\u00f6ver!<\/strong><span style=\"color: #333333; font-family: helvetica;\"><\/p>\n<p><\/span>Am 15.01.2013 ereignete sich auf der L741 im Ortsgebiet von Aigen im Ennstal ein schwerer Verkehrsunfall.<\/p>\n<p>Im Kreuzungsbereich nach Lantschern \u00fcberholte ein PKW-Lenker einen Traktor samt Anh\u00e4nger.<\/p>\n<p>Bei dem \u00dcberholman\u00f6ver d\u00fcrfte der Lenker den entgegenkommenden LKW \u00fcbersehen haben und stie\u00df mit diesem frontal zusammen!<\/p>\n<p>Durch den wuchtigen Aufprall wurde der PKW auf den Stra\u00dfenrand geschleudert.<br \/>\nDer PKW Lenker wurde in seinem Fahrzeug gl\u00fccklicherweise nur leicht eingeklemmt.<\/p>\n<p>Die rasch am Unfallort eintreffende Feuerwehr konnte den PKW Lenker aus dem stark besch\u00e4digten Fahrzeug retten und dem Notarztteam des \u00d6AMTC Rettungshubschrauber \u00fcbergeben, welche in zur Kontrolle in das Krankenhaus flogen.<br \/>\nAuch der leicht verletzte LKW Lenker wurde durch die Rettung ins Krankenhaus gebracht.<\/p>\n<p>An den Unfallfahrzeugen entstand erheblicher Sachschaden.<\/p>\n<p>Die beiden Fahrzeuge wurden durch Abschleppdienste geborgen sowie ausgeflossenes \u00d6l durch Bindemittel gebunden.<\/p>\n<p>Die L741 konnte nach dem Abtransport der Unfallfahrzeuge wieder f\u00fcr den Verkehr freigegeben werden.<\/p>\n<p>Eingesetzt waren:<br \/>\nFF Aigen im Ennstal mit TLF-A, KLF-A und 15 Mann<br \/>\nTLF-A Irdning<br \/>\nRLF-A Stainach<br \/>\n1 Rettungsfahrzeuge<br \/>\n\u00d6AMTC Notarzthubschrauber<br \/>\n6 Polizeifahrzeuge mit 10 Mann<br \/>\nAbschleppunternehmen<\/p>\n<p>Bericht Kerschhaggl Gerald, BM Pressebeauftragter der FF Aigen\/E<\/p>\n<p><a title=\"Verkehrsunfall Aigen 2013\" href=\"http:\/\/www.feuerwehr-aigen.at\/?portfolio=15-01-2013-verkehrsunfall-aigen\">zur Bildergalerie \u00bb<\/a><\/p>\n","protected":false},"excerpt":{"rendered":"<p>Riskantes \u00dcberholman\u00f6ver! Am 15.01.2013 ereignete sich auf der L741 im Ortsgebiet von Aigen im Ennstal ein schwerer Verkehrsunfall. Im Kreuzungsbereich nach Lantschern \u00fcberholte ein PKW-Lenker einen Traktor samt Anh\u00e4nger. Bei dem \u00dcberholman\u00f6ver d\u00fcrfte der Lenker den entgegenkommenden LKW \u00fcbersehen haben und stie\u00df mit diesem frontal zusammen! Durch den wuchtigen Aufprall wurde der PKW auf den [&hellip;]<\/p>\n","protected":false},"author":1,"featured_media":0,"parent":0,"menu_order":14,"comment_status":"closed","ping_status":"closed","template":"","meta":{"footnotes":""},"class_list":["post-530","page","type-page","status-publish","hentry"],"jetpack_sharing_enabled":true,"_links":{"self":[{"href":"https:\/\/www.feuerwehr-aigen.at\/index.php?rest_route=\/wp\/v2\/pages\/530","targetHints":{"allow":["GET"]}}],"collection":[{"href":"https:\/\/www.feuerwehr-aigen.at\/index.php?rest_route=\/wp\/v2\/pages"}],"about":[{"href":"https:\/\/www.feuerwehr-aigen.at\/index.php?rest_route=\/wp\/v2\/types\/page"}],"author":[{"embeddable":true,"href":"https:\/\/www.feuerwehr-aigen.at\/index.php?rest_route=\/wp\/v2\/users\/1"}],"replies":[{"embeddable":true,"href":"https:\/\/www.feuerwehr-aigen.at\/index.php?rest_route=%2Fwp%2Fv2%2Fcomments&post=530"}],"version-history":[{"count":3,"href":"https:\/\/www.feuerwehr-aigen.at\/index.php?rest_route=\/wp\/v2\/pages\/530\/revisions"}],"predecessor-version":[{"id":2855,"href":"https:\/\/www.feuerwehr-aigen.at\/index.php?rest_route=\/wp\/v2\/pages\/530\/revisions\/2855"}],"wp:attachment":[{"href":"https:\/\/www.feuerwehr-aigen.at\/index.php?rest_route=%2Fwp%2Fv2%2Fmedia&parent=530"}],"curies":[{"name":"wp","href":"https:\/\/api.w.org\/{rel}","templated":true}]}}