{"id":5207,"date":"2023-01-07T02:28:10","date_gmt":"2023-01-07T01:28:10","guid":{"rendered":"https:\/\/www.feuerwehr-aigen.at\/?page_id=5207"},"modified":"2023-12-12T13:59:53","modified_gmt":"2023-12-12T12:59:53","slug":"sonstiges-2023","status":"publish","type":"page","link":"https:\/\/www.feuerwehr-aigen.at\/?page_id=5207","title":{"rendered":"Sonstiges 2023"},"content":{"rendered":"<section class=\"av_textblock_section \"  itemscope=\"itemscope\" itemtype=\"https:\/\/schema.org\/CreativeWork\" ><div class='avia_textblock  '   itemprop=\"text\" ><table style=\"width: 99.1633%; height: 2926px;\">\n<tbody>\n<tr style=\"height: 10px;\">\n<td style=\"width: 24.9513%; height: 10px;\"><strong> <b>Datum\/Uhrzeit<\/b><\/strong><\/td>\n<td style=\"width: 54.4819%; height: 10px;\"><strong>\u00a0T\u00e4tigkeiten<\/strong><\/td>\n<td style=\"width: 4.85601%; height: 10px;\"><strong>\u00a0Mann<\/strong><\/td>\n<td style=\"width: 35.278%; height: 10px;\"><strong>\u00a0Fahrzeuge<\/strong><\/td>\n<td style=\"width: 142.117%; height: 10px;\"><strong>\u00a0Bericht<\/strong><\/td>\n<\/tr>\n<tr>\n<td style=\"width: 24.9513%;\">12.12.2023<br \/>\n08:00 &#8211; 14:00<\/td>\n<td style=\"width: 54.4819%;\">Wartungsarbeiten KFZ<br \/>\nUnimog von Fa. FMG &#8211; Gu\u00dfwerk abgeholt<\/td>\n<td style=\"width: 4.85601%;\">2<\/td>\n<td style=\"width: 35.278%;\"><\/td>\n<td style=\"width: 142.117%;\"><\/td>\n<\/tr>\n<tr>\n<td style=\"width: 24.9513%;\">10.12.2023<br \/>\n07:00 &#8211; 19:00<\/td>\n<td style=\"width: 54.4819%;\">IBU Weltcuprennen Biathlon Hochfilzen<\/td>\n<td style=\"width: 4.85601%;\">10<\/td>\n<td style=\"width: 35.278%;\"><\/td>\n<td style=\"width: 142.117%;\"><\/td>\n<\/tr>\n<tr>\n<td style=\"width: 24.9513%;\">06.12.2023<br \/>\n15:00 &#8211; 17:00<\/td>\n<td style=\"width: 54.4819%;\">Wartungsarbeiten KFZ<\/td>\n<td style=\"width: 4.85601%;\">1<\/td>\n<td style=\"width: 35.278%;\"><\/td>\n<td style=\"width: 142.117%;\"><\/td>\n<\/tr>\n<tr>\n<td style=\"width: 24.9513%;\">05.12.2023<br \/>\n07:00 &#8211; 10:00<\/td>\n<td style=\"width: 54.4819%;\">Wartungsarbeiten Schriftf\u00fchrer<\/td>\n<td style=\"width: 4.85601%;\">1<\/td>\n<td style=\"width: 35.278%;\"><\/td>\n<td style=\"width: 142.117%;\"><\/td>\n<\/tr>\n<tr>\n<td style=\"width: 24.9513%;\">04.12.2023<br \/>\n07:00 &#8211; 12:30<\/td>\n<td style=\"width: 54.4819%;\">Wartungsarbeiten KFZ<br \/>\nUnimog zu Fa. FMG &#8211; Gu\u00dfwerk \u00fcberstellt<\/td>\n<td style=\"width: 4.85601%;\">2<\/td>\n<td style=\"width: 35.278%;\">LKW-A<br \/>\nMTF-A<\/td>\n<td style=\"width: 142.117%;\"><\/td>\n<\/tr>\n<tr>\n<td style=\"width: 24.9513%;\">02.-03.12.2023<br \/>\n18:30 &#8211; 01:30<\/td>\n<td style=\"width: 54.4819%;\">Weihnachtsfeier<\/td>\n<td style=\"width: 4.85601%;\">26<\/td>\n<td style=\"width: 35.278%;\"><\/td>\n<td style=\"width: 142.117%;\"><\/td>\n<\/tr>\n<tr>\n<td style=\"width: 24.9513%;\">17.11.2023<br \/>\n08:00 &#8211; 12:30<\/td>\n<td style=\"width: 54.4819%;\">Wartungsarbeiten Schriftf\u00fchrer<\/td>\n<td style=\"width: 4.85601%;\">1<\/td>\n<td style=\"width: 35.278%;\"><\/td>\n<td style=\"width: 142.117%;\"><\/td>\n<\/tr>\n<tr>\n<td style=\"width: 24.9513%;\">14.11.2023<br \/>\n19:00 &#8211; 21:00<\/td>\n<td style=\"width: 54.4819%;\">5.Ausschu\u00dfsitzung<\/td>\n<td style=\"width: 4.85601%;\">13<\/td>\n<td style=\"width: 35.278%;\"><\/td>\n<td style=\"width: 142.117%;\"><\/td>\n<\/tr>\n<tr>\n<td style=\"width: 24.9513%;\">14.11.2023<br \/>\n16:00 &#8211; 18:00<\/td>\n<td style=\"width: 54.4819%;\">Wartungsarbeiten Kantine<\/td>\n<td style=\"width: 4.85601%;\">1<\/td>\n<td style=\"width: 35.278%;\"><\/td>\n<td style=\"width: 142.117%;\"><\/td>\n<\/tr>\n<tr>\n<td style=\"width: 24.9513%;\">13.11.2023<br \/>\n15:00 &#8211; 19:00<\/td>\n<td style=\"width: 54.4819%;\">Beschaffungen\/Beladung\u00a0 HLF2 \/ Helme\/Voranschlag<\/td>\n<td style=\"width: 4.85601%;\">2<\/td>\n<td style=\"width: 35.278%;\"><\/td>\n<td style=\"width: 142.117%;\"><\/td>\n<\/tr>\n<tr>\n<td style=\"width: 24.9513%;\">06.11.2023<br \/>\n16:00 &#8211; 17:00<\/td>\n<td style=\"width: 54.4819%;\">Wartungsarbeiten Kantine<\/td>\n<td style=\"width: 4.85601%;\">1<\/td>\n<td style=\"width: 35.278%;\"><\/td>\n<td style=\"width: 142.117%;\"><\/td>\n<\/tr>\n<tr>\n<td style=\"width: 24.9513%;\">01.11.2023<br \/>\n08:00 &#8211; 12:00<\/td>\n<td style=\"width: 54.4819%;\">Wartungsarbeiten EDV<\/td>\n<td style=\"width: 4.85601%;\">1<\/td>\n<td style=\"width: 35.278%;\"><\/td>\n<td style=\"width: 142.117%;\"><\/td>\n<\/tr>\n<tr>\n<td style=\"width: 24.9513%;\">31.10.2023<br \/>\n18:00 &#8211; 22:00<\/td>\n<td style=\"width: 54.4819%;\">Bezirksheldenehrung des \u00d6BH und \u00d6KB in Aigen<\/td>\n<td style=\"width: 4.85601%;\">7<\/td>\n<td style=\"width: 35.278%;\"><\/td>\n<td style=\"width: 142.117%;\"><\/td>\n<\/tr>\n<tr>\n<td style=\"width: 24.9513%;\">28.-29.10.2023<br \/>\n19:00 &#8211; 01:30<\/td>\n<td style=\"width: 54.4819%;\">Geburtstagsfeier 50 er Reiter Martin<\/td>\n<td style=\"width: 4.85601%;\">18<\/td>\n<td style=\"width: 35.278%;\"><\/td>\n<td style=\"width: 142.117%;\"><\/td>\n<\/tr>\n<tr>\n<td style=\"width: 24.9513%;\">25.10.2023<br \/>\n05:00 &#8211; 15:00<\/td>\n<td style=\"width: 54.4819%;\">Aufwecken 50er Reiter Martin<\/td>\n<td style=\"width: 4.85601%;\">13<\/td>\n<td style=\"width: 35.278%;\"><\/td>\n<td style=\"width: 142.117%;\"><\/td>\n<\/tr>\n<tr>\n<td style=\"width: 24.9513%;\">24.10.2023<br \/>\n17:00 &#8211; 21:00<\/td>\n<td style=\"width: 54.4819%;\">Besprechung HLF2 und Helme<br \/>\nFa.Rosenbauer<\/td>\n<td style=\"width: 4.85601%;\">6<\/td>\n<td style=\"width: 35.278%;\"><\/td>\n<td style=\"width: 142.117%;\"><\/td>\n<\/tr>\n<tr>\n<td style=\"width: 24.9513%;\">21.10.2023<br \/>\n08:00 &#8211; 12:00<\/td>\n<td style=\"width: 54.4819%;\">Waldbrandger\u00e4tschaften gereinigt<\/td>\n<td style=\"width: 4.85601%;\">6<\/td>\n<td style=\"width: 35.278%;\"><\/td>\n<td style=\"width: 142.117%;\"><\/td>\n<\/tr>\n<tr>\n<td style=\"width: 24.9513%;\">20.10.2023<br \/>\n18:00 &#8211; 23:30<\/td>\n<td style=\"width: 54.4819%;\">Kommandantentag in Trieben<br \/>\nAusstellung unseres Unimogs<\/td>\n<td style=\"width: 4.85601%;\">6<\/td>\n<td style=\"width: 35.278%;\">MTF-A<br \/>\nLKW-A<\/td>\n<td style=\"width: 142.117%;\"><\/td>\n<\/tr>\n<tr>\n<td style=\"width: 24.9513%;\">13.10.2023<br \/>\n17:30 &#8211; 21:00<\/td>\n<td style=\"width: 54.4819%;\">Offizielle \u00dcbergabe Mantra an FF D\u00f6llach<\/td>\n<td style=\"width: 4.85601%;\">3<\/td>\n<td style=\"width: 35.278%;\"><\/td>\n<td style=\"width: 142.117%;\"><\/td>\n<\/tr>\n<tr>\n<td style=\"width: 24.9513%;\">09.10.2023<br \/>\n19:00 &#8211; 21:30<\/td>\n<td style=\"width: 54.4819%;\">4. Ausschu\u00dfsitzung<\/td>\n<td style=\"width: 4.85601%;\">8<\/td>\n<td style=\"width: 35.278%;\"><\/td>\n<td style=\"width: 142.117%;\"><\/td>\n<\/tr>\n<tr>\n<td style=\"width: 24.9513%;\">26.09.2023<br \/>\n17:00 &#8211; 20:00<\/td>\n<td style=\"width: 54.4819%;\">\u00dcbergabe LKW-A (Mantra) an FF D\u00f6llach<\/td>\n<td style=\"width: 4.85601%;\">4<\/td>\n<td style=\"width: 35.278%;\"><\/td>\n<td style=\"width: 142.117%;\"><\/td>\n<\/tr>\n<tr>\n<td style=\"width: 24.9513%;\">23.09.2023<br \/>\n08:00 &#8211; 20:00<\/td>\n<td style=\"width: 54.4819%;\">GAB Abnahme in Gams<\/td>\n<td style=\"width: 4.85601%;\">1<\/td>\n<td style=\"width: 35.278%;\"><\/td>\n<td style=\"width: 142.117%;\"><\/td>\n<\/tr>\n<tr>\n<td style=\"width: 24.9513%;\">22.09.2023<br \/>\n15:00 &#8211; 19:00<\/td>\n<td style=\"width: 54.4819%;\">Wartungsarbeiten Fahrzeuge<\/td>\n<td style=\"width: 4.85601%;\">2<\/td>\n<td style=\"width: 35.278%;\"><\/td>\n<td style=\"width: 142.117%;\"><\/td>\n<\/tr>\n<tr>\n<td style=\"width: 24.9513%;\">09.09.2023<br \/>\n15:00 &#8211; 00:00<\/td>\n<td style=\"width: 54.4819%;\">MTF Weihe Feuerwehr Irdning<\/td>\n<td style=\"width: 4.85601%;\">4<\/td>\n<td style=\"width: 35.278%;\">MTF-A<\/td>\n<td style=\"width: 142.117%;\"><\/td>\n<\/tr>\n<tr>\n<td style=\"width: 24.9513%;\">31.08.2023<br \/>\n14:00 &#8211; 16:00<\/td>\n<td style=\"width: 54.4819%;\">Zeltabbau<\/td>\n<td style=\"width: 4.85601%;\">7<\/td>\n<td style=\"width: 35.278%;\"><\/td>\n<td style=\"width: 142.117%;\"><\/td>\n<\/tr>\n<tr>\n<td style=\"width: 24.9513%;\">29.08.2023<br \/>\n07:30 &#8211; 20:00<\/td>\n<td style=\"width: 54.4819%;\">Seniorenausflug des Abschnittes Irdning<\/td>\n<td style=\"width: 4.85601%;\">4<\/td>\n<td style=\"width: 35.278%;\"><\/td>\n<td style=\"width: 142.117%;\"><\/td>\n<\/tr>\n<tr>\n<td style=\"width: 24.9513%;\">28.08.2023<br \/>\n07:30 &#8211; 12:00<\/td>\n<td style=\"width: 54.4819%;\">Zusammenr\u00e4umen Feuerwehrfest<\/td>\n<td style=\"width: 4.85601%;\">11<\/td>\n<td style=\"width: 35.278%;\"><\/td>\n<td style=\"width: 142.117%;\"><\/td>\n<\/tr>\n<tr>\n<td style=\"width: 24.9513%;\">27.08.2023<br \/>\n08:00 &#8211; 19:00<\/td>\n<td style=\"width: 54.4819%;\">Fahrzeugsegnung Unimog<\/td>\n<td style=\"width: 4.85601%;\">49<\/td>\n<td style=\"width: 35.278%;\"><\/td>\n<td style=\"width: 142.117%;\"><\/td>\n<\/tr>\n<tr>\n<td style=\"width: 24.9513%;\">26.-27.08.2023<br \/>\n11:00 &#8211; 03:00<\/td>\n<td style=\"width: 54.4819%;\">Boccia Turnier<\/td>\n<td style=\"width: 4.85601%;\">51<\/td>\n<td style=\"width: 35.278%;\"><\/td>\n<td style=\"width: 142.117%;\"><\/td>\n<\/tr>\n<tr>\n<td style=\"width: 24.9513%;\">24.08.2023<br \/>\n16:00 &#8211; 20:00<\/td>\n<td style=\"width: 54.4819%;\">Herrichten Feuerwehrfest<\/td>\n<td style=\"width: 4.85601%;\">18<\/td>\n<td style=\"width: 35.278%;\"><\/td>\n<td style=\"width: 142.117%;\"><\/td>\n<\/tr>\n<tr>\n<td style=\"width: 24.9513%;\">23.08.2023<br \/>\n16:00 &#8211; 21:00<\/td>\n<td style=\"width: 54.4819%;\">Herrichten Feuerwehrfest<\/td>\n<td style=\"width: 4.85601%;\">21<\/td>\n<td style=\"width: 35.278%;\"><\/td>\n<td style=\"width: 142.117%;\"><\/td>\n<\/tr>\n<tr>\n<td style=\"width: 24.9513%;\">22.08.2023<br \/>\n14:30 &#8211; 16:00<\/td>\n<td style=\"width: 54.4819%;\">Wartungsarbeiten Funk<\/td>\n<td style=\"width: 4.85601%;\">1<\/td>\n<td style=\"width: 35.278%;\"><\/td>\n<td style=\"width: 142.117%;\"><\/td>\n<\/tr>\n<tr>\n<td style=\"width: 24.9513%;\">18.08.2023<br \/>\n16:30 &#8211; 21:00<\/td>\n<td style=\"width: 54.4819%;\">Zeltaufbau Feuerwehrfest<\/td>\n<td style=\"width: 4.85601%;\">14<\/td>\n<td style=\"width: 35.278%;\"><\/td>\n<td style=\"width: 142.117%;\"><\/td>\n<\/tr>\n<tr style=\"height: 19px;\">\n<td style=\"width: 24.9513%; height: 19px;\">14.08.2023<br \/>\n15:00 &#8211; 19:00<\/td>\n<td style=\"width: 54.4819%; height: 19px;\">Zeltaufbau Feuerwehrfest<\/td>\n<td style=\"width: 4.85601%; height: 19px;\">13<\/td>\n<td style=\"width: 35.278%; height: 19px;\"><\/td>\n<td style=\"width: 142.117%; height: 19px;\"><\/td>\n<\/tr>\n<tr style=\"height: 39px;\">\n<td style=\"width: 24.9513%; height: 39px;\">13.08.2023<br \/>\n10:00 &#8211; 20:00<\/td>\n<td style=\"width: 54.4819%; height: 39px;\">90 Jahrfeier FF Erlsberg<\/td>\n<td style=\"width: 4.85601%; height: 39px;\">4<\/td>\n<td style=\"width: 35.278%; height: 39px;\">MTF-A<\/td>\n<td style=\"width: 142.117%; height: 39px;\"><\/td>\n<\/tr>\n<tr style=\"height: 39px;\">\n<td style=\"width: 24.9513%; height: 39px;\">08.08.2023<br \/>\n19:00 &#8211; 21:00<\/td>\n<td style=\"width: 54.4819%; height: 39px;\">Festbesprechung<\/td>\n<td style=\"width: 4.85601%; height: 39px;\">9<\/td>\n<td style=\"width: 35.278%; height: 39px;\"><\/td>\n<td style=\"width: 142.117%; height: 39px;\"><\/td>\n<\/tr>\n<tr style=\"height: 39px;\">\n<td style=\"width: 24.9513%; height: 39px;\">08.08.2023<br \/>\n14:30 &#8211; 18:00<\/td>\n<td style=\"width: 54.4819%; height: 39px;\">Wartungsarbeiten KFZ<\/td>\n<td style=\"width: 4.85601%; height: 39px;\">1<\/td>\n<td style=\"width: 35.278%; height: 39px;\"><\/td>\n<td style=\"width: 142.117%; height: 39px;\"><\/td>\n<\/tr>\n<tr style=\"height: 39px;\">\n<td style=\"width: 24.9513%; height: 39px;\">05.-06.08.2023<br \/>\n15:00 &#8211; 02:00<\/td>\n<td style=\"width: 54.4819%; height: 39px;\">MTF Segnung FF P\u00fcrgg<\/td>\n<td style=\"width: 4.85601%; height: 39px;\">7<\/td>\n<td style=\"width: 35.278%; height: 39px;\">MTF-A<\/td>\n<td style=\"width: 142.117%; height: 39px;\"><\/td>\n<\/tr>\n<tr style=\"height: 10px;\">\n<td style=\"width: 24.9513%; height: 10px;\">29:07:2023<br \/>\n08.00 &#8211; 13.00<\/td>\n<td style=\"width: 54.4819%; height: 10px;\">Zeltgest\u00e4nge geschwei\u00dft<\/td>\n<td style=\"width: 4.85601%; height: 10px;\">5<\/td>\n<td style=\"width: 35.278%; height: 10px;\"><\/td>\n<td style=\"width: 142.117%; height: 10px;\"><\/td>\n<\/tr>\n<tr style=\"height: 72px;\">\n<td style=\"width: 24.9513%; height: 72px;\">23.07.2023<\/p>\n<p><span style=\"font-family: inherit;\">08:30\u00a0 19:30<\/span><\/td>\n<td style=\"width: 54.4819%; height: 72px;\">Vorf\u00fchrung Waldbrand<\/p>\n<p><span style=\"font-family: inherit;\">Lassing<\/span><\/td>\n<td style=\"width: 4.85601%; height: 72px;\">8<\/td>\n<td style=\"width: 35.278%; height: 72px;\">LKW-A<\/td>\n<td style=\"width: 142.117%; height: 72px;\"><\/td>\n<\/tr>\n<tr style=\"height: 72px;\">\n<td style=\"width: 24.9513%; height: 72px;\">22.07.2023<\/p>\n<p><span style=\"font-family: inherit;\">1:00 &#8211; 19:30<\/span><\/td>\n<td style=\"width: 54.4819%; height: 72px;\">Vorf\u00fchrung Waldbrand<\/p>\n<p>FF Admont Aktionstag<\/td>\n<td style=\"width: 4.85601%; height: 72px;\">9<\/td>\n<td style=\"width: 35.278%; height: 72px;\">LKW-A<\/td>\n<td style=\"width: 142.117%; height: 72px;\"><\/td>\n<\/tr>\n<tr style=\"height: 39px;\">\n<td style=\"width: 24.9513%; height: 39px;\">18.07.2023<br \/>\n08:30 &#8211; 11:30<\/td>\n<td style=\"width: 54.4819%; height: 39px;\">Feriencamp zu Besuch<\/td>\n<td style=\"width: 4.85601%; height: 39px;\">6<\/td>\n<td style=\"width: 35.278%; height: 39px;\"><\/td>\n<td style=\"width: 142.117%; height: 39px;\"><\/td>\n<\/tr>\n<tr style=\"height: 39px;\">\n<td style=\"width: 24.9513%; height: 39px;\">17.07.2023<br \/>\n18:00 &#8211; 22:00<\/td>\n<td style=\"width: 54.4819%; height: 39px;\">Ausschreibung der Einladungen d.Ehreng\u00e4ste f.LKW Segnung<\/td>\n<td style=\"width: 4.85601%; height: 39px;\">3<\/td>\n<td style=\"width: 35.278%; height: 39px;\"><\/td>\n<td style=\"width: 142.117%; height: 39px;\"><\/td>\n<\/tr>\n<tr style=\"height: 39px;\">\n<td style=\"width: 24.9513%; height: 39px;\">17.07.2023<br \/>\n17:00 &#8211; 18:30<\/td>\n<td style=\"width: 54.4819%; height: 39px;\">Wartungsarbeiten Kantine<\/td>\n<td style=\"width: 4.85601%; height: 39px;\">1<\/td>\n<td style=\"width: 35.278%; height: 39px;\"><\/td>\n<td style=\"width: 142.117%; height: 39px;\"><\/td>\n<\/tr>\n<tr style=\"height: 39px;\">\n<td style=\"width: 24.9513%; height: 39px;\">16.07.2023<br \/>\n10:00 &#8211; 13:00<\/td>\n<td style=\"width: 54.4819%; height: 39px;\">Abbau Generationenfest<\/td>\n<td style=\"width: 4.85601%; height: 39px;\">5<\/td>\n<td style=\"width: 35.278%; height: 39px;\">LKW-A<\/td>\n<td style=\"width: 142.117%; height: 39px;\"><\/td>\n<\/tr>\n<tr style=\"height: 39px;\">\n<td style=\"width: 24.9513%; height: 39px;\">15.07.2023<br \/>\n09:30 &#8211; 20:00<\/td>\n<td style=\"width: 54.4819%; height: 39px;\">Generationenfest<\/td>\n<td style=\"width: 4.85601%; height: 39px;\">24<\/td>\n<td style=\"width: 35.278%; height: 39px;\"><\/td>\n<td style=\"width: 142.117%; height: 39px;\"><\/td>\n<\/tr>\n<tr style=\"height: 39px;\">\n<td style=\"width: 24.9513%; height: 39px;\">14.07.2023<br \/>\n13:00 &#8211; 21:00<\/td>\n<td style=\"width: 54.4819%; height: 39px;\">Empfang unseres neuen Waldbrandfahrzeuges<\/td>\n<td style=\"width: 4.85601%; height: 39px;\">31<\/td>\n<td style=\"width: 35.278%; height: 39px;\"><\/td>\n<td style=\"width: 142.117%; height: 39px;\"><\/td>\n<\/tr>\n<tr style=\"height: 39px;\">\n<td style=\"width: 24.9513%; height: 39px;\">12.07.2023<br \/>\n16:00 &#8211; 17:00<\/td>\n<td style=\"width: 54.4819%; height: 39px;\">Einkauf f\u00fcrs Generationenfest<\/td>\n<td style=\"width: 4.85601%; height: 39px;\">1<\/td>\n<td style=\"width: 35.278%; height: 39px;\"><\/td>\n<td style=\"width: 142.117%; height: 39px;\"><\/td>\n<\/tr>\n<tr style=\"height: 39px;\">\n<td style=\"width: 24.9513%; height: 39px;\">11.07.2023<br \/>\n17:45 &#8211; 19:45<\/td>\n<td style=\"width: 54.4819%; height: 39px;\">Abbau Jugendbewerbsbahn Irdning<\/td>\n<td style=\"width: 4.85601%; height: 39px;\">1<\/td>\n<td style=\"width: 35.278%; height: 39px;\">MTF-A<\/td>\n<td style=\"width: 142.117%; height: 39px;\"><\/td>\n<\/tr>\n<tr style=\"height: 58px;\">\n<td style=\"width: 24.9513%; height: 58px;\">11.07.2023<br \/>\n08:30 &#8211; 11:30<\/td>\n<td style=\"width: 54.4819%; height: 58px;\">Ferienkindergarten zu Besuch<\/td>\n<td style=\"width: 4.85601%; height: 58px;\">4<\/td>\n<td style=\"width: 35.278%; height: 58px;\">TLF-A<br \/>\nKLF-A<br \/>\nLKW-A<\/td>\n<td style=\"width: 142.117%; height: 58px;\"><\/td>\n<\/tr>\n<tr style=\"height: 39px;\">\n<td style=\"width: 24.9513%; height: 39px;\">08.07.2023<br \/>\n08:00 &#8211; 19:00<\/td>\n<td style=\"width: 54.4819%; height: 39px;\">Landesjugendbewerb in Voitsberg<\/td>\n<td style=\"width: 4.85601%; height: 39px;\">4<\/td>\n<td style=\"width: 35.278%; height: 39px;\">MTF-A<\/td>\n<td style=\"width: 142.117%; height: 39px;\"><\/td>\n<\/tr>\n<tr style=\"height: 39px;\">\n<td style=\"width: 24.9513%; height: 39px;\">01.07.2023<br \/>\n09:00 &#8211; 12:00<\/td>\n<td style=\"width: 54.4819%; height: 39px;\">Wartungsarbeiten EDV<\/td>\n<td style=\"width: 4.85601%; height: 39px;\">1<\/td>\n<td style=\"width: 35.278%; height: 39px;\"><\/td>\n<td style=\"width: 142.117%; height: 39px;\"><\/td>\n<\/tr>\n<tr style=\"height: 39px;\">\n<td style=\"width: 24.9513%; height: 39px;\">01.07.2023<br \/>\n08:30 &#8211; 19:30<\/td>\n<td style=\"width: 54.4819%; height: 39px;\">Bezirksjugendbewerb in Palfau<\/td>\n<td style=\"width: 4.85601%; height: 39px;\">5<\/td>\n<td style=\"width: 35.278%; height: 39px;\">MTF-A<\/td>\n<td style=\"width: 142.117%; height: 39px;\"><\/td>\n<\/tr>\n<tr style=\"height: 39px;\">\n<td style=\"width: 24.9513%; height: 39px;\">01.07.2023<br \/>\n10:00 &#8211; 17:00<\/td>\n<td style=\"width: 54.4819%; height: 39px;\">Verwaltungsarbeiten Schriftf\u00fchrer<\/td>\n<td style=\"width: 4.85601%; height: 39px;\">1<\/td>\n<td style=\"width: 35.278%; height: 39px;\"><\/td>\n<td style=\"width: 142.117%; height: 39px;\"><\/td>\n<\/tr>\n<tr style=\"height: 39px;\">\n<td style=\"width: 24.9513%; height: 39px;\">28.06.2023<br \/>\n19:00 &#8211; 22:00<\/td>\n<td style=\"width: 54.4819%; height: 39px;\">3. Ausschu\u00dfsitzung<\/td>\n<td style=\"width: 4.85601%; height: 39px;\">16<\/td>\n<td style=\"width: 35.278%; height: 39px;\"><\/td>\n<td style=\"width: 142.117%; height: 39px;\"><\/td>\n<\/tr>\n<tr style=\"height: 39px;\">\n<td style=\"width: 24.9513%; height: 39px;\">23.06.2023<br \/>\n08:00 &#8211; 10:00<\/td>\n<td style=\"width: 54.4819%; height: 39px;\">Wartungsarbeiten Kantine<\/td>\n<td style=\"width: 4.85601%; height: 39px;\">1<\/td>\n<td style=\"width: 35.278%; height: 39px;\">MTF-A<\/td>\n<td style=\"width: 142.117%; height: 39px;\"><\/td>\n<\/tr>\n<tr style=\"height: 39px;\">\n<td style=\"width: 24.9513%; height: 39px;\">21.06.2023<br \/>\n15:00 &#8211; 18:00<\/td>\n<td style=\"width: 54.4819%; height: 39px;\">Verwaltungsarbeiten HBI<\/td>\n<td style=\"width: 4.85601%; height: 39px;\"><\/td>\n<td style=\"width: 35.278%; height: 39px;\"><\/td>\n<td style=\"width: 142.117%; height: 39px;\"><\/td>\n<\/tr>\n<tr style=\"height: 72px;\">\n<td style=\"width: 24.9513%; height: 72px;\">14.06.2023<br \/>\n08:00 &#8211; 14:00<\/td>\n<td style=\"width: 54.4819%; height: 72px;\">Kindergarten zu Besuch<\/td>\n<td style=\"width: 4.85601%; height: 72px;\">5<\/td>\n<td style=\"width: 35.278%; height: 72px;\">TLF-A,KLF-A<\/p>\n<p>LKW-A<\/td>\n<td style=\"width: 142.117%; height: 72px;\"><\/td>\n<\/tr>\n<tr style=\"height: 39px;\">\n<td style=\"width: 24.9513%; height: 39px;\">02.-03.06.2023<br \/>\n10:00 &#8211; 14:30<\/td>\n<td style=\"width: 54.4819%; height: 39px;\">Hochzeit HFM Komatz David und Katharina<br \/>\nMaria Alm<\/td>\n<td style=\"width: 4.85601%; height: 39px;\">6<\/td>\n<td style=\"width: 35.278%; height: 39px;\">MTF-A<\/td>\n<td style=\"width: 142.117%; height: 39px;\"><\/td>\n<\/tr>\n<tr style=\"height: 39px;\">\n<td style=\"width: 24.9513%; height: 39px;\">01.06.2023<br \/>\n09:00 &#8211; 13:00<\/td>\n<td style=\"width: 54.4819%; height: 39px;\">Wartungsarbeiten EDV<\/td>\n<td style=\"width: 4.85601%; height: 39px;\">1<\/td>\n<td style=\"width: 35.278%; height: 39px;\"><\/td>\n<td style=\"width: 142.117%; height: 39px;\"><\/td>\n<\/tr>\n<tr style=\"height: 39px;\">\n<td style=\"width: 24.9513%; height: 39px;\">28.05.2023<br \/>\n<span style=\"font-family: inherit;\">13:30 -23:00<\/span><\/td>\n<td style=\"width: 54.4819%; height: 39px;\">120 Jahrfeier FF Lantschern<\/td>\n<td style=\"width: 4.85601%; height: 39px;\">15<\/td>\n<td style=\"width: 35.278%; height: 39px;\">MTF-A<\/td>\n<td style=\"width: 142.117%; height: 39px;\"><\/td>\n<\/tr>\n<tr style=\"height: 39px;\">\n<td style=\"width: 24.9513%; height: 39px;\">25.05.2023<br \/>\n18:00 &#8211; 20:00<\/td>\n<td style=\"width: 54.4819%; height: 39px;\">Besprechung Zelt f\u00fcr Fahrzeugsegnung<\/td>\n<td style=\"width: 4.85601%; height: 39px;\">2<\/td>\n<td style=\"width: 35.278%; height: 39px;\"><\/td>\n<td style=\"width: 142.117%; height: 39px;\"><\/td>\n<\/tr>\n<tr style=\"height: 39px;\">\n<td style=\"width: 24.9513%; height: 39px;\">17.05.2023<br \/>\n18:00 &#8211; 23:59<\/td>\n<td style=\"width: 54.4819%; height: 39px;\">50 er Gratulation<br \/>\nKerschhaggl Hannes<\/td>\n<td style=\"width: 4.85601%; height: 39px;\">16<\/td>\n<td style=\"width: 35.278%; height: 39px;\"><\/td>\n<td style=\"width: 142.117%; height: 39px;\"><\/td>\n<\/tr>\n<tr style=\"height: 39px;\">\n<td style=\"width: 24.9513%; height: 39px;\">11.05.2023<br \/>\n15:00 &#8211; 19:30<\/td>\n<td style=\"width: 54.4819%; height: 39px;\">Wartungsarbeiten Fahrzeuge<\/td>\n<td style=\"width: 4.85601%; height: 39px;\">2<\/td>\n<td style=\"width: 35.278%; height: 39px;\"><\/td>\n<td style=\"width: 142.117%; height: 39px;\"><\/td>\n<\/tr>\n<tr style=\"height: 39px;\">\n<td style=\"width: 24.9513%; height: 39px;\">09.05.2023<br \/>\n13:00 &#8211; 17:00<\/td>\n<td style=\"width: 54.4819%; height: 39px;\">Wartungsarbeiten Schriftf\u00fchrer<\/td>\n<td style=\"width: 4.85601%; height: 39px;\">1<\/td>\n<td style=\"width: 35.278%; height: 39px;\"><\/td>\n<td style=\"width: 142.117%; height: 39px;\"><\/td>\n<\/tr>\n<tr style=\"height: 39px;\">\n<td style=\"width: 24.9513%; height: 39px;\">08.05.2023<br \/>\n18:00 &#8211; 21:00<\/td>\n<td style=\"width: 54.4819%; height: 39px;\">2. Ausschu\u00dfsitzung<\/td>\n<td style=\"width: 4.85601%; height: 39px;\">11<\/td>\n<td style=\"width: 35.278%; height: 39px;\"><\/td>\n<td style=\"width: 142.117%; height: 39px;\"><\/td>\n<\/tr>\n<tr style=\"height: 39px;\">\n<td style=\"width: 24.9513%; height: 39px;\">06.05.2023<br \/>\n17:00 &#8211; 22:00<\/td>\n<td style=\"width: 54.4819%; height: 39px;\">Florianikirchgang in Irdning<\/td>\n<td style=\"width: 4.85601%; height: 39px;\">20<\/td>\n<td style=\"width: 35.278%; height: 39px;\"><\/td>\n<td style=\"width: 142.117%; height: 39px;\"><\/td>\n<\/tr>\n<tr style=\"height: 39px;\">\n<td style=\"width: 24.9513%; height: 39px;\">04.05.2023<br \/>\n18:00 &#8212; 22:00<\/td>\n<td style=\"width: 54.4819%; height: 39px;\">Bereichsfeuerwehrtag<br \/>\nVolkshaus Liezen<\/td>\n<td style=\"width: 4.85601%; height: 39px;\">3<\/td>\n<td style=\"width: 35.278%; height: 39px;\">MTF-A<\/td>\n<td style=\"width: 142.117%; height: 39px;\"><\/td>\n<\/tr>\n<tr style=\"height: 39px;\">\n<td style=\"width: 24.9513%; height: 39px;\">01.05.2023<br \/>\n09:00 &#8211; 13:00<\/td>\n<td style=\"width: 54.4819%; height: 39px;\">Wartungsarbeiten EDV<\/td>\n<td style=\"width: 4.85601%; height: 39px;\">1<\/td>\n<td style=\"width: 35.278%; height: 39px;\"><\/td>\n<td style=\"width: 142.117%; height: 39px;\"><\/td>\n<\/tr>\n<tr style=\"height: 39px;\">\n<td style=\"width: 24.9513%; height: 39px;\">21.04.2023<br \/>\n16:00 &#8211; 17:30<\/td>\n<td style=\"width: 54.4819%; height: 39px;\">Wartungsarbeiten Ger\u00e4te<\/td>\n<td style=\"width: 4.85601%; height: 39px;\">1<\/td>\n<td style=\"width: 35.278%; height: 39px;\"><\/td>\n<td style=\"width: 142.117%; height: 39px;\"><\/td>\n<\/tr>\n<tr style=\"height: 39px;\">\n<td style=\"width: 24.9513%; height: 39px;\">19.04.2023<br \/>\n12:00 &#8211; 19:00<\/td>\n<td style=\"width: 54.4819%; height: 39px;\">Wartungsarbeiten Flugdienst<br \/>\nT\u00dcV Abnahme Waldbrandger\u00e4tschaften in Kapfenberg<\/td>\n<td style=\"width: 4.85601%; height: 39px;\">2<\/td>\n<td style=\"width: 35.278%; height: 39px;\">LKW-A<\/td>\n<td style=\"width: 142.117%; height: 39px;\"><\/td>\n<\/tr>\n<tr style=\"height: 39px;\">\n<td style=\"width: 24.9513%; height: 39px;\">15.04.2023<br \/>\n08:15 &#8211; 18:00<\/td>\n<td style=\"width: 54.4819%; height: 39px;\">Wissenstest in St.Gallen<\/td>\n<td style=\"width: 4.85601%; height: 39px;\">7<\/td>\n<td style=\"width: 35.278%; height: 39px;\"><\/td>\n<td style=\"width: 142.117%; height: 39px;\"><\/td>\n<\/tr>\n<tr style=\"height: 39px;\">\n<td style=\"width: 24.9513%; height: 39px;\">14.04.2023<br \/>\n18:00 &#8211; 23:00<\/td>\n<td style=\"width: 54.4819%; height: 39px;\">Sportlerehrung HFM Komatz David<br \/>\nPS Halle<\/td>\n<td style=\"width: 4.85601%; height: 39px;\">17<\/td>\n<td style=\"width: 35.278%; height: 39px;\"><\/td>\n<td style=\"width: 142.117%; height: 39px;\"><\/td>\n<\/tr>\n<tr style=\"height: 39px;\">\n<td style=\"width: 24.9513%; height: 39px;\">05.04.2023<br \/>\n17:30 &#8211; 20:30<\/td>\n<td style=\"width: 54.4819%; height: 39px;\">Abschnittsatemschutz\u00fcbung ausarbeiten<\/td>\n<td style=\"width: 4.85601%; height: 39px;\">2<\/td>\n<td style=\"width: 35.278%; height: 39px;\"><\/td>\n<td style=\"width: 142.117%; height: 39px;\"><\/td>\n<\/tr>\n<tr style=\"height: 39px;\">\n<td style=\"width: 24.9513%; height: 39px;\">17.03.2023<br \/>\n18:30 &#8211; 20:00<\/td>\n<td style=\"width: 54.4819%; height: 39px;\">Wartungsarbeiten Funk<\/td>\n<td style=\"width: 4.85601%; height: 39px;\">1<\/td>\n<td style=\"width: 35.278%; height: 39px;\"><\/td>\n<td style=\"width: 142.117%; height: 39px;\"><\/td>\n<\/tr>\n<tr style=\"height: 39px;\">\n<td style=\"width: 24.9513%; height: 39px;\">16.03.2023<br \/>\n15:00 &#8211; 21:00<\/td>\n<td style=\"width: 54.4819%; height: 39px;\">Besprechung Beladung HLF 2<\/td>\n<td style=\"width: 4.85601%; height: 39px;\">3<\/td>\n<td style=\"width: 35.278%; height: 39px;\"><\/td>\n<td style=\"width: 142.117%; height: 39px;\"><\/td>\n<\/tr>\n<tr style=\"height: 39px;\">\n<td style=\"width: 24.9513%; height: 39px;\">11.03.2023<br \/>\n09:30 &#8211; 10:30<\/td>\n<td style=\"width: 54.4819%; height: 39px;\">Wartungsarbeiten KFZ<\/td>\n<td style=\"width: 4.85601%; height: 39px;\">2<\/td>\n<td style=\"width: 35.278%; height: 39px;\">TLF-A<\/td>\n<td style=\"width: 142.117%; height: 39px;\"><\/td>\n<\/tr>\n<tr style=\"height: 39px;\">\n<td style=\"width: 24.9513%; height: 39px;\">05.03.2023<br \/>\n11:00 &#8211; 20:00<\/td>\n<td style=\"width: 54.4819%; height: 39px;\">70 er Gratulation<br \/>\nKerschhaggl Josef<\/td>\n<td style=\"width: 4.85601%; height: 39px;\">10<\/td>\n<td style=\"width: 35.278%; height: 39px;\"><\/td>\n<td style=\"width: 142.117%; height: 39px;\"><\/td>\n<\/tr>\n<tr style=\"height: 39px;\">\n<td style=\"width: 24.9513%; height: 39px;\">04.03.2023<br \/>\n10:30 &#8211; 13:30<\/td>\n<td style=\"width: 54.4819%; height: 39px;\">T\u00e4tigkeiten Feuerwehrhaus<\/td>\n<td style=\"width: 4.85601%; height: 39px;\">5<\/td>\n<td style=\"width: 35.278%; height: 39px;\">LKW-A<\/td>\n<td style=\"width: 142.117%; height: 39px;\"><\/td>\n<\/tr>\n<tr style=\"height: 39px;\">\n<td style=\"width: 24.9513%; height: 39px;\">25.02.2023<br \/>\n09:00 &#8211; 12:00<\/td>\n<td style=\"width: 54.4819%; height: 39px;\">T\u00e4tigkeiten im R\u00fcsthaus<br \/>\nFunk 4m Band wieder aktiviert<\/td>\n<td style=\"width: 4.85601%; height: 39px;\">2<\/td>\n<td style=\"width: 35.278%; height: 39px;\"><\/td>\n<td style=\"width: 142.117%; height: 39px;\"><\/td>\n<\/tr>\n<tr style=\"height: 39px;\">\n<td style=\"width: 24.9513%; height: 39px;\">23.02.2023<br \/>\n14:00 &#8211; 16:00<\/td>\n<td style=\"width: 54.4819%; height: 39px;\">Beratung der Beh\u00f6rde<br \/>\nBlackout<\/td>\n<td style=\"width: 4.85601%; height: 39px;\">2<\/td>\n<td style=\"width: 35.278%; height: 39px;\"><\/td>\n<td style=\"width: 142.117%; height: 39px;\"><\/td>\n<\/tr>\n<tr style=\"height: 39px;\">\n<td style=\"width: 24.9513%; height: 39px;\">22.02.2023<br \/>\n15:00 &#8211; 16:00<\/td>\n<td style=\"width: 54.4819%; height: 39px;\">Faschingsbar zusammenr\u00e4umen<\/td>\n<td style=\"width: 4.85601%; height: 39px;\">4<\/td>\n<td style=\"width: 35.278%; height: 39px;\"><\/td>\n<td style=\"width: 142.117%; height: 39px;\"><\/td>\n<\/tr>\n<tr style=\"height: 39px;\">\n<td style=\"width: 24.9513%; height: 39px;\">22.02.2023<br \/>\n10:00 &#8211; 12:00<\/td>\n<td style=\"width: 54.4819%; height: 39px;\">Wartungsarbeiten Kantine<br \/>\nEinsatzmonitor<\/td>\n<td style=\"width: 4.85601%; height: 39px;\">1<\/td>\n<td style=\"width: 35.278%; height: 39px;\"><\/td>\n<td style=\"width: 142.117%; height: 39px;\"><\/td>\n<\/tr>\n<tr style=\"height: 39px;\">\n<td style=\"width: 24.9513%; height: 39px;\">21.02.2023<br \/>\n13:00 &#8211; 23:59<\/td>\n<td style=\"width: 54.4819%; height: 39px;\">Faschingsbardienst<\/td>\n<td style=\"width: 4.85601%; height: 39px;\">7<\/td>\n<td style=\"width: 35.278%; height: 39px;\"><\/td>\n<td style=\"width: 142.117%; height: 39px;\"><\/td>\n<\/tr>\n<tr style=\"height: 39px;\">\n<td style=\"width: 24.9513%; height: 39px;\">20.-21.02.2023<br \/>\n13:00 &#8211; 04:00<\/td>\n<td style=\"width: 54.4819%; height: 39px;\">Faschingsbardienst<\/td>\n<td style=\"width: 4.85601%; height: 39px;\">6<\/td>\n<td style=\"width: 35.278%; height: 39px;\"><\/td>\n<td style=\"width: 142.117%; height: 39px;\"><\/td>\n<\/tr>\n<tr style=\"height: 39px;\">\n<td style=\"width: 24.9513%; height: 39px;\">19.02.2023<br \/>\n12:00 &#8211; 18:00<\/td>\n<td style=\"width: 54.4819%; height: 39px;\">Public Viewing &#8211; Biathlon Herren<\/td>\n<td style=\"width: 4.85601%; height: 39px;\">5<\/td>\n<td style=\"width: 35.278%; height: 39px;\"><\/td>\n<td style=\"width: 142.117%; height: 39px;\"><\/td>\n<\/tr>\n<tr style=\"height: 39px;\">\n<td style=\"width: 24.9513%; height: 39px;\">18.-19.02.2023<br \/>\n17:00 &#8211; 07:00<\/td>\n<td style=\"width: 54.4819%; height: 39px;\">Faschingsbardienst<\/td>\n<td style=\"width: 4.85601%; height: 39px;\">3<\/td>\n<td style=\"width: 35.278%; height: 39px;\"><\/td>\n<td style=\"width: 142.117%; height: 39px;\"><\/td>\n<\/tr>\n<tr style=\"height: 39px;\">\n<td style=\"width: 24.9513%; height: 39px;\">17.-18.02.2023<br \/>\n17:00 &#8211; 05:00<\/td>\n<td style=\"width: 54.4819%; height: 39px;\">Faschingsbardienst<\/td>\n<td style=\"width: 4.85601%; height: 39px;\">5<\/td>\n<td style=\"width: 35.278%; height: 39px;\"><\/td>\n<td style=\"width: 142.117%; height: 39px;\"><\/td>\n<\/tr>\n<tr style=\"height: 39px;\">\n<td style=\"width: 24.9513%; height: 39px;\">15.02.2023<br \/>\n17:00 &#8211; 22:00<\/td>\n<td style=\"width: 54.4819%; height: 39px;\">Faschingsbar herrichten<\/td>\n<td style=\"width: 4.85601%; height: 39px;\">3<\/td>\n<td style=\"width: 35.278%; height: 39px;\"><\/td>\n<td style=\"width: 142.117%; height: 39px;\"><\/td>\n<\/tr>\n<tr style=\"height: 39px;\">\n<td style=\"width: 24.9513%; height: 39px;\">13.02.2023<br \/>\n18:00 &#8211; 22:00<\/td>\n<td style=\"width: 54.4819%; height: 39px;\">Faschingsbar herrichten<\/td>\n<td style=\"width: 4.85601%; height: 39px;\">15<\/td>\n<td style=\"width: 35.278%; height: 39px;\"><\/td>\n<td style=\"width: 142.117%; height: 39px;\"><\/td>\n<\/tr>\n<tr style=\"height: 39px;\">\n<td style=\"width: 24.9513%; height: 39px;\">11.02.2023<br \/>\n18:00 &#8211; 20:00<\/td>\n<td style=\"width: 54.4819%; height: 39px;\">Wartungsarbeiten Funk<br \/>\n4m Band hergerichtet<\/td>\n<td style=\"width: 4.85601%; height: 39px;\">1<\/td>\n<td style=\"width: 35.278%; height: 39px;\"><\/td>\n<td style=\"width: 142.117%; height: 39px;\"><\/td>\n<\/tr>\n<tr style=\"height: 39px;\">\n<td style=\"width: 24.9513%; height: 39px;\">07.02.2023<br \/>\n14:00 &#8211; 20:00<\/td>\n<td style=\"width: 54.4819%; height: 39px;\">T\u00e4tigkeiten R\u00fcsthaus<br \/>\nInternet Kabel verlegt<\/td>\n<td style=\"width: 4.85601%; height: 39px;\">2<\/td>\n<td style=\"width: 35.278%; height: 39px;\"><\/td>\n<td style=\"width: 142.117%; height: 39px;\"><\/td>\n<\/tr>\n<tr style=\"height: 39px;\">\n<td style=\"width: 24.9513%; height: 39px;\">06.02.2023<br \/>\n19:00 &#8211; 22:00<\/td>\n<td style=\"width: 54.4819%; height: 39px;\">Besprechung Faschingsbars<\/td>\n<td style=\"width: 4.85601%; height: 39px;\">3<\/td>\n<td style=\"width: 35.278%; height: 39px;\"><\/td>\n<td style=\"width: 142.117%; height: 39px;\"><\/td>\n<\/tr>\n<tr style=\"height: 39px;\">\n<td style=\"width: 24.9513%; height: 39px;\">05.02.2023<br \/>\n09:00 &#8211; 13:00<\/td>\n<td style=\"width: 54.4819%; height: 39px;\">Wartungsarbeiten Schriftf\u00fchrer<\/td>\n<td style=\"width: 4.85601%; height: 39px;\">1<\/td>\n<td style=\"width: 35.278%; height: 39px;\"><\/td>\n<td style=\"width: 142.117%; height: 39px;\"><\/td>\n<\/tr>\n<tr style=\"height: 39px;\">\n<td style=\"width: 24.9513%; height: 39px;\">04.02.2023<br \/>\n19:00 &#8211; 23:59<\/td>\n<td style=\"width: 54.4819%; height: 39px;\">122. Wehrversammlung<br \/>\nGasthof Dornbusch<\/td>\n<td style=\"width: 4.85601%; height: 39px;\">35<\/td>\n<td style=\"width: 35.278%; height: 39px;\"><\/td>\n<td style=\"width: 142.117%; height: 39px;\"><\/td>\n<\/tr>\n<tr style=\"height: 39px;\">\n<td style=\"width: 24.9513%; height: 39px;\">02.02.2023<br \/>\n07:00 &#8211; 23:00<\/td>\n<td style=\"width: 54.4819%; height: 39px;\">Aufbaubesprechung Waldbrandfahrzeug neu &#8211; Gusswerk<\/td>\n<td style=\"width: 4.85601%; height: 39px;\">9<\/td>\n<td style=\"width: 35.278%; height: 39px;\">LKW-A<br \/>\nMTF-A<\/td>\n<td style=\"width: 142.117%; height: 39px;\"><\/td>\n<\/tr>\n<tr style=\"height: 39px;\">\n<td style=\"width: 24.9513%; height: 39px;\">28.-29.01.2023<br \/>\n08:00 &#8211; 03:00<\/td>\n<td style=\"width: 54.4819%; height: 39px;\">9. Wattturnier<\/td>\n<td style=\"width: 4.85601%; height: 39px;\">7<\/td>\n<td style=\"width: 35.278%; height: 39px;\"><\/td>\n<td style=\"width: 142.117%; height: 39px;\"><\/td>\n<\/tr>\n<tr style=\"height: 39px;\">\n<td style=\"width: 24.9513%; height: 39px;\">27.01.2023<br \/>\n18:00 &#8211; 23:00<\/td>\n<td style=\"width: 54.4819%; height: 39px;\">Kommandantenbesprechung A03<br \/>\nR\u00fcsthaus Stainach<\/td>\n<td style=\"width: 4.85601%; height: 39px;\">2<\/td>\n<td style=\"width: 35.278%; height: 39px;\">MTF-A<\/td>\n<td style=\"width: 142.117%; height: 39px;\"><\/td>\n<\/tr>\n<tr style=\"height: 39px;\">\n<td style=\"width: 24.9513%; height: 39px;\">20.01.2023<br \/>\n13:00 &#8211; 17:30<\/td>\n<td style=\"width: 54.4819%; height: 39px;\">Begr\u00e4bnis OLM Alfred Kapp<\/td>\n<td style=\"width: 4.85601%; height: 39px;\">12<\/td>\n<td style=\"width: 35.278%; height: 39px;\">MTF-A<\/td>\n<td style=\"width: 142.117%; height: 39px;\"><\/td>\n<\/tr>\n<tr style=\"height: 39px;\">\n<td style=\"width: 24.9513%; height: 39px;\">19.01.2023<br \/>\n18:00 &#8211; 21:30<\/td>\n<td style=\"width: 54.4819%; height: 39px;\">Bezirkskommandantenwahl<br \/>\nVolkshaus Liezen<\/td>\n<td style=\"width: 4.85601%; height: 39px;\">3<\/td>\n<td style=\"width: 35.278%; height: 39px;\">MTF-A<\/td>\n<td style=\"width: 142.117%; height: 39px;\"><\/td>\n<\/tr>\n<tr style=\"height: 39px;\">\n<td style=\"width: 24.9513%; height: 39px;\">19.01.2023<br \/>\n10:00 &#8211; 12:00<\/td>\n<td style=\"width: 54.4819%; height: 39px;\">Kondolieren OLM Kapp Alfred<\/td>\n<td style=\"width: 4.85601%; height: 39px;\">5<\/td>\n<td style=\"width: 35.278%; height: 39px;\">MTF-A<\/td>\n<td style=\"width: 142.117%; height: 39px;\"><\/td>\n<\/tr>\n<tr style=\"height: 39px;\">\n<td style=\"width: 24.9513%; height: 39px;\">17.01.2023<br \/>\n17:00 &#8211; 18:30<\/td>\n<td style=\"width: 54.4819%; height: 39px;\">Wartungsarbeiten Schriftf\u00fchrer\/HBI<\/td>\n<td style=\"width: 4.85601%; height: 39px;\">2<\/td>\n<td style=\"width: 35.278%; height: 39px;\"><\/td>\n<td style=\"width: 142.117%; height: 39px;\"><\/td>\n<\/tr>\n<tr style=\"height: 39px;\">\n<td style=\"width: 24.9513%; height: 39px;\">16.01.2023<br \/>\n19:00 &#8211; 22:00<\/td>\n<td style=\"width: 54.4819%; height: 39px;\">1.Ausschu\u00dfsitzung<\/td>\n<td style=\"width: 4.85601%; height: 39px;\">14<\/td>\n<td style=\"width: 35.278%; height: 39px;\"><\/td>\n<td style=\"width: 142.117%; height: 39px;\"><\/td>\n<\/tr>\n<tr style=\"height: 39px;\">\n<td style=\"width: 24.9513%; height: 39px;\">10.01.2023<br \/>\n13:00 &#8211; 17:30<\/td>\n<td style=\"width: 54.4819%; height: 39px;\">Wartungsarbeiten Schriftf\u00fchrer<\/td>\n<td style=\"width: 4.85601%; height: 39px;\">1<\/td>\n<td style=\"width: 35.278%; height: 39px;\"><\/td>\n<td style=\"width: 142.117%; height: 39px;\"><\/td>\n<\/tr>\n<tr style=\"height: 39px;\">\n<td style=\"width: 24.9513%; height: 39px;\">10.01.2023<br \/>\n09:00 &#8211; 12:00<\/td>\n<td style=\"width: 54.4819%; height: 39px;\">Fahrzeugbeschaffung HLF 2<\/td>\n<td style=\"width: 4.85601%; height: 39px;\">2<\/td>\n<td style=\"width: 35.278%; height: 39px;\"><\/td>\n<td style=\"width: 142.117%; height: 39px;\"><\/td>\n<\/tr>\n<tr style=\"height: 39px;\">\n<td style=\"width: 24.9513%; height: 39px;\">01.01.2023<br \/>\n09:00 &#8211; 13:00<\/td>\n<td style=\"width: 54.4819%; height: 39px;\">Wartungsarbeiten EDV<\/td>\n<td style=\"width: 4.85601%; height: 39px;\">1<\/td>\n<td style=\"width: 35.278%; height: 39px;\"><\/td>\n<td style=\"width: 142.117%; height: 39px;\"><\/td>\n<\/tr>\n<\/tbody>\n<\/table>\n<p><!--more--><\/p>\n<\/div><\/section>\n","protected":false},"excerpt":{"rendered":"<p>Datum\/Uhrzeit \u00a0T\u00e4tigkeiten \u00a0Mann \u00a0Fahrzeuge \u00a0Bericht 12.12.2023 08:00 &#8211; 14:00 Wartungsarbeiten KFZ Unimog von Fa. FMG &#8211; Gu\u00dfwerk abgeholt 2 10.12.2023 07:00 &#8211; 19:00 IBU Weltcuprennen Biathlon Hochfilzen 10 06.12.2023 15:00 &#8211; 17:00 Wartungsarbeiten KFZ 1 05.12.2023 07:00 &#8211; 10:00 Wartungsarbeiten Schriftf\u00fchrer 1 04.12.2023 07:00 &#8211; 12:30 Wartungsarbeiten KFZ Unimog zu Fa. FMG &#8211; Gu\u00dfwerk \u00fcberstellt [&hellip;]<\/p>\n","protected":false},"author":1,"featured_media":0,"parent":5196,"menu_order":2,"comment_status":"closed","ping_status":"closed","template":"","meta":{"footnotes":""},"class_list":["post-5207","page","type-page","status-publish","hentry"],"jetpack_sharing_enabled":true,"_links":{"self":[{"href":"https:\/\/www.feuerwehr-aigen.at\/index.php?rest_route=\/wp\/v2\/pages\/5207","targetHints":{"allow":["GET"]}}],"collection":[{"href":"https:\/\/www.feuerwehr-aigen.at\/index.php?rest_route=\/wp\/v2\/pages"}],"about":[{"href":"https:\/\/www.feuerwehr-aigen.at\/index.php?rest_route=\/wp\/v2\/types\/page"}],"author":[{"embeddable":true,"href":"https:\/\/www.feuerwehr-aigen.at\/index.php?rest_route=\/wp\/v2\/users\/1"}],"replies":[{"embeddable":true,"href":"https:\/\/www.feuerwehr-aigen.at\/index.php?rest_route=%2Fwp%2Fv2%2Fcomments&post=5207"}],"version-history":[{"count":70,"href":"https:\/\/www.feuerwehr-aigen.at\/index.php?rest_route=\/wp\/v2\/pages\/5207\/revisions"}],"predecessor-version":[{"id":5690,"href":"https:\/\/www.feuerwehr-aigen.at\/index.php?rest_route=\/wp\/v2\/pages\/5207\/revisions\/5690"}],"up":[{"embeddable":true,"href":"https:\/\/www.feuerwehr-aigen.at\/index.php?rest_route=\/wp\/v2\/pages\/5196"}],"wp:attachment":[{"href":"https:\/\/www.feuerwehr-aigen.at\/index.php?rest_route=%2Fwp%2Fv2%2Fmedia&parent=5207"}],"curies":[{"name":"wp","href":"https:\/\/api.w.org\/{rel}","templated":true}]}}