{"id":5204,"date":"2023-01-07T02:27:55","date_gmt":"2023-01-07T01:27:55","guid":{"rendered":"https:\/\/www.feuerwehr-aigen.at\/?page_id=5204"},"modified":"2023-11-29T06:15:14","modified_gmt":"2023-11-29T05:15:14","slug":"uebungen-2023","status":"publish","type":"page","link":"https:\/\/www.feuerwehr-aigen.at\/?page_id=5204","title":{"rendered":"\u00dcbungen 2023"},"content":{"rendered":"<section class=\"av_textblock_section \"  itemscope=\"itemscope\" itemtype=\"https:\/\/schema.org\/CreativeWork\" ><div class='avia_textblock  '   itemprop=\"text\" ><table style=\"width: 97.3076%; height: 1433px;\">\n<tbody>\n<tr style=\"height: 15px;\">\n<td style=\"width: 22.8571%; height: 15px;\"><strong> <b>Datum\/Uhrzeit<\/b><\/strong><\/td>\n<td style=\"width: 43.3115%; height: 15px;\"><strong>\u00a0\u00dcbungsbeschreibung 2023<\/strong><\/td>\n<td style=\"width: 11.8883%; height: 15px;\"><strong>\u00a0Mann<\/strong><\/td>\n<td style=\"width: 11.9959%; height: 15px;\"><\/td>\n<td style=\"width: 99.8995%; height: 15px;\"><\/td>\n<\/tr>\n<tr>\n<td style=\"width: 22.8571%;\">28.11.2023<br \/>\n12:00 &#8211; 17:30<\/td>\n<td style=\"width: 43.3115%;\">Blackout\u00fcbung mit Gemeindeeinsatzstab<\/td>\n<td style=\"width: 11.8883%;\">3<\/td>\n<td style=\"width: 11.9959%;\"><\/td>\n<td style=\"width: 99.8995%;\"><\/td>\n<\/tr>\n<tr>\n<td style=\"width: 22.8571%;\">26.10.2023<br \/>\n09:00 &#8211; 16:00<\/td>\n<td style=\"width: 43.3115%;\">10.Monats\u00fcbung<br \/>\nB\u00fcrogeb\u00e4udebrand mit 4 vermi\u00dften Personen<\/td>\n<td style=\"width: 11.8883%;\">24<\/td>\n<td style=\"width: 11.9959%;\">TLF-A<br \/>\nKLF-A<br \/>\nMTF-A<\/td>\n<td style=\"width: 99.8995%;\"><\/td>\n<\/tr>\n<tr>\n<td style=\"width: 22.8571%;\">22.10.2023<br \/>\n08:00 &#8211; 12:00<\/td>\n<td style=\"width: 43.3115%;\">\u00d6FAST<\/td>\n<td style=\"width: 11.8883%;\">24<\/td>\n<td style=\"width: 11.9959%;\"><\/td>\n<td style=\"width: 99.8995%;\"><\/td>\n<\/tr>\n<tr>\n<td style=\"width: 22.8571%;\">07.10.2023<br \/>\n18:00 &#8211; 21:30<\/td>\n<td style=\"width: 43.3115%;\">Gemeinschafts\u00fcbung mit FF Lantschern<br \/>\nim Ortsteil Gatschen<\/td>\n<td style=\"width: 11.8883%;\">11<\/td>\n<td style=\"width: 11.9959%;\">TLF-A<br \/>\nKLF-A<\/td>\n<td style=\"width: 99.8995%;\"><\/td>\n<\/tr>\n<tr>\n<td style=\"width: 22.8571%;\">27.09.2023<br \/>\n10:00 &#8211; 12:00<\/td>\n<td style=\"width: 43.3115%;\">R\u00e4umungs\u00fcbung Volksschule Aigen<\/td>\n<td style=\"width: 11.8883%;\">10<\/td>\n<td style=\"width: 11.9959%;\">TLF-A<br \/>\nKLF-A<\/td>\n<td style=\"width: 99.8995%;\"><\/td>\n<\/tr>\n<tr style=\"height: 39px;\">\n<td style=\"width: 22.8571%; height: 39px;\">23.09.2023<br \/>\n13:00 &#8211; 21:00<\/td>\n<td style=\"width: 43.3115%; height: 39px;\">Abschnitts\u00fcbung des A03 &#8211; Irdning in Lantschern<br \/>\nB15 &#8211; Industriebrand Fa.Danglmaier<\/td>\n<td style=\"width: 11.8883%; height: 39px;\">14<\/td>\n<td style=\"width: 11.9959%; height: 39px;\">TLF-A<br \/>\nKLF-A<br \/>\nMTF-A<\/td>\n<td style=\"width: 99.8995%; height: 39px;\"><\/td>\n<\/tr>\n<tr style=\"height: 39px;\">\n<td style=\"width: 22.8571%; height: 39px;\">13.09.2023<br \/>\n18:30 &#8211; 22:00<\/td>\n<td style=\"width: 43.3115%; height: 39px;\">9. Monats\u00fcbung<br \/>\nWerkstattbrand und MRAS<\/td>\n<td style=\"width: 11.8883%; height: 39px;\">15<\/td>\n<td style=\"width: 11.9959%; height: 39px;\">TLF-A<br \/>\nKLF-A<\/td>\n<td style=\"width: 99.8995%; height: 39px;\"><\/td>\n<\/tr>\n<tr style=\"height: 39px;\">\n<td style=\"width: 22.8571%; height: 39px;\">01.09.2023<br \/>\n18:30 &#8211; 23:30<\/td>\n<td style=\"width: 43.3115%; height: 39px;\">8.Monats\u00fcbung<br \/>\nGemeinschafts\u00fcbung mit D\u00f6llach u. Lassing<\/td>\n<td style=\"width: 11.8883%; height: 39px;\">9<\/td>\n<td style=\"width: 11.9959%; height: 39px;\">TLF-A<\/td>\n<td style=\"width: 99.8995%; height: 39px;\"><\/td>\n<\/tr>\n<tr style=\"height: 39px;\">\n<td style=\"width: 22.8571%; height: 39px;\">11.08.2023<br \/>\n18:30 &#8211; 21:00<\/td>\n<td style=\"width: 43.3115%; height: 39px;\">7.Monats\u00fcbung<br \/>\nMenschenrettung mit schwerem Atemschutz<\/td>\n<td style=\"width: 11.8883%; height: 39px;\">16<\/td>\n<td style=\"width: 11.9959%; height: 39px;\">TLF-A<br \/>\nKLF-A<\/td>\n<td style=\"width: 99.8995%; height: 39px;\"><\/td>\n<\/tr>\n<tr style=\"height: 39px;\">\n<td style=\"width: 22.8571%; height: 39px;\">09.08.2023<br \/>\n18:30 &#8211; 21:00<\/td>\n<td style=\"width: 43.3115%; height: 39px;\">Atemschutzschulung<\/td>\n<td style=\"width: 11.8883%; height: 39px;\">10<\/td>\n<td style=\"width: 11.9959%; height: 39px;\">TLF-A<\/td>\n<td style=\"width: 99.8995%; height: 39px;\"><\/td>\n<\/tr>\n<tr style=\"height: 39px;\">\n<td style=\"width: 22.8571%; height: 39px;\">06.07 &#8211; 08.07.2023<br \/>\n05:30 &#8211; 19:00<\/td>\n<td style=\"width: 43.3115%; height: 39px;\">Atemschutzger\u00e4tetr\u00e4gerkurs in der LFZS Lebring<\/td>\n<td style=\"width: 11.8883%; height: 39px;\">2<\/td>\n<td style=\"width: 11.9959%; height: 39px;\"><\/td>\n<td style=\"width: 99.8995%; height: 39px;\"><\/td>\n<\/tr>\n<tr style=\"height: 58px;\">\n<td style=\"width: 22.8571%; height: 58px;\">05.07.2023<br \/>\n18:00 &#8211; 22:00<\/td>\n<td style=\"width: 43.3115%; height: 58px;\">6. Monats\u00fcbung<br \/>\nGemeinschafts\u00fcbung mit FF W\u00f6rschach bei der Kl\u00e4ranlage<\/td>\n<td style=\"width: 11.8883%; height: 58px;\">18<\/td>\n<td style=\"width: 11.9959%; height: 58px;\">TLF-A<br \/>\nKLF-A<br \/>\nMTF-A<\/td>\n<td style=\"width: 99.8995%; height: 58px;\"><\/td>\n<\/tr>\n<tr style=\"height: 39px;\">\n<td style=\"width: 22.8571%; height: 39px;\">29.06.2023<br \/>\n17:00 &#8211; 19:30<\/td>\n<td style=\"width: 43.3115%; height: 39px;\">Jugend\u00fcbung<\/td>\n<td style=\"width: 11.8883%; height: 39px;\">6<\/td>\n<td style=\"width: 11.9959%; height: 39px;\">MTF-A<\/td>\n<td style=\"width: 99.8995%; height: 39px;\"><\/td>\n<\/tr>\n<tr style=\"height: 39px;\">\n<td style=\"width: 22.8571%; height: 39px;\">22.06.2023<br \/>\n18:30 &#8211; 21:30<\/td>\n<td style=\"width: 43.3115%; height: 39px;\">Abschnittsfunk\u00fcbung Unterburg<\/td>\n<td style=\"width: 11.8883%; height: 39px;\">5<\/td>\n<td style=\"width: 11.9959%; height: 39px;\">MTF-A<\/td>\n<td style=\"width: 99.8995%; height: 39px;\"><\/td>\n<\/tr>\n<tr style=\"height: 39px;\">\n<td style=\"width: 22.8571%; height: 39px;\">20.06.2023<br \/>\n17:00 &#8211; 19:00<\/td>\n<td style=\"width: 43.3115%; height: 39px;\">Jugend\u00fcbung<\/td>\n<td style=\"width: 11.8883%; height: 39px;\">6<\/td>\n<td style=\"width: 11.9959%; height: 39px;\">MTF-A<\/td>\n<td style=\"width: 99.8995%; height: 39px;\"><\/td>\n<\/tr>\n<tr style=\"height: 39px;\">\n<td style=\"width: 22.8571%; height: 39px;\">17.06.2023<br \/>\n18:00 -18:30<\/td>\n<td style=\"width: 43.3115%; height: 39px;\">GAB \u00dcbung<\/td>\n<td style=\"width: 11.8883%; height: 39px;\">2<\/td>\n<td style=\"width: 11.9959%; height: 39px;\"><\/td>\n<td style=\"width: 99.8995%; height: 39px;\"><\/td>\n<\/tr>\n<tr style=\"height: 58px;\">\n<td style=\"width: 22.8571%; height: 58px;\">14.06.2023<\/td>\n<td style=\"width: 43.3115%; height: 58px;\">5.Monats\u00fcbung<br \/>\nBioenergie Aigen<\/td>\n<td style=\"width: 11.8883%; height: 58px;\">23<\/td>\n<td style=\"width: 11.9959%; height: 58px;\">TLF-A<br \/>\nKLF-A<br \/>\nLKW-A<\/td>\n<td style=\"width: 99.8995%; height: 58px;\"><\/td>\n<\/tr>\n<tr style=\"height: 39px;\">\n<td style=\"width: 22.8571%; height: 39px;\">12.06.2023<br \/>\n18:00 &#8211; 20:00<\/td>\n<td style=\"width: 43.3115%; height: 39px;\">Jugend\u00fcbung<\/td>\n<td style=\"width: 11.8883%; height: 39px;\">6<\/td>\n<td style=\"width: 11.9959%; height: 39px;\">MTF-A<\/td>\n<td style=\"width: 99.8995%; height: 39px;\"><\/td>\n<\/tr>\n<tr style=\"height: 39px;\">\n<td style=\"width: 22.8571%; height: 39px;\">08.06.2023<br \/>\n17:00 &#8211; 20:00<\/td>\n<td style=\"width: 43.3115%; height: 39px;\">Jugend\u00fcbung<\/td>\n<td style=\"width: 11.8883%; height: 39px;\">6<\/td>\n<td style=\"width: 11.9959%; height: 39px;\">MTF-A<\/td>\n<td style=\"width: 99.8995%; height: 39px;\"><\/td>\n<\/tr>\n<tr style=\"height: 19px;\">\n<td style=\"width: 22.8571%; height: 19px;\">03.06.2023<br \/>\n<span style=\"font-family: inherit;\">08:45 &#8211; 11:15<\/span><\/td>\n<td style=\"width: 43.3115%; height: 19px;\">Jugend\u00fcbung<\/td>\n<td style=\"width: 11.8883%; height: 19px;\">4<\/td>\n<td style=\"width: 11.9959%; height: 19px;\">KLF-A<\/td>\n<td style=\"width: 99.8995%; height: 19px;\"><\/td>\n<\/tr>\n<tr style=\"height: 39px;\">\n<td style=\"width: 22.8571%; height: 39px;\">22.-25.05.2023<br \/>\n06:00 &#8211; 19:00<\/td>\n<td style=\"width: 43.3115%; height: 39px;\">Kurs F\u00fchren 1 in der LFZS Schule in Lebring<\/td>\n<td style=\"width: 11.8883%; height: 39px;\">2<\/td>\n<td style=\"width: 11.9959%; height: 39px;\"><\/td>\n<td style=\"width: 99.8995%; height: 39px;\"><\/td>\n<\/tr>\n<tr style=\"height: 58px;\">\n<td style=\"width: 22.8571%; height: 58px;\">10.05.2023<br \/>\n18:00 &#8211; 21:00<\/td>\n<td style=\"width: 43.3115%; height: 58px;\">4.Monats\u00fcbung<br \/>\nKellerbrand Ritzmannsdorf<\/td>\n<td style=\"width: 11.8883%; height: 58px;\">13<\/td>\n<td style=\"width: 11.9959%; height: 58px;\">TLF-A<br \/>\nKLF-A<br \/>\nMTF-A<\/td>\n<td style=\"width: 99.8995%; height: 58px;\"><\/td>\n<\/tr>\n<tr style=\"height: 39px;\">\n<td style=\"width: 22.8571%; height: 39px;\">29.04.2023<br \/>\n06:00 &#8211; 20:00<\/td>\n<td style=\"width: 43.3115%; height: 39px;\">Flugdienst\u00fcbung Oberw\u00f6lz<\/td>\n<td style=\"width: 11.8883%; height: 39px;\">9<\/td>\n<td style=\"width: 11.9959%; height: 39px;\">MTF-A<br \/>\nLKW-A<\/td>\n<td style=\"width: 99.8995%; height: 39px;\"><\/td>\n<\/tr>\n<tr style=\"height: 58px;\">\n<td style=\"width: 22.8571%; height: 58px;\">22.04.2023<br \/>\n07:00 &#8211; 15:00<\/td>\n<td style=\"width: 43.3115%; height: 58px;\">Leistungs\u00fcberpr\u00fcfung Flugdienst der Staffeln Nord und West<br \/>\ngeg. Kraftwerk Gulling<\/td>\n<td style=\"width: 11.8883%; height: 58px;\">9<\/td>\n<td style=\"width: 11.9959%; height: 58px;\">KLF-A<br \/>\nLKW-A<\/td>\n<td style=\"width: 99.8995%; height: 58px;\"><\/td>\n<\/tr>\n<tr style=\"height: 39px;\">\n<td style=\"width: 22.8571%; height: 39px;\">20.04.2023<br \/>\n15:00 &#8211; 17:00<\/td>\n<td style=\"width: 43.3115%; height: 39px;\">Seilgel\u00e4nder f\u00fcr die Flugdienst\u00fcbung aufgebaut<\/td>\n<td style=\"width: 11.8883%; height: 39px;\">2<\/td>\n<td style=\"width: 11.9959%; height: 39px;\"><\/td>\n<td style=\"width: 99.8995%; height: 39px;\"><\/td>\n<\/tr>\n<tr style=\"height: 58px;\">\n<td style=\"width: 22.8571%; height: 58px;\">18.04.2023<br \/>\n18:00 &#8211; 22:00<\/td>\n<td style=\"width: 43.3115%; height: 58px;\">Flughelferschulung\u00a0 &#8211; Flugdienststaffel Nord in Admont<br \/>\nKnoten und Seiltechnik<\/td>\n<td style=\"width: 11.8883%; height: 58px;\">4<\/td>\n<td style=\"width: 11.9959%; height: 58px;\">MTF-A<\/td>\n<td style=\"width: 99.8995%; height: 58px;\"><\/td>\n<\/tr>\n<tr style=\"height: 58px;\">\n<td style=\"width: 22.8571%; height: 58px;\">15.04.2023<br \/>\n07:00 &#8211; 18:00<\/td>\n<td style=\"width: 43.3115%; height: 58px;\">Abschnittsatemschutz\u00fcbung<br \/>\nehem. LBS<\/td>\n<td style=\"width: 11.8883%; height: 58px;\">8<\/td>\n<td style=\"width: 11.9959%; height: 58px;\">11 Feuerwehren<br \/>\nA03 Irdning<\/td>\n<td style=\"width: 99.8995%; height: 58px;\"><\/td>\n<\/tr>\n<tr style=\"height: 39px;\">\n<td style=\"width: 22.8571%; height: 39px;\">12.04.2023<br \/>\n18:30 &#8211; 21:00<\/td>\n<td style=\"width: 43.3115%; height: 39px;\">3. Monats\u00fcbung<br \/>\nWaldbrandger\u00e4tschaften,MRAS<\/td>\n<td style=\"width: 11.8883%; height: 39px;\">14<\/td>\n<td style=\"width: 11.9959%; height: 39px;\">LKW-A<br \/>\nKLF-A<\/td>\n<td style=\"width: 99.8995%; height: 39px;\"><\/td>\n<\/tr>\n<tr style=\"height: 39px;\">\n<td style=\"width: 22.8571%; height: 39px;\">11.04.2023<br \/>\n18:00 &#8211; 20:30<\/td>\n<td style=\"width: 43.3115%; height: 39px;\">Jugend\u00fcbung f\u00fcr Wissenstest<\/td>\n<td style=\"width: 11.8883%; height: 39px;\">9<\/td>\n<td style=\"width: 11.9959%; height: 39px;\"><\/td>\n<td style=\"width: 99.8995%; height: 39px;\"><\/td>\n<\/tr>\n<tr style=\"height: 39px;\">\n<td style=\"width: 22.8571%; height: 39px;\">06.04.2023<br \/>\n18:00 &#8211; 20:00<\/td>\n<td style=\"width: 43.3115%; height: 39px;\">Jugend\u00fcbung f\u00fcr Wissenstest<\/td>\n<td style=\"width: 11.8883%; height: 39px;\">7<\/td>\n<td style=\"width: 11.9959%; height: 39px;\"><\/td>\n<td style=\"width: 99.8995%; height: 39px;\"><\/td>\n<\/tr>\n<tr style=\"height: 39px;\">\n<td style=\"width: 22.8571%; height: 39px;\">04.04.2023<br \/>\n17:45 &#8211; 19:45<\/td>\n<td style=\"width: 43.3115%; height: 39px;\">Jugend\u00fcbung f\u00fcr Wissenstest<\/td>\n<td style=\"width: 11.8883%; height: 39px;\">8<\/td>\n<td style=\"width: 11.9959%; height: 39px;\"><\/td>\n<td style=\"width: 99.8995%; height: 39px;\"><\/td>\n<\/tr>\n<tr style=\"height: 39px;\">\n<td style=\"width: 22.8571%; height: 39px;\">01.04.2023<br \/>\n14:00 &#8211; 16:30<\/td>\n<td style=\"width: 43.3115%; height: 39px;\">Jugend\u00fcbung f\u00fcr Wissenstest<\/td>\n<td style=\"width: 11.8883%; height: 39px;\">9<\/td>\n<td style=\"width: 11.9959%; height: 39px;\"><\/td>\n<td style=\"width: 99.8995%; height: 39px;\"><\/td>\n<\/tr>\n<tr style=\"height: 58px;\">\n<td style=\"width: 22.8571%; height: 58px;\">22.03.2023<br \/>\n18:30 &#8211; 21:00<\/td>\n<td style=\"width: 43.3115%; height: 58px;\">MRAS &#8211; Schulung<br \/>\nKnotenkunde,Seilgel\u00e4nder,gesicherter Vorstieg<\/td>\n<td style=\"width: 11.8883%; height: 58px;\">14<\/td>\n<td style=\"width: 11.9959%; height: 58px;\">TLF-A<br \/>\nKLF-A<\/td>\n<td style=\"width: 99.8995%; height: 58px;\"><\/td>\n<\/tr>\n<tr style=\"height: 39px;\">\n<td style=\"width: 22.8571%; height: 39px;\">18.03.2023<br \/>\n08:00 &#8211; 12:30<\/td>\n<td style=\"width: 43.3115%; height: 39px;\">AKL Test &#8211; LFA Dr. Rampler<br \/>\nLiezen<\/td>\n<td style=\"width: 11.8883%; height: 39px;\">8<\/td>\n<td style=\"width: 11.9959%; height: 39px;\"><\/td>\n<td style=\"width: 99.8995%; height: 39px;\"><\/td>\n<\/tr>\n<tr style=\"height: 39px;\">\n<td style=\"width: 22.8571%; height: 39px;\">18.03.2023<br \/>\n13:00 &#8211; 18:30<\/td>\n<td style=\"width: 43.3115%; height: 39px;\">Funk\u00fcbung &#8211; Blackout &#8211; Funkverbindung<br \/>\nBOS,4m Funk ausprobiert,Bergrettung,Rettung<\/td>\n<td style=\"width: 11.8883%; height: 39px;\">3<\/td>\n<td style=\"width: 11.9959%; height: 39px;\"><\/td>\n<td style=\"width: 99.8995%; height: 39px;\"><\/td>\n<\/tr>\n<tr style=\"height: 39px;\">\n<td style=\"width: 22.8571%; height: 39px;\">08.03.2023<br \/>\n18:30 &#8211; 21:30<\/td>\n<td style=\"width: 43.3115%; height: 39px;\">2.Monats\u00fcbung<br \/>\nSaugleitung,L\u00f6schleitung<\/td>\n<td style=\"width: 11.8883%; height: 39px;\">19<\/td>\n<td style=\"width: 11.9959%; height: 39px;\">KLF-A<br \/>\nTLF-A<\/td>\n<td style=\"width: 99.8995%; height: 39px;\"><\/td>\n<\/tr>\n<tr style=\"height: 19px;\">\n<td style=\"width: 22.8571%; height: 19px;\">01.03.2023<br \/>\n18:30 &#8211; 21:30<\/td>\n<td style=\"width: 43.3115%; height: 19px;\">Funkschulung<br \/>\n(Neuerungen Digitalfunk)<\/td>\n<td style=\"width: 11.8883%; height: 19px;\">15<\/td>\n<td style=\"width: 11.9959%; height: 19px;\"><\/td>\n<td style=\"width: 99.8995%; height: 19px;\"><\/td>\n<\/tr>\n<tr style=\"height: 29px;\">\n<td style=\"width: 22.8571%; height: 29px;\">08.02.2023<br \/>\n18:30 &#8211; 22:00<\/td>\n<td style=\"width: 43.3115%; height: 29px;\">1. Monats\u00fcbung<br \/>\nStationsbetrieb<\/td>\n<td style=\"width: 11.8883%; height: 29px;\">19<\/td>\n<td style=\"width: 11.9959%; height: 29px;\"><\/td>\n<td style=\"width: 99.8995%; height: 29px;\"><\/td>\n<\/tr>\n<tr style=\"height: 48px;\">\n<td style=\"width: 22.8571%; height: 48px;\">06.02.2023<br \/>\n18:00 &#8211; 19:30<\/td>\n<td style=\"width: 43.3115%; height: 48px;\">AKL Test<br \/>\nLFA Dr. Rampler<\/td>\n<td style=\"width: 11.8883%; height: 48px;\">2<\/td>\n<td style=\"width: 11.9959%; height: 48px;\"><\/td>\n<td style=\"width: 99.8995%; height: 48px;\"><\/td>\n<\/tr>\n<\/tbody>\n<\/table>\n<\/div><\/section>\n","protected":false},"excerpt":{"rendered":"","protected":false},"author":1,"featured_media":0,"parent":5196,"menu_order":1,"comment_status":"closed","ping_status":"closed","template":"","meta":{"footnotes":""},"class_list":["post-5204","page","type-page","status-publish","hentry"],"jetpack_sharing_enabled":true,"_links":{"self":[{"href":"https:\/\/www.feuerwehr-aigen.at\/index.php?rest_route=\/wp\/v2\/pages\/5204","targetHints":{"allow":["GET"]}}],"collection":[{"href":"https:\/\/www.feuerwehr-aigen.at\/index.php?rest_route=\/wp\/v2\/pages"}],"about":[{"href":"https:\/\/www.feuerwehr-aigen.at\/index.php?rest_route=\/wp\/v2\/types\/page"}],"author":[{"embeddable":true,"href":"https:\/\/www.feuerwehr-aigen.at\/index.php?rest_route=\/wp\/v2\/users\/1"}],"replies":[{"embeddable":true,"href":"https:\/\/www.feuerwehr-aigen.at\/index.php?rest_route=%2Fwp%2Fv2%2Fcomments&post=5204"}],"version-history":[{"count":42,"href":"https:\/\/www.feuerwehr-aigen.at\/index.php?rest_route=\/wp\/v2\/pages\/5204\/revisions"}],"predecessor-version":[{"id":5652,"href":"https:\/\/www.feuerwehr-aigen.at\/index.php?rest_route=\/wp\/v2\/pages\/5204\/revisions\/5652"}],"up":[{"embeddable":true,"href":"https:\/\/www.feuerwehr-aigen.at\/index.php?rest_route=\/wp\/v2\/pages\/5196"}],"wp:attachment":[{"href":"https:\/\/www.feuerwehr-aigen.at\/index.php?rest_route=%2Fwp%2Fv2%2Fmedia&parent=5204"}],"curies":[{"name":"wp","href":"https:\/\/api.w.org\/{rel}","templated":true}]}}