{"id":5202,"date":"2023-01-07T02:28:57","date_gmt":"2023-01-07T01:28:57","guid":{"rendered":"https:\/\/www.feuerwehr-aigen.at\/?page_id=5202"},"modified":"2023-12-31T08:52:52","modified_gmt":"2023-12-31T07:52:52","slug":"einsaetze-2023","status":"publish","type":"page","link":"https:\/\/www.feuerwehr-aigen.at\/?page_id=5202","title":{"rendered":"Eins\u00e4tze 2023"},"content":{"rendered":"<section class=\"av_textblock_section \"  itemscope=\"itemscope\" itemtype=\"https:\/\/schema.org\/CreativeWork\" ><div class='avia_textblock  '   itemprop=\"text\" ><table style=\"width: 98.0668%; height: 2843px;\">\n<tbody>\n<tr style=\"height: 23px;\">\n<td style=\"width: 12.651%; height: 23px;\"><strong>\u00a0Alarmierung<\/strong><\/td>\n<td style=\"width: 52.2572%; height: 23px;\"><strong>\u00a0Einsatzbeschreibung 2023<\/strong><\/td>\n<td style=\"width: 6.8258%; height: 23px;\"><strong>\u00a0Mann<\/strong><\/td>\n<td style=\"width: 17.6501%; height: 23px;\"><strong>\u00a0Fahrzeuge<\/strong><\/td>\n<td style=\"width: 134.607%; height: 23px;\"><strong>\u00a0Bericht<\/strong><\/td>\n<\/tr>\n<tr>\n<td style=\"width: 12.651%;\">30.12.2023<br \/>\n09:46 &#8211; 13:00<\/td>\n<td style=\"width: 52.2572%;\">T11 &#8211; Menschenrettung<br \/>\nPerson unter Baum eingeklemmt &#8211; H\u00f6he Rastanger<\/td>\n<td style=\"width: 6.8258%;\">18<\/td>\n<td style=\"width: 17.6501%;\">TLF-A,KLF.A,MTF-A<br \/>\nNAH 14,Rettung,Polizei,Bergrettung<\/td>\n<td style=\"width: 134.607%;\"><\/td>\n<\/tr>\n<tr>\n<td style=\"width: 12.651%;\">27.12.2023<br \/>\n08:00 &#8211; 11:00<\/td>\n<td style=\"width: 52.2572%;\">T04 &#8211; Pumparbeiten<br \/>\nPastoralhaus<\/td>\n<td style=\"width: 6.8258%;\">4<\/td>\n<td style=\"width: 17.6501%;\">TLF-A<br \/>\nKLF-A<\/td>\n<td style=\"width: 134.607%;\"><\/td>\n<\/tr>\n<tr>\n<td style=\"width: 12.651%;\">25.12.2023<br \/>\n10:35 &#8211; 12:00<\/td>\n<td style=\"width: 52.2572%;\">T04 &#8211; Pumparbeiten<br \/>\nKeller unter Wasser in Hohenberg<\/td>\n<td style=\"width: 6.8258%;\">14<\/td>\n<td style=\"width: 17.6501%;\">TLF-A<br \/>\nKLF-A<\/td>\n<td style=\"width: 134.607%;\"><\/td>\n<\/tr>\n<tr>\n<td style=\"width: 12.651%;\">24.12.2023<br \/>\n14:00 &#8211; 16:00<\/td>\n<td style=\"width: 52.2572%;\">T04 &#8211; Pumparbeiten<br \/>\nKeller droht \u00fcberflutet zu werden &#8211; Sallaberg\/See<\/td>\n<td style=\"width: 6.8258%;\">8<\/td>\n<td style=\"width: 17.6501%;\">KLF-A<\/td>\n<td style=\"width: 134.607%;\"><\/td>\n<\/tr>\n<tr>\n<td style=\"width: 12.651%;\">24.12.2023<br \/>\n11:57 &#8211; 16:00<\/td>\n<td style=\"width: 52.2572%;\">T04 &#8211; Pumparbeiten<br \/>\nPastoralhaus<\/td>\n<td style=\"width: 6.8258%;\">9<\/td>\n<td style=\"width: 17.6501%;\">TLF-A<br \/>\nKLF-A<\/td>\n<td style=\"width: 134.607%;\"><\/td>\n<\/tr>\n<tr>\n<td style=\"width: 12.651%;\">23.12.2023<br \/>\n23:16 &#8211; 23:59<\/td>\n<td style=\"width: 52.2572%;\">T04 &#8211; Pumparbeiten<br \/>\nKeller unter Wasser in Ketten<\/td>\n<td style=\"width: 6.8258%;\">7<\/td>\n<td style=\"width: 17.6501%;\">TLF-A<br \/>\nKLF-A<\/td>\n<td style=\"width: 134.607%;\"><\/td>\n<\/tr>\n<tr>\n<td style=\"width: 12.651%;\">23.12.2023<br \/>\n19:27 &#8211; 21:30<\/td>\n<td style=\"width: 52.2572%;\">T04\u00a0 &#8211; Pumparbeiten<br \/>\nKeller unter Wasser in Schlattham<\/td>\n<td style=\"width: 6.8258%;\">14<\/td>\n<td style=\"width: 17.6501%;\">TLF-A<br \/>\nKLF-A<\/td>\n<td style=\"width: 134.607%;\"><\/td>\n<\/tr>\n<tr>\n<td style=\"width: 12.651%;\">23.12.2023<br \/>\n18:00 &#8211; 19:00<\/td>\n<td style=\"width: 52.2572%;\">T07 &#8211; Unwetter<br \/>\nBach droht \u00fcber das Ufer zu treten (Sands\u00e4cke aufgebaut)<\/td>\n<td style=\"width: 6.8258%;\">15<\/td>\n<td style=\"width: 17.6501%;\">TLF-A<br \/>\nKLF-A<\/td>\n<td style=\"width: 134.607%;\"><\/td>\n<\/tr>\n<tr>\n<td style=\"width: 12.651%;\">23.12.2023<br \/>\n16:49 &#8211; 18:00<\/td>\n<td style=\"width: 52.2572%;\">T07 &#8211; Unwetter<br \/>\nStra\u00dfe vermurt kurz vor Fischern<\/td>\n<td style=\"width: 6.8258%;\">14<\/td>\n<td style=\"width: 17.6501%;\">TLF-A<br \/>\nKLF-A<\/td>\n<td style=\"width: 134.607%;\"><\/td>\n<\/tr>\n<tr>\n<td style=\"width: 12.651%;\">23.12.2023<br \/>\n04:16 &#8211; 05:30<\/td>\n<td style=\"width: 52.2572%;\">T01 &#8211; B\u00e4ume \u00fcber Stra\u00dfe<br \/>\nGatschen<\/td>\n<td style=\"width: 6.8258%;\">12<\/td>\n<td style=\"width: 17.6501%;\">TLF-A<br \/>\nKLF-A<\/td>\n<td style=\"width: 134.607%;\"><\/td>\n<\/tr>\n<tr>\n<td style=\"width: 12.651%;\">23.12.2023<br \/>\n01:46 &#8211; 02:46<\/td>\n<td style=\"width: 52.2572%;\">T01 &#8211; B\u00e4ume \u00fcber Stra\u00dfe<br \/>\nKetten L741<\/td>\n<td style=\"width: 6.8258%;\">11<\/td>\n<td style=\"width: 17.6501%;\">TLF-A<br \/>\nKLF-A<\/td>\n<td style=\"width: 134.607%;\"><\/td>\n<\/tr>\n<tr>\n<td style=\"width: 12.651%;\">23.12.2023<br \/>\n00:22 &#8211; 00:55<\/td>\n<td style=\"width: 52.2572%;\">T01 &#8211; B\u00e4ume \u00fcber Stra\u00dfe<br \/>\nSchlattham L741<\/td>\n<td style=\"width: 6.8258%;\">13<\/td>\n<td style=\"width: 17.6501%;\">TLF-A<br \/>\nKLF-A<\/td>\n<td style=\"width: 134.607%;\"><\/td>\n<\/tr>\n<tr>\n<td style=\"width: 12.651%;\">22.12.2023<br \/>\n15:07 &#8211; 16:00<\/td>\n<td style=\"width: 52.2572%;\">T04 &#8211; Pumparbeiten<br \/>\nSchlattham<\/td>\n<td style=\"width: 6.8258%;\">7<\/td>\n<td style=\"width: 17.6501%;\">KLF-A<\/td>\n<td style=\"width: 134.607%;\"><\/td>\n<\/tr>\n<tr style=\"height: 39px;\">\n<td style=\"width: 12.651%; height: 39px;\">07.12.2023<br \/>\n14:44 &#8211; 15:44<\/td>\n<td style=\"width: 52.2572%; height: 39px;\">T03 &#8211; VU &#8211; LKW steckt in Unterf\u00fchrung fest<br \/>\nTennisplatz Stainach unter B320<\/td>\n<td style=\"width: 6.8258%; height: 39px;\">9<\/td>\n<td style=\"width: 17.6501%; height: 39px;\">TLF-A<\/td>\n<td style=\"width: 134.607%; height: 39px;\"><\/td>\n<\/tr>\n<tr style=\"height: 39px;\">\n<td style=\"width: 12.651%; height: 39px;\">02.12.2023<br \/>\n18:00 &#8211; 18:30<\/td>\n<td style=\"width: 52.2572%; height: 39px;\">T01 &#8211; Baum \u00fcber Stra\u00dfe<br \/>\nL741 &#8211; Bereich Fischern<\/td>\n<td style=\"width: 6.8258%; height: 39px;\">12<\/td>\n<td style=\"width: 17.6501%; height: 39px;\">TLF-A<br \/>\nKLF-A<\/td>\n<td style=\"width: 134.607%; height: 39px;\"><\/td>\n<\/tr>\n<tr style=\"height: 39px;\">\n<td style=\"width: 12.651%; height: 39px;\">02.12.2023<br \/>\n17:30 &#8211; 18:00<\/td>\n<td style=\"width: 52.2572%; height: 39px;\">T02 &#8211; T\u00fcr\u00f6ffnung &#8211; Unfall in Wohnung<br \/>\nAigen<\/td>\n<td style=\"width: 6.8258%; height: 39px;\">13<\/td>\n<td style=\"width: 17.6501%; height: 39px;\">TLF-A,KLF-A<br \/>\nPolizei,Rettung<\/td>\n<td style=\"width: 134.607%; height: 39px;\"><\/td>\n<\/tr>\n<tr style=\"height: 39px;\">\n<td style=\"width: 12.651%; height: 39px;\">02.12.2023<br \/>\n13:50 &#8211; 15:50<\/td>\n<td style=\"width: 52.2572%; height: 39px;\">T01 &#8211; Erdrutsch und B\u00e4ume \u00fcber Stra\u00dfe<br \/>\nMittereggweg<\/td>\n<td style=\"width: 6.8258%; height: 39px;\">9<\/td>\n<td style=\"width: 17.6501%; height: 39px;\">TLF-A<\/td>\n<td style=\"width: 134.607%; height: 39px;\"><\/td>\n<\/tr>\n<tr style=\"height: 39px;\">\n<td style=\"width: 12.651%; height: 39px;\">02.12.2023<br \/>\n11:40 &#8211; 12:40<\/td>\n<td style=\"width: 52.2572%; height: 39px;\">T01 &#8211; B\u00e4ume \u00fcber Stra\u00dfe<br \/>\nHohenberg<\/td>\n<td style=\"width: 6.8258%; height: 39px;\">11<\/td>\n<td style=\"width: 17.6501%; height: 39px;\">TLF-A<br \/>\nKLF-A<\/td>\n<td style=\"width: 134.607%; height: 39px;\"><\/td>\n<\/tr>\n<tr style=\"height: 39px;\">\n<td style=\"width: 12.651%; height: 39px;\">02.12.2023<br \/>\n08:37 &#8211; 10:30<\/td>\n<td style=\"width: 52.2572%; height: 39px;\">T01 &#8211; B\u00e4ume \u00fcber Stra\u00dfe und auf Gartenh\u00fctte<br \/>\nGulling und L741 Aiglern<\/td>\n<td style=\"width: 6.8258%; height: 39px;\">8<\/td>\n<td style=\"width: 17.6501%; height: 39px;\">TLF-A<\/td>\n<td style=\"width: 134.607%; height: 39px;\"><\/td>\n<\/tr>\n<tr style=\"height: 39px;\">\n<td style=\"width: 12.651%; height: 39px;\">25.-.26.11.2023<br \/>\n16:30 &#8211; 04:30<\/td>\n<td style=\"width: 52.2572%; height: 39px;\">B01 &#8211; Brandsicherheitswache Puttererseehalle<\/td>\n<td style=\"width: 6.8258%; height: 39px;\">5<\/td>\n<td style=\"width: 17.6501%; height: 39px;\"><\/td>\n<td style=\"width: 134.607%; height: 39px;\"><\/td>\n<\/tr>\n<tr style=\"height: 58px;\">\n<td style=\"width: 12.651%; height: 58px;\">25.11.2023<br \/>\n17:00 &#8211; 23:59<\/td>\n<td style=\"width: 52.2572%; height: 58px;\">B01 &#8211; Brandsicherheitswache Krampu\u00dflauf<\/td>\n<td style=\"width: 6.8258%; height: 58px;\">17<\/td>\n<td style=\"width: 17.6501%; height: 58px;\">TLF-A<br \/>\nKLF-A<br \/>\nMTF-A<\/td>\n<td style=\"width: 134.607%; height: 58px;\"><\/td>\n<\/tr>\n<tr style=\"height: 39px;\">\n<td style=\"width: 12.651%; height: 39px;\">18.11.2023<br \/>\n19:34 &#8211; 20:34<\/td>\n<td style=\"width: 52.2572%; height: 39px;\">T04 &#8211; Pumparbeiten und Tragehilfe f\u00fcr Rettungsdienst<br \/>\nSchlattham<\/td>\n<td style=\"width: 6.8258%; height: 39px;\">9<\/td>\n<td style=\"width: 17.6501%; height: 39px;\">TLF-A<\/td>\n<td style=\"width: 134.607%; height: 39px;\"><\/td>\n<\/tr>\n<tr style=\"height: 39px;\">\n<td style=\"width: 12.651%; height: 39px;\">15.11.2023<br \/>\n07:00 &#8211; 09:00<\/td>\n<td style=\"width: 52.2572%; height: 39px;\">T04 &#8211; Pumparbeiten<br \/>\nPastoralhaus Aigen<\/td>\n<td style=\"width: 6.8258%; height: 39px;\">2<\/td>\n<td style=\"width: 17.6501%; height: 39px;\"><\/td>\n<td style=\"width: 134.607%; height: 39px;\"><\/td>\n<\/tr>\n<tr style=\"height: 39px;\">\n<td style=\"width: 12.651%; height: 39px;\">14.11.2023<br \/>\n05:36 &#8211; 07:36<\/td>\n<td style=\"width: 52.2572%; height: 39px;\">T04 &#8211; Unwetter &#8211; Rohrbruch Aigen 15<br \/>\nS\u00e4mtl.Wohnungen und Keller ausgepumpt<\/td>\n<td style=\"width: 6.8258%; height: 39px;\">7<\/td>\n<td style=\"width: 17.6501%; height: 39px;\">TLF-A<br \/>\nKLF-A<\/td>\n<td style=\"width: 134.607%; height: 39px;\"><\/td>\n<\/tr>\n<tr style=\"height: 39px;\">\n<td style=\"width: 12.651%; height: 39px;\">20.10.2023<br \/>\n13:03 &#8211; 14:03<\/td>\n<td style=\"width: 52.2572%; height: 39px;\">T01 &#8211; Hilfeleistung B\u00e4ume \u00fcber Stra\u00dfe<br \/>\nSallaberg\/See<\/td>\n<td style=\"width: 6.8258%; height: 39px;\">3<\/td>\n<td style=\"width: 17.6501%; height: 39px;\">KLF-A<\/td>\n<td style=\"width: 134.607%; height: 39px;\"><\/td>\n<\/tr>\n<tr style=\"height: 39px;\">\n<td style=\"width: 12.651%; height: 39px;\">17.10.2023<br \/>\n07:00 &#8211; 20:00<\/td>\n<td style=\"width: 52.2572%; height: 39px;\">B09 &#8211; Waldbrand Grafenbergalm &#8211; Weissenbach\/Haus<br \/>\nTag 5<\/td>\n<td style=\"width: 6.8258%; height: 39px;\">5<\/td>\n<td style=\"width: 17.6501%; height: 39px;\">LKW-A<br \/>\nMTF-A<\/td>\n<td style=\"width: 134.607%; height: 39px;\"><\/td>\n<\/tr>\n<tr style=\"height: 39px;\">\n<td style=\"width: 12.651%; height: 39px;\">16.10.2023<br \/>\n07:00 &#8211; 20:30<\/td>\n<td style=\"width: 52.2572%; height: 39px;\">B09 &#8211; Waldbrand Grafenbergalm &#8211; Weissenbach\/Haus<br \/>\nTag 4<\/td>\n<td style=\"width: 6.8258%; height: 39px;\">7<\/td>\n<td style=\"width: 17.6501%; height: 39px;\">LKW-A<br \/>\nMTF-A<\/td>\n<td style=\"width: 134.607%; height: 39px;\"><\/td>\n<\/tr>\n<tr style=\"height: 39px;\">\n<td style=\"width: 12.651%; height: 39px;\">15.10.2023<br \/>\n11:30 &#8211; 20:00<\/td>\n<td style=\"width: 52.2572%; height: 39px;\">B09 &#8211; Waldbrand Grafenbergalm &#8211; Weissenbach\/Haus<br \/>\nTag 3<\/td>\n<td style=\"width: 6.8258%; height: 39px;\">10<\/td>\n<td style=\"width: 17.6501%; height: 39px;\">LKW-A<br \/>\nMTF-A<\/td>\n<td style=\"width: 134.607%; height: 39px;\"><\/td>\n<\/tr>\n<tr style=\"height: 39px;\">\n<td style=\"width: 12.651%; height: 39px;\">14.10.2023<br \/>\n06:00 &#8211; 22:00<\/td>\n<td style=\"width: 52.2572%; height: 39px;\">B09 &#8211; Waldbrand Grafenbergalm &#8211; Weissenbach\/Haus<br \/>\nTag 2<\/td>\n<td style=\"width: 6.8258%; height: 39px;\">10<\/td>\n<td style=\"width: 17.6501%; height: 39px;\">LKW-A<br \/>\nMTF-A<\/td>\n<td style=\"width: 134.607%; height: 39px;\"><\/td>\n<\/tr>\n<tr style=\"height: 39px;\">\n<td style=\"width: 12.651%; height: 39px;\">13.10.2023<br \/>\n15:30 &#8211; 21:00<\/td>\n<td style=\"width: 52.2572%; height: 39px;\">B09 &#8211; Waldbrand Grafenbergalm &#8211; Weissenbach\/Haus<br \/>\nTag 1<\/td>\n<td style=\"width: 6.8258%; height: 39px;\">7<\/td>\n<td style=\"width: 17.6501%; height: 39px;\">LKW-A<br \/>\nMTF-A<\/td>\n<td style=\"width: 134.607%; height: 39px;\"><\/td>\n<\/tr>\n<tr style=\"height: 39px;\">\n<td style=\"width: 12.651%; height: 39px;\">04.10.2023<br \/>\n13:15 &#8211; 13:30<\/td>\n<td style=\"width: 52.2572%; height: 39px;\">T03V &#8211; VU mit verletzter Person<br \/>\nKetten &#8211; Landlweg<\/td>\n<td style=\"width: 6.8258%; height: 39px;\"><\/td>\n<td style=\"width: 17.6501%; height: 39px;\">Auf Anfahrt storniert<\/td>\n<td style=\"width: 134.607%; height: 39px;\"><\/td>\n<\/tr>\n<tr style=\"height: 39px;\">\n<td style=\"width: 12.651%; height: 39px;\">13.09.2023<br \/>\n16:00 &#8211; 17:00<\/td>\n<td style=\"width: 52.2572%; height: 39px;\">T05 &#8211; Insekteneinsatz<br \/>\nOrtsteil Sallaberg<\/td>\n<td style=\"width: 6.8258%; height: 39px;\">1<\/td>\n<td style=\"width: 17.6501%; height: 39px;\">MTF-A<\/td>\n<td style=\"width: 134.607%; height: 39px;\"><\/td>\n<\/tr>\n<tr style=\"height: 39px;\">\n<td style=\"width: 12.651%; height: 39px;\">13.09.2023<br \/>\n13:40 &#8211; 17:00<\/td>\n<td style=\"width: 52.2572%; height: 39px;\">T01 &#8211; Stra\u00dfenreinigung<br \/>\nFa. Landmarkt<\/td>\n<td style=\"width: 6.8258%; height: 39px;\">2<\/td>\n<td style=\"width: 17.6501%; height: 39px;\">TLF-A<\/td>\n<td style=\"width: 134.607%; height: 39px;\"><\/td>\n<\/tr>\n<tr style=\"height: 39px;\">\n<td style=\"width: 12.651%; height: 39px;\">12.09.2023<br \/>\n17:00 &#8211; 18:00<\/td>\n<td style=\"width: 52.2572%; height: 39px;\">T05 &#8211; Insekteneinsatz<br \/>\nOrtsteil Ketten<\/td>\n<td style=\"width: 6.8258%; height: 39px;\">1<\/td>\n<td style=\"width: 17.6501%; height: 39px;\">MTF-A<\/td>\n<td style=\"width: 134.607%; height: 39px;\"><\/td>\n<\/tr>\n<tr style=\"height: 39px;\">\n<td style=\"width: 12.651%; height: 39px;\">11.09.2023<br \/>\n16:00 &#8211; 17:00<\/td>\n<td style=\"width: 52.2572%; height: 39px;\">T05 &#8211; Insekteneinsatz<br \/>\nOrtsteil Sallaberg<\/td>\n<td style=\"width: 6.8258%; height: 39px;\">1<\/td>\n<td style=\"width: 17.6501%; height: 39px;\">MTF-A<\/td>\n<td style=\"width: 134.607%; height: 39px;\"><\/td>\n<\/tr>\n<tr style=\"height: 39px;\">\n<td style=\"width: 12.651%; height: 39px;\">09.09.2023<br \/>\n18:00 &#8211; 18:30<\/td>\n<td style=\"width: 52.2572%; height: 39px;\">B06 &#8211; Fehlalarm<br \/>\nBrandmeldealarm Puttererschl\u00f6ssl<\/td>\n<td style=\"width: 6.8258%; height: 39px;\">5<\/td>\n<td style=\"width: 17.6501%; height: 39px;\">TLF-A<\/td>\n<td style=\"width: 134.607%; height: 39px;\"><\/td>\n<\/tr>\n<tr style=\"height: 39px;\">\n<td style=\"width: 12.651%; height: 39px;\">09.09.2023<br \/>\n15:30 &#8211; 16:30<\/td>\n<td style=\"width: 52.2572%; height: 39px;\">T05 &#8211; Insekteneinsatz<br \/>\nOrtsteil Ketten<\/td>\n<td style=\"width: 6.8258%; height: 39px;\">1<\/td>\n<td style=\"width: 17.6501%; height: 39px;\">MTF-A<\/td>\n<td style=\"width: 134.607%; height: 39px;\"><\/td>\n<\/tr>\n<tr style=\"height: 39px;\">\n<td style=\"width: 12.651%; height: 39px;\">02.09.2023<br \/>\n13:30 &#8211; 18:00<\/td>\n<td style=\"width: 52.2572%; height: 39px;\">Lotsendienst<br \/>\n100 Jahre Musikverein<\/td>\n<td style=\"width: 6.8258%; height: 39px;\">7<\/td>\n<td style=\"width: 17.6501%; height: 39px;\"><\/td>\n<td style=\"width: 134.607%; height: 39px;\"><\/td>\n<\/tr>\n<tr style=\"height: 100px;\">\n<td style=\"width: 12.651%; height: 100px;\">23.08.2023<br \/>\n10:49 &#8211; 11:49<\/td>\n<td style=\"width: 52.2572%; height: 100px;\">T03V- Verkehrsunfall mit verletzter Person<br \/>\nPKW in Graben L741 km 10\u00a0 Ortsumfahrung Fischern<\/td>\n<td style=\"width: 6.8258%; height: 100px;\">6<\/td>\n<td style=\"width: 17.6501%; height: 100px;\">TLF-A Aigen<br \/>\n2 RTW, Polizei Irdning<br \/>\nAbschleppunternehmen<\/td>\n<td style=\"width: 134.607%; height: 100px;\"><\/td>\n<\/tr>\n<tr style=\"height: 58px;\">\n<td style=\"width: 12.651%; height: 58px;\">21.08.2023<br \/>\n14:06 &#8211; 15:10<\/td>\n<td style=\"width: 52.2572%; height: 58px;\">B05 &#8211; Zimmerbrand<br \/>\nW\u00f6rschach,Parkgasse<\/td>\n<td style=\"width: 6.8258%; height: 58px;\">11<\/td>\n<td style=\"width: 17.6501%; height: 58px;\">TLF-A,KLF-A Aigen,FF Stainach,Wei\u00dfenbach\/L.Phyrn,Stadt Liezen,Polizei,Rettung Stainach<\/td>\n<td style=\"width: 134.607%; height: 58px;\"><\/td>\n<\/tr>\n<tr style=\"height: 39px;\">\n<td style=\"width: 12.651%; height: 39px;\">16.08.2023<br \/>\n13:05 &#8211; 14:05<\/td>\n<td style=\"width: 52.2572%; height: 39px;\">T03 &#8211; \u00d6lbindearbeiten<br \/>\nOrtsteil Fischern<\/td>\n<td style=\"width: 6.8258%; height: 39px;\">4<\/td>\n<td style=\"width: 17.6501%; height: 39px;\">KLF-A<\/td>\n<td style=\"width: 134.607%; height: 39px;\"><\/td>\n<\/tr>\n<tr style=\"height: 39px;\">\n<td style=\"width: 12.651%; height: 39px;\">05.08.2023<br \/>\n18:00 &#8211; 19:00<\/td>\n<td style=\"width: 52.2572%; height: 39px;\">T05 &#8211; Insekteneinsatz<br \/>\nOrtsteil Ritzmannsdorf<\/td>\n<td style=\"width: 6.8258%; height: 39px;\">1<\/td>\n<td style=\"width: 17.6501%; height: 39px;\">MTF-A<\/td>\n<td style=\"width: 134.607%; height: 39px;\"><\/td>\n<\/tr>\n<tr style=\"height: 39px;\">\n<td style=\"width: 12.651%; height: 39px;\">25.07.2023<br \/>\n16:30 &#8211; 18:00<\/td>\n<td style=\"width: 52.2572%; height: 39px;\">T05 &#8211; Insekteneinsatz<br \/>\nOrtsteil Tachenberg<\/td>\n<td style=\"width: 6.8258%; height: 39px;\">1<\/td>\n<td style=\"width: 17.6501%; height: 39px;\">MTF-A<\/td>\n<td style=\"width: 134.607%; height: 39px;\"><\/td>\n<\/tr>\n<tr style=\"height: 39px;\">\n<td style=\"width: 12.651%; height: 39px;\">18.07.2023<br \/>\n18:00 &#8211; 19:30<\/td>\n<td style=\"width: 52.2572%; height: 39px;\">T07-Unwetter<br \/>\nB\u00e4ume auf Gartenh\u00fctte<\/td>\n<td style=\"width: 6.8258%; height: 39px;\">14<\/td>\n<td style=\"width: 17.6501%; height: 39px;\">TLF-A<br \/>\nKLF-A<\/td>\n<td style=\"width: 134.607%; height: 39px;\"><\/td>\n<\/tr>\n<tr style=\"height: 39px;\">\n<td style=\"width: 12.651%; height: 39px;\">18.07.2023<br \/>\n16:56 &#8211; 17:45<\/td>\n<td style=\"width: 52.2572%; height: 39px;\">T07-Unwetter<br \/>\nB\u00e4ume \u00fcber Stra\u00dfe L741<\/td>\n<td style=\"width: 6.8258%; height: 39px;\">18<\/td>\n<td style=\"width: 17.6501%; height: 39px;\">TLF-A<br \/>\nKLF-A<\/td>\n<td style=\"width: 134.607%; height: 39px;\"><\/td>\n<\/tr>\n<tr style=\"height: 39px;\">\n<td style=\"width: 12.651%; height: 39px;\">15.07.2023<br \/>\n07:00 &#8211; 08:00<\/td>\n<td style=\"width: 52.2572%; height: 39px;\">T05 &#8211; Insekteneinsatz<br \/>\nOrtsteil Aigen<\/td>\n<td style=\"width: 6.8258%; height: 39px;\">1<\/td>\n<td style=\"width: 17.6501%; height: 39px;\">MTF-A<\/td>\n<td style=\"width: 134.607%; height: 39px;\"><\/td>\n<\/tr>\n<tr style=\"height: 39px;\">\n<td style=\"width: 12.651%; height: 39px;\">10.07.2023<br \/>\n06:00 &#8211; 07:00<\/td>\n<td style=\"width: 52.2572%; height: 39px;\">T05 &#8211; Insekteneinsatz<br \/>\nOrtsteil Aich<\/td>\n<td style=\"width: 6.8258%; height: 39px;\">1<\/td>\n<td style=\"width: 17.6501%; height: 39px;\">MTF-A<\/td>\n<td style=\"width: 134.607%; height: 39px;\"><\/td>\n<\/tr>\n<tr style=\"height: 58px;\">\n<td style=\"width: 12.651%; height: 58px;\">06.07.2023<br \/>\n07:40 &#8211; 12:00<\/td>\n<td style=\"width: 52.2572%; height: 58px;\">B09 &#8211; Wald,Heckenbrand<br \/>\nEselsbach Unterkainisch<\/td>\n<td style=\"width: 6.8258%; height: 58px;\">9<\/td>\n<td style=\"width: 17.6501%; height: 58px;\">MTF-A<br \/>\nLKW-A<\/td>\n<td style=\"width: 134.607%; height: 58px;\"><\/td>\n<\/tr>\n<tr style=\"height: 97px;\">\n<td style=\"width: 12.651%; height: 97px;\">21.06.2023<br \/>\n20:15 &#8211; 22:00<\/td>\n<td style=\"width: 52.2572%; height: 97px;\">B02 &#8211; Kleinbrand\/Rauch<br \/>\nUnklarer Feuerschein\u00a0 &#8211; Stalingradkapelle<br \/>\n(Fehlalarm Sonnwendfeuer)<\/td>\n<td style=\"width: 6.8258%; height: 97px;\">16<\/td>\n<td style=\"width: 17.6501%; height: 97px;\">TLF-A<br \/>\nKLF-A<\/td>\n<td style=\"width: 134.607%; height: 97px;\"><\/td>\n<\/tr>\n<tr style=\"height: 117px;\">\n<td style=\"width: 12.651%; height: 117px;\">21.06.2023<br \/>\n19:06 &#8211; 20:06<\/td>\n<td style=\"width: 52.2572%; height: 117px;\">B02 &#8211; Kleinbrand\/Rauch<br \/>\nVermutlicher Brand nach Blitzeinschlag Kulmerweg<br \/>\n(Fehlalarm Sonnwendfeuer)<\/td>\n<td style=\"width: 6.8258%; height: 117px;\">22<\/td>\n<td style=\"width: 17.6501%; height: 117px;\">TLF-A<br \/>\nKLF-A<br \/>\nMTF-A<\/td>\n<td style=\"width: 134.607%; height: 117px;\"><\/td>\n<\/tr>\n<tr style=\"height: 78px;\">\n<td style=\"width: 12.651%; height: 78px;\">02.06.2023<br \/>\n13:53 &#8211; 15:00<\/td>\n<td style=\"width: 52.2572%; height: 78px;\">T03V &#8211; VU mit verletzter Person<br \/>\nL741 &#8211; km 8 (zw. Fischern und Aiglern)<\/td>\n<td style=\"width: 6.8258%; height: 78px;\">6<\/td>\n<td style=\"width: 17.6501%; height: 78px;\">TLF-A<br \/>\nPolizei Rettung<br \/>\nAbschleppunternehmen<\/td>\n<td style=\"width: 134.607%; height: 78px;\"><\/td>\n<\/tr>\n<tr style=\"height: 78px;\">\n<td style=\"width: 12.651%; height: 78px;\">13.05.2023<br \/>\n<span style=\"font-family: inherit;\">11:36 &#8211; 12:36<\/span><\/td>\n<td style=\"width: 52.2572%; height: 78px;\">T03 -VU Berg.\u00d6l<br \/>\n<span style=\"font-family: inherit;\">L741 &#8211; km 7,55 (zw. Fischern und Aiglern)<\/span><\/td>\n<td style=\"width: 6.8258%; height: 78px;\">15<\/td>\n<td style=\"width: 17.6501%; height: 78px;\">TLF-A,KLF-A<br \/>\nPolizei<br \/>\nRettung<br \/>\nAbschleppunternehmen<\/td>\n<td style=\"width: 134.607%; height: 78px;\"><\/td>\n<\/tr>\n<tr style=\"height: 78px;\">\n<td style=\"width: 12.651%; height: 78px;\">12.04.2023<br \/>\n13:00 &#8211; 17:00<\/td>\n<td style=\"width: 52.2572%; height: 78px;\">T01 &#8211; Technischer Dienst<br \/>\nWassertransport Lantschern<\/td>\n<td style=\"width: 6.8258%; height: 78px;\">2<\/td>\n<td style=\"width: 17.6501%; height: 78px;\">TLF-A<\/td>\n<td style=\"width: 134.607%; height: 78px;\"><\/td>\n<\/tr>\n<tr style=\"height: 39px;\">\n<td style=\"width: 12.651%; height: 39px;\">04.05.2023<br \/>\n16:00 &#8211; 18:00<\/td>\n<td style=\"width: 52.2572%; height: 39px;\">T05 &#8211; Insekteneinsatz<br \/>\nOrtsteil Ritzmannsdorf<\/td>\n<td style=\"width: 6.8258%; height: 39px;\">1<\/td>\n<td style=\"width: 17.6501%; height: 39px;\">MTF-A<\/td>\n<td style=\"width: 134.607%; height: 39px;\"><\/td>\n<\/tr>\n<tr style=\"height: 97px;\">\n<td style=\"width: 12.651%; height: 97px;\">28.03.2023<br \/>\n07:34 &#8211; 11:00<\/td>\n<td style=\"width: 52.2572%; height: 97px;\">T10-VU 2 PKW mit eingeklemmter Person<br \/>\nH\u00f6he Aiglern<\/td>\n<td style=\"width: 6.8258%; height: 97px;\">12<\/td>\n<td style=\"width: 17.6501%; height: 97px;\">TLF-A,KLF-A,MTF-A<br \/>\nFeuerwehren Lantschern,Irdning,Stainach,W\u00f6rschach<br \/>\nNotarzt,Rettung,Polizei<br \/>\nAbschleppunternehmen<\/td>\n<td style=\"width: 134.607%; height: 97px;\"><\/td>\n<\/tr>\n<tr style=\"height: 58px;\">\n<td style=\"width: 12.651%; height: 58px;\">28.03.2023<br \/>\n07:17 &#8211; 09:00<\/td>\n<td style=\"width: 52.2572%; height: 58px;\">T03 &#8211; VU 2 PKW H\u00f6he Putterersee<\/td>\n<td style=\"width: 6.8258%; height: 58px;\">9<\/td>\n<td style=\"width: 17.6501%; height: 58px;\">TLF-A,KLF-A<br \/>\nRettung,Polizei<br \/>\nAbschleppunternehmen,Bauhof<\/td>\n<td style=\"width: 134.607%; height: 58px;\"><\/td>\n<\/tr>\n<tr style=\"height: 58px;\">\n<td style=\"width: 12.651%; height: 58px;\">25.03.2023<br \/>\n10:34 &#8211; 11:00<\/td>\n<td style=\"width: 52.2572%; height: 58px;\">B06 &#8211; Brandmeldealarm<br \/>\nFehlalarm<br \/>\nPuttererschl\u00f6\u00dfl<\/td>\n<td style=\"width: 6.8258%; height: 58px;\">9<\/td>\n<td style=\"width: 17.6501%; height: 58px;\">TLF-A<br \/>\nKLF-A<\/td>\n<td style=\"width: 134.607%; height: 58px;\"><\/td>\n<\/tr>\n<tr style=\"height: 62px;\">\n<td style=\"width: 12.651%; height: 62px;\">16.03.2023<br \/>\n09:02 &#8211; 10:02<\/td>\n<td style=\"width: 52.2572%; height: 62px;\">T03V -VU mit verletzter Person<br \/>\nOrtszentrum Aigen &#8211; H\u00f6he Blumen Edith<\/td>\n<td style=\"width: 6.8258%; height: 62px;\">8<\/td>\n<td style=\"width: 17.6501%; height: 62px;\">TLF-A,KLF-A<br \/>\nRettung,Polizei<br \/>\nNHC14<br \/>\nAbschleppunternehmen<\/td>\n<td style=\"width: 134.607%; height: 62px;\"><\/td>\n<\/tr>\n<tr style=\"height: 43px;\">\n<td style=\"width: 12.651%; height: 43px;\">11.03.2023<br \/>\n<span style=\"font-family: inherit;\">07:07 -08:07<\/span><\/td>\n<td style=\"width: 52.2572%; height: 43px;\">T01-Stiller Alarm<br \/>\n<span style=\"font-family: inherit;\">Baum \u00fcber Stra\u00dfe- Vorberg<\/span><\/td>\n<td style=\"width: 6.8258%; height: 43px;\">11<\/td>\n<td style=\"width: 17.6501%; height: 43px;\">TLF-A<br \/>\n<span style=\"font-family: inherit;\">KLF-A<\/span><\/td>\n<td style=\"width: 134.607%; height: 43px;\"><\/td>\n<\/tr>\n<tr style=\"height: 39px;\">\n<td style=\"width: 12.651%; height: 39px;\">07.03.2023<br \/>\n09:00 &#8211; 13:30<\/td>\n<td style=\"width: 52.2572%; height: 39px;\">B01 &#8211; Brandsicherheitswache<br \/>\nJ\u00e4gertagung Tag 2<\/td>\n<td style=\"width: 6.8258%; height: 39px;\">2<\/td>\n<td style=\"width: 17.6501%; height: 39px;\">MTF-A<\/td>\n<td style=\"width: 134.607%; height: 39px;\"><\/td>\n<\/tr>\n<tr style=\"height: 39px;\">\n<td style=\"width: 12.651%; height: 39px;\">07.03.2023<br \/>\n07:00 &#8211; 10:30<\/td>\n<td style=\"width: 52.2572%; height: 39px;\">T01 &#8211; Technische Hilfeleistung<br \/>\nParkplatzeinweisen J\u00e4gertagung Tag 2<\/td>\n<td style=\"width: 6.8258%; height: 39px;\">9<\/td>\n<td style=\"width: 17.6501%; height: 39px;\">KLF-A<br \/>\nMTF-A<\/td>\n<td style=\"width: 134.607%; height: 39px;\"><\/td>\n<\/tr>\n<tr style=\"height: 39px;\">\n<td style=\"width: 12.651%; height: 39px;\">06.-07.03.2023<br \/>\n09:30 &#8211; 03:00<\/td>\n<td style=\"width: 52.2572%; height: 39px;\">B01 &#8211; Brandsicherheitswache<br \/>\nJ\u00e4gertagung Tag1<\/td>\n<td style=\"width: 6.8258%; height: 39px;\">2<\/td>\n<td style=\"width: 17.6501%; height: 39px;\">MTF-A<\/td>\n<td style=\"width: 134.607%; height: 39px;\"><\/td>\n<\/tr>\n<tr style=\"height: 39px;\">\n<td style=\"width: 12.651%; height: 39px;\">06.03.2023<br \/>\n07:15 &#8211; 11:00<\/td>\n<td style=\"width: 52.2572%; height: 39px;\">T01 &#8211; Technische Hilfeleistung<br \/>\nParkplatzeinweisen J\u00e4gertagung Tag 1<\/td>\n<td style=\"width: 6.8258%; height: 39px;\">9<\/td>\n<td style=\"width: 17.6501%; height: 39px;\">KLF-A<br \/>\nMTF-A<\/td>\n<td style=\"width: 134.607%; height: 39px;\"><\/td>\n<\/tr>\n<tr style=\"height: 39px;\">\n<td style=\"width: 12.651%; height: 39px;\">04.03.2023<br \/>\n10:00 &#8211; 17:00<\/td>\n<td style=\"width: 52.2572%; height: 39px;\">B01 &#8211; Brandsicherheitswache<br \/>\nPS Halle-Pferdetagung<\/td>\n<td style=\"width: 6.8258%; height: 39px;\">2<\/td>\n<td style=\"width: 17.6501%; height: 39px;\">MTF-A<\/td>\n<td style=\"width: 134.607%; height: 39px;\"><\/td>\n<\/tr>\n<tr style=\"height: 39px;\">\n<td style=\"width: 12.651%; height: 39px;\">04.03.2023<br \/>\n07:30 &#8211; 10:30<\/td>\n<td style=\"width: 52.2572%; height: 39px;\">T01 &#8211; Technische Hilfeleistung<br \/>\nParkplatzeinweisen Pferdetagung<\/td>\n<td style=\"width: 6.8258%; height: 39px;\">10<\/td>\n<td style=\"width: 17.6501%; height: 39px;\">KLF-A<br \/>\nMTF-A<\/td>\n<td style=\"width: 134.607%; height: 39px;\"><\/td>\n<\/tr>\n<tr style=\"height: 39px;\">\n<td style=\"width: 12.651%; height: 39px;\">02.03.2023<br \/>\n08:44 &#8211; 09:15<\/td>\n<td style=\"width: 52.2572%; height: 39px;\">B06 &#8211; Brandmeldealarm<br \/>\nFehlalarm Puttererseehalle<\/td>\n<td style=\"width: 6.8258%; height: 39px;\">6<\/td>\n<td style=\"width: 17.6501%; height: 39px;\">TLF-A<\/td>\n<td style=\"width: 134.607%; height: 39px;\"><\/td>\n<\/tr>\n<tr style=\"height: 39px;\">\n<td style=\"width: 12.651%; height: 39px;\">21.02.2023<br \/>\n13:45 &#8211; 18:00<\/td>\n<td style=\"width: 52.2572%; height: 39px;\">B01 &#8211; Brandsicherheitswache<br \/>\nKinderfasching Puttererseehalle<\/td>\n<td style=\"width: 6.8258%; height: 39px;\">3<\/td>\n<td style=\"width: 17.6501%; height: 39px;\">MTF-A<\/td>\n<td style=\"width: 134.607%; height: 39px;\"><\/td>\n<\/tr>\n<tr style=\"height: 78px;\">\n<td style=\"width: 12.651%; height: 78px;\">12.02.2023<br \/>\n20:25 &#8211; 22:00<\/td>\n<td style=\"width: 52.2572%; height: 78px;\">To3 VU-Berg.-\u00d6l<br \/>\nPKW in Graben &#8211; L741 Osteinfahrt Fischern<\/td>\n<td style=\"width: 6.8258%; height: 78px;\">24<\/td>\n<td style=\"width: 17.6501%; height: 78px;\">TLF-A,KLF-A Aigen<br \/>\nFF Irdning<br \/>\nPolizei<br \/>\nAbschleppunternehmen<\/td>\n<td style=\"width: 134.607%; height: 78px;\"><\/td>\n<\/tr>\n<tr style=\"height: 39px;\">\n<td style=\"width: 12.651%; height: 39px;\">02.02.2023<br \/>\n07:30 &#8211; 12:30<\/td>\n<td style=\"width: 52.2572%; height: 39px;\">T01 &#8211; \u00d6lbindearbeiten<br \/>\nBauhof<\/td>\n<td style=\"width: 6.8258%; height: 39px;\">5<\/td>\n<td style=\"width: 17.6501%; height: 39px;\">TLF-A<\/td>\n<td style=\"width: 134.607%; height: 39px;\"><\/td>\n<\/tr>\n<tr style=\"height: 39px;\">\n<td style=\"width: 12.651%; height: 39px;\">01.02.2023<br \/>\n16:36 &#8211; 17:30<\/td>\n<td style=\"width: 52.2572%; height: 39px;\">B06 &#8211; Brandmeldealarm<br \/>\nFehlalarm Puttererschl\u00f6\u00dfl<\/td>\n<td style=\"width: 6.8258%; height: 39px;\">10<\/td>\n<td style=\"width: 17.6501%; height: 39px;\">TLF-A,KLF-A<\/td>\n<td style=\"width: 134.607%; height: 39px;\"><\/td>\n<\/tr>\n<tr style=\"height: 39px;\">\n<td style=\"width: 12.651%; height: 39px;\">24.01.2023<br \/>\n08:29 &#8211; 09:30<\/td>\n<td style=\"width: 52.2572%; height: 39px;\">T10 &#8211; VU PKW eingeklemmt<br \/>\nPKW in Graben &#8211; Aiglern<\/td>\n<td style=\"width: 6.8258%; height: 39px;\">5<\/td>\n<td style=\"width: 17.6501%; height: 39px;\">TLF-A<\/td>\n<td style=\"width: 134.607%; height: 39px;\"><\/td>\n<\/tr>\n<tr style=\"height: 10px;\">\n<td style=\"width: 12.651%; height: 10px;\">05.01.2023<br \/>\n08:11 &#8211; 09:13<\/td>\n<td style=\"width: 52.2572%; height: 10px;\">T 01 &#8211; Baum \u00fcber Stra\u00dfe L741<\/td>\n<td style=\"width: 6.8258%; height: 10px;\">7<\/td>\n<td style=\"width: 17.6501%; height: 10px;\">TLF-A ,MTF-A<\/td>\n<td style=\"width: 134.607%; height: 10px;\"><\/td>\n<\/tr>\n<tr style=\"height: 5px;\">\n<td style=\"width: 12.651%; height: 5px;\">06.01.2023<br \/>\n15:05 &#8211; 20:00<\/td>\n<td style=\"width: 52.2572%; height: 5px;\">B01-Brandsicherheitswache<br \/>\nNeujahrskonzert &#8211; PS Halle<\/td>\n<td style=\"width: 6.8258%; height: 5px;\">2<\/td>\n<td style=\"width: 17.6501%; height: 5px;\">MTF-A<\/td>\n<td style=\"width: 134.607%; height: 5px;\"><\/td>\n<\/tr>\n<tr style=\"height: 10px;\">\n<td style=\"width: 12.651%; height: 10px;\"><\/td>\n<td style=\"width: 52.2572%; height: 10px;\"><\/td>\n<td style=\"width: 6.8258%; height: 10px;\"><\/td>\n<td style=\"width: 17.6501%; height: 10px;\"><\/td>\n<td style=\"width: 134.607%; height: 10px;\"><\/td>\n<\/tr>\n<\/tbody>\n<\/table>\n<\/div><\/section>\n","protected":false},"excerpt":{"rendered":"","protected":false},"author":1,"featured_media":0,"parent":5196,"menu_order":0,"comment_status":"closed","ping_status":"closed","template":"","meta":{"footnotes":""},"class_list":["post-5202","page","type-page","status-publish","hentry"],"jetpack_sharing_enabled":true,"_links":{"self":[{"href":"https:\/\/www.feuerwehr-aigen.at\/index.php?rest_route=\/wp\/v2\/pages\/5202","targetHints":{"allow":["GET"]}}],"collection":[{"href":"https:\/\/www.feuerwehr-aigen.at\/index.php?rest_route=\/wp\/v2\/pages"}],"about":[{"href":"https:\/\/www.feuerwehr-aigen.at\/index.php?rest_route=\/wp\/v2\/types\/page"}],"author":[{"embeddable":true,"href":"https:\/\/www.feuerwehr-aigen.at\/index.php?rest_route=\/wp\/v2\/users\/1"}],"replies":[{"embeddable":true,"href":"https:\/\/www.feuerwehr-aigen.at\/index.php?rest_route=%2Fwp%2Fv2%2Fcomments&post=5202"}],"version-history":[{"count":55,"href":"https:\/\/www.feuerwehr-aigen.at\/index.php?rest_route=\/wp\/v2\/pages\/5202\/revisions"}],"predecessor-version":[{"id":5703,"href":"https:\/\/www.feuerwehr-aigen.at\/index.php?rest_route=\/wp\/v2\/pages\/5202\/revisions\/5703"}],"up":[{"embeddable":true,"href":"https:\/\/www.feuerwehr-aigen.at\/index.php?rest_route=\/wp\/v2\/pages\/5196"}],"wp:attachment":[{"href":"https:\/\/www.feuerwehr-aigen.at\/index.php?rest_route=%2Fwp%2Fv2%2Fmedia&parent=5202"}],"curies":[{"name":"wp","href":"https:\/\/api.w.org\/{rel}","templated":true}]}}