{"id":410,"date":"2010-01-05T13:15:23","date_gmt":"2010-01-05T13:15:23","guid":{"rendered":"http:\/\/feuerwehr-aigen.d2solution.net\/index.php\/einsatztagebuch-2009\/"},"modified":"2016-11-08T01:06:47","modified_gmt":"2016-11-08T01:06:47","slug":"einsatztagebuch-2009","status":"publish","type":"page","link":"https:\/\/www.feuerwehr-aigen.at\/?page_id=410","title":{"rendered":"Einsatztagebuch 2009"},"content":{"rendered":"<p><strong>Einsatztagebuch 2009 der Freiwilligen\u00a0Feuerwehr Aigen im Ennstal<\/strong><\/p>\n<table border=\"1\" width=\"100%\">\n<tbody>\n<tr>\n<td style=\"font-size: 10px; width: 80px;\" valign=\"top\">\u00a0<strong><span style=\"color: #dc143c;\">Alarmierung<\/span><\/strong><\/td>\n<td style=\"width: 265px;\" valign=\"top\">\u00a0<strong><span style=\"font-size: 10px; color: #dc143c;\">Einsatzbeschreibung<\/span><\/strong><\/td>\n<td style=\"width: 35px;\" align=\"center\" valign=\"top\"><strong><span style=\"font-size: 10px; color: #dc143c;\">Mann<\/span><\/strong><\/td>\n<td style=\"font-size: 10px; width: 80px;\" valign=\"top\"><em><span style=\"color: #dc143c;\">\u00a0<\/span><\/em><strong><span style=\"color: #dc143c;\">Fahrzeuge<\/span><\/strong><\/td>\n<td style=\"width: 70px;\" valign=\"top\">\u00a0<strong><span style=\"font-size: 10px; color: #dc143c;\">Bericht<\/span><\/strong><\/td>\n<\/tr>\n<tr style=\"background-color: #ffefd5;\" valign=\"top\">\n<td style=\"font-size: 10px;\">\u00a010.12.2009<br \/>\n19:00-24.00<\/td>\n<td style=\"font-size: 10px;\">\u00a0Weihnachtsfeier<\/td>\n<td style=\"font-size: 10px;\" align=\"center\">\u00a066<\/td>\n<td><\/td>\n<td><\/td>\n<\/tr>\n<tr style=\"background-color: #ffefd5;\" valign=\"top\">\n<td style=\"font-size: 10px;\">\u00a010.12.2009<br \/>\n08:30-13:00<\/td>\n<td style=\"font-size: 10px;\">\u00a0FDisk Schulung<\/td>\n<td style=\"font-size: 10px;\" align=\"center\">\u00a02<\/td>\n<td><\/td>\n<td><\/td>\n<\/tr>\n<tr style=\"background-color: #ffefd5;\" valign=\"top\">\n<td style=\"font-size: 10px;\">\u00a006.12.2009<br \/>\n08:00-21:00<\/td>\n<td style=\"font-size: 10px;\">\u00a0Advent erleben in Aigen<br \/>\nAusschank, Brandsicherheitswache<\/td>\n<td style=\"font-size: 10px;\" align=\"center\">\u00a03<\/td>\n<td style=\"font-size: 10px;\">\u00a0MTF-A,<br \/>\nGrillbude<\/td>\n<td><\/td>\n<\/tr>\n<tr style=\"background-color: #ffefd5;\" valign=\"top\">\n<td style=\"font-size: 10px;\">\u00a026.-28.11.2009<br \/>\n20:00-22:00<\/td>\n<td style=\"font-size: 10px;\">\u00a025. Zimmergewehrschie\u00dfen 2009<\/td>\n<td style=\"font-size: 10px;\" align=\"center\">\u00a094<\/td>\n<td><\/td>\n<td>\u00a0<span style=\"font-family: helvetica;\"><span style=\"color: #333333;\"><span style=\"font-family: helvetica;\"><span style=\"color: #333333;\"><em><a title=\"Zimmergewehrschie\u00dfen 2009\" href=\"http:\/\/www.feuerwehr-aigen.at\/?page_id=402\"><span style=\"font-size: 9px; color: #0000cd;\">Read more<strong>\u00bb<\/strong><\/span><\/a><\/em><\/span><\/span><\/span><\/span><\/td>\n<\/tr>\n<tr style=\"background-color: #ffefd5;\" valign=\"top\">\n<td style=\"font-size: 10px;\">\u00a027.11.2009<br \/>\n19:00-22:00<\/td>\n<td style=\"font-size: 10px;\">\u00a0Kommandantentag Donnersbach<\/td>\n<td style=\"font-size: 10px;\" align=\"center\">\u00a03<\/td>\n<td style=\"font-size: 10px;\">\u00a0MTF-A<\/td>\n<td><\/td>\n<\/tr>\n<tr style=\"background-color: #ffefd5;\" valign=\"top\">\n<td style=\"font-size: 10px;\">\u00a021.-22.11.2009<br \/>\n19:00-03:00<\/td>\n<td style=\"font-size: 10px;\">\u00a0Brandsicherhgeitswache Puttererseehalle<br \/>\nMixedRock<\/td>\n<td style=\"font-size: 10px;\" align=\"center\">\u00a01<\/td>\n<td style=\"font-size: 10px;\">\u00a0MTF-A<\/td>\n<td><\/td>\n<\/tr>\n<tr style=\"background-color: #ffcccc;\" valign=\"top\">\n<td style=\"font-size: 10px;\">\u00a021.11.2009<br \/>\n19:00-19:05<\/td>\n<td style=\"font-size: 10px;\">\u00a0Fehlalarm<br \/>\nBrandmeldealarm Puttererseehalle<\/td>\n<td style=\"font-size: 10px;\" align=\"center\">\u00a015<\/td>\n<td style=\"font-size: 9px;\"><\/td>\n<td style=\"font-size: 9px;\"><\/td>\n<\/tr>\n<tr style=\"background-color: #ffefd5;\" valign=\"top\">\n<td style=\"font-size: 10px;\">\u00a012.11.2009<br \/>\n19:30-22:00<\/td>\n<td style=\"font-size: 10px;\">\u00a0Ausschu\u00dfsitzung<\/td>\n<td style=\"font-size: 10px;\" align=\"center\">\u00a013<\/td>\n<td><\/td>\n<td><\/td>\n<\/tr>\n<tr style=\"background-color: #b0e0e6;\" valign=\"top\">\n<td style=\"font-size: 10px;\">\u00a008.11.2009<br \/>\n09:00-17:30<\/td>\n<td style=\"font-size: 10px;\">\u00a05. Herbst\u00fcbung<\/td>\n<td style=\"font-size: 10px;\" align=\"center\">\u00a018<\/td>\n<td style=\"font-size: 10px;\">\u00a0TLF-A, KLF-A,<br \/>\nLKW-A, MTF-A<\/td>\n<td><\/td>\n<\/tr>\n<tr style=\"background-color: #ffcccc;\" valign=\"top\">\n<td style=\"font-size: 10px;\">\u00a001.11.2009<br \/>\n08:45-09:45<\/td>\n<td style=\"font-size: 10px;\">\u00a0Stra\u00dfenreinigung Aigen<\/td>\n<td style=\"font-size: 10px;\" align=\"center\">\u00a02<\/td>\n<td style=\"font-size: 10px;\">\u00a0TLF-A<\/td>\n<td><\/td>\n<\/tr>\n<tr style=\"background-color: #ffefd5;\" valign=\"top\">\n<td style=\"font-size: 10px;\">\u00a029.10.2009<br \/>\n18:30-21:30<\/td>\n<td style=\"font-size: 10px;\">\u00a0Heldenehrung<\/td>\n<td style=\"font-size: 10px;\" align=\"center\">\u00a020<\/td>\n<td><\/td>\n<td><\/td>\n<\/tr>\n<tr style=\"background-color: #ffefd5;\" valign=\"top\">\n<td style=\"font-size: 10px;\">\u00a027.-30.10.2009<br \/>\n05:30-19:00<\/td>\n<td style=\"font-size: 10px;\">\u00a0Kurs &#8211; Technik 1<br \/>\nFeuerwehr- und Zivilschutzschule Lebring<\/td>\n<td style=\"font-size: 10px;\" align=\"center\">\u00a01<\/td>\n<td><\/td>\n<td><\/td>\n<\/tr>\n<tr style=\"background-color: #ffefd5;\" valign=\"top\">\n<td style=\"font-size: 10px;\">\u00a021.-23.10.2009<br \/>\n04:30-18:30<\/td>\n<td style=\"font-size: 10px;\">\u00a0Kurs &#8211; Menschenrettung und Absturzsicherung<br \/>\nFeuerwehr- und Zivilschutzschule Lebring<\/td>\n<td style=\"font-size: 10px;\" align=\"center\">\u00a02<\/td>\n<td style=\"font-size: 10px;\">\u00a0MTF-A<\/td>\n<td><\/td>\n<\/tr>\n<tr style=\"background-color: #ffefd5;\" valign=\"top\">\n<td style=\"font-size: 10px;\">\u00a010.-11.10.2009<br \/>\n09:00-01:00<\/td>\n<td style=\"font-size: 10px;\">\u00a0Aig\u00b4ner Kirtag<\/td>\n<td style=\"font-size: 10px;\" align=\"center\">\u00a02<\/td>\n<td style=\"font-size: 10px;\">\u00a0MTF-A,<br \/>\nGrillbude<\/td>\n<td><\/td>\n<\/tr>\n<tr style=\"background-color: #ffefd5;\" valign=\"top\">\n<td style=\"font-size: 10px;\">\u00a009.10.2009<br \/>\n15:00-19:00<\/td>\n<td style=\"font-size: 10px;\">\u00a0Aufbauen f\u00fcr Aig\u00b4ner Kirtag<\/td>\n<td style=\"font-size: 10px;\" align=\"center\">\u00a04<\/td>\n<td style=\"font-size: 10px;\">\u00a0MTF-A,<br \/>\nGrillbude<\/td>\n<td><\/td>\n<\/tr>\n<tr style=\"background-color: #b0e0e6;\" valign=\"top\">\n<td style=\"font-size: 10px;\">\u00a007.10.2009<br \/>\n18:00-19:30<\/td>\n<td style=\"font-size: 10px;\">\u00a04. Herbst\u00fcbung<\/td>\n<td style=\"font-size: 10px;\" align=\"center\">\u00a016<\/td>\n<td style=\"font-size: 10px;\">\u00a0TLF-A, KLF-A,<br \/>\nMTF-A<\/td>\n<td><\/td>\n<\/tr>\n<tr style=\"background-color: #ffefd5;\" valign=\"top\">\n<td style=\"font-size: 10px;\">\u00a003.-04.10.2009<br \/>\n03:45-02:00<\/td>\n<td style=\"font-size: 10px;\">\u00a0Hochzeit<br \/>\nWundersamer Sandra und Harald<\/td>\n<td style=\"font-size: 10px;\" align=\"center\">\u00a016<\/td>\n<td style=\"font-size: 10px;\">\u00a0MTF-A<\/td>\n<td><\/td>\n<\/tr>\n<tr style=\"background-color: #ffefd5;\" valign=\"top\">\n<td style=\"font-size: 10px;\">\u00a003.10.2009<br \/>\n12:00-13:00<\/td>\n<td style=\"font-size: 10px;\">\u00a0Sirenenprobe<\/td>\n<td style=\"font-size: 10px;\" align=\"center\">\u00a01<\/td>\n<td><\/td>\n<td><\/td>\n<\/tr>\n<tr style=\"background-color: #ffefd5;\" valign=\"top\">\n<td style=\"font-size: 10px;\">\u00a001.10.2009<br \/>\n19:00-22:00<\/td>\n<td style=\"font-size: 10px;\">\u00a0Erste Hilfe Kurs<\/td>\n<td style=\"font-size: 10px;\" align=\"center\">\u00a09<\/td>\n<td><\/td>\n<td><\/td>\n<\/tr>\n<tr style=\"background-color: #ffefd5;\" valign=\"top\">\n<td style=\"font-size: 10px;\">\u00a001.10.2009<br \/>\n15:30-22:00<\/td>\n<td style=\"font-size: 10px;\">\u00a0Arbeitsgespr\u00e4ch Flugdienst<br \/>\nKapfenberg<\/td>\n<td style=\"font-size: 10px;\" align=\"center\">\u00a01<\/td>\n<td><\/td>\n<td><\/td>\n<\/tr>\n<tr style=\"background-color: #b0e0e6;\" valign=\"top\">\n<td style=\"font-size: 10px;\">\u00a030.09.2009<br \/>\n18:00-19:50<\/td>\n<td style=\"font-size: 10px;\">\u00a03. Herbst\u00fcbung<\/td>\n<td style=\"font-size: 10px;\" align=\"center\">\u00a012<\/td>\n<td><\/td>\n<td><\/td>\n<\/tr>\n<tr style=\"background-color: #ffcccc;\" valign=\"top\">\n<td style=\"font-size: 10px;\">\u00a028.09.2009<br \/>\n05:55-06:15<\/td>\n<td style=\"font-size: 10px;\">\u00a0Fehlalarm<br \/>\nBrandmeldealarm Landesberufschule<\/td>\n<td style=\"font-size: 10px;\" align=\"center\">\u00a09<\/td>\n<td style=\"font-size: 10px;\">\u00a0TLF-A<\/td>\n<td><\/td>\n<\/tr>\n<tr style=\"background-color: #b0e0e6;\" valign=\"top\">\n<td style=\"font-size: 10px;\">\u00a023.09.2008<br \/>\n18:00-21:00<\/td>\n<td style=\"font-size: 10px;\">\u00a02. Herbst\u00fcbung 2009<\/td>\n<td style=\"font-size: 10px;\" align=\"center\">\u00a014<\/td>\n<td style=\"font-size: 10px;\">\u00a0TLF-A, MTF-A<\/td>\n<td><\/td>\n<\/tr>\n<tr style=\"background-color: #b0e0e6;\" valign=\"top\">\n<td style=\"font-size: 10px;\">\u00a020.09.2009<br \/>\n12:00-18:30<\/td>\n<td style=\"font-size: 10px;\">\u00a0Waldbrandvorf\u00fchrung<br \/>\nFlugshow Nieder\u00f6blarn<\/td>\n<td style=\"font-size: 10px;\" align=\"center\">\u00a08<\/td>\n<td style=\"font-size: 10px;\">\u00a0LKW-A, MTF-A<\/td>\n<td>\u00a0<span style=\"font-family: helvetica;\"><span style=\"color: #333333;\"><em><a title=\"Waldbrand\u00fcbung Nieder\u00f6blarn\" href=\"http:\/\/www.feuerwehr-aigen.at\/?page_id=399\"><span style=\"font-size: 9px; color: #0000cd;\">Read more<strong>\u00bb<\/strong><\/span><\/a><\/em><\/span><\/span><\/td>\n<\/tr>\n<tr style=\"background-color: #ffefd5;\" valign=\"top\">\n<td style=\"font-size: 10px;\">\u00a019.09.2009<br \/>\n16:00-18:30<\/td>\n<td style=\"font-size: 10px;\">\u00a0Briefing<br \/>\nFlugshow Nieder\u00f6blarn<\/td>\n<td style=\"font-size: 10px;\" align=\"center\">\u00a01<\/td>\n<td><\/td>\n<td><\/td>\n<\/tr>\n<tr style=\"background-color: #ffefd5;\" valign=\"top\">\n<td style=\"font-size: 10px;\">\u00a016.09.2009<br \/>\n19:00-22:00<\/td>\n<td style=\"font-size: 10px;\">\u00a0Nachbesprechung &#8211; FuB-\u00dcbung<\/td>\n<td style=\"font-size: 10px;\" align=\"center\">\u00a01<\/td>\n<td><\/td>\n<td><\/td>\n<\/tr>\n<tr style=\"background-color: #b0e0e6;\" valign=\"top\">\n<td style=\"font-size: 10px;\">\u00a016.09.2009<br \/>\n18:00-20:00<\/td>\n<td style=\"font-size: 10px;\">\u00a01.Herbst\u00fcbung 2009<\/td>\n<td style=\"font-size: 10px;\" align=\"center\">\u00a018<\/td>\n<td style=\"font-size: 10px;\">\u00a0TLF-A, KLF-A,<br \/>\nMTF-A<\/td>\n<td><\/td>\n<\/tr>\n<tr style=\"background-color: #ffcccc;\" valign=\"top\">\n<td style=\"font-size: 10px;\">\u00a002.09.2009<br \/>\n09:00-10:00<\/td>\n<td style=\"font-size: 10px;\">\u00a0Wespenkrug entfernen &#8211; Ketten<\/td>\n<td style=\"font-size: 10px;\" align=\"center\">\u00a02<\/td>\n<td style=\"font-size: 10px;\">\u00a0TLF-A<\/td>\n<td><\/td>\n<\/tr>\n<tr style=\"background-color: #b0e0e6;\" valign=\"top\">\n<td style=\"font-size: 9px;\">\u00a0<span style=\"font-family: helvetica;\"><span style=\"font-size: 10px; color: #333333;\">29.08.2009<br \/>\n12:00-18:00<\/span><\/span><\/td>\n<td style=\"font-size: 10px;\">\u00a0FuB \u00dcbung &#8211; Gaishorn<\/td>\n<td style=\"font-size: 10px;\" align=\"center\">14<\/td>\n<td style=\"font-size: 10px;\">\u00a0TLF-A, LKW-A<\/td>\n<td><\/td>\n<\/tr>\n<tr style=\"background-color: #ffcccc;\" valign=\"top\">\n<td style=\"font-size: 9px;\">\u00a0<span style=\"font-family: helvetica;\"><span style=\"font-size: 10px; color: #333333;\">29.08.2009<br \/>\n11:00-12:00<\/span><\/span><\/td>\n<td style=\"font-size: 10px;\">\u00a0Kanalreinigen &#8211; Ketten<\/td>\n<td style=\"font-size: 9px;\" align=\"center\">3<\/td>\n<td style=\"font-size: 10px;\">\u00a0TLF-A<\/td>\n<td><\/td>\n<\/tr>\n<tr style=\"background-color: #b0e0e6;\" valign=\"top\">\n<td style=\"font-size: 9px;\">\u00a0<span style=\"font-family: helvetica;\"><span style=\"font-size: 10px; color: #333333;\">28.08.2009<br \/>\n20:00-21:30<\/span><\/span><\/td>\n<td style=\"font-size: 10px;\">\u00a0Abschnittsfunk\u00fcbung &#8211; Erlsberg<\/td>\n<td style=\"font-size: 10px;\" align=\"center\">5<\/td>\n<td style=\"font-size: 10px;\">\u00a0MTF-A<\/td>\n<td><\/td>\n<\/tr>\n<tr style=\"background-color: #ffcccc;\" valign=\"top\">\n<td style=\"font-size: 10px;\">\u00a027.08.2009<br \/>\n17:00-19:00<\/td>\n<td style=\"font-size: 10px;\">\u00a0Kanalreinigung- Ritzmannsdorf<\/td>\n<td style=\"font-size: 10px;\" align=\"center\">\u00a02<\/td>\n<td style=\"font-size: 10px;\">\u00a0TLF-A<\/td>\n<td><\/td>\n<\/tr>\n<tr style=\"background-color: #ffefd5;\" valign=\"top\">\n<td style=\"font-size: 10px;\">\u00a026.08.2009<br \/>\n17:00-20:00<\/td>\n<td style=\"font-size: 10px;\">\u00a0Sands\u00e4cke schlichten<\/td>\n<td style=\"font-size: 10px;\" align=\"center\">\u00a03<\/td>\n<td style=\"font-size: 10px;\">\u00a0MTF-A<\/td>\n<td><\/td>\n<\/tr>\n<tr style=\"background-color: #ffefd5;\" valign=\"top\">\n<td style=\"font-size: 10px;\">\u00a022.08.2009<br \/>\n19:00-23:00<\/td>\n<td style=\"font-size: 10px;\">\u00a0Brandsicherheitswache Puttererseehalle<br \/>\nSportlerfest<\/td>\n<td style=\"font-size: 10px;\" align=\"center\">\u00a01<\/td>\n<td style=\"font-size: 10px;\">\u00a0MTF-A<\/td>\n<td><\/td>\n<\/tr>\n<tr style=\"background-color: #ffefd5;\" valign=\"top\">\n<td style=\"font-size: 10px;\">\u00a019.08.2009<br \/>\n19:00-22:00<\/td>\n<td style=\"font-size: 10px;\">\u00a0ZugsKdt.Besprchung FuB-\u00dcbung<br \/>\nLiezen<\/td>\n<td style=\"font-size: 10px;\" align=\"center\">\u00a01<\/td>\n<td><\/td>\n<td><\/td>\n<\/tr>\n<tr style=\"background-color: #ffcccc;\">\n<td style=\"font-size: 10px;\" valign=\"top\">\u00a019.08.2009<br \/>\n12:20-13:40<\/td>\n<td style=\"font-size: 10px;\" valign=\"top\">\u00a0Tierrettung<br \/>\nim Bereich Seggl, vlg. M\u00f6sl, Vorberg<\/td>\n<td style=\"font-size: 10px;\" align=\"center\" valign=\"top\">\u00a05<\/td>\n<td style=\"font-size: 10px;\" valign=\"top\">\u00a0TLF-A<\/td>\n<td style=\"font-size: 9px;\" valign=\"top\"><\/td>\n<\/tr>\n<tr style=\"background-color: #ffefd5;\" valign=\"top\">\n<td style=\"font-size: 10px;\">\u00a014.09.2009<br \/>\n18:00-21:00<\/td>\n<td style=\"font-size: 10px;\">\u00a0Vorbereitung FuB-\u00dcbung<br \/>\nGaishorn<\/td>\n<td style=\"font-size: 10px;\" align=\"center\">\u00a01<\/td>\n<td><\/td>\n<td><\/td>\n<\/tr>\n<tr style=\"background-color: #ffefd5;\" valign=\"top\">\n<td style=\"font-size: 10px;\">\u00a009.08.2009<br \/>\n08:00-10:00<\/td>\n<td style=\"font-size: 10px;\">\u00a0Grillbude \u00fcberstellen &#8211; Komatz<\/td>\n<td style=\"font-size: 10px;\" align=\"center\">\u00a02<\/td>\n<td style=\"font-size: 10px;\">\u00a0MTF-A,<br \/>\nGrillbude<\/td>\n<td><\/td>\n<\/tr>\n<tr style=\"background-color: #ffefd5;\" valign=\"top\">\n<td style=\"font-size: 10px;\">\u00a006.08.2009<br \/>\n07:30-09:30<\/td>\n<td style=\"font-size: 10px;\">\u00a0Grillbude \u00fcberstellen &#8211; Winklern<\/td>\n<td style=\"font-size: 10px;\" align=\"center\">\u00a02<\/td>\n<td style=\"font-size: 10px;\">\u00a0MTF-A,<br \/>\nGrillbude<\/td>\n<td><\/td>\n<\/tr>\n<tr style=\"background-color: #ffefd5;\">\n<td style=\"font-size: 10px;\" valign=\"top\">\u00a003.08.2009<br \/>\n20:0-23:00<\/td>\n<td style=\"font-size: 10px;\" valign=\"top\">\u00a0Ausschu\u00dfsitzung<\/td>\n<td style=\"font-size: 10px;\" align=\"center\" valign=\"top\">\u00a013<\/td>\n<td valign=\"top\"><\/td>\n<td valign=\"top\"><\/td>\n<\/tr>\n<tr style=\"background-color: #ffefd5;\" valign=\"top\">\n<td style=\"font-size: 10px;\">\u00a002.08.2009<br \/>\n07:30-10:30<\/td>\n<td style=\"font-size: 10px;\">\u00a0Zeltverleih &#8211; Schwoaga Lehen<\/td>\n<td style=\"font-size: 10px;\" align=\"center\">\u00a03<\/td>\n<td style=\"font-size: 10px;\">\u00a0MTF-A<\/td>\n<td><\/td>\n<\/tr>\n<tr style=\"background-color: #ffefd5;\" valign=\"top\">\n<td style=\"font-size: 10px;\">\u00a031.07.2009<br \/>\n17:00-20:00<\/td>\n<td style=\"font-size: 10px;\">\u00a0Zeltverleih &#8211; Irdning<\/td>\n<td style=\"font-size: 10px;\" align=\"center\">\u00a02<\/td>\n<td style=\"font-size: 10px;\">\u00a0MTF-A<\/td>\n<td><\/td>\n<\/tr>\n<tr style=\"background-color: #ffcccc;\">\n<td style=\"font-size: 10px;\" valign=\"top\">\u00a030.07.2009<br \/>\n19:00-20:45<\/td>\n<td style=\"font-size: 10px;\" valign=\"top\">\u00a0Wirtschaftsgeb\u00e4udebrand Hohenberg<\/td>\n<td style=\"font-size: 10px;\" align=\"center\" valign=\"top\">\u00a023<\/td>\n<td style=\"font-size: 10px;\" valign=\"top\">\u00a0TLF-A,KLF-A,<br \/>\nMTF-A<\/td>\n<td style=\"font-size: 9px;\" valign=\"top\">\u00a0<em><a title=\"Wirtschaftsgeb\u00e4udebrand Hohenberg\" href=\"http:\/\/www.feuerwehr-aigen.at\/?page_id=391\"><span style=\"font-size: 9px; color: #0000cd;\">Read more<strong>\u00bb<\/strong><\/span><\/a><\/em><\/td>\n<\/tr>\n<tr style=\"background-color: #ffefd5;\" valign=\"top\">\n<td style=\"font-size: 10px;\">\u00a028.07.2009<br \/>\n15:00-17:00<\/td>\n<td style=\"font-size: 10px;\">\u00a0Reinigung Grillbude<\/td>\n<td style=\"font-size: 10px;\" align=\"center\">\u00a01<\/td>\n<td><\/td>\n<td><\/td>\n<\/tr>\n<tr style=\"background-color: #ffefd5;\">\n<td style=\"font-size: 10px;\" valign=\"top\">\u00a025.-26.07.2009<br \/>\n09:00-03:00<\/td>\n<td style=\"font-size: 10px;\" valign=\"top\">\u00a0Maibaumumschneiden<br \/>\nFeuerwehrjugend<\/td>\n<td style=\"font-size: 10px;\" align=\"center\" valign=\"top\">\u00a030<\/td>\n<td valign=\"top\"><\/td>\n<td valign=\"top\"><\/td>\n<\/tr>\n<tr style=\"background-color: #ffcccc;\" valign=\"top\">\n<td style=\"font-size: 10px;\">\u00a025.07.2009<br \/>\n09:00-11:00<\/td>\n<td style=\"font-size: 10px;\">\u00a0Wespenkrug entfernen &#8211; Ketten<\/td>\n<td style=\"font-size: 10px;\" align=\"center\">\u00a02<\/td>\n<td><\/td>\n<td><\/td>\n<\/tr>\n<tr style=\"background-color: #ffefd5;\" valign=\"top\">\n<td style=\"font-size: 10px;\">\u00a022.07.2009<br \/>\n19:00-22:00<\/td>\n<td style=\"font-size: 10px;\">\u00a0Besprechung Maibaumumschneiden<\/td>\n<td style=\"font-size: 10px;\" align=\"center\">\u00a010<\/td>\n<td><\/td>\n<td><\/td>\n<\/tr>\n<tr style=\"background-color: #ffefd5;\" valign=\"top\">\n<td style=\"font-size: 10px;\">\u00a013.07.2009<br \/>\n19:00-22:00<\/td>\n<td style=\"font-size: 10px;\">\u00a0Sands\u00e4cke verr\u00e4umen<\/td>\n<td style=\"font-size: 10px;\" align=\"center\">\u00a07<\/td>\n<td style=\"font-size: 10px;\">\u00a0LKW-A, MTF-A<\/td>\n<td><\/td>\n<\/tr>\n<tr style=\"background-color: #ffefd5;\" valign=\"top\">\n<td style=\"font-size: 10px;\">\u00a013.07.2009<br \/>\n17:00-18:00<\/td>\n<td style=\"font-size: 10px;\">\u00a0Zeltverleih &#8211; W\u00f6rschach<\/td>\n<td style=\"font-size: 10px;\" align=\"center\">\u00a02<\/td>\n<td style=\"font-size: 10px;\">\u00a0MTF-A<\/td>\n<td><\/td>\n<\/tr>\n<tr style=\"background-color: #ffefd5;\" valign=\"top\">\n<td style=\"font-size: 10px;\">\u00a011.-12.07.2009<br \/>\n14:00-03:00<\/td>\n<td style=\"font-size: 10px;\">\u00a0Hochzeit<br \/>\nGruber-Veit Margit und Thomas<\/td>\n<td style=\"font-size: 10px;\" align=\"center\">\u00a018<\/td>\n<td style=\"font-size: 10px;\">\u00a0MTF-A<\/td>\n<td><\/td>\n<\/tr>\n<tr style=\"background-color: #ffcccc;\" valign=\"top\">\n<td style=\"font-size: 10px;\">\u00a011.07.2009<br \/>\n18:00-18:30<\/td>\n<td style=\"font-size: 10px;\">\u00a0Giftgasalarm &#8211; Ketten<\/td>\n<td style=\"font-size: 10px;\" align=\"center\">\u00a06<\/td>\n<td style=\"font-size: 10px;\">\u00a0TLF-A<\/td>\n<td><\/td>\n<\/tr>\n<tr style=\"background-color: #ffefd5;\" valign=\"top\">\n<td style=\"font-size: 10px;\">\u00a011.07.3009<br \/>\n14:00-18:00<\/td>\n<td style=\"font-size: 10px;\">\u00a0Abschnitts\u00fcbung Nieder\u00f6blarn<\/td>\n<td style=\"font-size: 10px;\" align=\"center\">\u00a06<\/td>\n<td style=\"font-size: 10px;\">\u00a0TLF-A<\/td>\n<td><\/td>\n<\/tr>\n<tr style=\"background-color: #ffefd5;\" valign=\"top\">\n<td style=\"font-size: 10px;\">\u00a003.07.2009<br \/>\n09:00-09:45<\/td>\n<td style=\"font-size: 10px;\">\u00a0Grillbude \u00fcberstellen &#8211; Irdning<\/td>\n<td style=\"font-size: 10px;\" align=\"center\">\u00a02<\/td>\n<td style=\"font-size: 10px;\">\u00a0MTF-A,<br \/>\nGrillbude<\/td>\n<td><\/td>\n<\/tr>\n<tr style=\"background-color: #ffefd5;\" valign=\"top\">\n<td style=\"font-size: 10px;\">\u00a002.07.2009<br \/>\n08:30-11:15<\/td>\n<td style=\"font-size: 10px;\">\u00a0Besichtigung der Feuerwehr<br \/>\ndurch den Kintergarten Aigen<\/td>\n<td style=\"font-size: 10px;\" align=\"center\">\u00a06<\/td>\n<td style=\"font-size: 10px;\">\u00a0TLF-A, KLF-A,<br \/>\nLFB-A, MTF-A<\/td>\n<td><\/td>\n<\/tr>\n<tr style=\"background-color: #ffcccc;\" valign=\"top\">\n<td style=\"font-size: 10px;\">\u00a001.07.2009<br \/>\n08:00-10:00<\/td>\n<td style=\"font-size: 10px;\">\u00a0Kanalreinigung &#8211; Vorberg<\/td>\n<td style=\"font-size: 10px;\" align=\"center\">\u00a01<\/td>\n<td style=\"font-size: 10px;\">\u00a0TLF-A<\/td>\n<td><\/td>\n<\/tr>\n<tr style=\"background-color: #ffcccc;\" valign=\"top\">\n<td style=\"font-size: 10px;\">\u00a030.06.2009<br \/>\n10:00-14:00<\/td>\n<td style=\"font-size: 10px;\">\u00a0Stra\u00dfenreinigung nach Erdrutsch<br \/>\nVorberg<\/td>\n<td style=\"font-size: 10px;\" align=\"center\">\u00a01<\/td>\n<td style=\"font-size: 10px;\">\u00a0TLF-A<\/td>\n<td><\/td>\n<\/tr>\n<tr style=\"background-color: #ffcccc;\" valign=\"top\">\n<td style=\"font-size: 10px;\">\u00a029.06.2009<br \/>\n11:00-00:35<\/td>\n<td style=\"font-size: 10px;\">\u00a0Hochwassereinsatz<br \/>\nGemeindegebiet Aigen<\/td>\n<td style=\"font-size: 10px;\" align=\"center\">\u00a034<\/td>\n<td style=\"font-size: 10px;\">\u00a0TLF-A, LFB-A,<br \/>\nKLF-A, MTF-A<\/td>\n<td><\/td>\n<\/tr>\n<tr style=\"background-color: #ffefd5;\" valign=\"top\">\n<td style=\"font-size: 10px;\">\u00a027.-28.06.2009<br \/>\n08:00-18:00<\/td>\n<td style=\"font-size: 10px;\">\u00a0Grillbude- Donnersbach<\/td>\n<td style=\"font-size: 10px;\" align=\"center\">\u00a02<\/td>\n<td style=\"font-size: 10px;\">\u00a0MTF-A,<br \/>\nGrillbude<\/td>\n<td><\/td>\n<\/tr>\n<tr style=\"background-color: #b0e0e6;\" valign=\"top\">\n<td style=\"font-size: 10px;\">\u00a026.06.2009<br \/>\n19:00-23:15<\/td>\n<td style=\"font-size: 10px;\">\u00a0Abschnittsfunk\u00fcbung &#8211; Stainach<\/td>\n<td style=\"font-size: 10px;\" align=\"center\">\u00a04<\/td>\n<td style=\"font-size: 10px;\">\u00a0MTF-A<\/td>\n<td><\/td>\n<\/tr>\n<tr style=\"background-color: #ffefd5;\" valign=\"top\">\n<td style=\"font-size: 10px;\">\u00a021.06.2009<br \/>\n07:30-10:00<\/td>\n<td style=\"font-size: 10px;\">\u00a0Reinigung Grillbude<\/td>\n<td style=\"font-size: 10px;\" align=\"center\">\u00a02<\/td>\n<td><\/td>\n<td><\/td>\n<\/tr>\n<tr style=\"background-color: #ffefd5;\" valign=\"top\">\n<td style=\"font-size: 10px;\">\u00a017.06.2009<br \/>\n08:00-10:00<\/td>\n<td style=\"font-size: 10px;\">\u00a0Besichtigung der Feuerweh<br \/>\ndurch die Volksschule Aigen<\/td>\n<td style=\"font-size: 10px;\" align=\"center\">\u00a06<\/td>\n<td style=\"font-size: 10px;\">\u00a0KLF-A,MTF-A,<br \/>\nLKW-A<\/td>\n<td><\/td>\n<\/tr>\n<tr style=\"background-color: #ffcccc;\" valign=\"top\">\n<td style=\"font-size: 10px;\">\u00a015.06.2009<br \/>\n20:30-22:00<\/td>\n<td style=\"font-size: 10px;\">\u00a0\u00d6leinsatz<br \/>\nLandesstra\u00dfe zwischen Aigen und W\u00f6rschach<\/td>\n<td style=\"font-size: 10px;\" align=\"center\">\u00a06<\/td>\n<td style=\"font-size: 10px;\">\u00a0KLF-A, MTF-A<\/td>\n<td><\/td>\n<\/tr>\n<tr style=\"background-color: #ffefd5;\" valign=\"top\">\n<td style=\"font-size: 10px;\">\u00a014.06.2009<br \/>\n04:00-10:00<\/td>\n<td style=\"font-size: 10px;\">\u00a0Zusammenr\u00e4umen Seefest<\/td>\n<td style=\"font-size: 10px;\" align=\"center\">\u00a025<\/td>\n<td style=\"font-size: 10px;\">\u00a0LKW-A, MTF-A<\/td>\n<td><\/td>\n<\/tr>\n<tr style=\"background-color: #ffefd5;\">\n<td style=\"font-size: 10px;\" valign=\"top\">\u00a013.-14.06.2009<br \/>\n12:00-04:00<\/td>\n<td style=\"font-size: 10px;\" valign=\"top\">\u00a0Seefest Putterersee<\/td>\n<td style=\"font-size: 10px;\" align=\"center\" valign=\"top\">\u00a038<\/td>\n<td style=\"font-size: 10px;\" valign=\"top\">\u00a0KLF-A, LKW-A,<br \/>\nMTF-A<\/td>\n<td valign=\"top\"><\/td>\n<\/tr>\n<tr style=\"background-color: #ffefd5;\" valign=\"top\">\n<td style=\"font-size: 10px;\">\u00a012.06.2009<br \/>\n15:00-23:00<\/td>\n<td style=\"font-size: 10px;\">\u00a0Aufbauen Seefest<\/td>\n<td style=\"font-size: 10px;\" align=\"center\">\u00a027<\/td>\n<td style=\"font-size: 10px;\">\u00a0LKW-A, MTF-A<\/td>\n<td><\/td>\n<\/tr>\n<tr style=\"background-color: #ffefd5;\" valign=\"top\">\n<td style=\"font-size: 10px;\">\u00a009.06.2009<br \/>\n19:30-22:30<\/td>\n<td style=\"font-size: 10px;\">\u00a0Besprechung Seefest<\/td>\n<td style=\"font-size: 10px;\" align=\"center\">\u00a020<\/td>\n<td><\/td>\n<td><\/td>\n<\/tr>\n<tr style=\"background-color: #ffefd5;\" valign=\"top\">\n<td style=\"font-size: 10px;\">\u00a008.-10.06.2009<br \/>\n05:00-18:00<\/td>\n<td style=\"font-size: 10px;\">\u00a0Kurs &#8211; Sanit\u00e4terlehrgang<br \/>\nFeuerwehr- und Zivilschutzschule Lebring<\/td>\n<td style=\"font-size: 10px;\" align=\"center\">\u00a02<\/td>\n<td style=\"font-size: 10px;\">\u00a0MTF-A<\/td>\n<td><\/td>\n<\/tr>\n<tr style=\"background-color: #ffefd5;\" valign=\"top\">\n<td style=\"font-size: 10px;\">\u00a007.06.2009<br \/>\n12:00-18:30<\/td>\n<td style=\"font-size: 10px;\">\u00a0Brandsicherheitswache, Parkplatzeinweisen<br \/>\n90 Jahre S\u00e4ngerrunde Aigen<\/td>\n<td style=\"font-size: 10px;\" align=\"center\">\u00a05<\/td>\n<td style=\"font-size: 10px;\">\u00a0MTF-A<\/td>\n<td><\/td>\n<\/tr>\n<tr style=\"background-color: #ffefd5;\" valign=\"top\">\n<td style=\"font-size: 10px;\">\u00a006.-07.06.2009<br \/>\n19:00-01:00<\/td>\n<td style=\"font-size: 10px;\">\u00a0Brandsicherheitswache Puttererseehalle<br \/>\n90 Jahre S\u00e4ngerrunde Aigen<\/td>\n<td style=\"font-size: 10px;\" align=\"center\">\u00a02<\/td>\n<td style=\"font-size: 10px;\">\u00a0MTF-A<\/td>\n<td><\/td>\n<\/tr>\n<tr style=\"background-color: #ffefd5;\" valign=\"top\">\n<td style=\"font-size: 10px;\">\u00a030.05.2009<br \/>\n07:00-17:30<\/td>\n<td style=\"font-size: 10px;\">\u00a0GAB II &#8211; Aigen<\/td>\n<td style=\"font-size: 10px;\" align=\"center\">\u00a010<\/td>\n<td style=\"font-size: 10px;\">\u00a0TLF-A, KLF-A,<br \/>\nMTF-A<\/td>\n<td><\/td>\n<\/tr>\n<tr style=\"background-color: #ffefd5;\" valign=\"top\">\n<td style=\"font-size: 10px;\">\u00a028.05.2009<br \/>\n18:00-23:00<\/td>\n<td style=\"font-size: 10px;\">\u00a0Brandsicherheitswache Puttererseehalle<br \/>\n40 Jahre HSV Aigen<\/td>\n<td style=\"font-size: 10px;\" align=\"center\">\u00a02<\/td>\n<td style=\"font-size: 10px;\">\u00a0MTF-A<\/td>\n<td><\/td>\n<\/tr>\n<tr style=\"background-color: #ffefd5;\" valign=\"top\">\n<td style=\"font-size: 10px;\">\u00a027.05.2009<br \/>\n17:00-22:00<\/td>\n<td style=\"font-size: 10px;\">\u00a0Plakatieren Seefest<\/td>\n<td style=\"font-size: 10px;\" align=\"center\">\u00a04<\/td>\n<td style=\"font-size: 10px;\">\u00a0MTF-A<\/td>\n<td><\/td>\n<\/tr>\n<tr style=\"background-color: #b0e0e6;\" valign=\"top\">\n<td style=\"font-size: 10px;\">\u00a022.05.2009<br \/>\n19:00-21:45<\/td>\n<td style=\"font-size: 10px;\">\u00a0<span style=\"color: #333333;\">Abschnittsfunk\u00fcbung &#8211; Donnersbach<\/span><\/td>\n<td style=\"font-size: 10px;\" align=\"center\">\u00a09<\/td>\n<td style=\"font-size: 10px;\">\u00a0MTF-A<\/td>\n<td><\/td>\n<\/tr>\n<tr style=\"background-color: #ffefd5;\" valign=\"top\">\n<td style=\"font-size: 10px;\">\u00a021.05.2009<br \/>\n08:00-10:00<\/td>\n<td style=\"font-size: 10px;\">\u00a0Schwimmbad f\u00fcllen<\/td>\n<td style=\"font-size: 10px;\" align=\"center\">\u00a01<\/td>\n<td style=\"font-size: 10px;\">\u00a0TLF-A<\/td>\n<td><\/td>\n<\/tr>\n<tr style=\"background-color: #ffefd5;\" valign=\"top\">\n<td style=\"font-size: 10px;\">\u00a020.05.2009<br \/>\n18:00-22:30<\/td>\n<td style=\"font-size: 10px;\">\u00a0Schwimmbad f\u00fcllen<\/td>\n<td style=\"font-size: 10px;\" align=\"center\">\u00a01<\/td>\n<td style=\"font-size: 10px;\">\u00a0TLF-A<\/td>\n<td><\/td>\n<\/tr>\n<tr style=\"background-color: #ffefd5;\" valign=\"top\">\n<td style=\"font-size: 10px;\">\u00a019.05.2009<br \/>\n19:-22:00<\/td>\n<td style=\"font-size: 10px;\">\u00a0Besprechung Seefest<\/td>\n<td style=\"font-size: 10px;\" align=\"center\">\u00a08<\/td>\n<td><\/td>\n<td><\/td>\n<\/tr>\n<tr style=\"background-color: #ffefd5;\" valign=\"top\">\n<td style=\"font-size: 10px;\">\u00a016.05.2009<br \/>\n15:00-22:00<\/td>\n<td style=\"font-size: 10px;\">\u00a0RLF Segnung &#8211; Stainach<\/td>\n<td style=\"font-size: 10px;\" align=\"center\">\u00a06<\/td>\n<td style=\"font-size: 10px;\">\u00a0MTF-A<\/td>\n<td><\/td>\n<\/tr>\n<tr style=\"background-color: #ffefd5;\" valign=\"top\">\n<td style=\"font-size: 10px;\">\u00a009.05.2009<br \/>\n18:00-22:00<\/td>\n<td style=\"font-size: 10px;\">\u00a05. Fr\u00fchjahrs\u00fcbung<\/td>\n<td style=\"font-size: 10px;\" align=\"center\">\u00a029<\/td>\n<td style=\"font-size: 10px;\">\u00a0TLF-A, LFB-A,<br \/>\nKLF-A, MTF-A<\/td>\n<td><\/td>\n<\/tr>\n<tr style=\"background-color: #b0e0e6;\" valign=\"top\">\n<td style=\"font-size: 10px;\">\u00a008.05.2009<br \/>\n08:00-20:00<\/td>\n<td style=\"font-size: 10px;\">\u00a0Flugdienstnachschulung Staffel Nord<br \/>\nAigen<\/td>\n<td style=\"font-size: 10px;\" align=\"center\">\u00a011<\/td>\n<td style=\"font-size: 10px;\">\u00a0TLF-A, MTF-A,<br \/>\nLKW-A<\/td>\n<td><\/td>\n<\/tr>\n<tr style=\"background-color: #ffefd5;\" valign=\"top\">\n<td style=\"font-size: 10px;\">\u00a007.05.2009<br \/>\n18:00-22:00<\/td>\n<td style=\"font-size: 10px;\">\u00a0Besprechung GAB II<\/td>\n<td style=\"font-size: 10px;\" align=\"center\">\u00a05<\/td>\n<td><\/td>\n<td><\/td>\n<\/tr>\n<tr style=\"background-color: #ffefd5;\" valign=\"top\">\n<td style=\"font-size: 10px;\">\u00a003.05.2009<br \/>\n08:00-15:00<\/td>\n<td style=\"font-size: 10px;\">\u00a0Floriani<\/td>\n<td style=\"font-size: 10px;\" align=\"center\">\u00a024<\/td>\n<td style=\"font-size: 10px;\">\u00a0KLF-A, MTF-A<\/td>\n<td><\/td>\n<\/tr>\n<tr style=\"background-color: #ffcccc;\" valign=\"top\">\n<td style=\"font-size: 10px;\">\u00a003.05.2009<br \/>\n15:30-20:55<\/td>\n<td style=\"font-size: 10px;\">\u00a0Bahndammbrand<br \/>\nAdmont &#8211; Ge\u00e4useeingang<\/td>\n<td style=\"font-size: 10px;\" align=\"center\">\u00a05<\/td>\n<td style=\"font-size: 10px;\">\u00a0LKW-A<\/td>\n<td><\/td>\n<\/tr>\n<tr style=\"background-color: #ffefd5;\" valign=\"top\">\n<td style=\"font-size: 10px;\">\u00a030.04.2009<br \/>\n18:00-22:00<\/td>\n<td style=\"font-size: 10px;\">\u00a0Maibaumaufstellen- Feuerwehrjugend<\/td>\n<td style=\"font-size: 10px;\" align=\"center\">\u00a015<\/td>\n<td><\/td>\n<td style=\"font-size: 9px;\">\u00a0<a title=\"Maibaumaufstellen Feuerwehrjugend\" href=\"http:\/\/www.feuerwehr-aigen.at\/?page_id=353\"><span style=\"font-family: helvetica;\"><span style=\"color: #333333;\"><span style=\"font-family: helvetica;\"><span style=\"color: #333333;\"><span style=\"color: #0000cd;\"><em>Read more<\/em><\/span><em><span style=\"color: #333333;\"><span style=\"color: #0000cd; font-size: xx-small;\"><em><strong>\u00bb<\/strong><\/em><\/span><\/span><\/em><\/span><\/span><\/span><\/span><\/a><\/td>\n<\/tr>\n<tr style=\"background-color: #b0e0e6;\" valign=\"top\">\n<td style=\"font-size: 10px;\">\u00a029.04.2009<br \/>\n18:00-20:30<\/td>\n<td style=\"font-size: 10px;\">\u00a04. Fr\u00fchjahrs\u00fcbung<\/td>\n<td style=\"font-size: 10px;\" align=\"center\">\u00a025<\/td>\n<td style=\"font-size: 10px;\">\u00a0TLF-A, KLF-A,<br \/>\nMTF-A<\/td>\n<td><\/td>\n<\/tr>\n<tr style=\"background-color: #ffefd5;\" valign=\"top\">\n<td style=\"font-size: 10px;\">\u00a029.04.2009<br \/>\n07:00-13:00<\/td>\n<td style=\"font-size: 10px;\">\u00a0General\u00fcberholung TLF-A &#8211; Lohr<\/td>\n<td style=\"font-size: 10px;\" align=\"center\">\u00a02<\/td>\n<td style=\"font-size: 10px;\">\u00a0TLF-A, MTF-A<\/td>\n<td><\/td>\n<\/tr>\n<tr style=\"background-color: #b0e0e6;\" valign=\"top\">\n<td style=\"font-size: 10px;\">\u00a022.04.2009<br \/>\n18:00-20:15<\/td>\n<td style=\"font-size: 10px;\">\u00a03. Fr\u00fchjahrs\u00fcbung<\/td>\n<td style=\"font-size: 10px;\" align=\"center\">\u00a022<\/td>\n<td style=\"font-size: 10px;\">\u00a0KLF-A, LKW-A,<br \/>\nMTF-A<\/td>\n<td><\/td>\n<\/tr>\n<tr style=\"background-color: #ffefd5;\" valign=\"top\">\n<td style=\"font-size: 10px;\">\u00a019.04.2009<br \/>\n09:00-13:00<\/td>\n<td style=\"font-size: 10px;\">\u00a0Wissenstest Gr\u00f6bming<\/td>\n<td style=\"font-size: 10px;\" align=\"center\">\u00a05<\/td>\n<td style=\"font-size: 10px;\">\u00a0MTF-A<\/td>\n<td style=\"font-size: 9px;\">\u00a0<span style=\"font-family: helvetica;\"><span style=\"color: #333333;\"><a title=\"Wissenstest Feuerwehrjugend\" href=\"http:\/\/www.feuerwehr-aigen.at\/?page_id=355\"><span style=\"color: #0000cd;\"><em>Read more<\/em><\/span><em><span style=\"color: #333333;\"><span style=\"color: #0000cd; font-size: xx-small;\"><em><strong>\u00bb<\/strong><\/em><\/span><\/span><\/em><\/a><\/span><\/span><\/td>\n<\/tr>\n<tr style=\"background-color: #ffefd5;\" valign=\"top\">\n<td style=\"font-size: 10px;\">\u00a017.04.2009<br \/>\n18:30-23:00<\/td>\n<td style=\"font-size: 10px;\">\u00a0Bezirksfeuerwehrtag &#8211; Liezen<\/td>\n<td style=\"font-size: 10px;\" align=\"center\">\u00a04<\/td>\n<td style=\"font-size: 10px;\">\u00a0MTF-A<\/td>\n<td><\/td>\n<\/tr>\n<tr style=\"background-color: #ffefd5;\" valign=\"top\">\n<td style=\"font-size: 10px;\">\u00a017.04.2009<br \/>\n07:15-11:45<\/td>\n<td style=\"font-size: 10px;\">\u00a0General\u00fcberholung TLF-A &#8211; Lohr<\/td>\n<td style=\"font-size: 10px;\" align=\"center\">\u00a02<\/td>\n<td style=\"font-size: 10px;\">\u00a0TLF-A, MTF-A<\/td>\n<td><\/td>\n<\/tr>\n<tr style=\"background-color: #b0e0e6;\" valign=\"top\">\n<td style=\"font-size: 10px;\">\u00a015.04.2009<br \/>\n18:00-20:25<\/td>\n<td style=\"font-size: 10px;\">\u00a02. Fr\u00fchjahrs\u00fcbung<\/td>\n<td style=\"font-size: 10px;\" align=\"center\">\u00a023<\/td>\n<td style=\"font-size: 10px;\">\u00a0TLF-A, KLF-A,<br \/>\nLKW-A, MTF-A<\/td>\n<td><\/td>\n<\/tr>\n<tr style=\"background-color: #ffefd5;\" valign=\"top\">\n<td style=\"font-size: 10px;\">\u00a011.04.2009<br \/>\n09:00-12:00<\/td>\n<td style=\"font-size: 10px;\">\u00a0Fahrzeugwartung<\/td>\n<td style=\"font-size: 10px;\" align=\"center\">\u00a01<\/td>\n<td><\/td>\n<td><\/td>\n<\/tr>\n<tr style=\"background-color: #ffefd5;\" valign=\"top\">\n<td style=\"font-size: 10px;\">\u00a010.04.2009<br \/>\n06:30-15:00<\/td>\n<td style=\"font-size: 10px;\">\u00a0Kurs &#8211; Flugeinweiserlehrgang<br \/>\nFeuerwehr- und Zivilschutzschule Lebring<\/td>\n<td style=\"font-size: 10px;\" align=\"center\">\u00a03<\/td>\n<td style=\"font-size: 10px;\">\u00a0MTF-A<\/td>\n<td><\/td>\n<\/tr>\n<tr style=\"background-color: #ffcccc;\" valign=\"top\">\n<td style=\"font-size: 10px;\">\u00a009.04.2009<br \/>\n17:00-20:00<\/td>\n<td style=\"font-size: 10px;\">\u00a0Stra\u00dfenreinigung &#8211; Aigen<\/td>\n<td style=\"font-size: 10px;\" align=\"center\">\u00a05<\/td>\n<td style=\"font-size: 10px;\">\u00a0TLF-A<\/td>\n<td><\/td>\n<\/tr>\n<tr style=\"background-color: #b0e0e6;\" valign=\"top\">\n<td style=\"font-size: 10px;\">\u00a008.04.2009<br \/>\n18:00-21:45<\/td>\n<td style=\"font-size: 10px;\">\u00a01- Fr\u00fchjahrs\u00fcbung<\/td>\n<td style=\"font-size: 10px;\" align=\"center\">\u00a027<\/td>\n<td style=\"font-size: 10px;\">\u00a0TLF-A, KLF-A,<br \/>\nMTF-A<\/td>\n<td><\/td>\n<\/tr>\n<tr style=\"background-color: #ffefd5;\" valign=\"top\">\n<td style=\"font-size: 10px;\">\u00a008.04.2009<br \/>\n13:30-17:00<\/td>\n<td style=\"font-size: 10px;\">\u00a0Begr\u00e4bnis Oberst Karl Mayer<\/td>\n<td style=\"font-size: 10px;\" align=\"center\">\u00a04<\/td>\n<td style=\"font-size: 10px;\">\u00a0MTF-A<\/td>\n<td><\/td>\n<\/tr>\n<tr style=\"background-color: #ffefd5;\" valign=\"top\">\n<td style=\"font-size: 10px;\">\u00a007.04.2009<br \/>\n17:00-19:30<\/td>\n<td style=\"font-size: 10px;\">\u00a0Fahrzeugwartung<\/td>\n<td style=\"font-size: 10px;\" align=\"center\">\u00a01<\/td>\n<td><\/td>\n<td><\/td>\n<\/tr>\n<tr style=\"background-color: #ffefd5;\" valign=\"top\">\n<td style=\"font-size: 10px;\">\u00a004.-05.04.2009<br \/>\n19:00-03:00<\/td>\n<td style=\"font-size: 10px;\">\u00a0Brandsicherheitswache Puttererseehalle<br \/>\nWunschkonzert MK Aigen<\/td>\n<td style=\"font-size: 10px;\" align=\"center\">\u00a02<\/td>\n<td style=\"font-size: 10px;\">\u00a0MTF-A<\/td>\n<td><\/td>\n<\/tr>\n<tr style=\"background-color: #b0e0e6;\" valign=\"top\">\n<td style=\"font-size: 10px;\">\u00a031.03.2009<br \/>\n18:30-21:40<\/td>\n<td style=\"font-size: 10px;\">\u00a0Atemschutz\u00fcbung<\/td>\n<td style=\"font-size: 10px;\" align=\"center\">\u00a010<\/td>\n<td style=\"font-size: 10px;\">\u00a0TLF-A, MTF-A<\/td>\n<td><\/td>\n<\/tr>\n<tr style=\"background-color: #ffefd5;\" valign=\"top\">\n<td style=\"font-size: 10px;\">\u00a025.03.2009<br \/>\n19:0-22:00<\/td>\n<td style=\"font-size: 10px;\">\u00a0Bezirksausschu\u00dfsitzung<\/td>\n<td style=\"font-size: 10px;\" align=\"center\">\u00a01<\/td>\n<td><\/td>\n<td><\/td>\n<\/tr>\n<tr style=\"background-color: #ffefd5;\" valign=\"top\">\n<td style=\"font-size: 10px;\">\u00a022.03.2009<br \/>\n12:00-19:00<\/td>\n<td style=\"font-size: 10px;\">\u00a0Erste Hilfe Kurs<\/td>\n<td style=\"font-size: 10px;\" align=\"center\">\u00a08<\/td>\n<td style=\"font-size: 10px;\">\u00a0MTF-A<\/td>\n<td><\/td>\n<\/tr>\n<tr style=\"background-color: #ffefd5;\" valign=\"top\">\n<td style=\"font-size: 10px;\">\u00a021.-22.03.2009<br \/>\n12:00-02:00<\/td>\n<td style=\"font-size: 10px;\">\u00a0Brandsicherheitswache Puttererseehalle<br \/>\nBezirksj\u00e4gertag<\/td>\n<td style=\"font-size: 10px;\" align=\"center\">\u00a02<\/td>\n<td style=\"font-size: 10px;\">\u00a0LKW-A<\/td>\n<td><\/td>\n<\/tr>\n<tr style=\"background-color: #ffefd5;\" valign=\"top\">\n<td style=\"font-size: 10px;\">\u00a021.03.2009<br \/>\n05:00-19:00<\/td>\n<td style=\"font-size: 10px;\">\u00a0Leistungs\u00fcberpr\u00fcfung Flughelfer<br \/>\nFeuerwehr- und Zivilschutzschule Lebring<\/td>\n<td style=\"font-size: 10px;\" align=\"center\">\u00a03<\/td>\n<td style=\"font-size: 10px;\">\u00a0MTF-A<\/td>\n<td><\/td>\n<\/tr>\n<tr style=\"background-color: #b0e0e6;\" valign=\"top\">\n<td style=\"font-size: 10px;\">\u00a018.03.2009<br \/>\n18:00-20:30<\/td>\n<td style=\"font-size: 10px;\">\u00a0Schulung<br \/>\nMenschgenrettung und Absturzsicherung<\/td>\n<td style=\"font-size: 10px;\" align=\"center\">\u00a05<\/td>\n<td><\/td>\n<td><\/td>\n<\/tr>\n<tr style=\"background-color: #ffefd5;\" valign=\"top\">\n<td style=\"font-size: 10px;\">\u00a018.03.2009<br \/>\n16:00-22:00<\/td>\n<td style=\"font-size: 10px;\">\u00a0Technischer Dienst<br \/>\n\u00dcberpr\u00fcfungPers\u00f6nliche Schutzausr\u00fcstung (PSA)<\/td>\n<td style=\"font-size: 10px;\" align=\"center\">\u00a02<\/td>\n<td><\/td>\n<td><\/td>\n<\/tr>\n<tr style=\"background-color: #ffcccc;\" valign=\"top\">\n<td style=\"font-size: 10px;\">\u00a016.03.2009<br \/>\n12:00-14:00<\/td>\n<td style=\"font-size: 10px;\">\u00a0Kanalreinigung &#8211; Aich<\/td>\n<td style=\"font-size: 10px;\" align=\"center\">\u00a01<\/td>\n<td style=\"font-size: 10px;\">\u00a0TLF-A<\/td>\n<td><\/td>\n<\/tr>\n<tr style=\"background-color: #ffefd5;\" valign=\"top\">\n<td style=\"font-size: 10px;\">\u00a007.03.2009<br \/>\n13:00-18:15<\/td>\n<td style=\"font-size: 10px;\">\u00a0Sanit\u00e4ternachschulung<\/td>\n<td style=\"font-size: 10px;\" align=\"center\">\u00a010<\/td>\n<td><\/td>\n<td><\/td>\n<\/tr>\n<tr style=\"background-color: #ffcccc;\" valign=\"top\">\n<td style=\"font-size: 10px;\">\u00a004.03.2009<br \/>\n12:00-13:00<\/td>\n<td style=\"font-size: 10px;\">\u00a0Kanalreinigung &#8211; Ketten<\/td>\n<td style=\"font-size: 10px;\" align=\"center\">\u00a02<\/td>\n<td style=\"font-size: 10px;\">\u00a0TLF-A<\/td>\n<td><\/td>\n<\/tr>\n<tr style=\"background-color: #ffcccc;\" valign=\"top\">\n<td style=\"font-size: 10px;\">\u00a004.03.2009<br \/>\n09:43-12:10<\/td>\n<td style=\"font-size: 10px;\">\u00a0Dieselaustritt &#8211; Aich<\/td>\n<td style=\"font-size: 10px;\" align=\"center\">\u00a06<\/td>\n<td style=\"font-size: 10px;\">\u00a0KLF-A<\/td>\n<td><\/td>\n<\/tr>\n<tr style=\"background-color: #ffcccc;\" valign=\"top\">\n<td style=\"font-size: 10px;\">\u00a002.03.2009<br \/>\n15:00-17:00<\/td>\n<td style=\"font-size: 10px;\">\u00a0Kanalreinigung &#8211; Tachenberg<\/td>\n<td style=\"font-size: 10px;\" align=\"center\">\u00a02<\/td>\n<td style=\"font-size: 10px;\">\u00a0TLF-A<\/td>\n<td><\/td>\n<\/tr>\n<tr style=\"background-color: #ffcccc;\" valign=\"top\">\n<td style=\"font-size: 10px;\">\u00a001.03.2009<br \/>\n19:59-20:11<\/td>\n<td style=\"font-size: 10px;\">\u00a0Fehlalarm<br \/>\nBrandmeldealarm Landesberufschule<\/td>\n<td style=\"font-size: 10px;\" align=\"center\">\u00a016<\/td>\n<td style=\"font-size: 10px;\">\u00a0TLF-A, KLF-A<\/td>\n<td><\/td>\n<\/tr>\n<tr style=\"background-color: #ffcccc;\" valign=\"top\">\n<td style=\"font-size: 10px;\">\u00a001.03.2009<br \/>\n09:00-12:00<\/td>\n<td style=\"font-size: 10px;\">\u00a0Keller unter Wasser &#8211; Ketten<\/td>\n<td style=\"font-size: 10px;\" align=\"center\">\u00a03<\/td>\n<td style=\"font-size: 10px;\">\u00a0TLF-A<\/td>\n<td><\/td>\n<\/tr>\n<tr style=\"background-color: #ffefd5;\" valign=\"top\">\n<td style=\"font-size: 10px;\">\u00a028.02.2009<br \/>\n19:00-23:00<\/td>\n<td style=\"font-size: 10px;\">\u00a0Brandsicherheitswache Puttererseehalle<br \/>\nSiegerehrung Landesbedienstete<\/td>\n<td style=\"font-size: 10px;\" align=\"center\">\u00a02<\/td>\n<td style=\"font-size: 10px;\">\u00a0MTF-A<\/td>\n<td><\/td>\n<\/tr>\n<tr style=\"background-color: #ffefd5;\" valign=\"top\">\n<td style=\"font-size: 10px;\">\u00a028.02.2009<br \/>\n13:30-17:30<\/td>\n<td style=\"font-size: 10px;\">\u00a0Begr\u00e4bnis Fritz Toni<\/td>\n<td style=\"font-size: 10px;\" align=\"center\">\u00a04<\/td>\n<td style=\"font-size: 10px;\">\u00a0KLF-A<\/td>\n<td><\/td>\n<\/tr>\n<tr style=\"background-color: #ffefd5;\" valign=\"top\">\n<td style=\"font-size: 10px;\">\u00a027.-28.02.2009<br \/>\n05:00-18:00<\/td>\n<td style=\"font-size: 10px;\">\u00a0Kurs &#8211; Funklehrgang<br \/>\nFeuerwehr- und Zivilschutzschule Lebring<\/td>\n<td style=\"font-size: 10px;\" align=\"center\">\u00a02<\/td>\n<td style=\"font-size: 10px;\">\u00a0MTF-A<\/td>\n<td><\/td>\n<\/tr>\n<tr style=\"background-color: #ffefd5;\" valign=\"top\">\n<td style=\"font-size: 10px;\">\u00a024.02.2009<br \/>\n13:00-19:00<\/td>\n<td style=\"font-size: 10px;\">\u00a0Brandsicherheitswache Puttererseehalle<br \/>\nKinderfasching<\/td>\n<td style=\"font-size: 10px;\" align=\"center\">\u00a02<\/td>\n<td style=\"font-size: 10px;\">\u00a0MTF-A<\/td>\n<td><\/td>\n<\/tr>\n<tr style=\"background-color: #ffefd5;\" valign=\"top\">\n<td style=\"font-size: 10px;\">\u00a021.-22.02.2009<br \/>\n19:00-04:00<\/td>\n<td style=\"font-size: 10px;\">\u00a0Brandsicherheitswache Puttererseehalle<br \/>\nMaskenball<\/td>\n<td style=\"font-size: 10px;\" align=\"center\">\u00a02<\/td>\n<td style=\"font-size: 10px;\">\u00a0MTF-A<\/td>\n<td><\/td>\n<\/tr>\n<tr style=\"background-color: #ffefd5;\" valign=\"top\">\n<td style=\"font-size: 10px;\">\u00a020.-24.02.2009<br \/>\n00:00-24:00<\/td>\n<td style=\"font-size: 10px;\">\u00a0Faschingbar<\/td>\n<td style=\"font-size: 10px;\" align=\"center\">\u00a030<\/td>\n<td><\/td>\n<td><\/td>\n<\/tr>\n<tr style=\"background-color: #ffefd5;\" valign=\"top\">\n<td style=\"font-size: 10px;\">\u00a019.02.2009<br \/>\n18:00-22:00<\/td>\n<td style=\"font-size: 10px;\">\u00a0Faschingbar herrichten<\/td>\n<td style=\"font-size: 10px;\" align=\"center\">\u00a08<\/td>\n<td><\/td>\n<td><\/td>\n<\/tr>\n<tr style=\"background-color: #ffefd5;\" valign=\"top\">\n<td style=\"font-size: 10px;\">\u00a018.02.2009<br \/>\n18:00-22:00<\/td>\n<td style=\"font-size: 10px;\">\u00a0Erste Hilfe Kurs<\/td>\n<td style=\"font-size: 10px;\" align=\"center\">\u00a08<\/td>\n<td style=\"font-size: 10px;\">\u00a0MTF-A<\/td>\n<td><\/td>\n<\/tr>\n<tr style=\"background-color: #ffefd5;\" valign=\"top\">\n<td style=\"font-size: 10px;\">\u00a014.-15.02.2009<br \/>\n19:00-02:00<\/td>\n<td style=\"font-size: 10px;\">\u00a0Brandsicherheitswache Puttererseehalle<br \/>\nGschnasblattl<\/td>\n<td style=\"font-size: 10px;\" align=\"center\">\u00a03<\/td>\n<td style=\"font-size: 10px;\">\u00a0MTF-A<\/td>\n<td><\/td>\n<\/tr>\n<tr style=\"background-color: #ffefd5;\" valign=\"top\">\n<td style=\"font-size: 10px;\">\u00a013.02.2009<br \/>\n07:30-12:00<\/td>\n<td style=\"font-size: 10px;\">\u00a0Brandsicherheitswache Puttererseehalle<br \/>\nWintertagung<\/td>\n<td style=\"font-size: 10px;\" align=\"center\">\u00a02<\/td>\n<td style=\"font-size: 10px;\">\u00a0MTF-A<\/td>\n<td><\/td>\n<\/tr>\n<tr style=\"background-color: #ffefd5;\" valign=\"top\">\n<td style=\"font-size: 10px;\">\u00a012.02.2009<br \/>\n07:30-20:00<\/td>\n<td style=\"font-size: 10px;\">\u00a0Brandsicherheitswache, Parkplatzeinweisen<br \/>\nWintertagung<\/td>\n<td style=\"font-size: 10px;\" align=\"center\">\u00a06<\/td>\n<td style=\"font-size: 10px;\">\u00a0KLF-A, MTF-A<\/td>\n<td><\/td>\n<\/tr>\n<tr style=\"background-color: #ffefd5;\" valign=\"top\">\n<td style=\"font-size: 10px;\">\u00a011.02.2009<br \/>\n09:00-12:00<\/td>\n<td style=\"font-size: 10px;\">\u00a0Brandsicherheitswache Puttererseehalle<br \/>\nJ\u00e4gertagung<\/td>\n<td style=\"font-size: 10px;\" align=\"center\">\u00a02<\/td>\n<td style=\"font-size: 10px;\">\u00a0MTF-A<\/td>\n<td><\/td>\n<\/tr>\n<tr style=\"background-color: #ffefd5;\" valign=\"top\">\n<td style=\"font-size: 10px;\">\u00a010.-11.02.2009<br \/>\n08:30-01:00<\/td>\n<td style=\"font-size: 10px;\">\u00a0Brandsicherheitswache, Parkplatzeinweisen<br \/>\nJ\u00e4gertagung<\/td>\n<td style=\"font-size: 10px;\" align=\"center\">\u00a06<\/td>\n<td style=\"font-size: 10px;\">\u00a0KLF-A, MTF-A<\/td>\n<td><\/td>\n<\/tr>\n<tr style=\"background-color: #ffefd5;\" valign=\"top\">\n<td style=\"font-size: 10px;\">\u00a009.02.2009<br \/>\n18:00-22:00<\/td>\n<td style=\"font-size: 10px;\">\u00a0Erste Hilfe Kurs<\/td>\n<td style=\"font-size: 10px;\" align=\"center\">\u00a08<\/td>\n<td style=\"font-size: 10px;\">\u00a0MTF-A<\/td>\n<td><\/td>\n<\/tr>\n<tr style=\"background-color: #ffefd5;\" valign=\"top\">\n<td style=\"font-size: 10px;\">\u00a025.01.2009<br \/>\n08:00-18:00<\/td>\n<td style=\"font-size: 10px;\">\u00a0Jahreshauptversammlung<br \/>\nGH Gra\u00dfl<\/td>\n<td style=\"font-size: 10px;\" align=\"center\">\u00a040<\/td>\n<td><\/td>\n<td><\/td>\n<\/tr>\n<tr style=\"background-color: #ffefd5;\" valign=\"top\">\n<td style=\"font-size: 10px;\">\u00a024.01.2009<br \/>\n08:30-18:00<\/td>\n<td style=\"font-size: 10px;\">\u00a0Eisstock Gedenkturnier<br \/>\nPutterersee<\/td>\n<td style=\"font-size: 10px;\" align=\"center\">\u00a04<\/td>\n<td><\/td>\n<td><\/td>\n<\/tr>\n<tr style=\"background-color: #ffefd5;\" valign=\"top\">\n<td style=\"font-size: 10px;\">\u00a019.-22.01.2009<br \/>\n06:00-18:00<\/td>\n<td style=\"font-size: 10px;\">\u00a0Kurs &#8211; Gruppenkommandantenlehrgang<br \/>\nFeuerwehr- und Zivilschutzschule Lebring<\/td>\n<td style=\"font-size: 10px;\" align=\"center\">\u00a01<\/td>\n<td><\/td>\n<td><\/td>\n<\/tr>\n<tr style=\"background-color: #ffefd5;\" valign=\"top\">\n<td style=\"font-size: 10px;\">\u00a012.-13.01.2009<br \/>\n06:00-19:00<\/td>\n<td style=\"font-size: 10px;\">\u00a0Kurs -Funklehrgang<br \/>\nFeuerwehr- und Zivilschutzschule Lebring<\/td>\n<td style=\"font-size: 10px;\" align=\"center\">\u00a02<\/td>\n<td style=\"font-size: 10px;\">\u00a0MTF-A<\/td>\n<td><\/td>\n<\/tr>\n<\/tbody>\n<\/table>\n<div align=\"center\"><\/div>\n","protected":false},"excerpt":{"rendered":"<p>Einsatztagebuch 2009 der Freiwilligen\u00a0Feuerwehr Aigen im Ennstal \u00a0Alarmierung \u00a0Einsatzbeschreibung Mann \u00a0Fahrzeuge \u00a0Bericht \u00a010.12.2009 19:00-24.00 \u00a0Weihnachtsfeier \u00a066 \u00a010.12.2009 08:30-13:00 \u00a0FDisk Schulung \u00a02 \u00a006.12.2009 08:00-21:00 \u00a0Advent erleben in Aigen Ausschank, Brandsicherheitswache \u00a03 \u00a0MTF-A, Grillbude \u00a026.-28.11.2009 20:00-22:00 \u00a025. Zimmergewehrschie\u00dfen 2009 \u00a094 \u00a0Read more\u00bb \u00a027.11.2009 19:00-22:00 \u00a0Kommandantentag Donnersbach \u00a03 \u00a0MTF-A \u00a021.-22.11.2009 19:00-03:00 \u00a0Brandsicherhgeitswache Puttererseehalle MixedRock \u00a01 \u00a0MTF-A \u00a021.11.2009 19:00-19:05 [&hellip;]<\/p>\n","protected":false},"author":1,"featured_media":0,"parent":1133,"menu_order":13,"comment_status":"closed","ping_status":"closed","template":"","meta":{"footnotes":""},"class_list":["post-410","page","type-page","status-publish","hentry"],"jetpack_sharing_enabled":true,"_links":{"self":[{"href":"https:\/\/www.feuerwehr-aigen.at\/index.php?rest_route=\/wp\/v2\/pages\/410","targetHints":{"allow":["GET"]}}],"collection":[{"href":"https:\/\/www.feuerwehr-aigen.at\/index.php?rest_route=\/wp\/v2\/pages"}],"about":[{"href":"https:\/\/www.feuerwehr-aigen.at\/index.php?rest_route=\/wp\/v2\/types\/page"}],"author":[{"embeddable":true,"href":"https:\/\/www.feuerwehr-aigen.at\/index.php?rest_route=\/wp\/v2\/users\/1"}],"replies":[{"embeddable":true,"href":"https:\/\/www.feuerwehr-aigen.at\/index.php?rest_route=%2Fwp%2Fv2%2Fcomments&post=410"}],"version-history":[{"count":2,"href":"https:\/\/www.feuerwehr-aigen.at\/index.php?rest_route=\/wp\/v2\/pages\/410\/revisions"}],"predecessor-version":[{"id":866,"href":"https:\/\/www.feuerwehr-aigen.at\/index.php?rest_route=\/wp\/v2\/pages\/410\/revisions\/866"}],"up":[{"embeddable":true,"href":"https:\/\/www.feuerwehr-aigen.at\/index.php?rest_route=\/wp\/v2\/pages\/1133"}],"wp:attachment":[{"href":"https:\/\/www.feuerwehr-aigen.at\/index.php?rest_route=%2Fwp%2Fv2%2Fmedia&parent=410"}],"curies":[{"name":"wp","href":"https:\/\/api.w.org\/{rel}","templated":true}]}}