{"id":399,"date":"2009-09-20T17:25:51","date_gmt":"2009-09-20T17:25:51","guid":{"rendered":"http:\/\/feuerwehr-aigen.d2solution.net\/index.php\/20-september-2009-flugshow-niederoeblarn\/"},"modified":"2016-11-09T00:02:03","modified_gmt":"2016-11-09T00:02:03","slug":"20-september-2009-flugshow-niederoeblarn","status":"publish","type":"page","link":"https:\/\/www.feuerwehr-aigen.at\/?page_id=399","title":{"rendered":"20.09.2009 &#8211; Flugshow Nieder\u00f6blarn"},"content":{"rendered":"<p><a title=\"Schow_02\" href=\"http:\/\/feuerwehr-aigen.at\/wp-content\/uploads\/2009\/09\/Uebungen_Flugshow_2009_02.jpg\" target=\"_blank\"><img loading=\"lazy\" decoding=\"async\" class=\"alignleft wp-image-393 size-medium\" title=\"Show_02\" src=\"http:\/\/www.feuerwehr-aigen.at\/wp-content\/uploads\/2009\/09\/Uebungen_Flugshow_2009_02-300x225.jpg\" alt=\"Show_02\" width=\"300\" height=\"225\" align=\"left\" border=\"0\" hspace=\"5\" vspace=\"5\" srcset=\"https:\/\/www.feuerwehr-aigen.at\/wp-content\/uploads\/2009\/09\/Uebungen_Flugshow_2009_02-300x225.jpg 300w, https:\/\/www.feuerwehr-aigen.at\/wp-content\/uploads\/2009\/09\/Uebungen_Flugshow_2009_02-768x576.jpg 768w, https:\/\/www.feuerwehr-aigen.at\/wp-content\/uploads\/2009\/09\/Uebungen_Flugshow_2009_02.jpg 800w\" sizes=\"auto, (max-width: 300px) 100vw, 300px\" \/><\/a><strong>Im Rahmen des traditionellen Oktoberfestes der Sportunion Nieder\u00f6blarn fand auch heuer wieder <\/strong><strong>eine tolle Flugshow statt.<\/strong><\/p>\n<p>Neben zahlreichen Flugvorf\u00fchrungen und Statischen Ausstellungen diverser Flugger\u00e4te zeigten auch Einsatzorganistationen wieder ihr K\u00f6nnen.<\/p>\n<p>So wurde vom Flugdienstst\u00fctzpunkt Aigen eine &#8222;Waldbrandbek\u00e4mpfung&#8220; mit Unterst\u00fctzung einer Alouette III der Kaserne Aigen vorgef\u00fchrt.<\/p>\n<p>&nbsp;<\/p>\n<p>&nbsp;<br \/>\n<a title=\"Schow_01\" href=\"http:\/\/feuerwehr-aigen.at\/wp-content\/uploads\/2009\/09\/Uebungen_Flugshow_2009_01.jpg\" target=\"_blank\"><img loading=\"lazy\" decoding=\"async\" class=\"alignleft\" title=\"Show_01\" src=\"http:\/\/www.feuerwehr-aigen.at\/wp-content\/uploads\/2009\/09\/Uebungen_Flugshow_2009_01-300x225.jpg\" alt=\"Show_01\" width=\"300\" height=\"225\" align=\"left\" border=\"0\" hspace=\"5\" vspace=\"5\" \/><\/a>Nach einfliegen der Mannschaft wurde ein Bodenangriff mit 2 D-Rohren durchgef\u00fchrt.<br \/>\nDanach zeigte der Pilot der Alouette III seine Treffsicherheit und l\u00f6schte den Brand mit zwei Direktrabw\u00fcrfen aus der Luft.<\/p>\n<p>&nbsp;<\/p>\n<p>&nbsp;<\/p>\n<p>&nbsp;<\/p>\n<p>&nbsp;<\/p>\n<p>&nbsp;<\/p>\n<p>&nbsp;<\/p>\n<p><span style=\"color: #333333;\"><a title=\"Schow_03\" href=\"http:\/\/feuerwehr-aigen.at\/wp-content\/uploads\/2009\/09\/Uebungen_Flugshow_2009_03.jpg\" target=\"_blank\"><img loading=\"lazy\" decoding=\"async\" class=\"wp-image-396 alignleft\" title=\"Show_03\" src=\"http:\/\/www.feuerwehr-aigen.at\/wp-content\/uploads\/2009\/09\/Uebungen_Flugshow_2009_03-300x225.jpg\" alt=\"Show_03\" width=\"300\" height=\"225\" align=\"right\" border=\"0\" hspace=\"5\" vspace=\"5\" srcset=\"https:\/\/www.feuerwehr-aigen.at\/wp-content\/uploads\/2009\/09\/Uebungen_Flugshow_2009_03-300x225.jpg 300w, https:\/\/www.feuerwehr-aigen.at\/wp-content\/uploads\/2009\/09\/Uebungen_Flugshow_2009_03-768x576.jpg 768w, https:\/\/www.feuerwehr-aigen.at\/wp-content\/uploads\/2009\/09\/Uebungen_Flugshow_2009_03.jpg 800w\" sizes=\"auto, (max-width: 300px) 100vw, 300px\" \/><\/a><\/span><\/p>\n","protected":false},"excerpt":{"rendered":"<p>Im Rahmen des traditionellen Oktoberfestes der Sportunion Nieder\u00f6blarn fand auch heuer wieder eine tolle Flugshow statt. Neben zahlreichen Flugvorf\u00fchrungen und Statischen Ausstellungen diverser Flugger\u00e4te zeigten auch Einsatzorganistationen wieder ihr K\u00f6nnen. So wurde vom Flugdienstst\u00fctzpunkt Aigen eine &#8222;Waldbrandbek\u00e4mpfung&#8220; mit Unterst\u00fctzung einer Alouette III der Kaserne Aigen vorgef\u00fchrt. &nbsp; &nbsp; Nach einfliegen der Mannschaft wurde ein Bodenangriff [&hellip;]<\/p>\n","protected":false},"author":1,"featured_media":0,"parent":0,"menu_order":6,"comment_status":"closed","ping_status":"closed","template":"","meta":{"footnotes":""},"class_list":["post-399","page","type-page","status-publish","hentry"],"jetpack_sharing_enabled":true,"_links":{"self":[{"href":"https:\/\/www.feuerwehr-aigen.at\/index.php?rest_route=\/wp\/v2\/pages\/399","targetHints":{"allow":["GET"]}}],"collection":[{"href":"https:\/\/www.feuerwehr-aigen.at\/index.php?rest_route=\/wp\/v2\/pages"}],"about":[{"href":"https:\/\/www.feuerwehr-aigen.at\/index.php?rest_route=\/wp\/v2\/types\/page"}],"author":[{"embeddable":true,"href":"https:\/\/www.feuerwehr-aigen.at\/index.php?rest_route=\/wp\/v2\/users\/1"}],"replies":[{"embeddable":true,"href":"https:\/\/www.feuerwehr-aigen.at\/index.php?rest_route=%2Fwp%2Fv2%2Fcomments&post=399"}],"version-history":[{"count":3,"href":"https:\/\/www.feuerwehr-aigen.at\/index.php?rest_route=\/wp\/v2\/pages\/399\/revisions"}],"predecessor-version":[{"id":1706,"href":"https:\/\/www.feuerwehr-aigen.at\/index.php?rest_route=\/wp\/v2\/pages\/399\/revisions\/1706"}],"wp:attachment":[{"href":"https:\/\/www.feuerwehr-aigen.at\/index.php?rest_route=%2Fwp%2Fv2%2Fmedia&parent=399"}],"curies":[{"name":"wp","href":"https:\/\/api.w.org\/{rel}","templated":true}]}}