{"id":3569,"date":"2018-12-29T19:46:08","date_gmt":"2018-12-29T18:46:08","guid":{"rendered":"http:\/\/www.feuerwehr-aigen.at\/?page_id=3569"},"modified":"2020-05-13T08:47:18","modified_gmt":"2020-05-13T07:47:18","slug":"einsaetze-2019","status":"publish","type":"page","link":"https:\/\/www.feuerwehr-aigen.at\/?page_id=3569","title":{"rendered":"Eins\u00e4tze 2019"},"content":{"rendered":"<section class=\"av_textblock_section \"  itemscope=\"itemscope\" itemtype=\"https:\/\/schema.org\/CreativeWork\" ><div class='avia_textblock  '   itemprop=\"text\" ><table style=\"width: 739px; height: 3264px;\">\n<tbody>\n<tr style=\"height: 24px;\">\n<td style=\"width: 118px; height: 24px;\"><strong>\u00a0Alarmierung<\/strong><\/td>\n<td style=\"width: 310px; height: 24px;\"><strong>\u00a0Einsatzbeschreibung 2019<\/strong><\/td>\n<td style=\"width: 53px; height: 24px;\"><strong>\u00a0Mann<\/strong><\/td>\n<td style=\"width: 152px; height: 24px;\"><strong>\u00a0Fahrzeuge<\/strong><\/td>\n<td style=\"width: 72px; height: 24px;\"><strong>\u00a0Bericht<\/strong><\/td>\n<\/tr>\n<tr>\n<td style=\"width: 118px;\">24.12.2019<br \/>\n10:54 &#8211; 11:38<\/td>\n<td style=\"width: 310px;\">Technischer Einsatz T01<br \/>\nMaschendrahtzaun unter LKW verklemmt<\/td>\n<td style=\"width: 53px;\">12<\/td>\n<td style=\"width: 152px;\">TLF &#8211; A<br \/>\nKLF &#8211; A<\/td>\n<td style=\"width: 72px;\"><\/td>\n<\/tr>\n<tr>\n<td style=\"width: 118px;\">28.11.2019<br \/>\n10:22 &#8211; 11:00<\/td>\n<td style=\"width: 310px;\">Brandeinsatz B06<br \/>\nBMA Puttererseehalle &#8211; T\u00e4uschungsalarm<\/td>\n<td style=\"width: 53px;\">3<\/td>\n<td style=\"width: 152px;\">TLF &#8211; A<\/td>\n<td style=\"width: 72px;\"><\/td>\n<\/tr>\n<tr>\n<td style=\"width: 118px;\">22.11.2019<br \/>\n13:30 &#8211; 17:30<\/td>\n<td style=\"width: 310px;\">Brandeinsatz B01 &#8211; Brandsicherheitswache<br \/>\nHauptplatz,BK Kurz und Sch\u00fctzenh\u00f6fer<\/td>\n<td style=\"width: 53px;\">8<\/td>\n<td style=\"width: 152px;\">MTF &#8211; A<\/td>\n<td style=\"width: 72px;\"><\/td>\n<\/tr>\n<tr>\n<td style=\"width: 118px;\">20.11.2019<br \/>\n12:42 &#8211; 15:15<\/td>\n<td style=\"width: 310px;\">Technischer Einsatz T11<br \/>\nMenschenrettung Kohlanger-Hochberg<\/td>\n<td style=\"width: 53px;\">11<\/td>\n<td style=\"width: 152px;\">KLF-A<br \/>\nLKW- Stainach<br \/>\nMTF-Sainach<br \/>\nBergrettung Stainach<br \/>\nNotarzthubschrauber C-14<br \/>\nRettung Stainach<\/td>\n<td style=\"width: 72px;\"><\/td>\n<\/tr>\n<tr>\n<td style=\"width: 118px;\">22.10.2019<br \/>\n16:53 &#8211; 18:00<\/td>\n<td style=\"width: 310px;\">Technischer Einsatz T11<br \/>\nMenschenrettung Vorberg<\/td>\n<td style=\"width: 53px;\">10<\/td>\n<td style=\"width: 152px;\">MTF-A<br \/>\nKLF-A<\/td>\n<td style=\"width: 72px;\"><\/td>\n<\/tr>\n<tr>\n<td style=\"width: 118px;\">12.10.2019<br \/>\n12:20 &#8211; 13:00<\/td>\n<td style=\"width: 310px;\">Technischer Einsatz T01<br \/>\nTragehilfe f\u00fcrs Rote Kreuz H\u00f6he Br\u00fcckenwirt<\/td>\n<td style=\"width: 53px;\">10<\/td>\n<td style=\"width: 152px;\"><\/td>\n<td style=\"width: 72px;\"><\/td>\n<\/tr>\n<tr>\n<td style=\"width: 118px;\">05.10.2019<br \/>\n14:00 &#8211; 20:30<\/td>\n<td style=\"width: 310px;\">Brandeinsatz B01<br \/>\nBrandsicherheitswache SV Aigen<\/td>\n<td style=\"width: 53px;\">2<\/td>\n<td style=\"width: 152px;\">MTF-A<\/td>\n<td style=\"width: 72px;\"><\/td>\n<\/tr>\n<tr style=\"height: 48px;\">\n<td style=\"width: 118px; height: 48px;\">27.09.2019<br \/>\n12:30 &#8211; 19:30<\/td>\n<td style=\"width: 310px; height: 48px;\">Brandeinsatz B01 &#8211; Brandsicherheitswache Wien Energie, Er\u00f6ffnung KW Gulling<\/td>\n<td style=\"width: 53px; height: 48px;\">11<\/td>\n<td style=\"width: 152px; height: 48px;\">KLF-A<br \/>\nMTF-A<\/td>\n<td style=\"width: 72px; height: 48px;\"><\/td>\n<\/tr>\n<tr style=\"height: 48px;\">\n<td style=\"width: 118px; height: 48px;\">26.09.2019<br \/>\n14:33 &#8211; 16:00<\/td>\n<td style=\"width: 310px; height: 48px;\">Technischer Einsatz T11<br \/>\nMenschenrettung Tachenberg<\/td>\n<td style=\"width: 53px; height: 48px;\">13<\/td>\n<td style=\"width: 152px; height: 48px;\">TLF-A<br \/>\nKLF-A<\/td>\n<td style=\"width: 72px; height: 48px;\"><\/td>\n<\/tr>\n<tr style=\"height: 48px;\">\n<td style=\"width: 118px; height: 48px;\">24.09.2019<br \/>\n17:56 &#8211; 18:45<\/td>\n<td style=\"width: 310px; height: 48px;\">Brandeinsatz B06<br \/>\nBMA Puttererseehalle &#8211; T\u00e4uschungsalarm<\/td>\n<td style=\"width: 53px; height: 48px;\">9<\/td>\n<td style=\"width: 152px; height: 48px;\">TLF-A<\/td>\n<td style=\"width: 72px; height: 48px;\"><\/td>\n<\/tr>\n<tr style=\"height: 48px;\">\n<td style=\"width: 118px; height: 48px;\">20.09.2019<br \/>\n16:40 &#8211; 17:50<\/td>\n<td style=\"width: 310px; height: 48px;\">Technischer Einsatz T05 &#8211; Insektenbek\u00e4mpfung &#8211; Sallaberg\/See<\/td>\n<td style=\"width: 53px; height: 48px;\">1<\/td>\n<td style=\"width: 152px; height: 48px;\">MTF &#8211; A<\/td>\n<td style=\"width: 72px; height: 48px;\"><\/td>\n<\/tr>\n<tr style=\"height: 48px;\">\n<td style=\"width: 118px; height: 48px;\">12.09.2019<br \/>\n18:00 &#8211; 19:30<\/td>\n<td style=\"width: 310px; height: 48px;\">Technischer Einsatz T05 &#8211; Insektenbek\u00e4mpfung &#8211; Sallaberg\/See<\/td>\n<td style=\"width: 53px; height: 48px;\">1<\/td>\n<td style=\"width: 152px; height: 48px;\">MTF<\/td>\n<td style=\"width: 72px; height: 48px;\"><\/td>\n<\/tr>\n<tr style=\"height: 48px;\">\n<td style=\"width: 118px; height: 48px;\">11.09.2019<br \/>\n18:30 &#8211; 19:30<\/td>\n<td style=\"width: 310px; height: 48px;\">Technischer Einsatz T05 &#8211; Insektenbek\u00e4mpfung &#8211; Schlattham<\/td>\n<td style=\"width: 53px; height: 48px;\">1<\/td>\n<td style=\"width: 152px; height: 48px;\">MTF<\/td>\n<td style=\"width: 72px; height: 48px;\"><\/td>\n<\/tr>\n<tr style=\"height: 48px;\">\n<td style=\"width: 118px; height: 48px;\">11.09.2019<br \/>\n17:00 &#8211; 18:00<\/td>\n<td style=\"width: 310px; height: 48px;\">Technischer Einsatz T05 &#8211; Insektenbek\u00e4mpfung &#8211; Hohenberg<\/td>\n<td style=\"width: 53px; height: 48px;\">1<\/td>\n<td style=\"width: 152px; height: 48px;\">MTF<\/td>\n<td style=\"width: 72px; height: 48px;\"><\/td>\n<\/tr>\n<tr style=\"height: 48px;\">\n<td style=\"width: 118px; height: 48px;\">10.09.2019<br \/>\n19:00 &#8211; 20:00<\/td>\n<td style=\"width: 310px; height: 48px;\">Technischer Einsatz T05 &#8211; Insektenbek\u00e4mpfung &#8211; Schlattham<\/td>\n<td style=\"width: 53px; height: 48px;\">1<\/td>\n<td style=\"width: 152px; height: 48px;\">MTF<\/td>\n<td style=\"width: 72px; height: 48px;\"><\/td>\n<\/tr>\n<tr style=\"height: 48px;\">\n<td style=\"width: 118px; height: 48px;\">06.09.2019<br \/>\n04:00 &#8211; 20:00<\/td>\n<td style=\"width: 310px; height: 48px;\">Brandeinsatz B01 &#8211; Airpower Zeltweg<br \/>\nBrandsicherheitswache Flugdienst<\/td>\n<td style=\"width: 53px; height: 48px;\">2<\/td>\n<td style=\"width: 152px; height: 48px;\">MTF &#8211; A<\/td>\n<td style=\"width: 72px; height: 48px;\"><\/td>\n<\/tr>\n<tr style=\"height: 48px;\">\n<td style=\"width: 118px; height: 48px;\">31.08.2019<br \/>\n19:10 &#8211; 20:10<\/td>\n<td style=\"width: 310px; height: 48px;\">Brandeinsatz B02<br \/>\nM\u00fcllcontainerbrand Bauhof<\/td>\n<td style=\"width: 53px; height: 48px;\">10<\/td>\n<td style=\"width: 152px; height: 48px;\">TLF &#8211; A<\/td>\n<td style=\"width: 72px; height: 48px;\"><\/td>\n<\/tr>\n<tr style=\"height: 48px;\">\n<td style=\"width: 118px; height: 48px;\">30.08.2019<br \/>\n18:00 &#8211; 19:00<\/td>\n<td style=\"width: 310px; height: 48px;\">Technischer Einsatz T05 &#8211; Insektenbek\u00e4mpfung &#8211; Ritzmannsdorf<\/td>\n<td style=\"width: 53px; height: 48px;\">1<\/td>\n<td style=\"width: 152px; height: 48px;\">MTF &#8211; A<\/td>\n<td style=\"width: 72px; height: 48px;\"><\/td>\n<\/tr>\n<tr style=\"height: 48px;\">\n<td style=\"width: 118px; height: 48px;\">30.08.2019<br \/>\n17:00 &#8211; 18:00<\/td>\n<td style=\"width: 310px; height: 48px;\">Technischer Einsatz T05 &#8211; Insektenbek\u00e4mpfung &#8211; Hohenberg<\/td>\n<td style=\"width: 53px; height: 48px;\">1<\/td>\n<td style=\"width: 152px; height: 48px;\">MTF &#8211; A<\/td>\n<td style=\"width: 72px; height: 48px;\"><\/td>\n<\/tr>\n<tr style=\"height: 48px;\">\n<td style=\"width: 118px; height: 48px;\">30.08.2019<br \/>\n15:30 &#8211; 16:30<\/td>\n<td style=\"width: 310px; height: 48px;\">Technischer Einsatz T05 &#8211; Insektenbek\u00e4mpfung &#8211; Tachenberg<\/td>\n<td style=\"width: 53px; height: 48px;\">1<\/td>\n<td style=\"width: 152px; height: 48px;\">MTF- A<\/td>\n<td style=\"width: 72px; height: 48px;\"><\/td>\n<\/tr>\n<tr style=\"height: 48px;\">\n<td style=\"width: 118px; height: 48px;\">28.08.2019<br \/>\n16:00 &#8211; 17:00<\/td>\n<td style=\"width: 310px; height: 48px;\">Technischer Einsatz T05 &#8211; Insektenbek\u00e4mpfung &#8211; Tachenberg<\/td>\n<td style=\"width: 53px; height: 48px;\">1<\/td>\n<td style=\"width: 152px; height: 48px;\">MTF<\/td>\n<td style=\"width: 72px; height: 48px;\"><\/td>\n<\/tr>\n<tr style=\"height: 48px;\">\n<td style=\"width: 118px; height: 48px;\">27.08.2019<br \/>\n11:00 &#8211; 11:30<\/td>\n<td style=\"width: 310px; height: 48px;\">Technischer Einsatz T05 &#8211; Insektenbek\u00e4mpfung &#8211; Tachenberg<\/td>\n<td style=\"width: 53px; height: 48px;\">1<\/td>\n<td style=\"width: 152px; height: 48px;\">MTF<\/td>\n<td style=\"width: 72px; height: 48px;\"><\/td>\n<\/tr>\n<tr style=\"height: 48px;\">\n<td style=\"width: 118px; height: 48px;\">27.08.2019<br \/>\n10:00 &#8211; 11:00<\/td>\n<td style=\"width: 310px; height: 48px;\">Technischer Einsatz T05 &#8211; Insektenbek\u00e4mpfung &#8211; Tachenberg<\/td>\n<td style=\"width: 53px; height: 48px;\">2<\/td>\n<td style=\"width: 152px; height: 48px;\">TLF &#8211; A<\/td>\n<td style=\"width: 72px; height: 48px;\"><\/td>\n<\/tr>\n<tr style=\"height: 48px;\">\n<td style=\"width: 118px; height: 48px;\">18.08.2019<br \/>\n16:20 &#8211; 17:30<\/td>\n<td style=\"width: 310px; height: 48px;\">Technischer Einsatz T05 &#8211; Insektenbek\u00e4mpfung &#8211; Ritzmannsdorf<\/td>\n<td style=\"width: 53px; height: 48px;\">1<\/td>\n<td style=\"width: 152px; height: 48px;\">MTF<\/td>\n<td style=\"width: 72px; height: 48px;\"><\/td>\n<\/tr>\n<tr style=\"height: 48px;\">\n<td style=\"width: 118px; height: 48px;\">16.08.2019<br \/>\n16:20 &#8211; 17:30<\/td>\n<td style=\"width: 310px; height: 48px;\">Technischer Einsatz T05 &#8211; Insektenbek\u00e4mpfung &#8211; Ritzmannsdorf<\/td>\n<td style=\"width: 53px; height: 48px;\">1<\/td>\n<td style=\"width: 152px; height: 48px;\">MTF<\/td>\n<td style=\"width: 72px; height: 48px;\"><\/td>\n<\/tr>\n<tr style=\"height: 48px;\">\n<td style=\"width: 118px; height: 48px;\">14.08.2019<br \/>\n18:30 &#8211; 19:30<\/td>\n<td style=\"width: 310px; height: 48px;\">Technischer Einsatz T05 &#8211; Insektenbek\u00e4mpfung &#8211; Hohenberg<\/td>\n<td style=\"width: 53px; height: 48px;\">12<\/td>\n<td style=\"width: 152px; height: 48px;\">TLF &#8211; A<br \/>\nKLF &#8211; A<\/td>\n<td style=\"width: 72px; height: 48px;\"><\/td>\n<\/tr>\n<tr style=\"height: 48px;\">\n<td style=\"width: 118px; height: 48px;\">07.08.2019<br \/>\n18:45 &#8211; 21:00<\/td>\n<td style=\"width: 310px; height: 48px;\">Brandeinsatz B09 &#8211; Waldbrand<br \/>\nVorberg<\/td>\n<td style=\"width: 53px; height: 48px;\">19<\/td>\n<td style=\"width: 152px; height: 48px;\">TLF &#8211; A<br \/>\nKLF &#8211; A<br \/>\nLKW &#8211; A<\/td>\n<td style=\"width: 72px; height: 48px;\"><\/td>\n<\/tr>\n<tr style=\"height: 48px;\">\n<td style=\"width: 118px; height: 48px;\">02.08.2019<br \/>\n10:00 &#8211; 11:20<\/td>\n<td style=\"width: 310px; height: 48px;\">Technischer Einsatz T05 &#8211; Insektenbek\u00e4mpfung &#8211; Sallaberg\/Kulm<\/td>\n<td style=\"width: 53px; height: 48px;\">1<\/td>\n<td style=\"width: 152px; height: 48px;\">MTF<\/td>\n<td style=\"width: 72px; height: 48px;\"><\/td>\n<\/tr>\n<tr style=\"height: 48px;\">\n<td style=\"width: 118px; height: 48px;\">27.07.2019<br \/>\n14:00 &#8211; 14:30<\/td>\n<td style=\"width: 310px; height: 48px;\">Technischer Einsatz T05 &#8211; Insektenbek\u00e4mpfung &#8211; Neulantschern<\/td>\n<td style=\"width: 53px; height: 48px;\">1<\/td>\n<td style=\"width: 152px; height: 48px;\">MTF<\/td>\n<td style=\"width: 72px; height: 48px;\"><\/td>\n<\/tr>\n<tr style=\"height: 48px;\">\n<td style=\"width: 118px; height: 48px;\">26.07.2019<br \/>\n20:16 &#8211; 22:00<\/td>\n<td style=\"width: 310px; height: 48px;\">Technischer Einsatz\u00a0T01<br \/>\n\u00d6lspur Bereich Wache bis Landmarkt<\/td>\n<td style=\"width: 53px; height: 48px;\">10<\/td>\n<td style=\"width: 152px; height: 48px;\">TLF &#8211; A<br \/>\nKLF &#8211; A<\/td>\n<td style=\"width: 72px; height: 48px;\"><\/td>\n<\/tr>\n<tr style=\"height: 48px;\">\n<td style=\"width: 118px; height: 48px;\">26.07.2019<br \/>\n12:36 &#8211; 22:00<\/td>\n<td style=\"width: 310px; height: 48px;\">Brandeinsatz B09 &#8211; Waldbrand<br \/>\nStoderzinken<\/td>\n<td style=\"width: 53px; height: 48px;\">6<\/td>\n<td style=\"width: 152px; height: 48px;\">LKW &#8211; A<br \/>\nMTF &#8211; A<\/td>\n<td style=\"width: 72px; height: 48px;\"><\/td>\n<\/tr>\n<tr style=\"height: 48px;\">\n<td style=\"width: 118px; height: 48px;\">23.07.2019<br \/>\n15:09 &#8211; 23:30<\/td>\n<td style=\"width: 310px; height: 48px;\">Brandeinsatz B09 &#8211; Waldbrand<br \/>\nBrandlalm &#8211; Gr\u00f6bming<\/td>\n<td style=\"width: 53px; height: 48px;\">6<\/td>\n<td style=\"width: 152px; height: 48px;\">LKW &#8211; A<\/td>\n<td style=\"width: 72px; height: 48px;\"><a href=\"https:\/\/www.bfvli.steiermark.at\/desktopdefault.aspx\/tabid-252\/2212_read-39621\" target=\"_blank\" rel=\"noopener noreferrer\">lesen Sie mehr&#8230;<\/a><\/td>\n<\/tr>\n<tr style=\"height: 48px;\">\n<td style=\"width: 118px; height: 48px;\">22.07.2019<br \/>\n15:09 &#8211; 23:30<\/td>\n<td style=\"width: 310px; height: 48px;\">Brandeinsatz B09 &#8211; Waldbrand<br \/>\nStoderzinken<\/td>\n<td style=\"width: 53px; height: 48px;\">6<\/td>\n<td style=\"width: 152px; height: 48px;\">MTF &#8211; A<br \/>\nLKW &#8211; A<\/td>\n<td style=\"width: 72px; height: 48px;\"><a href=\"https:\/\/www.bfvli.steiermark.at\/desktopdefault.aspx\/tabid-252\/2212_read-39621\" target=\"_blank\" rel=\"noopener noreferrer\">lesen Sie mehr&#8230;<\/a><\/td>\n<\/tr>\n<tr style=\"height: 72px;\">\n<td style=\"width: 118px; height: 72px;\">21.07.2019<br \/>\n02:05 &#8211; 03:00<\/td>\n<td style=\"width: 310px; height: 72px;\">Technischer Einsatz T11- Menschenrettung<br \/>\nPersonensuche Gulling<\/td>\n<td style=\"width: 53px; height: 72px;\">20<\/td>\n<td style=\"width: 152px; height: 72px;\">TLF &#8211; A<br \/>\nKLF &#8211; A<br \/>\nMTF &#8211; A<\/td>\n<td style=\"width: 72px; height: 72px;\"><\/td>\n<\/tr>\n<tr style=\"height: 48px;\">\n<td style=\"width: 118px; height: 48px;\">18.07.2019<br \/>\n20:10 &#8211; 21:15<\/td>\n<td style=\"width: 310px; height: 48px;\">Technischer Einsatz T05 &#8211; Insektenbek\u00e4mpfung &#8211; Schlattham<\/td>\n<td style=\"width: 53px; height: 48px;\">1<\/td>\n<td style=\"width: 152px; height: 48px;\">MTF<\/td>\n<td style=\"width: 72px; height: 48px;\"><\/td>\n<\/tr>\n<tr style=\"height: 48px;\">\n<td style=\"width: 118px; height: 48px;\">03.07.2019<br \/>\n09:00 &#8211; 19:00<\/td>\n<td style=\"width: 310px; height: 48px;\">Brandeinsatz B09 &#8211; Waldbrand<br \/>\nGro\u00dfreifling &#8211; Almmauer<\/td>\n<td style=\"width: 53px; height: 48px;\">2<\/td>\n<td style=\"width: 152px; height: 48px;\">LKW-A<br \/>\nMTF-A<\/td>\n<td style=\"width: 72px; height: 48px;\"><a href=\"https:\/\/www.bfvli.steiermark.at\/desktopdefault.aspx\/tabid-252\/2212_read-39459\" target=\"_blank\" rel=\"noopener noreferrer\">lesen Sie mehr&#8230;<\/a><\/td>\n<\/tr>\n<tr style=\"height: 48px;\">\n<td style=\"width: 118px; height: 48px;\">02.07.2019<br \/>\n06:30 &#8211; 20:00<\/td>\n<td style=\"width: 310px; height: 48px;\">Brandeinsatz B09 &#8211; Waldbrand<br \/>\nGro\u00dfreifling &#8211; Almmauer<\/td>\n<td style=\"width: 53px; height: 48px;\">8<\/td>\n<td style=\"width: 152px; height: 48px;\">LKW-A<br \/>\nMTF-A<\/td>\n<td style=\"width: 72px; height: 48px;\"><a href=\"https:\/\/www.bfvli.steiermark.at\/desktopdefault.aspx\/tabid-252\/2212_read-39459\" target=\"_blank\" rel=\"noopener noreferrer\">lesen Sie mehr&#8230;<\/a><\/td>\n<\/tr>\n<tr style=\"height: 48px;\">\n<td style=\"width: 118px; height: 48px;\">01.07.2019<br \/>\n15:11- 20:00<\/td>\n<td style=\"width: 310px; height: 48px;\">Brandeinsatz B09 &#8211; Waldbrand<br \/>\nGro\u00dfreifling &#8211; Almmauer<\/td>\n<td style=\"width: 53px; height: 48px;\">5<\/td>\n<td style=\"width: 152px; height: 48px;\">LKW-A<br \/>\nMTF-A<\/td>\n<td style=\"width: 72px; height: 48px;\"><a href=\"https:\/\/www.bfvli.steiermark.at\/desktopdefault.aspx\/tabid-252\/2212_read-39459\" target=\"_blank\" rel=\"noopener noreferrer\">lesen Sie mehr&#8230;<\/a><\/td>\n<\/tr>\n<tr style=\"height: 48px;\">\n<td style=\"width: 118px; height: 48px;\">29.06.2019<br \/>\n11:23 &#8211; 13:00<\/td>\n<td style=\"width: 310px; height: 48px;\">Brandeinsatz B08 &#8211; Fahrzeug<br \/>\nSilopresse N\u00e4he Munibunker<\/td>\n<td style=\"width: 53px; height: 48px;\">15<\/td>\n<td style=\"width: 152px; height: 48px;\">TLF &#8211; A<br \/>\nKLF -A<\/td>\n<td style=\"width: 72px; height: 48px;\"><a href=\"http:\/\/www.feuerwehr-aigen.at\/?portfolio=29-06-2019-silopressenbrand\">lesen Sie mehr&#8230;<\/a><\/td>\n<\/tr>\n<tr style=\"height: 48px;\">\n<td style=\"width: 118px; height: 48px;\">26.06.2019<br \/>\n17:00 &#8211; 18:30<\/td>\n<td style=\"width: 310px; height: 48px;\">Technischer Einsatz T05 &#8211; Insektenbek\u00e4mpfung &#8211; Ketten<\/td>\n<td style=\"width: 53px; height: 48px;\">1<\/td>\n<td style=\"width: 152px; height: 48px;\">MTF-A<\/td>\n<td style=\"width: 72px; height: 48px;\"><\/td>\n<\/tr>\n<tr style=\"height: 48px;\">\n<td style=\"width: 118px; height: 48px;\">26.06.2019<br \/>\n20:00 &#8211; 22:00<\/td>\n<td style=\"width: 310px; height: 48px;\">Technischer Einsatz T01<br \/>\nWassertransport Tachenberg<\/td>\n<td style=\"width: 53px; height: 48px;\">2<\/td>\n<td style=\"width: 152px; height: 48px;\">TLF-A<\/td>\n<td style=\"width: 72px; height: 48px;\"><\/td>\n<\/tr>\n<tr style=\"height: 72px;\">\n<td style=\"width: 118px; height: 72px;\">25.06.2019<br \/>\n16:52 &#8211; 17:36<\/td>\n<td style=\"width: 310px; height: 72px;\">Brandeinsatz B01 &#8211; Verdacht<br \/>\nNachl\u00f6scharbeiten Sonnwendfeuer &#8211; Schlattham<\/td>\n<td style=\"width: 53px; height: 72px;\">5<\/td>\n<td style=\"width: 152px; height: 72px;\">TLF &#8211; A<\/td>\n<td style=\"width: 72px; height: 72px;\"><\/td>\n<\/tr>\n<tr style=\"height: 24px;\">\n<td style=\"width: 118px; height: 24px;\">17.06.2019<br \/>\n00:39 &#8211; 01:00<\/td>\n<td style=\"width: 310px; height: 24px;\">Brandeinsatz B06 &#8211; BMA Alarm<br \/>\nFehlalarm Puttererschl\u00f6\u00dfl<\/td>\n<td style=\"width: 53px; height: 24px;\">10<\/td>\n<td style=\"width: 152px; height: 24px;\">TLF -A<\/td>\n<td style=\"width: 72px; height: 24px;\"><\/td>\n<\/tr>\n<tr style=\"height: 48px;\">\n<td style=\"width: 118px; height: 48px;\">15.06.2019<br \/>\n12:30 &#8211; 20:30<\/td>\n<td style=\"width: 310px; height: 48px;\">Technischer Einsatz T01<br \/>\nStreckenposten Puttererseetriathlon<\/td>\n<td style=\"width: 53px; height: 48px;\">26<\/td>\n<td style=\"width: 152px; height: 48px;\">MTF ,KLF-A<br \/>\nLFB &#8211; A<\/td>\n<td style=\"width: 72px; height: 48px;\"><\/td>\n<\/tr>\n<tr style=\"height: 48px;\">\n<td style=\"width: 118px; height: 48px;\">07.06.2019<br \/>\n16:15 &#8211; 18:40<\/td>\n<td style=\"width: 310px; height: 48px;\">Technischer Einsatz T01<br \/>\nWassertransport<\/td>\n<td style=\"width: 53px; height: 48px;\">1<\/td>\n<td style=\"width: 152px; height: 48px;\">TLF &#8211; \u00a0A<\/td>\n<td style=\"width: 72px; height: 48px;\"><\/td>\n<\/tr>\n<tr style=\"height: 72px;\">\n<td style=\"width: 118px; height: 72px;\">01.06.2019<br \/>\n19:00 &#8211; 00:00<\/td>\n<td style=\"width: 310px; height: 72px;\">Brandeinsatz B01<br \/>\nBrandsicherheitswache S\u00e4nger\/Musikantentreffen<\/td>\n<td style=\"width: 53px; height: 72px;\">2<\/td>\n<td style=\"width: 152px; height: 72px;\">KLF- A<\/td>\n<td style=\"width: 72px; height: 72px;\"><\/td>\n<\/tr>\n<tr style=\"height: 48px;\">\n<td style=\"width: 118px; height: 48px;\">13.04.2019<br \/>\n19:30 &#8211; 23:30<\/td>\n<td style=\"width: 310px; height: 48px;\">Brandeinsatz B01<br \/>\nBrandsicherheitswache Fr\u00fchlingskonzert<\/td>\n<td style=\"width: 53px; height: 48px;\">2<\/td>\n<td style=\"width: 152px; height: 48px;\">MTF &#8211; A<\/td>\n<td style=\"width: 72px; height: 48px;\"><\/td>\n<\/tr>\n<tr style=\"height: 48px;\">\n<td style=\"width: 118px; height: 48px;\">29.03.2019<br \/>\n07:00 &#8211; 11:00<\/td>\n<td style=\"width: 310px; height: 48px;\">Technischer Einsatz T01<br \/>\nPumparbeiten KW Gulling<\/td>\n<td style=\"width: 53px; height: 48px;\">2<\/td>\n<td style=\"width: 152px; height: 48px;\">TLF _A<br \/>\nKLF &#8211; A<\/td>\n<td style=\"width: 72px; height: 48px;\"><\/td>\n<\/tr>\n<tr style=\"height: 48px;\">\n<td style=\"width: 118px; height: 48px;\">22.03.2019<br \/>\n10:00 &#8211; 12:30<\/td>\n<td style=\"width: 310px; height: 48px;\">Technischer Einsatz T01<br \/>\nHangrutsch Mitteregg<\/td>\n<td style=\"width: 53px; height: 48px;\">3<\/td>\n<td style=\"width: 152px; height: 48px;\"><\/td>\n<td style=\"width: 72px; height: 48px;\"><\/td>\n<\/tr>\n<tr style=\"height: 48px;\">\n<td style=\"width: 118px; height: 48px;\">12.03.2019<br \/>\n09:30 &#8211; 13:00<\/td>\n<td style=\"width: 310px; height: 48px;\">Brandeinsatz B01<br \/>\nBrandsicherheitswache J\u00e4gertagung Tag 2<\/td>\n<td style=\"width: 53px; height: 48px;\">2<\/td>\n<td style=\"width: 152px; height: 48px;\">MTF &#8211; A<\/td>\n<td style=\"width: 72px; height: 48px;\"><\/td>\n<\/tr>\n<tr style=\"height: 48px;\">\n<td style=\"width: 118px; height: 48px;\">12.03.2019<br \/>\n07:00 &#8211; 10:00<\/td>\n<td style=\"width: 310px; height: 48px;\">Technischer Einsatz T01<br \/>\nParkplatzeinweisen J\u00e4gertagung Tag 2<\/td>\n<td style=\"width: 53px; height: 48px;\">10<\/td>\n<td style=\"width: 152px; height: 48px;\">KLF &#8211; A<br \/>\nMTF &#8211; A<\/td>\n<td style=\"width: 72px; height: 48px;\"><\/td>\n<\/tr>\n<tr style=\"height: 48px;\">\n<td style=\"width: 118px; height: 48px;\">11. &#8211; 12.03.2019<br \/>\n19:00 &#8211; 02:30<\/td>\n<td style=\"width: 310px; height: 48px;\">Brandeinsatz B01<br \/>\nBrandsicherheitswache J\u00e4gertagung Abend<\/td>\n<td style=\"width: 53px; height: 48px;\">2<\/td>\n<td style=\"width: 152px; height: 48px;\">MTF &#8211; A<\/td>\n<td style=\"width: 72px; height: 48px;\"><\/td>\n<\/tr>\n<tr style=\"height: 48px;\">\n<td style=\"width: 118px; height: 48px;\">11.03.2019<br \/>\n10:00 &#8211; 18:30<\/td>\n<td style=\"width: 310px; height: 48px;\">Brandeinsatz B01<br \/>\nBrandsicherheitswache J\u00e4gertagung Tag 1<\/td>\n<td style=\"width: 53px; height: 48px;\">2<\/td>\n<td style=\"width: 152px; height: 48px;\">MTF &#8211; A<\/td>\n<td style=\"width: 72px; height: 48px;\"><\/td>\n<\/tr>\n<tr style=\"height: 48px;\">\n<td style=\"width: 118px; height: 48px;\">11.03.2019<br \/>\n07:30 &#8211; 10:30<\/td>\n<td style=\"width: 310px; height: 48px;\">Technischer Einsatz T01<br \/>\nParkplatzeinweisen J\u00e4gertagung Tag 1<\/td>\n<td style=\"width: 53px; height: 48px;\">13<\/td>\n<td style=\"width: 152px; height: 48px;\">KLF &#8211; A<br \/>\nMTF &#8211; A<\/td>\n<td style=\"width: 72px; height: 48px;\"><\/td>\n<\/tr>\n<tr style=\"height: 48px;\">\n<td style=\"width: 118px; height: 48px;\">09.03.2019<br \/>\n09:30 &#8211; 18:00<\/td>\n<td style=\"width: 310px; height: 48px;\">Brandeinsatz B01<br \/>\nBrandsicherheitswache Pferdetagung<\/td>\n<td style=\"width: 53px; height: 48px;\">2<\/td>\n<td style=\"width: 152px; height: 48px;\">MTF &#8211; A<\/td>\n<td style=\"width: 72px; height: 48px;\"><\/td>\n<\/tr>\n<tr style=\"height: 48px;\">\n<td style=\"width: 118px; height: 48px;\">09.03.2019<br \/>\n08:00 &#8211; 11:00<\/td>\n<td style=\"width: 310px; height: 48px;\">Technischer Einsatz T01<br \/>\nParkplatzeinweisen Pferdetagung<\/td>\n<td style=\"width: 53px; height: 48px;\">9<\/td>\n<td style=\"width: 152px; height: 48px;\">MTF &#8211; A<\/td>\n<td style=\"width: 72px; height: 48px;\"><\/td>\n<\/tr>\n<tr style=\"height: 48px;\">\n<td style=\"width: 118px; height: 48px;\">09.03.2019<br \/>\n04:29 &#8211; 05:00<\/td>\n<td style=\"width: 310px; height: 48px;\">Brandeinsatz B06<br \/>\nBMA Puttererseehalle &#8211; T\u00e4uschungsalarm<\/td>\n<td style=\"width: 53px; height: 48px;\">7<\/td>\n<td style=\"width: 152px; height: 48px;\">TLF &#8211; A<\/td>\n<td style=\"width: 72px; height: 48px;\"><\/td>\n<\/tr>\n<tr style=\"height: 48px;\">\n<td style=\"width: 118px; height: 48px;\">05.03.2019<br \/>\n13:30 &#8211; 18:30<\/td>\n<td style=\"width: 310px; height: 48px;\">Brandeinsatz B01<br \/>\nBrandsicherheitswache Kinderfasching<\/td>\n<td style=\"width: 53px; height: 48px;\">2<\/td>\n<td style=\"width: 152px; height: 48px;\">MTF &#8211; A<\/td>\n<td style=\"width: 72px; height: 48px;\"><\/td>\n<\/tr>\n<tr style=\"height: 48px;\">\n<td style=\"width: 118px; height: 48px;\">02 &#8211; 03.03.2019<br \/>\n19:00 &#8211; 03:00<\/td>\n<td style=\"width: 310px; height: 48px;\">Brandeinsatz B01<br \/>\nBrandsicherheitswache Faschingskabarett<\/td>\n<td style=\"width: 53px; height: 48px;\">2<\/td>\n<td style=\"width: 152px; height: 48px;\">MTF &#8211; A<\/td>\n<td style=\"width: 72px; height: 48px;\"><\/td>\n<\/tr>\n<tr style=\"height: 48px;\">\n<td style=\"width: 118px; height: 48px;\">12.02.2019<br \/>\n09:10 &#8211; 09:30<\/td>\n<td style=\"width: 310px; height: 48px;\">Technischer Einsatz T03<br \/>\nPKW in Graben &#8211; Gulling<\/td>\n<td style=\"width: 53px; height: 48px;\">6<\/td>\n<td style=\"width: 152px; height: 48px;\">TLF-A<\/td>\n<td style=\"width: 72px; height: 48px;\"><\/td>\n<\/tr>\n<tr style=\"height: 48px;\">\n<td style=\"width: 118px; height: 48px;\">03.02.2019<br \/>\n04:30 &#8211; 07:00<\/td>\n<td style=\"width: 310px; height: 48px;\">Technischer Einsatz T01<br \/>\nB\u00e4ume \u00fcber Stra\u00dfe\u00a0 &#8211; Gulling<\/td>\n<td style=\"width: 53px; height: 48px;\">17<\/td>\n<td style=\"width: 152px; height: 48px;\">KLF &#8211; A<br \/>\nMTF &#8211; A<\/td>\n<td style=\"width: 72px; height: 48px;\"><a href=\"http:\/\/www.feuerwehr-aigen.at\/?page_id=3649\">lesen Sie mehr&#8230;<\/a><\/td>\n<\/tr>\n<tr style=\"height: 48px;\">\n<td style=\"width: 118px; height: 48px;\">01.02.2019<br \/>\n10:00 &#8211; 13:00<\/td>\n<td style=\"width: 310px; height: 48px;\">Brandeinsatz B01<br \/>\nBrandsicherheitswache Wintertagung Tag 2<\/td>\n<td style=\"width: 53px; height: 48px;\">2<\/td>\n<td style=\"width: 152px; height: 48px;\">MTF &#8211; A<\/td>\n<td style=\"width: 72px; height: 48px;\"><\/td>\n<\/tr>\n<tr style=\"height: 48px;\">\n<td style=\"width: 118px; height: 48px;\">01.02.2019<br \/>\n07:30 &#8211; 11:00<\/td>\n<td style=\"width: 310px; height: 48px;\">Technischer Einsatz T01<br \/>\nParkplatzeinweisen Wintertagung Tag 2<\/td>\n<td style=\"width: 53px; height: 48px;\">9<\/td>\n<td style=\"width: 152px; height: 48px;\">MTF -A<br \/>\nKLF -A<\/td>\n<td style=\"width: 72px; height: 48px;\"><\/td>\n<\/tr>\n<tr style=\"height: 72px;\">\n<td style=\"width: 118px; height: 72px;\">31.01.2019<br \/>\n19:00 &#8211; 23:59<\/td>\n<td style=\"width: 310px; height: 72px;\">Brandeinsatz B01<br \/>\nBrandsicherheitswache Wintertagung Abend<\/td>\n<td style=\"width: 53px; height: 72px;\">2<\/td>\n<td style=\"width: 152px; height: 72px;\">MTF &#8211; A<\/td>\n<td style=\"width: 72px; height: 72px;\"><\/td>\n<\/tr>\n<tr style=\"height: 48px;\">\n<td style=\"width: 118px; height: 48px;\">31.01.2019<br \/>\n10:00 &#8211; 19:00<\/td>\n<td style=\"width: 310px; height: 48px;\">Brandeinsatz B01<br \/>\nBrandsicherheitswache Wintertagung Tag 1<\/td>\n<td style=\"width: 53px; height: 48px;\">2<\/td>\n<td style=\"width: 152px; height: 48px;\">MTF &#8211; A<\/td>\n<td style=\"width: 72px; height: 48px;\"><\/td>\n<\/tr>\n<tr style=\"height: 48px;\">\n<td style=\"width: 118px; height: 48px;\">31.01.2019<br \/>\n08:00 &#8211; 10:30<\/td>\n<td style=\"width: 310px; height: 48px;\">Technischer Einsatz T01<br \/>\nParkplatzeinweisen Wintertagung Tag 1<\/td>\n<td style=\"width: 53px; height: 48px;\">11<\/td>\n<td style=\"width: 152px; height: 48px;\">MTF &#8211; A<br \/>\nKLF &#8211; A<\/td>\n<td style=\"width: 72px; height: 48px;\"><\/td>\n<\/tr>\n<tr style=\"height: 48px;\">\n<td style=\"width: 118px; height: 48px;\">18.01.2019<br \/>\n07:00 &#8211; 20:00<\/td>\n<td style=\"width: 310px; height: 48px;\">Technischer Einsatz T01<br \/>\nSchneeeinsatz Planneralm<\/td>\n<td style=\"width: 53px; height: 48px;\">4<\/td>\n<td style=\"width: 152px; height: 48px;\">KLF &#8211; A<\/td>\n<td style=\"width: 72px; height: 48px;\"><\/td>\n<\/tr>\n<tr style=\"height: 48px;\">\n<td style=\"width: 118px; height: 48px;\">12.01.2019<br \/>\n11:30 &#8211; 20:00<\/td>\n<td style=\"width: 310px; height: 48px;\">Technischer Einsatz T01<br \/>\nSchneeeinsatz Altenmarkt\/St.Gallen<\/td>\n<td style=\"width: 53px; height: 48px;\">3<\/td>\n<td style=\"width: 152px; height: 48px;\">MTF &#8211; A<\/td>\n<td style=\"width: 72px; height: 48px;\"><\/td>\n<\/tr>\n<tr style=\"height: 48px;\">\n<td style=\"width: 118px; height: 48px;\">12.01.2010<br \/>\n10:00 &#8211; 15:00<\/td>\n<td style=\"width: 310px; height: 48px;\">Brandeinsatz B01<br \/>\nBrandwache Sternsingertreffen<\/td>\n<td style=\"width: 53px; height: 48px;\">3<\/td>\n<td style=\"width: 152px; height: 48px;\">KLF &#8211; A<\/td>\n<td style=\"width: 72px; height: 48px;\"><\/td>\n<\/tr>\n<tr style=\"height: 48px;\">\n<td style=\"width: 118px; height: 48px;\">12.01.2019<br \/>\n08:30 &#8211; 10:30<\/td>\n<td style=\"width: 310px; height: 48px;\">Technischer Einsatz T01<br \/>\nParkplatzeinweisen Sternsingertreffen<\/td>\n<td style=\"width: 53px; height: 48px;\">10<\/td>\n<td style=\"width: 152px; height: 48px;\">MTF &#8211; A<\/td>\n<td style=\"width: 72px; height: 48px;\"><\/td>\n<\/tr>\n<tr style=\"height: 72px;\">\n<td style=\"width: 118px; height: 72px;\">07.01.2019<br \/>\n14:30 &#8211; 16:00<\/td>\n<td style=\"width: 310px; height: 72px;\">Technischer Einsatz T01<br \/>\nDruckrohrleitung KW Mitteregg abgedr\u00fcckt<\/td>\n<td style=\"width: 53px; height: 72px;\">2<\/td>\n<td style=\"width: 152px; height: 72px;\">KLF &#8211; A<\/td>\n<td style=\"width: 72px; height: 72px;\"><\/td>\n<\/tr>\n<tr style=\"height: 48px;\">\n<td style=\"width: 118px; height: 48px;\">05.01.2019<br \/>\n14:30 &#8211; 20:00<\/td>\n<td style=\"width: 310px; height: 48px;\">Brandeinsatz B01<br \/>\nBrandsicherheitswache Neujahrskonzert<\/td>\n<td style=\"width: 53px; height: 48px;\">2<\/td>\n<td style=\"width: 152px; height: 48px;\">KLF &#8211; A<\/td>\n<td style=\"width: 72px; height: 48px;\"><\/td>\n<\/tr>\n<tr style=\"height: 24px;\">\n<td style=\"width: 118px; height: 24px;\"><\/td>\n<td style=\"width: 310px; height: 24px;\"><\/td>\n<td style=\"width: 53px; height: 24px;\"><\/td>\n<td style=\"width: 152px; height: 24px;\"><\/td>\n<td style=\"width: 72px; height: 24px;\"><\/td>\n<\/tr>\n<\/tbody>\n<\/table>\n<\/div><\/section>\n","protected":false},"excerpt":{"rendered":"","protected":false},"author":1,"featured_media":0,"parent":3566,"menu_order":1,"comment_status":"closed","ping_status":"closed","template":"","meta":{"footnotes":""},"class_list":["post-3569","page","type-page","status-publish","hentry"],"jetpack_sharing_enabled":true,"_links":{"self":[{"href":"https:\/\/www.feuerwehr-aigen.at\/index.php?rest_route=\/wp\/v2\/pages\/3569","targetHints":{"allow":["GET"]}}],"collection":[{"href":"https:\/\/www.feuerwehr-aigen.at\/index.php?rest_route=\/wp\/v2\/pages"}],"about":[{"href":"https:\/\/www.feuerwehr-aigen.at\/index.php?rest_route=\/wp\/v2\/types\/page"}],"author":[{"embeddable":true,"href":"https:\/\/www.feuerwehr-aigen.at\/index.php?rest_route=\/wp\/v2\/users\/1"}],"replies":[{"embeddable":true,"href":"https:\/\/www.feuerwehr-aigen.at\/index.php?rest_route=%2Fwp%2Fv2%2Fcomments&post=3569"}],"version-history":[{"count":63,"href":"https:\/\/www.feuerwehr-aigen.at\/index.php?rest_route=\/wp\/v2\/pages\/3569\/revisions"}],"predecessor-version":[{"id":4309,"href":"https:\/\/www.feuerwehr-aigen.at\/index.php?rest_route=\/wp\/v2\/pages\/3569\/revisions\/4309"}],"up":[{"embeddable":true,"href":"https:\/\/www.feuerwehr-aigen.at\/index.php?rest_route=\/wp\/v2\/pages\/3566"}],"wp:attachment":[{"href":"https:\/\/www.feuerwehr-aigen.at\/index.php?rest_route=%2Fwp%2Fv2%2Fmedia&parent=3569"}],"curies":[{"name":"wp","href":"https:\/\/api.w.org\/{rel}","templated":true}]}}