{"id":264,"date":"2009-04-06T19:13:26","date_gmt":"2009-04-06T19:13:26","guid":{"rendered":"http:\/\/feuerwehr-aigen.d2solution.net\/index.php\/verwaltung\/"},"modified":"2020-02-02T14:35:56","modified_gmt":"2020-02-02T13:35:56","slug":"verwaltung","status":"publish","type":"page","link":"https:\/\/www.feuerwehr-aigen.at\/?page_id=264","title":{"rendered":"Verwaltung"},"content":{"rendered":"<p><img decoding=\"async\" class=\"alignleft\" title=\"Kassier\" src=\"http:\/\/feuerwehr-aigen.at\/wp-content\/uploads\/2009\/04\/Sachgebiete_kassier.jpg\" alt=\"Kassier\" width=\"100\" align=\"left\" border=\"0\" hspace=\"5\" vspace=\"5\" \/><strong>Kassier:<\/strong><br \/>\nDer Feuerwehrkassier geh\u00f6rt dem Feuerwehrkommando an und wird vom Feuerwehrkommandanten ernannt.<br \/>\nDem Kassier obliegt die Verm\u00f6gensverwaltung.<\/p>\n<p>Zu seinen Aufgaben z\u00e4hlt:<\/p>\n<blockquote><p>\u2022 Einfache\u00a0 Buchhaltung der Ein- und Ausg\u00e4nge<br \/>\n\u2022 Kassenbelege geordnet aufzubewahren<br \/>\n\u2022 Den Jahresvoranschlag und den Rechnungsabschluss vorzubereiten<br \/>\n\u2022 F\u00fchren und Verwalten einer allenfalls vorhandenen Kameradschaftskasse<br \/>\n\u2022 Unterfertigung von Schriftst\u00fccken<\/p><\/blockquote>\n<p>Der Kassier darf nur \u00fcber Erm\u00e4chtigung des Kommandanten Auszahlungen vornehmen.<\/p>\n<p>Als Kontrollorgan sind J\u00e4hrlich vor der Jahreshauptversammlung zwei Rechnungspr\u00fcfer aus der Gruppe der aktiven Feuerwehrmitglieder durch den Ortsfeuerwehrausschuss zu bestellen, denen die \u00dcberpr\u00fcfung der Kameradschaftskasse auf ihre ziffernm\u00e4\u00dfige Richtigkeit obliegt. Sie haben anl\u00e4sslich der Jahreshauptversammlung entsprechend zu berichten.<\/p>\n<p>&nbsp;<\/p>\n<p><strong>Die\u00a0Feuerwehrkassiere der Feuerwehr Aigen:<\/strong><\/p>\n<table border=\"0\">\n<tbody>\n<tr>\n<td>\u00a0Bleier Josef<\/td>\n<td><\/td>\n<td>\u00a0von<\/td>\n<td>\u00a01887<\/td>\n<td>\u00a0bis<\/td>\n<td>\u00a01891<\/td>\n<\/tr>\n<tr>\n<td>\u00a0Bleier Franz<\/td>\n<td><\/td>\n<td>\u00a0von<\/td>\n<td>\u00a01891<\/td>\n<td>\u00a0bis<\/td>\n<td>\u00a01908<\/td>\n<\/tr>\n<tr>\n<td>\u00a0Samt Alois<\/td>\n<td><\/td>\n<td>\u00a0von<\/td>\n<td>\u00a01908<\/td>\n<td>\u00a0bis<\/td>\n<td>\u00a01924<\/td>\n<\/tr>\n<tr>\n<td>\u00a0Dir. Troinko Adolf<\/td>\n<td><\/td>\n<td>\u00a0von<\/td>\n<td>\u00a01924<\/td>\n<td>\u00a0bis<\/td>\n<td>\u00a01931<\/td>\n<\/tr>\n<tr>\n<td>\u00a0Lemmerer Johann<\/td>\n<td><\/td>\n<td>\u00a0von<\/td>\n<td>\u00a01936<\/td>\n<td>\u00a0bis<\/td>\n<td>\u00a01938<\/td>\n<\/tr>\n<tr>\n<td>\u00a0Graup Alois<\/td>\n<td><\/td>\n<td>\u00a0von<\/td>\n<td>\u00a01938<\/td>\n<td>\u00a0bis<\/td>\n<td>\u00a01946<\/td>\n<\/tr>\n<tr>\n<td>\u00a0Lemmerer Hans<\/td>\n<td><\/td>\n<td>\u00a0von<\/td>\n<td>\u00a01946<\/td>\n<td>\u00a0bis<\/td>\n<td>\u00a01950<\/td>\n<\/tr>\n<tr>\n<td>\u00a0Mengg Robert<\/td>\n<td><\/td>\n<td>\u00a0von<\/td>\n<td>\u00a01950<\/td>\n<td>\u00a0bis<\/td>\n<td>\u00a01983<\/td>\n<\/tr>\n<tr>\n<td>\u00a0EHBM d.V. Mandlberger Herbert<\/td>\n<td><\/td>\n<td>\u00a0von<\/td>\n<td>\u00a01983<\/td>\n<td>\u00a0bis<\/td>\n<td>\u00a02012<\/td>\n<\/tr>\n<tr>\n<td>\u00a0OLM d.V. Martin Reiter<\/td>\n<td><\/td>\n<td>\u00a0von<\/td>\n<td>\u00a02012<\/td>\n<td>\u00a0bis<\/td>\n<td><\/td>\n<\/tr>\n<\/tbody>\n<\/table>\n<p><span style=\"font-family: Helvetica;\">\u00a0<\/span><\/p>\n<p><span style=\"color: #333333; font-family: helvetica;\"><strong><span style=\"color: #dc143c;\"><img decoding=\"async\" class=\" alignleft size-full wp-image-262\" title=\"Schriftf\u00fchrer\" src=\"http:\/\/feuerwehr-aigen.at\/wp-content\/uploads\/2009\/04\/Sachgebiete_schriftfuehrer.jpg\" alt=\"Schriftf\u00fchrer\" width=\"100\" align=\"left\" border=\"0\" hspace=\"5\" vspace=\"5\" \/><\/span><\/strong><\/span><strong>Schriftf\u00fchrer:<\/strong><br \/>\nDer Schriftf\u00fchrer ist ebenfalls Mitglied des Feuerwehrkommandos und wird vom Feuerwehrkommandanten ernannt.<br \/>\nS\u00e4mtlicher Schriftverkehr, ob per Post oder via Internet wird vom Schriftf\u00fchrer abgewickelt.<\/p>\n<p>&nbsp;<\/p>\n<p>Dazu geh\u00f6ren:<\/p>\n<blockquote><p>\u2022 Verwaltung der Mitgliederverzeichnisse im Einvernehmen<br \/>\nmit dem Ortsfeuerwehrkommandanten<br \/>\n\u2022 F\u00fchrung und Erstellung s\u00e4mtlicher Protokolle<br \/>\n\u2022 Aussendung div. Einberufungen von \u00dcbungen, Ausr\u00fcckungen<br \/>\noder Ausschusssitzungen<br \/>\n\u2022 Verwaltung der Einsatz- und T\u00e4tigkeitsberichte<br \/>\n\u2022 Abwicklung des Schriftverkehrs unter Verwendung der vom<br \/>\nLFV vorgeschriebenen\u00a0\u00a0 Drucksorten, Formulare etc.<br \/>\n\u2022 F\u00fchrung von Dienstb\u00fccher, Aufzeichnungen, Berichte und der Ablage (Archiv)<br \/>\n\u2022 Unterfertigung von Schriftst\u00fccken<\/p><\/blockquote>\n<p><strong>Die\u00a0Feuerwehrschriftf\u00fchrer der Feuerwehr Aigen:<\/strong><\/p>\n<table border=\"0\">\n<tbody>\n<tr>\n<td>\u00a0Bleier Josef<\/td>\n<td><\/td>\n<td>\u00a0von<\/td>\n<td>\u00a01887<\/td>\n<td>\u00a0bis<\/td>\n<td>\u00a01891<\/td>\n<\/tr>\n<tr>\n<td>\u00a0Bleier Franz<\/td>\n<td><\/td>\n<td>\u00a0von<\/td>\n<td>\u00a01891<\/td>\n<td>\u00a0bis<\/td>\n<td>\u00a01908<\/td>\n<\/tr>\n<tr>\n<td>\u00a0Samt Alois<\/td>\n<td><\/td>\n<td>\u00a0von<\/td>\n<td>\u00a01908<\/td>\n<td>\u00a0bis<\/td>\n<td>\u00a01924<\/td>\n<\/tr>\n<tr>\n<td>\u00a0Dir. Troinko Adolf<\/td>\n<td><\/td>\n<td>\u00a0von<\/td>\n<td>\u00a01924<\/td>\n<td>\u00a0bis<\/td>\n<td>\u00a01931<\/td>\n<\/tr>\n<tr>\n<td>\u00a0Lemmerer Johann<\/td>\n<td><\/td>\n<td>\u00a0von<\/td>\n<td>\u00a01936<\/td>\n<td>\u00a0bis<\/td>\n<td>\u00a01938<\/td>\n<\/tr>\n<tr>\n<td>\u00a0Graup Alois<\/td>\n<td><\/td>\n<td>\u00a0von<\/td>\n<td>\u00a01938<\/td>\n<td>\u00a0bis<\/td>\n<td>\u00a01946<\/td>\n<\/tr>\n<tr>\n<td>\u00a0Lemmerer Hans<\/td>\n<td><\/td>\n<td>\u00a0von<\/td>\n<td>\u00a01946<\/td>\n<td>\u00a0bis<\/td>\n<td>\u00a01950<\/td>\n<\/tr>\n<tr>\n<td>\u00a0Mengg Robert<\/td>\n<td><\/td>\n<td>\u00a0von<\/td>\n<td>\u00a01950<\/td>\n<td>\u00a0bis<\/td>\n<td>\u00a01983<\/td>\n<\/tr>\n<tr>\n<td>\u00a0EHBM d.V. Mandlberger Herbert<\/td>\n<td><\/td>\n<td>\u00a0von<\/td>\n<td>\u00a01983<\/td>\n<td>\u00a0bis<\/td>\n<td>\u00a01996<\/td>\n<\/tr>\n<tr>\n<td>\u00a0BM d. V. Wundersamer Harald<\/td>\n<td><\/td>\n<td>\u00a0von<\/td>\n<td>\u00a01996<\/td>\n<td>\u00a0bis<\/td>\n<td><\/td>\n<\/tr>\n<\/tbody>\n<\/table>\n<p><span style=\"color: #333333; font-family: helvetica;\"><span style=\"font-family: Helvetica;\">\u00a0<\/span><\/span><\/p>\n<p><span style=\"color: #333333; font-family: helvetica;\"><strong><span style=\"color: #dc143c;\"><img decoding=\"async\" class=\" alignleft size-full wp-image-263\" title=\"Presse\" src=\"http:\/\/feuerwehr-aigen.at\/wp-content\/uploads\/2009\/04\/Sachgebiete_presse.jpg\" alt=\"Presse\" width=\"100\" align=\"left\" border=\"0\" hspace=\"5\" vspace=\"5\" \/><\/span><\/strong><\/span><strong>\u00d6ffentlichkeitsarbeit:<\/strong><br \/>\nSeit den Anf\u00e4ngen pr\u00e4gen die Feuerwehren ihr Wirken mit dem Satz: &#8222;Gott zur Ehr &#8211; dem N\u00e4chsten zur Wehr!&#8220;<br \/>\nEin weiteres Motto lautet: &#8222;Tue Gutes und sprich dar\u00fcber&#8220;.<br \/>\nDie Finanzierung des Feuerwehrwesens tr\u00e4gt im Wesentlichen die Bev\u00f6lkerung,\u00a0 weshalb es auch eine wichtige Aufgabe der Feuerwehren ist, \u00fcber ihre T\u00e4tigkeiten regelm\u00e4\u00dfig zu berichten.<br \/>\nNur so kann der \u00d6ffentlichkeit die Wichtigkeit der hohen Investitionen\u00a0 in Feuerwehrtechnik veranschaulicht werden.<\/p>\n<p>Die PRESSEARBEIT &#8211; also das Verfassen von Artikeln f\u00fcr diverse Lokalmedien &#8211; ist ein wichtiger Bestandteil der \u00d6ffentlichkeitsarbeit.<\/p>\n<p>Neben der Schilderung von Einsatzberichten (die Lokalmedien k\u00f6nnen nicht bei jedem Einsatz direkt anwesend sein), werden auch sonstige Aktivit\u00e4ten der Freiwilligen Feuerwehr Aigen im Ennstal &#8211; wie gr\u00f6\u00dfere \u00dcbungen oder Veranstaltungen &#8211; an die Presse \u00fcbermittelt.<\/p>\n<p>Diese wichtige aber auch zeitintensive Arbeit liegt in den H\u00e4nden unseres Pressebeauftragten:<\/p>\n<p>Aber nicht nur Artikel in diversen Printmedien f\u00f6rdern die Pr\u00e4senz in der \u00d6ffentlichkeit.<br \/>\nUm das Einsatzaufkommen und die sonstigen umfangreichen T\u00e4tigkeiten der Freiwilligen Feuerwehr Aigen einem m\u00f6glichst breit gef\u00e4cherten Publikum zug\u00e4nglich zu machen, werden auch viele Berichte auf einschl\u00e4gigen Feuerwehr-Plattformen im Internet publiziert.<\/p>\n<p>&nbsp;<\/p>\n<p><strong>Die\u00a0Feuerwehrpressebeauftragten der Feuerwehr Aigen:<\/strong><\/p>\n<table border=\"0\">\n<tbody>\n<tr>\n<td>\u00a0BM d. V. Wundersamer Harald<\/td>\n<td><\/td>\n<td>\u00a0von<\/td>\n<td>\u00a02006<\/td>\n<td>\u00a0bis<\/td>\n<td>\u00a02010<\/td>\n<\/tr>\n<tr>\n<td>\u00a0HLM Gruber-Veit Franz<\/td>\n<td><\/td>\n<td>\u00a0von<\/td>\n<td>\u00a02010<\/td>\n<td>\u00a0bis<\/td>\n<td>\u00a02012<\/td>\n<\/tr>\n<tr>\n<td>\u00a0OBI Gerald Kerschhaggl<\/td>\n<td><\/td>\n<td>\u00a0von<\/td>\n<td>\u00a02012<\/td>\n<td>\u00a0bis<\/td>\n<td>\u00a02020<\/td>\n<\/tr>\n<tr>\n<td>\u00a0BI d. F. Hollinger Christian<\/td>\n<td><\/td>\n<td>\u00a0von<\/td>\n<td>\u00a02020<\/td>\n<td>\u00a0bis<\/td>\n<td><\/td>\n<\/tr>\n<\/tbody>\n<\/table>\n<p>&nbsp;<\/p>\n","protected":false},"excerpt":{"rendered":"<p>Kassier: Der Feuerwehrkassier geh\u00f6rt dem Feuerwehrkommando an und wird vom Feuerwehrkommandanten ernannt. Dem Kassier obliegt die Verm\u00f6gensverwaltung. Zu seinen Aufgaben z\u00e4hlt: \u2022 Einfache\u00a0 Buchhaltung der Ein- und Ausg\u00e4nge \u2022 Kassenbelege geordnet aufzubewahren \u2022 Den Jahresvoranschlag und den Rechnungsabschluss vorzubereiten \u2022 F\u00fchren und Verwalten einer allenfalls vorhandenen Kameradschaftskasse \u2022 Unterfertigung von Schriftst\u00fccken Der Kassier darf nur [&hellip;]<\/p>\n","protected":false},"author":1,"featured_media":0,"parent":242,"menu_order":5,"comment_status":"closed","ping_status":"closed","template":"","meta":{"footnotes":""},"class_list":["post-264","page","type-page","status-publish","hentry"],"jetpack_sharing_enabled":true,"_links":{"self":[{"href":"https:\/\/www.feuerwehr-aigen.at\/index.php?rest_route=\/wp\/v2\/pages\/264","targetHints":{"allow":["GET"]}}],"collection":[{"href":"https:\/\/www.feuerwehr-aigen.at\/index.php?rest_route=\/wp\/v2\/pages"}],"about":[{"href":"https:\/\/www.feuerwehr-aigen.at\/index.php?rest_route=\/wp\/v2\/types\/page"}],"author":[{"embeddable":true,"href":"https:\/\/www.feuerwehr-aigen.at\/index.php?rest_route=\/wp\/v2\/users\/1"}],"replies":[{"embeddable":true,"href":"https:\/\/www.feuerwehr-aigen.at\/index.php?rest_route=%2Fwp%2Fv2%2Fcomments&post=264"}],"version-history":[{"count":7,"href":"https:\/\/www.feuerwehr-aigen.at\/index.php?rest_route=\/wp\/v2\/pages\/264\/revisions"}],"predecessor-version":[{"id":4200,"href":"https:\/\/www.feuerwehr-aigen.at\/index.php?rest_route=\/wp\/v2\/pages\/264\/revisions\/4200"}],"up":[{"embeddable":true,"href":"https:\/\/www.feuerwehr-aigen.at\/index.php?rest_route=\/wp\/v2\/pages\/242"}],"wp:attachment":[{"href":"https:\/\/www.feuerwehr-aigen.at\/index.php?rest_route=%2Fwp%2Fv2%2Fmedia&parent=264"}],"curies":[{"name":"wp","href":"https:\/\/api.w.org\/{rel}","templated":true}]}}