{"id":231,"date":"2009-04-06T19:08:15","date_gmt":"2009-04-06T19:08:15","guid":{"rendered":"http:\/\/feuerwehr-aigen.d2solution.net\/index.php\/chronik-ab-2007\/"},"modified":"2019-02-19T09:57:52","modified_gmt":"2019-02-19T08:57:52","slug":"chronik-ab-2007","status":"publish","type":"page","link":"https:\/\/www.feuerwehr-aigen.at\/?page_id=231","title":{"rendered":"Chronik 2007-2016"},"content":{"rendered":"<p><span style=\"color: #333333; font-family: helvetica;\"><br \/>\n<\/span><strong>2007:<\/strong><span style=\"color: #333333; font-family: helvetica;\"><br \/>\n<\/span><a title=\"Sturmschaden Pilz 2007\" href=\"http:\/\/feuerwehr-aigen.at\/wp-content\/uploads\/2009\/04\/wirueberuns_Chronik_sturmschadenpilz2007.jpg\"><img loading=\"lazy\" decoding=\"async\" class=\"alignleft wp-image-214 size-medium\" title=\"Sturmschaden Pilz 2007\" src=\"http:\/\/www.feuerwehr-aigen.at\/wp-content\/uploads\/2009\/04\/wirueberuns_Chronik_sturmschadenpilz2007-300x225.jpg\" alt=\"Sturmschaden Pilz 2007\" width=\"300\" height=\"225\" align=\"left\" border=\"0\" hspace=\"5\" vspace=\"5\" srcset=\"https:\/\/www.feuerwehr-aigen.at\/wp-content\/uploads\/2009\/04\/wirueberuns_Chronik_sturmschadenpilz2007-300x225.jpg 300w, https:\/\/www.feuerwehr-aigen.at\/wp-content\/uploads\/2009\/04\/wirueberuns_Chronik_sturmschadenpilz2007-768x576.jpg 768w, https:\/\/www.feuerwehr-aigen.at\/wp-content\/uploads\/2009\/04\/wirueberuns_Chronik_sturmschadenpilz2007.jpg 800w\" sizes=\"auto, (max-width: 300px) 100vw, 300px\" \/><\/a>Eins\u00e4tze: Heustadlbrand in Fischern, Kellerbrand nach Explosion des Schnapsbrennkessels in Lantschern &#8211; Fam.<em> Zainer<\/em>, Waldbrandeinsatz am Backenstein in Grundlsee, Gro\u00dfbrand in Oppenberg bei Anwesen Flick, Beseitigung von umgest\u00fcrzten B\u00e4umen auf der L741 Fischern und im Ortsgebiet nach Sturmtief Paula<\/p>\n<p>Das Verdienstzeichen-\u00d6BFV 3. Stufe erhielt HBI <em>Josef Fritz sen.<\/em><br \/>\nFLA in Gold errangen LM <em>Hannes Kerschhaggl<\/em>, FM <em>Hannes Seebacher<\/em> und OLM <em>Dietmar Wundersamer<\/em><br \/>\nDas FULA \u2013 Gold errangen OLM <em>Josef Fritz jun.<\/em> und FM <em>Nina Hirschb\u00f6ck<\/em><\/p>\n<p>&nbsp;<\/p>\n<p>&nbsp;<\/p>\n<p><strong>2008:<\/strong><br \/>\n<a title=\"K\u00fcchenbrand Landesberufschule 2008\" href=\"http:\/\/feuerwehr-aigen.at\/wp-content\/uploads\/2009\/04\/wirueberuns_Chronik_brand_berufschule2008.jpg\"><img loading=\"lazy\" decoding=\"async\" class=\"alignright\" title=\"K\u00fcchenbrand Landesberufschule Aigen 2008\" src=\"http:\/\/www.feuerwehr-aigen.at\/wp-content\/uploads\/2009\/04\/wirueberuns_Chronik_brand_berufschule2008-300x225.jpg\" alt=\"K\u00fcchenbrand Landesberufschule Aigen 2008\" width=\"300\" height=\"225\" align=\"right\" border=\"0\" hspace=\"5\" vspace=\"5\" \/><\/a>Gesamtstatistik per 31.11.2008:<br \/>\n9 Brandeins\u00e4tze, 10 Technische Eins\u00e4tze, 23 \u00dcbungen, 273 sonstige T\u00e4tigkeiten sowie 20 Brandsicherheitswachen \u2013 zusammengefasst 335 T\u00e4tigkeiten mit insgesamt<br \/>\n1.342 Mann und 8.939 Stunden.<\/p>\n<p>Segnung unseres neuen MTF -A<\/p>\n<p>Eins\u00e4tze: Kaminbrand in Aigen, Verkehrsunfall mit 3 PKW in Schlattham, Verkehrsunfall Umfahrung Fischern, Verkehrsunfall Vorberg, Brandeinsatz Landesberufschule Aigen, Waldbrandeins\u00e4tze in Johnsbach und am Stoderzinken, Gro\u00dfbrand in W\u00f6rschach, Verkehrsunfall Landmarkt Aigen.<br \/>\n<span style=\"color: #333333; font-family: helvetica;\"><br \/>\n<\/span><a title=\"Waldbrand Johnsbach 2008\" href=\"http:\/\/feuerwehr-aigen.at\/wp-content\/uploads\/2009\/04\/wirueberuns_Chronik_waldbrand_johnsbach2008.jpg\"><img loading=\"lazy\" decoding=\"async\" class=\"wp-image-219 size-medium alignleft\" title=\"Waldbrand Johnsbach 2008\" src=\"http:\/\/www.feuerwehr-aigen.at\/wp-content\/uploads\/2009\/04\/wirueberuns_Chronik_waldbrand_johnsbach2008-300x224.jpg\" alt=\"Waldbrand Johnsbach 2008\" width=\"300\" height=\"224\" align=\"right\" border=\"0\" hspace=\"5\" vspace=\"5\" srcset=\"https:\/\/www.feuerwehr-aigen.at\/wp-content\/uploads\/2009\/04\/wirueberuns_Chronik_waldbrand_johnsbach2008-300x224.jpg 300w, https:\/\/www.feuerwehr-aigen.at\/wp-content\/uploads\/2009\/04\/wirueberuns_Chronik_waldbrand_johnsbach2008-768x574.jpg 768w, https:\/\/www.feuerwehr-aigen.at\/wp-content\/uploads\/2009\/04\/wirueberuns_Chronik_waldbrand_johnsbach2008.jpg 800w\" sizes=\"auto, (max-width: 300px) 100vw, 300px\" \/><\/a>BI <em>Josef Fritz jun.<\/em> wird vom Bez. FW. Kdt. <em>Gerhard P\u00f6tsch<\/em> zum Staffelkommandant der Flugdienststaffel Nord und Bezirksbeauftragten f\u00fcr den Flugdienst ernannt.<\/p>\n<p>Atemschutzleistungsabzeichen in SILBER errangen BI <em>Ing. Josef Fritz jun.<\/em>, OLM <em>Kerschhaggl Gerald<\/em>, OLM <em>Kerschhaggl Hannes<\/em> und LM <em>Gruber-Veit Thomas<\/em><br \/>\nFULA &#8211; Bronze errangen OLM d.V. <em>Wundersamer Harald<\/em>, HFM <em>Fritz Michael<\/em>, FM <em>Komatz Markus<\/em>, FM <em>Mandlberger Albert<\/em>, FM <em>Strobl Manfred<\/em>, FM <em>Th\u00f6ringer Marvin<\/em>, JFM <em>Th\u00f6ringer Alexander<\/em><br \/>\nFeuerwehrjugend-Wissenstest in Gold errangen JFM <em>Hinteramskogler Samuel<\/em>, JFM <em>Rohrer Gregor<\/em><br \/>\nFeuerwehrjugend-Wissenstest in Bronze errang JFM <em>Komatz Thomas<\/em><br \/>\nVerdienstzeichen \u2013 LFV 3. Stufe erhielt OLM <em>Muckenhofer Josef<\/em>, LM <em>Kerschhaggl Josef<\/em>, HFM <em>Schupfer Gerhard<\/em><br \/>\nVerdienstzeichen \u2013 LFV 2. Stufe erhielt HLM <em>Radlingmaier Engelbert<\/em><br \/>\nSteirische Hochwassermedaillen in Bronze erhielten OLM <em>Kerschhaggl Gerald<\/em>, OLM <em>Kerschhaggl Hannes<\/em>, OLM <em>Wundersamer Dietmar<\/em>, LM <em>Muckenhofer Bernd<\/em>, HFM <em>Reiter Martin<\/em>, HFM <em>Steindacher Roland<\/em><\/p>\n<p><strong>2009:<\/strong><span style=\"color: #333333; font-family: helvetica;\"><br \/>\n<\/span><a title=\"Wirtschaftsgeb\u00e4udebrand Prieler, Hohenberg 2009\" href=\"http:\/\/feuerwehr-aigen.at\/wp-content\/uploads\/2009\/04\/wirueberuns_Chronik_brand_prieler2009.jpg\"><img loading=\"lazy\" decoding=\"async\" class=\"alignleft wp-image-221 size-medium\" title=\"Wirtschaftsgeb\u00e4udebrand Prieler Hohenberg 2009\" src=\"http:\/\/www.feuerwehr-aigen.at\/wp-content\/uploads\/2009\/04\/wirueberuns_Chronik_brand_prieler2009-300x225.jpg\" alt=\"Wirtschaftsgeb\u00e4udebrand Prieler Hohenberg 2009\" width=\"300\" height=\"225\" align=\"left\" border=\"0\" hspace=\"5\" vspace=\"5\" srcset=\"https:\/\/www.feuerwehr-aigen.at\/wp-content\/uploads\/2009\/04\/wirueberuns_Chronik_brand_prieler2009-300x225.jpg 300w, https:\/\/www.feuerwehr-aigen.at\/wp-content\/uploads\/2009\/04\/wirueberuns_Chronik_brand_prieler2009-768x576.jpg 768w, https:\/\/www.feuerwehr-aigen.at\/wp-content\/uploads\/2009\/04\/wirueberuns_Chronik_brand_prieler2009.jpg 800w\" sizes=\"auto, (max-width: 300px) 100vw, 300px\" \/><\/a>Gesamtstatistik per 30.11.2009:<br \/>\nDerzeitiger Mannschaftsstand von 80 Mann (51 aktive Feuerwehrkamerad\/innen, 7 Jugendfeuerwehrkameraden und 22 Mann der 2. Abteilung).<br \/>\n5 Brandeins\u00e4tze, 19 Technische Eins\u00e4tze, 22 \u00dcbungen, 348 sonstige T\u00e4tigkeiten sowie 13 Brandsicherheitswachen &#8211; zusammengefasst 407 T\u00e4tigkeiten mit insgesamt 1.121 Mann und 7.261 Stunden.<\/p>\n<p>Eins\u00e4tze:<br \/>\nWaldbrandeinsatz Ges\u00e4useeingang in\u00a0 Johnsbach, <a title=\"Wirtschaftsgeb\u00e4udebrand Prieler, Hohenberg 2009\" href=\"http:\/\/www.feuerwehr-aigen.at\/?portfolio=30-06-2009-wirtschaftsgebaeudebrand\">Wirtschaftsgeb\u00e4udebrand in Hohenberg<\/a>, <span style=\"color: #333333; font-family: helvetica;\"><br \/>\n<\/span><a title=\"Flugdienstnachschulung Puttererlehen 2009\" href=\"http:\/\/feuerwehr-aigen.at\/wp-content\/uploads\/2009\/04\/wirueberuns_Chronik_flugdienstuebung_2009.jpg\"><img loading=\"lazy\" decoding=\"async\" class=\"wp-image-223 size-medium alignright\" title=\"Flugdienstnachschulung Puttererlehen 2009\" src=\"http:\/\/www.feuerwehr-aigen.at\/wp-content\/uploads\/2009\/04\/wirueberuns_Chronik_flugdienstuebung_2009-300x225.jpg\" alt=\"Flugdienstnachschulung Puttererlehen 2009\" width=\"300\" height=\"225\" align=\"left\" border=\"0\" hspace=\"5\" vspace=\"5\" srcset=\"https:\/\/www.feuerwehr-aigen.at\/wp-content\/uploads\/2009\/04\/wirueberuns_Chronik_flugdienstuebung_2009-300x225.jpg 300w, https:\/\/www.feuerwehr-aigen.at\/wp-content\/uploads\/2009\/04\/wirueberuns_Chronik_flugdienstuebung_2009-768x576.jpg 768w, https:\/\/www.feuerwehr-aigen.at\/wp-content\/uploads\/2009\/04\/wirueberuns_Chronik_flugdienstuebung_2009.jpg 800w\" sizes=\"auto, (max-width: 300px) 100vw, 300px\" \/><\/a>Hochwassereinsatz Bereich Ketten, Freimachen der Gemeindewege nach Verklausungen, Stra\u00dfenreinigungen und Wassertransporte.<br \/>\n<span style=\"color: #333333; font-family: helvetica;\"><br \/>\n<\/span>Auszeichnungen:<br \/>\nDie JFM <em>Verena Mandlberger<\/em>, <em>Jasmin Radlingmaier<\/em>, <em>Sabrina Strobl<\/em> und <em>Tamara Strobl<\/em> erhielten das FWJ- Wissenstest-Abzeichen in Bronze<br \/>\nJFM <em>Thomas Komatz<\/em> erhielt das FWJ- Wissenstest-Abzeichen in Silber<br \/>\nHFM <em>Hubert Mayerhofer<\/em> erhielt die Auszeichnung f\u00fcr 50 j\u00e4hrige Mitgliedschaft<br \/>\nBM <em>Gerald Kerschhaggl<\/em> errang das Technische Leistungspr\u00fcfung II \u2013 Silber &#8211; Abzeichen<br \/>\nBI <em>Ing. Fritz Josef jun.<\/em> erhielt das Verdienstzeichen \u2013 LFV 2. Stufe<\/p>\n<p>Veranstaltungen:<br \/>\nFaschingsbar im R\u00fcsthaus, Florianisammlung, <a title=\"Maibaumaufstellen Feuerwehrjugend\" href=\"http:\/\/www.feuerwehr-aigen.at\/?page_id=353\">Maibaumaufstellen<\/a> und Umschneiden der Feuerwehrjugend, Seefest am Putterersee, Stand beim Aigner Kirtag, <a title=\"Zimmergewehrschie\u00dfen 2009\" href=\"http:\/\/www.feuerwehr-aigen.at\/?page_id=402\">Zimmergewehrschiessen<\/a>, Adventmarkt, Weihnachtsfeier etc.<br \/>\nDiv. Ausr\u00fcckungen:<br \/>\nBezirksfeuerwehrtag, Florianitag, RLF-Segnung Stainach, Hochzeit <em>Gruber-Veit Thomas<\/em> und <em>Margit<\/em> sowie <em>Harald Wundersamer<\/em> und <em>Sandra<\/em>, <a title=\"Flugdienstvorf\u00fchrung Nieder\u00f6blarn 2009\" href=\"http:\/\/www.feuerwehr-aigen.at\/?page_id=399\">Flugdienstvorf\u00fchrung in Nieder\u00f6blarn<\/a>, Teilnahme an div. Funk\u00fcbungen im Abschnitt, FuB-\u00dcbung in Gaishorn, <a title=\"Wissenstest Gr\u00f6bming 2009\" href=\"http:\/\/www.feuerwehr-aigen.at\/?page_id=355\">Wissenstest Gr\u00f6bming<\/a> etc.<\/p>\n<p><strong>2010:<\/strong><span style=\"color: #333333; font-family: helvetica;\"><br \/>\n<\/span><a title=\"Hochwassereinsatz Pruggern 2010\" href=\"index.php?option=com_content&amp;view=article&amp;id=150:18.07.2010%20-%20Hochwassereinsatz%20Pruggern&amp;catid=36:einsaetze&amp;Itemid=76\"><img loading=\"lazy\" decoding=\"async\" class=\"alignleft wp-image-224 size-medium\" title=\"Hochwassereinsatz Pruggern 2010\" src=\"http:\/\/www.feuerwehr-aigen.at\/wp-content\/uploads\/2009\/04\/Einsaetze_hochwasser_pruggern_10_01-300x225.jpg\" alt=\"Hochwassereinsatz Pruggern 2010\" width=\"300\" height=\"225\" align=\"left\" border=\"0\" hspace=\"5\" \/><\/a>Gesamtstatistik per 30.11.2010:<br \/>\nDer Mannschaftsstand betr\u00e4gt 78 Mann<br \/>\n(51 Aktive, 24 Mann der 2.Abteilung u. 3 Jugendfeuerwehrkameraden)<br \/>\nDie Einsatzstatistik 2010 gliedert sich in 11 Brandeins\u00e4tze, 17 Technische Eins\u00e4tze,<br \/>\n40 \u00dcbungen, 159 Sonstige T\u00e4tigkeiten: davon<br \/>\n13 Brandsicherheitswachen, 5 Kirchliche Anl\u00e4sse, 16 Veranstaltungen, 4 Feuerwehrfeste, 8 Geburtstage,<br \/>\n2 Hochzeiten und 5 x Aufbringen finanzieller Mittel,<br \/>\n5 Ausschusssitzungen, 13 Besprechungen, <span style=\"color: #333333; font-family: helvetica;\"><br \/>\n<\/span><a title=\"Kindergartenbesuch 2010\" href=\"index.php?option=com_content&amp;view=article&amp;id=149:25-juni-2010-kindergartenbesuch&amp;catid=36:einsaetze&amp;Itemid=76\"><img loading=\"lazy\" decoding=\"async\" class=\"wp-image-225 size-medium alignright\" title=\"Kindergartenbesuch 2010\" src=\"http:\/\/www.feuerwehr-aigen.at\/wp-content\/uploads\/2009\/04\/sonstiges_kindergarten_2010_01-300x225.jpg\" alt=\"Kindergartenbesuch 2010\" width=\"300\" height=\"225\" align=\"left\" border=\"0\" hspace=\"5\" srcset=\"https:\/\/www.feuerwehr-aigen.at\/wp-content\/uploads\/2009\/04\/sonstiges_kindergarten_2010_01-300x225.jpg 300w, https:\/\/www.feuerwehr-aigen.at\/wp-content\/uploads\/2009\/04\/sonstiges_kindergarten_2010_01-768x576.jpg 768w, https:\/\/www.feuerwehr-aigen.at\/wp-content\/uploads\/2009\/04\/sonstiges_kindergarten_2010_01.jpg 800w\" sizes=\"auto, (max-width: 300px) 100vw, 300px\" \/><\/a>3x vorbeugender Brandschutz, 12 T\u00e4tigkeiten im R\u00fcsthaus und unz\u00e4hlige sonstige T\u00e4tigkeiten.<br \/>\nZusammengefasst:<br \/>\n42 Eins\u00e4tze mit 242 Mann und 498 Stunden mit 42 Fahrzeugen und 373 km<br \/>\n159 Sonst. T\u00e4tigkeiten mit 1117 Mann und 6.903 Stunden mit 78 Fahrzeugen und 1.949 km<br \/>\n40 \u00dcbungen mit 328 Mann und 1.281 Stunden mit 65 Fahrzeugen und 1.158 km<\/p>\n<p>Eins\u00e4tze u.a.: <a title=\"Schlammfang auspumpen Schlattham\" href=\"http:\/\/www.feuerwehr-aigen.at\/?page_id=423\">Schlammfang auspumpen &#8211; Schlattham<\/a>, <a title=\"Hochwassereinsatz Pruggern\" href=\"http:\/\/www.feuerwehr-aigen.at\/?page_id=422\">Hochwassereinsatz &#8211; Pruggern<\/a>, <a title=\"Zimmerbrand Prieler - Hohenberg\" href=\"http:\/\/www.feuerwehr-aigen.at\/?page_id=414\">Zimmerbrand Prieler &#8211; Hohenberg<\/a>)<br \/>\n<span style=\"color: #333333; font-family: helvetica;\"><br \/>\n<\/span>5 Fr\u00fchjahrs\u00fcbungen (1.Stationsbetrieb, 2. KFZ Unfall Rostanger, 3. Dachstuhlbrand beim Anwesen <span style=\"text-decoration: underline;\"><em>Plank<\/em><\/span> in Ketten, 4. Waldbrandschulung, 5.Alarm\u00fcbung Puttererseehalle)<br \/>\nsowie den 5 Herbst\u00fcbungen (1. Stationsbetrieb, 2. Dachstuhlbrand <em>Gruber-Veit<\/em> in Sallaberg, <span style=\"color: #333333; font-family: helvetica;\"><br \/>\n<\/span>3. Geb\u00e4udebrand beim <em>M\u00f6ssl Gerald<\/em> in Aich, 4. Heizwerksbrand beim Anwesen <em>Koller<\/em> vlg. Schiedner in Ritzmannsdorf, 5. Werkst\u00e4ttenbrand bei der <em>Fa. Radlingmaier<\/em> in Sallaberg) und von der Abschnitts\u00fcbung in Lantschern (\u00dcbungsannahme: Wirtschaftsgeb\u00e4udebrand <em>Jagahauser<\/em>)<br \/>\nWeitere \u00dcbungen u.a.: <a title=\"Tag der Feuerwehren - Nieder\u00f6blarn\" href=\"http:\/\/www.feuerwehr-aigen.at\/?page_id=424\">Tag der Feuerwehr &#8211; Nieder\u00f6blarn<\/a><\/p>\n<p>Im Rahmen der 110. Wehrversammlung wurden die JFM <em>Thomas Komatz<\/em>, <em>Sabrina Strobl<\/em> und <em>Tamara Strobl<\/em> angelobt.<\/p>\n<p>Bei der Jugend wurden JFM <em>Jasmin Radlingmaier<\/em> und JFM <em>Verena Mandlberger<\/em> zum JFM mit<br \/>\n2 Streifen bef\u00f6rdert.<\/p>\n<p>Im Aktivstand wurde FM <em>Markus Komatz<\/em> zum OFM,\u00a0 LM <em>Christian Daum<\/em> zum OLM und<br \/>\nOBM <em>Herbert Mandlberger<\/em> zum HBM d.V. bef\u00f6rdert.<\/p>\n<p>FA <em>Dr. Othmar Moser<\/em> und HFM <em>Alfred Praschl<\/em> wurden in die 2. Abteilung \u00fcberstellt.<\/p>\n<p>Im Zuge der Neuwahl wurde folgendes Kommando festgelegt.<\/p>\n<table style=\"width: 608.89px; height: 742px;\">\n<tbody>\n<tr style=\"height: 23px;\">\n<td style=\"width: 245px; height: 23px;\">Gesetzlicher Ausschuss:<\/td>\n<td style=\"width: 355.89px; height: 23px;\"><\/td>\n<\/tr>\n<tr style=\"height: 24px;\">\n<td style=\"width: 245px; height: 24px;\">Kommandant:<\/td>\n<td style=\"width: 355.89px; height: 24px;\">HBI <em>Manfred Tiefenbacher<\/em><\/td>\n<\/tr>\n<tr style=\"height: 24px;\">\n<td style=\"width: 245px; height: 24px;\">Kommandant Stv.:<\/td>\n<td style=\"width: 355.89px; height: 24px;\">OBI <em>Dietmar Wundersamer<\/em><\/td>\n<\/tr>\n<tr style=\"height: 24px;\">\n<td style=\"width: 245px; height: 24px;\">Kassier:<\/td>\n<td style=\"width: 355.89px; height: 24px;\">OBM <em>Herbert Mandlberger<\/em><\/td>\n<\/tr>\n<tr style=\"height: 24px;\">\n<td style=\"width: 245px; height: 24px;\">Schriftf\u00fchrer:<\/td>\n<td style=\"width: 355.89px; height: 24px;\">OLM <em>Harald Wundersamer<\/em><\/td>\n<\/tr>\n<tr style=\"height: 24px;\">\n<td style=\"width: 245px; height: 24px;\">Zugskommandant FF Aigen:<\/td>\n<td style=\"width: 355.89px; height: 24px;\">BM <em>Gerald Kerschhaggl<\/em><\/td>\n<\/tr>\n<tr style=\"height: 24px;\">\n<td style=\"width: 245px; height: 24px;\">Zugskommandant LZ Fischern:<\/td>\n<td style=\"width: 355.89px; height: 24px;\">OBM <em>Ferdinand W\u00f6hrer<\/em><\/td>\n<\/tr>\n<tr style=\"height: 49.76px;\">\n<td style=\"width: 245px; height: 49.76px;\">Gruppenkommandanten:<\/td>\n<td style=\"width: 355.89px; height: 49.76px;\">BI <em>Josef Fritz jun., OLM Hannes Kerschhaggl, OLM Bernd Muckenhofer, OLM Siegfried Strobl<\/em><\/td>\n<\/tr>\n<tr style=\"height: 24px;\">\n<td style=\"width: 245px; height: 24px;\"><\/td>\n<td style=\"width: 355.89px; height: 24px;\"><\/td>\n<\/tr>\n<tr style=\"height: 24px;\">\n<td style=\"width: 245px; height: 24px;\">Erweiterter Ausschuss:<\/td>\n<td style=\"width: 355.89px; height: 24px;\"><\/td>\n<\/tr>\n<tr style=\"height: 24px;\">\n<td style=\"width: 245px; height: 24px;\">Orts-Atemschutzbeauftragter:<\/td>\n<td style=\"width: 355.89px; height: 24px;\">LM <em>Thomas Gruber-Veit<\/em><\/td>\n<\/tr>\n<tr style=\"height: 24px;\">\n<td style=\"width: 245px; height: 24px;\">Ortsausbilder:<\/td>\n<td style=\"width: 355.89px; height: 24px;\">BM <em>Gerald Kerschhaggl<\/em><\/td>\n<\/tr>\n<tr style=\"height: 24px;\">\n<td style=\"width: 245px; height: 24px;\">Orts-EDV Beauftragter:<\/td>\n<td style=\"width: 355.89px; height: 24px;\">BI <em>Josef Fritz jun.<\/em><\/td>\n<\/tr>\n<tr style=\"height: 24px;\">\n<td style=\"width: 245px; height: 24px;\">Orts-Funk Beauftragter:<\/td>\n<td style=\"width: 355.89px; height: 24px;\">LM <em>Martin Reiter<\/em><\/td>\n<\/tr>\n<tr style=\"height: 24px;\">\n<td style=\"width: 245px; height: 24px;\">Orts-Jugendbeauftragter:<\/td>\n<td style=\"width: 355.89px; height: 24px;\">LM <em>Hannes Winner<\/em><\/td>\n<\/tr>\n<tr style=\"height: 24px;\">\n<td style=\"width: 245px; height: 24px;\">Orts-San Beauftragter:<\/td>\n<td style=\"width: 355.89px; height: 24px;\">OLM <em>Bernd Muckenhofer<\/em><\/td>\n<\/tr>\n<tr style=\"height: 24px;\">\n<td style=\"width: 245px; height: 24px;\">Orts-Seniorenbauftragter:<\/td>\n<td style=\"width: 355.89px; height: 24px;\">EOBM <em>Peter Segl<\/em><\/td>\n<\/tr>\n<tr style=\"height: 24px;\">\n<td style=\"width: 245px; height: 24px;\">Ger\u00e4temeister:<\/td>\n<td style=\"width: 355.89px; height: 24px;\">LM <em>Christian Daum<\/em><\/td>\n<\/tr>\n<tr style=\"height: 24px;\">\n<td style=\"width: 245px; height: 24px;\">Maschinenmeister:<\/td>\n<td style=\"width: 355.89px; height: 24px;\">LM <em>Heinz G\u00fcrtler<\/em><\/td>\n<\/tr>\n<tr style=\"height: 24px;\">\n<td style=\"width: 245px; height: 24px;\">Bekleidungswart und Presse:<\/td>\n<td style=\"width: 355.89px; height: 24px;\">HLM <em>Gruber-Veit Franz<\/em><\/td>\n<\/tr>\n<tr style=\"height: 24px;\">\n<td style=\"width: 245px; height: 24px;\">Kantineur u. Versorgung:<\/td>\n<td style=\"width: 355.89px; height: 24px;\">LM <em>Josef Kerschhaggl<\/em><\/td>\n<\/tr>\n<\/tbody>\n<\/table>\n<p>Bef\u00f6rdert wurden OFM <em>Heinz G\u00fcrtler <\/em>zum LM d.F. und FM <em>Hannes Winner<\/em> zum LM d.F.<\/p>\n<p>Auf einstimmigen Antrag wurde HBI <em>Fritz Josef<\/em> die Ehrenurkunde zum EHBI \u00fcberreicht.<\/p>\n<p><strong>2011:<\/strong><span style=\"color: #333333; font-family: helvetica;\"><br \/>\n<\/span>Gesamtstatistik per 30.11.2011:<br \/>\nDie Freiwillige Feuerwehr Aigen\/E. hat einen Mannschaftsstand von derzeit 77 Mann\u00a0 (50 aktive Feuerwehrkamerad\/innen, 2 Jugendfeuerwehrkameraden und 25 Mann der 2. Abteilung).<\/p>\n<p>11 Brandeins\u00e4tze mit insgesamt 149 Mann und 462 Stunden<br \/>\n19 Technische Eins\u00e4tze\u00a0 mit insgesamt 90 Mann und 122 Stunden<br \/>\n39 \u00dcbungen (Fr\u00fchjahrs-Herbst\u00fcbungen, Atemschutz-, Funk-, Waldbrand- u. Jugend\u00fcbungen) mit insgesamt 412 Mann und 1.662 Stunden)<br \/>\n157 sonstige T\u00e4tigkeiten (Ausbildung, techn. Dienste, Ausschussitzungen, Fahrzeug- u. Ger\u00e4teinstandhaltung, Ausr\u00fcckung div.Veranstaltungen, Begr\u00e4bnisse, Verwaltungst\u00e4tigkeiten, Finanzielles etc.) mit insgesamt 873 Mann und 5.157 Stunden.<br \/>\n16 Brandsicherheitswachen mit insgesamt 30 Mann und 205 Stunden.<br \/>\n11 Fehlalarme ausgel\u00f6st durch Brandmeldeanlagen\u00a0 in der Puttererseehalle, Puttererschl\u00f6\u00dfl und LBS-Aigen mit insgesamt 119 Mann und 54 Stunden<\/p>\n<p>Zusammengefasst: 253 T\u00e4tigkeiten mit insgesamt 1.673 Mann und 7.662 Stunden<br \/>\n<span style=\"color: #333333; font-family: helvetica;\"><br \/>\n<\/span><a href=\"http:\/\/www.feuerwehr-aigen.at\/wp-content\/uploads\/2009\/04\/Einsaetze_brand_grundlsee_2011_brand_schoberwiese_01.jpg\"><img loading=\"lazy\" decoding=\"async\" class=\"alignleft wp-image-226 size-medium\" title=\"Waldbrand Grundlsee\" src=\"http:\/\/www.feuerwehr-aigen.at\/wp-content\/uploads\/2009\/04\/Einsaetze_brand_grundlsee_2011_brand_schoberwiese_01-300x200.jpg\" alt=\"Waldbrand Grundlsee\" width=\"300\" height=\"200\" align=\"left\" border=\"0\" hspace=\"5\" srcset=\"https:\/\/www.feuerwehr-aigen.at\/wp-content\/uploads\/2009\/04\/Einsaetze_brand_grundlsee_2011_brand_schoberwiese_01-300x200.jpg 300w, https:\/\/www.feuerwehr-aigen.at\/wp-content\/uploads\/2009\/04\/Einsaetze_brand_grundlsee_2011_brand_schoberwiese_01-768x511.jpg 768w, https:\/\/www.feuerwehr-aigen.at\/wp-content\/uploads\/2009\/04\/Einsaetze_brand_grundlsee_2011_brand_schoberwiese_01.jpg 800w\" sizes=\"auto, (max-width: 300px) 100vw, 300px\" \/><\/a>Gr\u00f6\u00dfere Brandeins\u00e4tze waren:<br \/>\nWaldbrandeins\u00e4tze mit den Hubschraubern des Innenministeriums und dem \u00d6sterr.Bundesheer der Kaserne Aigen in der <a title=\"Waldbrand Strechau - Oppenberg\" href=\"http:\/\/www.bfvli.steiermark.at\/desktopdefault.aspx\/tabid-252\/2212_read-19281\/2212_page-2\/\" target=\"_blank\" rel=\"noopener\">Strechau-Oppenberg<\/a>, G\u00f6ssl u. <a title=\"Waldbrand Grundlsee\" href=\"http:\/\/www.feuerwehr-aigen.at\/?page_id=435\">Grundlsee<\/a><br \/>\nBrandeins\u00e4tze bei der <em>Fa. Deisl<\/em> in Liezen, <a title=\"Wirtschaftsgeb\u00e4udebrand Irdning\" href=\"http:\/\/www.feuerwehr-aigen.at\/?page_id=451\">Wirtschaftsgeb\u00e4udebrand in Irdning<\/a><\/p>\n<p>Gr\u00f6\u00dfere Technische Eins\u00e4tze waren:<br \/>\nVerkehrsunfall zweier LKW`s in der Gulling, Assistenzeinsatz <em>Fa. Maco<\/em> Trieben, <a title=\"Dieselaustritt LKW - Tennisplatz\" href=\"http:\/\/www.feuerwehr-aigen.at\/?page_id=427\">Dieselaustritt LKW &#8211; Tennisplatz<\/a><br \/>\n<span style=\"color: #333333; font-family: helvetica;\"><br \/>\n<\/span>Auszeichnungen:<br \/>\nDie JFM <em>Verena Mandlberger<\/em>, JFM <em>Jasmin Radlingmaier<\/em>, FM Sabrina Strobl, FM <em>Tamara Strobl<\/em> und PFM <em>Christian Dornbusch<\/em> erhielten das FWJ- Wissenstest-Abzeichen in Gold<\/p>\n<p>Branddienstleistungspr\u00fcfung in Bronze:\u00a0 FM <em>Daniel Tiefenbacher<\/em>, BM <em>Gerald Kerschhaggl<\/em><\/p>\n<p>Sanit\u00e4tsleistungsabzeichen Bronze: OLM <em>Bernd Muckenhofer<\/em>, OLM d.V. <em>Harald Wundersamer<\/em>, BM <em>Gerald Kerschhaggl<\/em><\/p>\n<p>Feuerwehrleistungsabzeichen Stmk \u2013 Bronze: BM <em>Gerald Kerschhaggl<\/em>, OBI <em>Dietmar Wundersamer<\/em><\/p>\n<p><a href=\"http:\/\/www.feuerwehr-aigen.at\/wp-content\/uploads\/2009\/04\/sonstiges_geburtstagsfeier_2011_geb01.jpg\"><img loading=\"lazy\" decoding=\"async\" class=\"alignright wp-image-227 size-medium\" title=\"Geburtstagsfeier 2. Abteilung\" src=\"http:\/\/www.feuerwehr-aigen.at\/wp-content\/uploads\/2009\/04\/sonstiges_geburtstagsfeier_2011_geb01-225x300.jpg\" alt=\"Geburtstagsfeier 2. Abteilung\" width=\"225\" height=\"300\" align=\"right\" border=\"0\" hspace=\"5\" srcset=\"https:\/\/www.feuerwehr-aigen.at\/wp-content\/uploads\/2009\/04\/sonstiges_geburtstagsfeier_2011_geb01-225x300.jpg 225w, https:\/\/www.feuerwehr-aigen.at\/wp-content\/uploads\/2009\/04\/sonstiges_geburtstagsfeier_2011_geb01.jpg 600w\" sizes=\"auto, (max-width: 225px) 100vw, 225px\" \/><\/a>Kurse:<br \/>\n16 Mann besuchten die Nachschulung f\u00fcr Feuerwehrflughelfer II ,<br \/>\nIn der Feuerwehr- u. Zivilschutzschule in Lebring besuchten: 2 Mann den Technischen Lehrgang f\u00fcr Menschenrettung und Absturzsicherung,\u00a0 3 Mann den Funklehrgang, 2 Mann den Kurs F-Disk,\u00a0 2 Mann den Atemschutzger\u00e4tetr\u00e4ger-Lehrgang sowie 10 Mann den Erste Hilfe Kurs, 5 Mann die Grundausbildung 1 u. 2<\/p>\n<p>Den Kommandantenlehrgang und Pr\u00fcfung erlangten OBI <em>Dietmar Wundersamer<\/em> und BM <em>Gerald Kerschhaggl<\/em><\/p>\n<p>Veranstaltungen:<br \/>\nu.a. Jahreshauptversammlung, die Faschingsbar im R\u00fcsthaus, Florianisammlung, Maibaumumschneiden der Feuerwehrjugend, Seefest am Putterersee, Stand beim Aigner Kirtag\u00a0 und Adventmarkt, Weihnachtsfeier, <a title=\"Geburtstagsfeier 2. Abteilung\" href=\"http:\/\/www.feuerwehr-aigen.at\/?page_id=461\">Geburtstagsfeier 2. Abteilung<\/a> etc.<\/p>\n<p>Div. Ausr\u00fcckungen:<br \/>\nwie z.B. Bezirksfeuerwehrtag, Florianitag, Flugvorf\u00fchrung in Nieder\u00f6blarn, Teilnahme an div. \u00dcbungen und Festveranstaltungen im Abschnitt, etc.<br \/>\n<span style=\"color: #333333; font-family: helvetica;\"><br \/>\n<\/span><strong>2012:<br \/>\n<\/strong>Gesamtstatistik per 30.11.2012:<\/p>\n<p>8 Brandeins\u00e4tze mit insgesamt 35 Mann und 268 Stunden<br \/>\n24 Technische Eins\u00e4tze\u00a0 mit insgesamt 157 Mann und 902 Stunden<br \/>\n57 \u00dcbungen Fr\u00fchjahrs-Herbst\u00fcbungen, Atemschutz-, Funk-, Waldbrand- u. Bewerbs\u00fcbungen mit insgesamt 576 Mann und 2.532 Stunden<br \/>\n141 sonstige T\u00e4tigkeiten (Ausbildung, techn. Dienste, Ausschussitzungen, Fahrzeug- u. Ger\u00e4teinstandhaltung, Ausr\u00fcckung div. Veranstaltungen, Begr\u00e4bnisse, Verwaltungst\u00e4tigkeiten, Finanzielles etc. mit insgesamt 873 Mann und 5.822 Stunden.<br \/>\n18 Brandsicherheitswachen mit insgesamt 28 Mann und 204 Stunden.<br \/>\n14 Fehlalarme ausgel\u00f6st durch Brandmeldeanlagen\u00a0 in der Puttererseehalle, Puttererschl\u00f6\u00dfl und LBS-Aigen mit insgesamt 28 Mann und 133 Stunden<\/p>\n<p>278 Ereignisse mit 1.860 Mitgliedern und 9.873 Stunden<\/p>\n<p><a href=\"http:\/\/www.feuerwehr-aigen.at\/wp-content\/uploads\/2009\/04\/Einsaetze_waldtauplitzalm_2012_04.jpg\"><img loading=\"lazy\" decoding=\"async\" class=\"alignleft wp-image-228 size-medium\" title=\"Waldbrand Tauplitzalm\" src=\"http:\/\/www.feuerwehr-aigen.at\/wp-content\/uploads\/2009\/04\/Einsaetze_waldtauplitzalm_2012_04-300x225.jpg\" alt=\"Waldbrand Tauplitzalm\" width=\"300\" height=\"225\" align=\"left\" border=\"0\" hspace=\"5\" \/><\/a>Gr\u00f6\u00dfere Brandeins\u00e4tze waren:<br \/>\n7 Waldbrandeins\u00e4tze in <a title=\"Waldbrand W\u00f6rschachwald\" href=\"http:\/\/www.feuerwehr-aigen.at\/?page_id=486\">W\u00f6rschachwald<\/a>, <a title=\"Waldbrand Donnersbachwald\" href=\"http:\/\/www.feuerwehr-aigen.at\/?page_id=493\">Donnersbachwald<\/a>, <a title=\"Waldbrand M\u00f6dlingerh\u00fctte\" href=\"http:\/\/www.feuerwehr-aigen.at\/?page_id=502\">M\u00f6dlingerh\u00fctte<\/a>, S\u00f6lk, <a title=\"Waldbrand Kammspitze\" href=\"http:\/\/www.feuerwehr-aigen.at\/?page_id=512\">Kammspitze<\/a> und <a title=\"Waldbrand Tauplitzalm\" href=\"http:\/\/www.feuerwehr-aigen.at\/?page_id=514\">Tauplitzalm<\/a> mit den Hubschraubern des Innenministeriums und dem \u00d6sterr.Bundesheer der Kaserne Aigen<\/p>\n<p>Gr\u00f6\u00dfere Technische Eins\u00e4tze waren:<br \/>\n<a title=\"Hochwassereinsatz 2012\" href=\"http:\/\/www.feuerwehr-aigen.at\/?page_id=506\">2 Hochwassereins\u00e4tze im Bereich Aigen bis Ketten<\/a>, <a title=\"Baggerbergung Gulling\" href=\"http:\/\/www.feuerwehr-aigen.at\/?page_id=481\">Baggerbergung Gullingbach<\/a>, <a title=\"Verkehrsunf\u00e4lle Fischern\" href=\"http:\/\/www.feuerwehr-aigen.at\/?page_id=525\">2 Verkehrsunf\u00e4lle Fischern L741<\/a>, <a title=\"Suchaktion Gullingbach\" href=\"http:\/\/www.feuerwehr-aigen.at\/?page_id=500\">Suchaktion Vermi\u00dfte Person im Gullingbach<\/a><\/p>\n<p><a href=\"http:\/\/www.feuerwehr-aigen.at\/wp-content\/uploads\/2009\/04\/Uebungen_as_uebung2012_as_uebung2012.jpg\"><img loading=\"lazy\" decoding=\"async\" class=\"alignright wp-image-229 size-medium\" title=\"Abschnitts\u00fcbung\" src=\"http:\/\/www.feuerwehr-aigen.at\/wp-content\/uploads\/2009\/04\/Uebungen_as_uebung2012_as_uebung2012-300x225.jpg\" alt=\"Abschnitts\u00fcbung\" width=\"300\" height=\"225\" align=\"left\" border=\"0\" hspace=\"5\" srcset=\"https:\/\/www.feuerwehr-aigen.at\/wp-content\/uploads\/2009\/04\/Uebungen_as_uebung2012_as_uebung2012-300x225.jpg 300w, https:\/\/www.feuerwehr-aigen.at\/wp-content\/uploads\/2009\/04\/Uebungen_as_uebung2012_as_uebung2012-768x576.jpg 768w, https:\/\/www.feuerwehr-aigen.at\/wp-content\/uploads\/2009\/04\/Uebungen_as_uebung2012_as_uebung2012.jpg 800w\" sizes=\"auto, (max-width: 300px) 100vw, 300px\" \/><\/a>\u00dcbungen:<br \/>\nFr\u00fchjahrs- und Herbst\u00fcbungen, <a title=\"Abschnitts\u00fcbung 2012\" href=\"http:\/\/www.feuerwehr-aigen.at\/?page_id=488\">Abschnitts\u00fcbung beim Technikcenter Aigen<\/a>, <a title=\"R\u00e4umungs\u00fcbung VS Aigen\" href=\"http:\/\/www.feuerwehr-aigen.at\/?page_id=523\">R\u00e4umungs\u00fcbung VS Aigen<\/a>,<\/p>\n<p>Bewerbe:<br \/>\nErfolgreich teilgenommen am <a title=\"Bereichsfunkleistungsbewerb\" href=\"http:\/\/www.feuerwehr-aigen.at\/?page_id=516\">Bereichsfunkleistungsbewerb<\/a> in Bronze und Silber:<br \/>\n<em>Kerschhaggl Gerald<\/em>, <em>Komatz Markus<\/em>, <em>Komatz Thomas<\/em>, <em>Komatz David<\/em>, <em>Mandlberger Albert<\/em>, <em>Radlingmaier Jasmin<\/em>, <em>Rohrer Gregor<\/em>, <em>Strobl Manfred<\/em>, <em>Th\u00f6ringer Alexander<\/em>, <em>Tiefenbacher Daniel<\/em> und <em>Tiefenbacher Alexander<\/em><\/p>\n<p><a title=\"Bereichsfunkleistungsabzeichen\" href=\"http:\/\/www.feuerwehr-aigen.at\/?page_id=516\">Funkleistungsabzeichen<\/a> in Bronze errangen:<br \/>\n<em>G\u00fcrtler Heinz<\/em>, <em>Hinteramskogler Samuel<\/em>, <em>Muckenhofer Bernd<\/em>, <em>Radlingmaier Jasmin<\/em>, <em>Rohrer Gregor<\/em>, <em>Strobl Sabrina<\/em>, <em>Th\u00f6ringer Michael<\/em>, <em>Tiefenbacher Alexander<\/em>, <em>Tiefenbacher Daniel<\/em><br \/>\n<span style=\"color: #333333; font-family: helvetica;\"><br \/>\n<\/span>Teilnahme beim <a title=\"FLA\" href=\"http:\/\/www.feuerwehr-aigen.at\/?portfolio=09-06-2012-bereichsfeuerwehrleitungsbewerb\">Landesleistungsbewerb<\/a> in Bronze und Silber (Altaussee):<br \/>\n<em>Komatz David<\/em>, <em>Komatz Markus<\/em>, <em>Komatz Thomas<\/em>, <em>Mandlberger Albert<\/em>, <em>Radlingmaier Jasmin<\/em>, <em>Rohrer Gregor<\/em>, <em>Strobl Manfred<\/em>, <em>Th\u00f6ringer Alexander<\/em>, <em>Tiefenbacher Alexander<\/em> und <em>Tiefenbacher Daniel<\/em><span style=\"color: #333333; font-family: helvetica;\"><em><strong><br \/>\n<\/strong><\/em><br \/>\n<\/span>Erfolgreich abgelegte <a title=\"Branddienstleistungspr\u00fcfung\" href=\"http:\/\/www.feuerwehr-aigen.at\/?page_id=488\">Branddienstleistungspr\u00fcfung<\/a> in Bronze:<br \/>\n<em>Daum Christian<\/em>, <em>Fritz Josef jun.<\/em>, <em>Gindl Michael<\/em>, <em>Hirschb\u00f6ck Nina<\/em>, <em>Kerschhaggl Hannes<\/em>, <em>Muckenhofer Bernd<\/em>, <em>Reiter Martin<\/em>, <em>Steindacher Roland<\/em>, <em>Strobl Manfred<\/em>, <em>Strobl Siegfried<\/em>, <em>Tiefenbacher Manfred<\/em>, <em>Wundersamer Dietmar<\/em>, <em>Wundersamer Klaus<\/em>, <em>Wundersamer Harald<\/em><br \/>\n<span style=\"color: #333333; font-family: helvetica;\"><br \/>\n<\/span>Leistungs\u00fcberpr\u00fcfung f\u00fcr Feuerwehr-Flughelfer<br \/>\n<em>Fritz Josef jun.<\/em>, <em>Kerschhaggl Hannes<\/em>, <em>Muckenhofer Bernd<\/em>, <em>Tiefenbacher Manfred<\/em> und <em>Wundersamer Dietmar<\/em><\/p>\n<p>Verdienstzeichenn \u00d6BFV\/3.Stufe<br \/>\n<span style=\"text-decoration: underline;\"><em>Fritz Josef jun. <\/em><\/span><\/p>\n<p>Kurse:<br \/>\n8 Mann besuchten die Nachschulung f\u00fcr Feuerwehrflughelfer II ,<br \/>\nIn der Feuerwehr- u. Zivilschutzschule in Lebring besuchten: 1 Mann den Kassier-Lehrgang, 2 Mann den Atemschutzger\u00e4tetr\u00e4ger-Lehrgang und 15 Mann den Erste Hilfe Lehrgang 16 Stunden sowie 4 Mann den Erste Hilfe Lehrgang 4 Stunden<\/p>\n<p>Den Funk Grundlehrgang absolvierten 6 Mann<br \/>\n<span style=\"color: #333333; font-family: helvetica;\"><br \/>\n<\/span><a href=\"http:\/\/www.feuerwehr-aigen.at\/wp-content\/uploads\/2009\/04\/sonstiges_jhv_2012_jhv_2012.jpg\"><img loading=\"lazy\" decoding=\"async\" class=\"alignright wp-image-230 size-medium\" title=\"JHV 2012\" src=\"http:\/\/www.feuerwehr-aigen.at\/wp-content\/uploads\/2009\/04\/sonstiges_jhv_2012_jhv_2012-300x225.jpg\" alt=\"JHV 2012\" width=\"300\" height=\"225\" align=\"right\" border=\"0\" hspace=\"5\" srcset=\"https:\/\/www.feuerwehr-aigen.at\/wp-content\/uploads\/2009\/04\/sonstiges_jhv_2012_jhv_2012-300x225.jpg 300w, https:\/\/www.feuerwehr-aigen.at\/wp-content\/uploads\/2009\/04\/sonstiges_jhv_2012_jhv_2012.jpg 600w\" sizes=\"auto, (max-width: 300px) 100vw, 300px\" \/><\/a>Veranstaltungen:<br \/>\nu.a. <a title=\"JHV\" href=\"http:\/\/www.feuerwehr-aigen.at\/?page_id=477\">Jahreshauptversammlung<\/a>, <a title=\"Preiswatten\" href=\"http:\/\/www.feuerwehr-aigen.at\/?page_id=475\">Preiswatten<\/a>, Faschingsbar im R\u00fcsthaus, Florianisammlung, <a title=\"Maibaumumschneiden\" href=\"http:\/\/www.feuerwehr-aigen.at\/?page_id=513\">Maibaumumschneiden mit Bocciaturnier<\/a>, <a title=\"650 Jahrfeier Marlesreuth\" href=\"http:\/\/www.feuerwehr-aigen.at\/?page_id=508\">650 Jahrfeier Marlesreuth (Deutschland)<\/a>, Stand beim Aigner Kirtag\u00a0 und Adventmarkt, Weihnachtsfeier etc.<\/p>\n<p>Div. Ausr\u00fcckungen:<br \/>\nwie z.B. <a title=\"Hochzeit Kerschhaggl\" href=\"http:\/\/www.feuerwehr-aigen.at\/?page_id=518\">Hochzeit Kaudia und Hannes Kerschhaggl<\/a>, <a title=\"Hochzeit Staindaher\" href=\"http:\/\/www.feuerwehr-aigen.at\/?page_id=510\">Hochzeit Tanja und Rolland Steindacher<\/a>,\u00a0 Bezirksfeuerwehrtag, Florianitag, Teilnahme an div. \u00dcbungen, <a title=\"Geburtstagsfeiern\" href=\"http:\/\/www.feuerwehr-aigen.at\/?page_id=473\">Geburtstagsfeiern<\/a> und Festveranstaltungen im Abschnitt, etc.<span style=\"color: #333333; font-family: helvetica;\"><br \/>\n<\/span><\/p>\n<div style=\"text-align: left;\" align=\"center\">\n<p><strong>2013<\/strong>:<\/p>\n<p>25.August: Einweihung unseres neuen KLF -A durch Pfarrer Herbert Prohaska<\/p>\n<p>Gesamtstatistik per 30.11.2013:<br \/>\n14 Brandeins\u00e4tze mit insgesamt 102 Mann und 536 Stunden<br \/>\n34 Technische Eins\u00e4tze\u00a0 mit insgesamt 191 Mann und 476 Stunden<br \/>\n18 \u00dcbungen Fr\u00fchjahrs-Herbst\u00fcbungen, Atemschutz-, Funk-, Waldbrand- u. Bewerbs\u00fcbungen mit insgesamt 225 Mann und 1.180 Stunden<br \/>\n140 sonstige T\u00e4tigkeiten (Ausbildung, techn. Dienste, Ausschussitzungen, Fahrzeug- u. Ger\u00e4teinstandhaltung, Ausr\u00fcckung div.Veranstaltungen, Begr\u00e4bnisse, Verwaltungst\u00e4tigkeiten, Finanzielles etc. mit insgesamt 1015 Mann und 5.975 Stunden.<br \/>\n19 Brandsicherheitswachen mit insgesamt 39 Mann und 268 Stunden.<br \/>\n9 Fehlalarme ausgel\u00f6st durch Brandmeldeanlagen\u00a0 in der Puttererseehalle, Puttererschl\u00f6\u00dfl und LBS-Aigen mit insgesamt 85 Mann und 34 Stunden<\/p>\n<p>246 Ereignisse mit 1.683 Mitgliedern und 8.501 Stunden<\/p>\n<p>Gr\u00f6\u00dfere Brandeins\u00e4tze waren:<br \/>\nDachstuhlbrand Fam. Gindl in Lantschern am 03.02.2013<br \/>\nWaldbrand im Bereich Ges\u00e4use-Eingang 28.07.2013 bis 07.08.2013<br \/>\nWaldbrand Donnersbach 08.08.2013<br \/>\nHeckenbrand Tachenberg 17.08.2013<br \/>\nM\u00fcllcontainerbrand Lantschern 25.11.2013<\/p>\n<p>Gr\u00f6\u00dfere Technische Eins\u00e4tze waren:<br \/>\nUnwettereinsatz Gemeindegebiet Aigen 05.01.2013<br \/>\nVerkehrsunfall Aigen Ortsgebiet 15.01.2013<br \/>\nVerkehrsunfall L741, Aignerstra\u00dfe in Fischern 16.02.2013<br \/>\nHochwassereinsatz Gemeindegebiet Aigen &#8211; Br\u00fcckenverklausung 02.06.2013<br \/>\nUnwettereinsatz Gemeindegebiet Aigen-Ketten 22.06.2013<br \/>\nVerkehrsunfall Aiglern mit Wild 11.10.2013<br \/>\nHydraulik\u00f6laustritt Plotscheralm 16.10.2013<br \/>\nVerkehrsunfall Aigen 06.12.2013<\/p>\n<p>Bewerbe:<br \/>\nSanit\u00e4tsleistungsabzeichen in Bronze errang LM Nina Hirschb\u00f6ck<\/p>\n<p>Bef\u00f6rderungen:<br \/>\nBI Josef Fritz jun zum OBI d.F.<br \/>\nFM Daniel Tiefenbacher zum LM d.F.<br \/>\nOFM Peter Dicker jun. zum HFM<br \/>\nFM David Komatz, Albert Mandlberger, Marvin Th\u00f6ringer, Hannes Winner zu OFM<\/p>\n<p>Auszeichnungen:<br \/>\nVerdienstzeichen LFV 1. Stufe: HBI Manfred Tiefenbacher<br \/>\nVerdienstzeichen LFV 2. Stufe: OBM Gerald Kerschhaggl, OBI Dietmar Wundersamer<br \/>\nVerdienstzeichen LFV 3. Stufe: HFM Peter Dicker sen., HFM Michael Fritz, HFM Michael Gindl, HFM Thomas Gruber-Veit, OLM Heinz G\u00fcrtler, OFM Markus Komatz, HLM Bernd Muckenhofer, OLM d.V. Martin Reiter, HBM Ferdinand W\u00f6hrer, HFM Klaus Wundersamer<\/p>\n<p>Katastrophenhilfe-Medaille Bronze: HFM Peter Dicker sen., HFM Peter Dicker jun., HFM Michael Gindl, OLM Heinz G\u00fcrtler, HFM Michael Hubner, OFM Markus Komatz, LM Manfred Strobl, HFM Michael Th\u00f6ringer, OFM Veronika Winner, HFM Klaus Wundersamer<\/p>\n<p>VerdienstkreuzSteiermark LReg. Bronze: EHBI Josef Fritz, EBM Stefan Gr\u00fcnwald, HLM Engelbert Radlingmaier, EOBM Peter Segl<\/p>\n<p>Bewerterspange Silber: LM Nina Hirschb\u00f6ck<\/p>\n<p>Medaille f\u00fcr vielj\u00e4hrige verdienstvolle T\u00e4tigkeit 25 Jahre: HFM Alfred Praschl, HLM d.V. Harald Wundersamer<br \/>\nMedaille f\u00fcr vielj\u00e4hrige verdienstvolle T\u00e4tigkeit 40 Jahre: EHBM Peter Schweiger, HFM Johann Winner<br \/>\nMedaille f\u00fcr vielj\u00e4hrige verdienstvolle T\u00e4tigkeit 50 Jahre: HFM Rudolf Pilz<\/p>\n<p>Medaille f\u00fcr verdienstvolle Zusammenarbeit in Bronze:<br \/>\nGerald Steindacher (Obmann Musikkapelle Aigen)<br \/>\nStefan Klinglhuber\u00a0 (Kapellmeister Musikkapelle Aigen)<br \/>\nGregor Huber\u00a0\u00a0\u00a0\u00a0\u00a0\u00a0\u00a0\u00a0\u00a0\u00a0 (Obmann Trachtenverein Aigen)<\/p>\n<p>Steirische Florianiplakette in Gold:<br \/>\nBGM Raimund Hager<\/p>\n<p>Veranstaltungen:<br \/>\nu.a. Jahreshauptversammlung, die Faschingsbar im R\u00fcsthaus, Florianisammlung, Maibaumumschneiden mit Bocciaturnier, Stand beim Aigner Kirtag\u00a0 und Adventmarkt, Weihnachtsfeier etc.<\/p>\n<p>Div. Ausr\u00fcckungen:<br \/>\nBezirksfeuerwehrtag, Florianitag, Teilnahme an div. \u00dcbungen und Festveranstaltungen im Abschnitt, etc.<\/p>\n<p><strong>2014:<br \/>\n<\/strong>Gesamtstatistik 2014:<\/p>\n<p>230 T\u00e4tigkeiten mit insgesamt 1.554 Mann und 7.198 Stunden<br \/>\n4 Brandeins\u00e4tze<br \/>\n18 Technische Eins\u00e4tze<br \/>\n18 Brandsicherheitswachen<br \/>\n10 Fehlalarme ausgel\u00f6st durch Brandmeldeanlagen<br \/>\n141 sonstige T\u00e4tigkeiten<br \/>\n18 \u00dcbungen<\/p>\n<p>Brandeins\u00e4tze:<br \/>\nWirtschafsgeb\u00e4udebrand Fam. Prieler in Stainach 10.01.2014<br \/>\nHeizwerkbrand Irdning 28.06.2014<br \/>\nWaldbrand im Bereich Kreuzkogel in Admont 28.06.2014<\/p>\n<p>Technische Eins\u00e4tze:<br \/>\nVerkehrsunfall Ketten 25.01.2014<br \/>\nTraktorbergung Ennsradweg 26.05.2014<br \/>\nVerkehrsunfall Schlattham 31.08.2014<br \/>\nMenschenrettung Vorberg 10.09.2014<br \/>\nVerkehrsunfall Schlattham 10.10.2014<br \/>\nUnwettereinsatz Gemeindegebiet Aigen 21.-22.10.2014<br \/>\nVerkehrsunfall Fischern 04.11.2014<\/p>\n<p>Kursbesuche an der FWZS Lebring:<br \/>\nAtemschutzger\u00e4tetr\u00e4ger Lehrgang:<br \/>\nGregor Rohrer, Samuel Hinteramskogler, Alexander Tiefenbacher, Alexander Th\u00f6ringer, Hannes Winner<br \/>\nSanit\u00e4terlehrgang:<br \/>\nAlexander Tiefenbacher, Alexander Th\u00f6ringer, Jasmin Radlingmaier, Tamara Strobl<br \/>\nWaldbrandbek\u00e4mpfung1 (Pilotlehrgang):<br \/>\nManfred Tiefenbacher, Josef Fritz jun.<\/p>\n<p>Branddienstleistungspr\u00fcfung Silber:<br \/>\nKerschhaggl Gerald, Wundersamer Dietmar, Fritz Josef jun., Reiter Martin, Tiefenbacher Manfred, Kerschhaggl Hannes, Steindacher Roland, Wundersamer Harald, Strobl Siegfried, Muckenhofer Bernd, Hischb\u00f6ck Nina, Tiefenbacher Daniel, Strobl Manfred<br \/>\nBranddienstleistungspr\u00fcfung Bronze:<br \/>\nGruber-Veit Thomas, Mandlberger Albert, Th\u00f6ringer Alexander, Tiefenbacher Alexander<\/p>\n<p>Besonders hervorzuheben sind die zahlreichen Neuzug\u00e4nge im Jahr 2014:<br \/>\nSusanne Binder, Antonia Egger, Wundersamer Elisa, Wundersamer Leonie, Witty Roman und Steindacher Christoph.<\/p>\n<p>Der Jugendstand der FF-Aigen besteht aus insgesamt 10 Jugendfeuerwehrkameraden.<\/p>\n<p>Bef\u00f6rderungen:<br \/>\nPFM Patrick Kerschhaggl wurde angelobt und in den Aktivstand versetzt<br \/>\nOFM Klaus Wundersamer und Michael Gindl zu HFM<br \/>\nOFM Manfred Strobl zum LM d. F. als Jugendbeauftragter<\/p>\n<p>Auszeichnungen:<br \/>\nMedaille f\u00fcr vielj\u00e4hrige verdienstvolle T\u00e4tigkeit 50 Jahre:<br \/>\nEHBI Josef Fritz<br \/>\nEBM Stefan Gr\u00fcnwald<\/p>\n<p>Bewerterspange Gold:<br \/>\nLM d.F. Nina Hirschb\u00f6ck<\/p>\n<p><strong>2015:<br \/>\n<\/strong>Gesamtstatistik FF Aigen i. Ennstal (01.01.2015 &#8211; 31.12.2015)<\/p>\n<p>43 Eins\u00e4tze, 218 Mitglieder, 524 Einsatzstunden<br \/>\n108 T\u00e4tigkeiten, 709 Mitglieder, 5527 T\u00e4tigkeitsstunden<br \/>\n24 \u00dcbungen, 297 Mitglieder, 1202 \u00dcbungsstunden<br \/>\nBewerbsteilnahmen: 5 Bewerbe, 39 Mitglieder, 259 Bewerterstunden<br \/>\nBewertert\u00e4tigkeiten: 6 Bewerbe, 6 Mitglieder, 34 Bewerterstunden<br \/>\nKursteilnahmen: 16 Kurse, 30 Mitglieder<br \/>\nGesamtstatistik: 202 Ereignisse, 1299 Mitglieder, 7546 Stunden<\/p>\n<p>Brandeins\u00e4tze:<br \/>\nHeizraumbrand Fam. Merkel Aigen 13.02.2015<br \/>\nAutobrand Harlekin Aigen 28.03.2015<br \/>\nWaldbrand Palfau 19.07.2015<br \/>\nWaldbrand Donnersbach 19.07.2015<br \/>\nWaldbrand Oppenberg 20.07.2015<br \/>\nWaldbrand Bereich L\u00e4rcheck 13.08.2015<br \/>\nWaldbrand W\u00f6rschachwald 15.08.2015<\/p>\n<p>Technische Eins\u00e4tze:<br \/>\nVerkehrsunfall Aiglern L741 05.01.2015<br \/>\nSturmeinsatz Ritzmannsdorf (Dach abgedeckt)\u00a0 09.01.2015<br \/>\nBus drohte umzukippen (Br\u00fcckenwirt Aigen) 01.02.2015<br \/>\nUnwettereinsatz Ketten (Keller bei Fam. Haindl unter Wasser) 12.06.2015<br \/>\n\u00d6laustritt Kreuzung Ketten 21.10.2015<br \/>\nVerkehrsunfall Gulling 03.11.2015<\/p>\n<p>Kursbesuche an der FWZS Lebring:<br \/>\nAtemschutzger\u00e4tetr\u00e4ger Lehrgang: Marvin Th\u00f6ringer<br \/>\nSanit\u00e4terlehrgang: Bernd Muckenhofer, Marvin Th\u00f6ringer, Nina Hirschb\u00f6ck<br \/>\nLeistungs\u00fcberpr\u00fcfung FH\/8 Nachschulung:<br \/>\nJosef Fritz, Hannes Kerschhaggl, Bernd Muckenhofer, Dietmar Wundersamer, Manfred Tiefenbacher, Heinz G\u00fcrtler, Gregor Rohrer, Harald Wundersamer<br \/>\nTechnischer Lehrgang 1: Patrick Kerschhaggl<br \/>\nMenschenrettung und Absturzsicherung: Gerald Kerschhaggl, Thomas Gruber-Veit<br \/>\nLehrgang Waldbrandbek\u00e4mpfung 2: Josef Fritz<br \/>\nMaschinisten Lehrgang: Daniel Tiefenbacher, Michael Hubner, Gregor Rohrer, Samuel Hinteramskogler<br \/>\nTLF-Maschinisten Lehrgang: Daniel Tiefenbacher, Michael Hubner<\/p>\n<p>Bef\u00f6rderungen:<br \/>\nJugend1 (gr\u00fcn mit rotem Streifen): Egger Antonia, Wundersamer Elisa, Wundersamer Leonie, Steindacher Christoph<br \/>\nJugend2 (rot mit 1 Streifen): Binder Susanne, Kaiser Tobias, Witty Roman<br \/>\nJugend2 (rot mit 2 Streifen): Binder Noah, Seggl Christian<\/p>\n<p>FM Alexander Tiefenbacher zum OFM<br \/>\nOFM Michael Th\u00f6ringer und OFM Michael Hubner zu HFM<br \/>\nLM d.V. Martin Reiter zum OLM d.V.<br \/>\nBM Gerald Kerschhaggl zum OBM<\/p>\n<p><strong>2016:<\/strong><br \/>\nGesamtstatistik FF Aigen i. Ennstal (01.01.2016 &#8211; 31.12.2016)<\/p>\n<p>58 Eins\u00e4tze, 440 Mitglieder, 1372 Einsatzstunden<br \/>\n116 T\u00e4tigkeiten, 807 Mitglieder, 5009 T\u00e4tigkeitsstunden<br \/>\n19 \u00dcbungen, 239 Mitglieder, 1111 \u00dcbungsstunden<br \/>\nBewerbsteilnahmen: 6 Bewerbe, 44 Mitglieder, 326 Bewerterstunden<br \/>\nBewertert\u00e4tigkeiten: 6 Bewerbe, 6 Mitglieder, 43 Bewerterstunden<br \/>\nKursteilnahmen: 15 Kurse, 47 Mitglieder, 22 Kursteilnahmestunden<br \/>\nGesamtstatistik: 218 Ereignisse, 1583 Mitglieder, 7883 Stunden<\/p>\n<p>Brandeins\u00e4tze:<br \/>\nB\u00f6schungsbrand Marold Ketten (Osterfeuer) 29.03.2016<br \/>\nBrand LBS\/Fl\u00fcchtlingsheim durch Kochgut\u00a0 01.04.2016<br \/>\nM\u00fcllcontainerbrand Kl\u00e4ranlage 24.05.2016<br \/>\nBrand wegen Sonnwendfeuer 21.06.2016<br \/>\nWaldbrand durch Blitzschlag in Stainach (Gipfelkreuz Nojer) 26.06.2016<br \/>\nBrand bei M\u00fcllsammelstelle LBS\/Fl\u00fcchtlingsheim 18.07.2016<br \/>\nRadladerbrand Gindl in Aich 04.11.2016<br \/>\nKaminbrand in Sallaberg 28.11.2016<br \/>\nRauchentwicklung bei Reparatur Hochdruckreiniger im Technikcenter Aigen 14.12.2016<\/p>\n<p>Technische Eins\u00e4tze:<br \/>\nVerkehrsunfall Fischern 08.01.2016<br \/>\nKeller unter Wasser Tachenberg 01.02.2016<br \/>\nVerkehrsunfall Ortsgebiet Aigen mit Traktor 06.03.2016<br \/>\nAutosicherung Vorbergweg 25.03.2016<br \/>\nVerkehrunfall H\u00f6he Kl\u00e4ranlage 13.04.2016<br \/>\nSteinbruch Fischern 07.06.2016<br \/>\nFahrzeugbergung Seetafel 02.07.2016<br \/>\nMurenabgang Vorbergweg 02.07.2016<br \/>\nWassereintritt Hohenberg 02.07.2016<br \/>\nSteinbruch Fischern 05.07.2016<br \/>\nHochwasser\u00a0 Ketten 14.07.2016<br \/>\nHochwasser Ketten 25.07.2016<br \/>\nTechn. Einsatz Stapfelweg 04.08.2016<br \/>\nTierrettung H\u00f6he W\u00f6rschach 24.09.2016<br \/>\nVerkehrsunfall Schlattham 28.10.2016<br \/>\nVerkehrsunfall mit PKW Fischern 22.12.2016<br \/>\nVerkehrsunfall mit LKW Vorbergweg 22.12.2016<br \/>\nStreckenposten bei div. Veranstaltungen<br \/>\nL\u00f6schwasserbeh\u00e4lter reinigen, Stra\u00dfen- und Kanalreinigungen<br \/>\nVerkehrsregelungen und Parkplatzeinweisen bei Tagungen bzw. Veranstaltungen<br \/>\nWespennestbek\u00e4mpfungen<\/p>\n<p>Bef\u00f6rderungen:<br \/>\nJugend:<br \/>\nJugend1 (gr\u00fcn mit rotem Streifen): Egger Antonia, Wundersamer Elisa, Wundersamer Leonie, Steindacher Christoph<br \/>\nJugend2 (rot mit 1 wei\u00dfen Streifen): Binder Susanne, Kaiser Tobias, Witty Roman<br \/>\nJugend2 (rot mit 2 wei\u00dfen Streifen): Binder Noah, Seggl Christian<\/p>\n<p>FM Samuel Hinteramskogler und FM Gregor Rohrer zu OFM<br \/>\nOFM Alexander Th\u00f6ringer zum LM d.F.<br \/>\nLM d. F. Heinz G\u00fcrtler und LM d.F. Arndt Pollin zum OLM d.F.<br \/>\nOLM Bernd Muckenhofer und OLM Hannes Kerschhaggl zu HLM<br \/>\nBM Georg Kapp zum OBM<br \/>\nOBM Ferdinand W\u00f6hrer zum HBM<\/p>\n<p>HLM Engelbert Radlingmaier wurde zum Seniorenbeauftragten ernannt.<\/p>\n<p>Als Neuzugang im Bereich Jugend wurde Laura Wundersamer vorgestellt.<\/p>\n<p>Auszeichnungen:<br \/>\nVerdienstzeichen LFV \/1. Stufe:\u00a0 OBI d.F. Fritz Josef jun.<br \/>\nMedaille f\u00fcr vielj\u00e4hrige verdienstvolle T\u00e4tigkeit\/ 25 Jahre: HLM Bernd Muckenhofer<br \/>\nMedaille f\u00fcr vielj\u00e4hrige verdienstvolle T\u00e4tigkeit\/ 25 Jahre: HLM Siegfried Strobl<br \/>\nMedaille f\u00fcr vielj\u00e4hrige verdienstvolle T\u00e4tigkeit\/ 40 Jahre: HBM d. V. Herbert Mandlberger<br \/>\nMedaille f\u00fcr vielj\u00e4hrige verdienstvolle T\u00e4tigkeit\/ 40 Jahre: HBM Ferdinand W\u00f6hrer<br \/>\nMedaille f\u00fcr vielj\u00e4hrige verdienstvolle T\u00e4tigkeit\/ 40 Jahre: HFM Johann Wundersamer<br \/>\nMedaille f\u00fcr vielj\u00e4hrige verdienstvolle T\u00e4tigkeit\/ 40 Jahre: HFM Herbert Zeiser<br \/>\nMedaille f\u00fcr vielj\u00e4hrige verdienstvolle T\u00e4tigkeit \/ 60 Jahre: HFM Franz K\u00f6berl<\/p>\n<\/div>\n","protected":false},"excerpt":{"rendered":"<p>2007: Eins\u00e4tze: Heustadlbrand in Fischern, Kellerbrand nach Explosion des Schnapsbrennkessels in Lantschern &#8211; Fam. Zainer, Waldbrandeinsatz am Backenstein in Grundlsee, Gro\u00dfbrand in Oppenberg bei Anwesen Flick, Beseitigung von umgest\u00fcrzten B\u00e4umen auf der L741 Fischern und im Ortsgebiet nach Sturmtief Paula Das Verdienstzeichen-\u00d6BFV 3. Stufe erhielt HBI Josef Fritz sen. FLA in Gold errangen LM Hannes [&hellip;]<\/p>\n","protected":false},"author":1,"featured_media":0,"parent":28,"menu_order":12,"comment_status":"closed","ping_status":"closed","template":"","meta":{"footnotes":""},"class_list":["post-231","page","type-page","status-publish","hentry"],"jetpack_sharing_enabled":true,"_links":{"self":[{"href":"https:\/\/www.feuerwehr-aigen.at\/index.php?rest_route=\/wp\/v2\/pages\/231","targetHints":{"allow":["GET"]}}],"collection":[{"href":"https:\/\/www.feuerwehr-aigen.at\/index.php?rest_route=\/wp\/v2\/pages"}],"about":[{"href":"https:\/\/www.feuerwehr-aigen.at\/index.php?rest_route=\/wp\/v2\/types\/page"}],"author":[{"embeddable":true,"href":"https:\/\/www.feuerwehr-aigen.at\/index.php?rest_route=\/wp\/v2\/users\/1"}],"replies":[{"embeddable":true,"href":"https:\/\/www.feuerwehr-aigen.at\/index.php?rest_route=%2Fwp%2Fv2%2Fcomments&post=231"}],"version-history":[{"count":24,"href":"https:\/\/www.feuerwehr-aigen.at\/index.php?rest_route=\/wp\/v2\/pages\/231\/revisions"}],"predecessor-version":[{"id":3682,"href":"https:\/\/www.feuerwehr-aigen.at\/index.php?rest_route=\/wp\/v2\/pages\/231\/revisions\/3682"}],"up":[{"embeddable":true,"href":"https:\/\/www.feuerwehr-aigen.at\/index.php?rest_route=\/wp\/v2\/pages\/28"}],"wp:attachment":[{"href":"https:\/\/www.feuerwehr-aigen.at\/index.php?rest_route=%2Fwp%2Fv2%2Fmedia&parent=231"}],"curies":[{"name":"wp","href":"https:\/\/api.w.org\/{rel}","templated":true}]}}