{"id":1117,"date":"2016-11-07T22:42:27","date_gmt":"2016-11-07T22:42:27","guid":{"rendered":"http:\/\/www.feuerwehr-aigen.at\/?page_id=1117"},"modified":"2017-01-09T10:44:33","modified_gmt":"2017-01-09T09:44:33","slug":"uebungen-2016","status":"publish","type":"page","link":"https:\/\/www.feuerwehr-aigen.at\/?page_id=1117","title":{"rendered":"\u00dcbungen 2016"},"content":{"rendered":"<table>\n<tbody>\n<tr style=\"height: 24px;\">\n<td style=\"height: 24px;\"><b>Datum\/Uhrzeit<\/b><\/td>\n<td style=\"height: 24px;\"><strong>\u00dcbungsbeschreibung<\/strong><\/td>\n<td style=\"height: 24px;\"><strong>Mann<\/strong><\/td>\n<td style=\"height: 24px;\"><strong>Fahrzeuge<\/strong><\/td>\n<td style=\"height: 24px;\"><strong>Bericht<\/strong><\/td>\n<\/tr>\n<tr style=\"height: 24px;\">\n<td style=\"height: 24px;\"><\/td>\n<td style=\"height: 24px;\"><\/td>\n<td style=\"height: 24px;\"><\/td>\n<td style=\"height: 24px;\"><\/td>\n<td style=\"height: 24px;\"><\/td>\n<\/tr>\n<tr style=\"height: 24px;\">\n<td style=\"height: 24px;\">11.11.2016<br \/>\n19:00-22:00<\/td>\n<td style=\"height: 24px;\">Abschnittsfunk\u00fcbung W\u00f6rschach<\/td>\n<td style=\"height: 24px;\">4<\/td>\n<td style=\"height: 24px;\">MTF-A<\/td>\n<td style=\"height: 24px;\"><\/td>\n<\/tr>\n<tr style=\"height: 24px;\">\n<td style=\"height: 24px;\">31.10.2016<br \/>\n19:00-21:30<\/td>\n<td style=\"height: 24px;\">Atemschutz\u00fcbung<\/td>\n<td style=\"height: 24px;\">10<\/td>\n<td style=\"height: 24px;\">TLF-A<\/td>\n<td style=\"height: 24px;\"><\/td>\n<\/tr>\n<tr style=\"height: 24px;\">\n<td style=\"height: 24px;\">19.10.2016<br \/>\n18:00-22:00<\/td>\n<td style=\"height: 24px;\">4.Herbst\u00fcbung<\/td>\n<td style=\"height: 24px;\">18<\/td>\n<td style=\"height: 24px;\">TLF-A, KLF-A<br \/>\nMTF-A, LKW-A<\/td>\n<td style=\"height: 24px;\"><\/td>\n<\/tr>\n<tr style=\"height: 24px;\">\n<td style=\"height: 24px;\">15.10.2016<br \/>\n07:30-16:00<\/td>\n<td style=\"height: 24px;\">KHD \u00dcbung Ennstal<br \/>\nHohenberg<\/td>\n<td style=\"height: 24px;\">15<\/td>\n<td style=\"height: 24px;\">TLF-A, LKW-A<br \/>\nMTF-A<\/td>\n<td style=\"height: 24px;\"><\/td>\n<\/tr>\n<tr style=\"height: 24px;\">\n<td style=\"height: 24px;\">12.10.2016<br \/>\n18:00-22:00<\/td>\n<td style=\"height: 24px;\">3.Herbst\u00fcbung<\/td>\n<td style=\"height: 24px;\">22<\/td>\n<td style=\"height: 24px;\">KLF-A, MTF-A<br \/>\nLKW-A, TLF-A<\/td>\n<td style=\"height: 24px;\"><\/td>\n<\/tr>\n<tr style=\"height: 24px;\">\n<td style=\"height: 24px;\">06.10.2016<br \/>\n18:00-22:00<\/td>\n<td style=\"height: 24px;\">2.Herbst\u00fcbung<\/td>\n<td style=\"height: 24px;\">16<\/td>\n<td style=\"height: 24px;\">KLF-A, MTF-A<br \/>\nLKW-A<\/td>\n<td style=\"height: 24px;\"><\/td>\n<\/tr>\n<tr style=\"height: 24px;\">\n<td style=\"height: 24px;\">03.10.2016<br \/>\n18:00-20:30<\/td>\n<td style=\"height: 24px;\">1.Herbst\u00fcbung<\/td>\n<td style=\"height: 24px;\">14<\/td>\n<td style=\"height: 24px;\"><\/td>\n<td style=\"height: 24px;\"><\/td>\n<\/tr>\n<tr style=\"height: 24px;\">\n<td style=\"height: 24px;\">23.09.2016<br \/>\n19:00-22:00<\/td>\n<td style=\"height: 24px;\">Abschnittsfunk\u00fcbung Irdning<\/td>\n<td style=\"height: 24px;\">2<\/td>\n<td style=\"height: 24px;\">MTF-A<\/td>\n<td style=\"height: 24px;\"><\/td>\n<\/tr>\n<tr style=\"height: 24px;\">\n<td style=\"height: 24px;\">\u00a003.06.2016<br \/>\n08:00-19:00<\/td>\n<td style=\"height: 24px;\">j\u00e4hrl.Flugdienst\u00fcbung<br \/>\nVorberg<\/td>\n<td style=\"height: 24px;\">12<\/td>\n<td style=\"height: 24px;\">KLF-A, MTF-A<br \/>\nLKW-A<\/td>\n<td style=\"height: 24px;\"><\/td>\n<\/tr>\n<tr style=\"height: 48px;\">\n<td style=\"height: 48px;\">06.05.2016<br \/>\n18:00-22:30<\/td>\n<td style=\"height: 48px;\">5. Fr\u00fchjahrs\u00fcbung<\/td>\n<td style=\"height: 48px;\">18<\/td>\n<td style=\"height: 48px;\">TLF-A, KLF-A<br \/>\nMTF-A<\/td>\n<td style=\"height: 48px;\"><\/td>\n<\/tr>\n<tr style=\"height: 48px;\">\n<td style=\"height: 48px;\">23.04.2016<br \/>\n14:00-20:00<\/td>\n<td style=\"height: 48px;\">Abschnitts\u00fcbung FF P\u00fcrgg<\/td>\n<td style=\"height: 48px;\">14<\/td>\n<td style=\"height: 48px;\">TLF-A, KLF-A<br \/>\nMTF-A<\/td>\n<td style=\"height: 48px;\"><\/td>\n<\/tr>\n<tr style=\"height: 48px;\">\n<td style=\"height: 48px;\">20.04.2016<br \/>\n18:00-21:00<\/td>\n<td style=\"height: 48px;\">4. Fr\u00fchjahrs\u00fcbung<\/td>\n<td style=\"height: 48px;\">18<\/td>\n<td style=\"height: 48px;\">TLF-A, KLF-A<br \/>\nMTF-A<\/td>\n<td style=\"height: 48px;\"><\/td>\n<\/tr>\n<tr style=\"height: 48px;\">\n<td style=\"height: 48px;\">13.04.2016<br \/>\n18:00-22:00<\/td>\n<td style=\"height: 48px;\">3. Fr\u00fchjahrs\u00fcbung<\/td>\n<td style=\"height: 48px;\">13<\/td>\n<td style=\"height: 48px;\">TLF-A, KLF-A<br \/>\nMTF-A<\/td>\n<td style=\"height: 48px;\"><\/td>\n<\/tr>\n<tr style=\"height: 48px;\">\n<td style=\"height: 48px;\">09.04.2016<br \/>\n08:00-16:00<\/td>\n<td style=\"height: 48px;\">Leistungs\u00fcberpr\u00fcfung Flughelfer<br \/>\nAigen<\/td>\n<td style=\"height: 48px;\">5<\/td>\n<td style=\"height: 48px;\">LKW-A<\/td>\n<td style=\"height: 48px;\"><\/td>\n<\/tr>\n<tr style=\"height: 48px;\">\n<td style=\"height: 48px;\">08.04.2016<br \/>\n18:00-23:00<\/td>\n<td style=\"height: 48px;\">Abschnittsfunk\u00fcbung Aigen<\/td>\n<td style=\"height: 48px;\">6<\/td>\n<td style=\"height: 48px;\">KLF-A, MTF-A<\/td>\n<td style=\"height: 48px;\"><\/td>\n<\/tr>\n<tr style=\"height: 48px;\">\n<td style=\"height: 48px;\">06.04.2016<br \/>\n18:00-20:30<\/td>\n<td style=\"height: 48px;\">\u00a02. Fr\u00fchjahrs\u00fcbung<\/td>\n<td style=\"height: 48px;\">19<\/td>\n<td style=\"height: 48px;\">TLF-A, KLF-A<br \/>\nLKW-A, MTF-A<\/td>\n<td style=\"height: 48px;\"><\/td>\n<\/tr>\n<tr style=\"height: 48px;\">\n<td style=\"height: 48px;\">30.03.2016<br \/>\n18:00-20:30<\/td>\n<td style=\"height: 48px;\">\u00a01. Fr\u00fchjahrs\u00fcbung<\/td>\n<td style=\"height: 48px;\">16<\/td>\n<td style=\"height: 48px;\">TLF-A, KLF-A<br \/>\nMTF-A<\/td>\n<td style=\"height: 48px;\"><\/td>\n<\/tr>\n<tr style=\"height: 48px;\">\n<td style=\"height: 48px;\">25.02.2016<br \/>\n17:00-19:30<\/td>\n<td style=\"height: 48px;\">\u00a0Jugend\u00fcbung<\/td>\n<td style=\"height: 48px;\">11<\/td>\n<td style=\"height: 48px;\"><\/td>\n<td style=\"height: 48px;\"><\/td>\n<\/tr>\n<tr style=\"height: 48px;\">\n<td style=\"height: 48px;\">16.02.2016<br \/>\n17:30-19:45<\/td>\n<td style=\"height: 48px;\">\u00a0Jugend\u00fcbung<\/td>\n<td style=\"height: 48px;\">13<\/td>\n<td style=\"height: 48px;\"><\/td>\n<td style=\"height: 48px;\"><\/td>\n<\/tr>\n<tr style=\"height: 48px;\">\n<td style=\"height: 48px;\">16.02.2016<br \/>\n17:30-19:45<\/td>\n<td style=\"height: 48px;\">Jugend\u00fcbung<\/td>\n<td style=\"height: 48px;\">13<\/td>\n<td style=\"height: 48px;\"><\/td>\n<td style=\"height: 48px;\"><\/td>\n<\/tr>\n<tr style=\"height: 48px;\">\n<td style=\"height: 48px;\">09.01.2016<br \/>\n08:00-17:00<\/td>\n<td style=\"height: 48px;\">Sanit\u00e4terschulung<\/td>\n<td style=\"height: 48px;\">14<\/td>\n<td style=\"height: 48px;\"><\/td>\n<td style=\"height: 48px;\"><\/td>\n<\/tr>\n<\/tbody>\n<\/table>\n<p>&nbsp;<\/p>\n","protected":false},"excerpt":{"rendered":"<p>Datum\/Uhrzeit \u00dcbungsbeschreibung Mann Fahrzeuge Bericht 11.11.2016 19:00-22:00 Abschnittsfunk\u00fcbung W\u00f6rschach 4 MTF-A 31.10.2016 19:00-21:30 Atemschutz\u00fcbung 10 TLF-A 19.10.2016 18:00-22:00 4.Herbst\u00fcbung 18 TLF-A, KLF-A MTF-A, LKW-A 15.10.2016 07:30-16:00 KHD \u00dcbung Ennstal Hohenberg 15 TLF-A, LKW-A MTF-A 12.10.2016 18:00-22:00 3.Herbst\u00fcbung 22 KLF-A, MTF-A LKW-A, TLF-A 06.10.2016 18:00-22:00 2.Herbst\u00fcbung 16 KLF-A, MTF-A LKW-A 03.10.2016 18:00-20:30 1.Herbst\u00fcbung 14 23.09.2016 19:00-22:00 [&hellip;]<\/p>\n","protected":false},"author":1,"featured_media":0,"parent":1135,"menu_order":1,"comment_status":"closed","ping_status":"closed","template":"","meta":{"footnotes":""},"class_list":["post-1117","page","type-page","status-publish","hentry"],"jetpack_sharing_enabled":true,"_links":{"self":[{"href":"https:\/\/www.feuerwehr-aigen.at\/index.php?rest_route=\/wp\/v2\/pages\/1117","targetHints":{"allow":["GET"]}}],"collection":[{"href":"https:\/\/www.feuerwehr-aigen.at\/index.php?rest_route=\/wp\/v2\/pages"}],"about":[{"href":"https:\/\/www.feuerwehr-aigen.at\/index.php?rest_route=\/wp\/v2\/types\/page"}],"author":[{"embeddable":true,"href":"https:\/\/www.feuerwehr-aigen.at\/index.php?rest_route=\/wp\/v2\/users\/1"}],"replies":[{"embeddable":true,"href":"https:\/\/www.feuerwehr-aigen.at\/index.php?rest_route=%2Fwp%2Fv2%2Fcomments&post=1117"}],"version-history":[{"count":11,"href":"https:\/\/www.feuerwehr-aigen.at\/index.php?rest_route=\/wp\/v2\/pages\/1117\/revisions"}],"predecessor-version":[{"id":2256,"href":"https:\/\/www.feuerwehr-aigen.at\/index.php?rest_route=\/wp\/v2\/pages\/1117\/revisions\/2256"}],"up":[{"embeddable":true,"href":"https:\/\/www.feuerwehr-aigen.at\/index.php?rest_route=\/wp\/v2\/pages\/1135"}],"wp:attachment":[{"href":"https:\/\/www.feuerwehr-aigen.at\/index.php?rest_route=%2Fwp%2Fv2%2Fmedia&parent=1117"}],"curies":[{"name":"wp","href":"https:\/\/api.w.org\/{rel}","templated":true}]}}